{"id":8,"date":"2015-04-05T13:24:56","date_gmt":"2015-04-05T11:24:56","guid":{"rendered":"http:\/\/www.wroclawfabryczna.pttk.pl\/www\/?page_id=8"},"modified":"2020-10-13T16:56:39","modified_gmt":"2020-10-13T14:56:39","slug":"historiaoddzialu","status":"publish","type":"page","link":"https:\/\/wroclawfabryczna.pttk.pl\/?page_id=8","title":{"rendered":"Historia Oddzia\u0142u"},"content":{"rendered":"<h2 style=\"text-align: justify;\">Tytu\u0142em wst\u0119pu<\/h2>\n<p style=\"text-align: justify;\"><em>Drogi Czytelniku!<\/em><\/p>\n<p style=\"text-align: justify;\"><em>Gdy min\u0119\u0142o 35 lat od powo\u0142ania pierwszego w Polsce \u201eMi\u0119dzyzak\u0142adowego Oddzia\u0142u PTTK\u201d, otrzyma\u0142e\u015b okoliczno\u015bciowe wydawnictwo \u201eA to by\u0142o tak\u2026\u201d, po to by\u015b m\u00f3g\u0142 przypomnie\u0107 sobie owe lata, lub &#8211; je\u015bli urodzi\u0142e\u015b si\u0119 troch\u0119 p\u00f3\u017aniej &#8211; pozna\u0107 dzieje Oddzia\u0142u PTTK Wroc\u0142aw Fabryczna. Wraz ze \u201estarzeniem si\u0119\u201d Oddzia\u0142u dociera\u0142y do Ciebie kolejne aneksy do tamtego wydawnictwa.<\/em><\/p>\n<p style=\"text-align: justify;\"><em>\u015awi\u0119tuj\u0105c ABRAHAMA (to panuj\u0105cy na \u015al\u0105sku zwyczaj szczeg\u00f3lnie uroczystego obchodzenia 50tych urodzin) &#8211; przygotowali\u015bmy kolejne wydawnictwo wspomnieniowe.<\/em><\/p>\n<p style=\"text-align: justify;\"><em>Dlaczego tytu\u0142 \u201eWiadomo Fabryczna\u201d. W ksi\u0105\u017ceczce \u201eA by\u0142o to tak&#8230;\u201d na jednej z ostatnich stron znajdowa\u0142 si\u0119 tekst piosenki o takim w\u0142a\u015bnie tytule, opowiadaj\u0105cej o tym wszystkim, co w Oddziale PTTK Wroc\u0142aw Fabryczna by\u0142o najlepsze. Ten sam cel ma tomik, kt\u00f3ry trzymasz w r\u0119ce. A w minionym 50-leciu by\u0142o si\u0119 czym chwali\u0107. Chocia\u017c &#8211; jak si\u0119 przekonasz przegl\u0105daj\u0105c to wydawnictwo &#8211; opr\u00f3cz dni wielkiej chwa\u0142y by\u0142 i smutek i chwile, kt\u00f3re chcia\u0142oby si\u0119 pomin\u0105\u0107 milczeniem.<\/em><\/p>\n<p style=\"text-align: justify;\"><em>Niniejsz\u0105 publikacj\u0119 tworzy\u0142 grono os\u00f3b mocno zmienione w stosunku do poprzedniego wydawnictwa.. Oparli\u015bmy si\u0119 jednak na tre\u015bciach zawartych w tomiku \u201eA by\u0142o to tak&#8230;\u201d, uzupe\u0142niaj\u0105c tamte tre\u015bci o materia\u0142y przechowywane w archiwum Oddzia\u0142u oraz znajduj\u0105ce si\u0119 w prywatnych zbiorach os\u00f3b, kt\u00f3re zechcia\u0142y je nam udost\u0119pni\u0107. Opierali\u015bmy si\u0119 te\u017c na ustnych przekazach dotycz\u0105cych wydarze\u0144 z historii naszego Oddzia\u0142u. Zdajemy sobie jednak spraw\u0119, \u017ce pami\u0119\u0107 ludzka jest ulotna, a materia\u0142y nie zawsze kompletne. St\u0105d pewnie i w tej ksi\u0105\u017cce zosta\u0142y pomini\u0119te niekt\u00f3re wa\u017cne fakty lub nazwiska ludzi zas\u0142u\u017conych dla ca\u0142ego Oddzia\u0142u Wroc\u0142aw Fabryczna lub poszczeg\u00f3lnych jego ogniw. Je\u015bli Ty &#8211; Drogi Czytelniku, odnajdziesz w swej pami\u0119ci takie fakty lub nazwiska &#8211; napisz.<\/em><\/p>\n<h2 style=\"text-align: justify;\">I. DZIEJE ODDZIA\u0141U<\/h2>\n<p style=\"text-align: justify;\">Idea powo\u0142ania we Wroc\u0142awiu Oddzia\u0142u PTTK, skupiaj\u0105cego Ko\u0142a Zak\u0142adowe z wi\u0119kszych zak\u0142ad\u00f3w pracy Dzielnicy Fabryczna, zrodzi\u0142a si\u0119 w\u015br\u00f3d aktywu turystycznego zgrupowanego wok\u00f3\u0142 Zarz\u0105du Okr\u0119gu PTTK, Komitet\u00f3w Kultury Fizycznej i Turystyki Wojew\u00f3dztwa Wroc\u0142awskiego i Dzielnicy Fabryczna, a przede wszystkim Zak\u0142adowego Oddzia\u0142u PTTK przy ELWRO.<\/p>\n<p style=\"text-align: justify;\">To w\u0142a\u015bnie na konferencji sprawozdawczo &#8211; wyborczej tego Oddzia\u0142u 14 kwietnia 1967 r. zg\u0142oszono formalny wniosek o przekszta\u0142ceniu si\u0119 w Mi\u0119dzyzak\u0142adowy Oddzia\u0142 PTTK. Zyska\u0142 on akceptacj\u0119 delegat\u00f3w; podj\u0119to odpowiedni\u0105 uchwa\u0142\u0119 i wybrano Zarz\u0105d Oddzia\u0142u w sk\u0142adzie: <strong>Witold Prelicz<\/strong> prezes, <strong>Jan Kaczmarz<\/strong> i <strong>Kazimierz Maczuga<\/strong> &#8211; wiceprezesi, <strong>Henryk Kubisz<\/strong> &#8211; sekretarz, <strong>Barbara Ksi\u0105\u017cek<\/strong> &#8211; skarbnik, <strong>Henryk Suder<\/strong> i <strong>Bogdan Majewski<\/strong> &#8211; cz\u0142onkowie Prezydium, <strong>Jerzy Markiewicz<\/strong> cz\u0142onek Zarz\u0105du. Do tego&nbsp; Zarz\u0105du postanowiono dokooptowa\u0107 przedstawicieli zainteresowanych K\u00f3\u0142 PTTK z zak\u0142ad\u00f3w pracy dzielnicy.<\/p>\n<p style=\"text-align: justify;\">Na tak przygotowanym gruncie, na dzie\u0144 <strong>30 maja 1967 r.<\/strong> do nale\u017c\u0105cego do ELWRO&nbsp; \u201eKlubu Olimpijczyka\u201d (Krupnicza 15) <strong>zwo\u0142ana zosta\u0142a konferencja inauguruj\u0105ca powstanie nowego Oddzia\u0142u<\/strong>. Uczestniczyli w niej przedstawiciele K\u00f3\u0142 PTTK z dwunastu zak\u0142ad\u00f3w: Dolno\u015bl\u0105skiego Przedsi\u0119biorstwa Rob\u00f3t Sanitarnych, Dolno\u015bl\u0105skich Zak\u0142ad\u00f3w Wytw\u00f3rczych Maszyn Elektrycznych DOLMEL, Elektronicznych Zak\u0142ad\u00f3w Naukowych, Fabryki Maszyn Rolniczych ARCHIMEDES, Fabryki Spr\u0119\u017carek WROFAS, Kolejowych Zak\u0142ad\u00f3w Zabezpieczenia Ruchu i \u0141\u0105czno\u015bci, Pa\u0144stwowej Fabryki Wagon\u00f3w PAFAWAG, Sp\u00f3\u0142dzielni Pracy PALART, Wroc\u0142awskich Zak\u0142ad\u00f3w Materia\u0142\u00f3w Ogniotrwa\u0142ych, Wytw\u00f3rni Sprz\u0119tu Komunikacyjnego WSK 2, Zak\u0142ad\u00f3w Metalowych PILMET i Zak\u0142ad\u00f3w Mi\u0119snych. Na konferencji idea utworzenia pierwszego w Polsce \u201eMi\u0119dzyzak\u0142adowego Oddzia\u0142u PTTK\u201d, przedstawiona przez prezesa Oddzia\u0142u Witolda Prelicza, zyska\u0142a poparcie przedstawicieli zaproszonych K\u00f3\u0142 PTTK. Do sk\u0142adu Zarz\u0105du Oddzia\u0142u dokooptowano jeszcze pi\u0119ciu cz\u0142onk\u00f3w: <strong>J\u00f3zefa Iwana<\/strong> (ARCHIMEDES), <strong>W\u0142adys\u0142awa Mianowskiego<\/strong> (DOLMEL), <strong>Janusza Hilgerta<\/strong> (PILMET) oraz <strong>Jerzego Kruka<\/strong> i <strong>Kazimierza Mszyc\u0119<\/strong> (PAFAWAG). <strong>Dzie\u0144 ten uznaje si\u0119 za dat\u0119 powstania Oddzia\u0142u.<\/strong><\/p>\n<p style=\"text-align: justify;\">Decyzja o powo\u0142aniu Oddzia\u0142u Mi\u0119dzyzak\u0142adowego zyska\u0142a poparcie Zarz\u0105du Okr\u0119gu PTTK, Dzielnicowego Komitetu Kultury Fizycznej i Turystyki, Dzielnicowej Rady Narodowej Wroc\u0142aw Fabryczna, O\u015brodka Sportu i Turystyki i\u2026 chyba tak\u017ce&#8230; PZPR. Poparcie, przynajmniej w pocz\u0105tkowym okresie, przybiera\u0142o form\u0119 materialn\u0105 (lokal dla Biura Oddzia\u0142u) i finansow\u0105 (\u015brodki na sprz\u0119t, dofinansowanie imprez turystycznych). Jednak i w\u00f3wczas \u017cycie dzia\u0142aczy nie by\u0142o sielank\u0105. Zdarza\u0142y si\u0119 przypadki \u201ekarania dzia\u0142aczy za niepos\u0142usze\u0144stwo\u201d.<\/p>\n<p style=\"text-align: justify;\">Pierwsza &#8211; tymczasowa siedziba Oddzia\u0142u &#8211; mie\u015bci\u0142a si\u0119 w Klubie ELWRO, lecz ju\u017c w czerwcu 1968 r. Biuro Oddzia\u0142u przeniesiono do lokalu w budynku Dzielnicowej Rady Narodowej Wroc\u0142aw Fabryczna (Sukiennice 10 pok\u00f3j 312).<\/p>\n<p style=\"text-align: justify;\">Pocz\u0105tek dzia\u0142alno\u015bci zdominowa\u0142y g\u0142\u00f3wnie sprawy organizacyjne. Z Oddzia\u0142u Wroc\u0142awskiego PTTK przej\u0119to jedena\u015bcie ogniw: osiem k\u00f3\u0142 zak\u0142adowych &#8211; z Pafawagu, Dolmelu, Archimedesa, Pilmetu, Fabryki Urz\u0105dze\u0144 Mechanicznych, Hutmenu, Wroc\u0142awskich Zak\u0142ad\u00f3w Materia\u0142\u00f3w Ogniotrwa\u0142ych, WSK, dwa szkolne ko\u0142a &#8211; z ZSZ Pilmet i EZN oraz ko\u0142o \u015brodowiskowe z Garnizonowego Klubu Oficerskiego.<\/p>\n<p style=\"text-align: justify;\">Pod koniec 1967 r. powo\u0142ano te\u017c pierwsze komisje statutowe: K\u00f3\u0142 i Oddzia\u0142\u00f3w Zak\u0142adowych (istnia\u0142a do 1983 r.), Krajoznawcz\u0105 (do 1979), Turystyki G\u00f3rskiej (do 1990), Turystyki Kolarskiej (do 1973), Turystyki Motorowej (do 1974), Turystyki Narciarskiej (do 1976), a tak\u017ce Ko\u0142o Organizator\u00f3w Turystyki. W kolejnym roku powstaje Komisja Turystyki Kajakowej (dzia\u0142a do 1973 r.).<\/p>\n<p style=\"text-align: justify;\">Powstaj\u0105 te\u017c nowe Ko\u0142a zak\u0142adowe: w 1968 r. w Dolpimie, Zak\u0142adach Mi\u0119snych, Transbudzie, Fadromie, Weltexie, w roku 1969 r. &#8211; w Bacutilu i Zak\u0142adach Garbarskich, a rok p\u00f3\u017aniej w INCO.<\/p>\n<p style=\"text-align: justify;\">W\u0142adze Oddzia\u0142u w pierwszej kadencji stanowili g\u0142\u00f3wnie dzia\u0142acze z ELWRO, w\u015br\u00f3d kt\u00f3rych dominowa\u0142a posta\u0107 prezesa Witolda Prelicza &#8211; realizatora koncepcji powstania Oddzia\u0142u. By\u0142a to niecodzienna osobowo\u015b\u0107 &#8211; przede wszystkim turysta, krajoznawca, przewodnik i instruktor. To on, stoj\u0105c na czele Zarz\u0105du Oddzia\u0142u znajdowa\u0142 ch\u0119tnych do pracy spo\u0142ecznej i organizowa\u0142 wycieczki szkoleniowe dla uczestnik\u00f3w licznych kurs\u00f3w organizator\u00f3w turystyki.<\/p>\n<p style=\"text-align: justify;\">Mi\u0119dzyzak\u0142adowy Oddzia\u0142 PTTK prze\u017cywa dynamiczny rozw\u00f3j. Z informacji na <strong>I Zjazd Sprawozdawczy<\/strong>, kt\u00f3ry odby\u0142 si\u0119 <strong>19 lutego 1968 r.<\/strong> w Klubie ELWRO (Krupnicza 15) wynika, \u017ce Oddzia\u0142 zrzesza\u0142 blisko 1000 cz\u0142onk\u00f3w w 20 ko\u0142ach zak\u0142adowych i szkolnych dzielnicy Fabryczna. W ci\u0105gu kilku miesi\u0119cy istnienia Oddzia\u0142u zorganizowano bezpo\u015brednio i poprzez Ko\u0142a 321 wycieczek i innych imprez turystycznych dla 11 tysi\u0119cy os\u00f3b.<\/p>\n<p style=\"text-align: justify;\">W zamiarach inicjator\u00f3w powo\u0142ania Mi\u0119dzyzak\u0142adowego Oddzia\u0142u PTTK le\u017ca\u0142o zwi\u0119kszenie aktywno\u015bci zak\u0142adowych k\u00f3\u0142 PTTK i ukierunkowanie ich dzia\u0142ania na wsp\u00f3ln\u0105 ze Zwi\u0105zkami Zawodowymi organizacj\u0119 wypoczynku za\u0142\u00f3g zak\u0142ad\u00f3w pracy dzielnicy. Sta\u0142o si\u0119 jednak inaczej. To w\u0142a\u015bnie m\u0142odzie\u017c szk\u00f3\u0142 \u015brednich dzielnicy sta\u0142a si\u0119 uczestnikiem, a p\u00f3\u017aniej realizatorem dzia\u0142alno\u015bci programowej Oddzia\u0142u. M\u0142odzie\u017c dominowa\u0142a, tworzy\u0142a ko\u0142a i kluby, cz\u0119sto konkurencyjne wobec siebie. Stanowi\u0142a te\u017c wi\u0119kszo\u015b\u0107 uczestnik\u00f3w kurs\u00f3w i wycieczek szkoleniowych prowadzonych przez Witolda Prelicza i Waleriana \u017bukowskiego. Dla usprawnienia dzia\u0142alno\u015bci, grupy m\u0142odych turyst\u00f3w<\/p>\n<p style=\"text-align: justify;\">(\u201eFelicjanie\u201d, \u201eGrzdyle\u201d i \u201eSzarotki\u201d) \u0142\u0105cz\u0105 si\u0119 w dniu 16 maja 1968 r. w M\u0142odzie\u017cowy Klub Turystyczny \u201e\u015al\u0119\u017canie\u201d. Jednak zapa\u0142 sporej liczba m\u0142odych dzia\u0142aczy pragn\u0105cych realizowa\u0107 swoje pomys\u0142y i ambicje, prowadzi do podzia\u0142\u00f3w: z MKT \u201e\u015al\u0119\u017canie\u201d w grudniu 1969 r. wydziela si\u0119 Klub Turystyki M\u0142odzie\u017cowej \u201eGrzdyle\u201d.<\/p>\n<p style=\"text-align: justify;\"><strong>31.03.1969 r.<\/strong> w sali klubowej Dzielnicowej Rady Narodowej Wroc\u0142aw Fabryczna (Sukiennice 9) odbywa si\u0119 <strong>II Zjazd Sprawozdawczy<\/strong> Delegat\u00f3w Mi\u0119dzyzak\u0142adowego Oddzia\u0142u PTTK.<\/p>\n<p style=\"text-align: justify;\">Dla usprawnienia przekazywania informacji przydatnych ko\u0142om i klubom, ju\u017c w styczniu 1969 r.<\/p>\n<p style=\"text-align: justify;\">Biuro Oddzia\u0142u we wsp\u00f3\u0142pracy z DRN Wroc\u0142aw Fabryczna zacz\u0119\u0142o wydawa\u0107 w formie powielaczowej Biuletyn Informacyjny Oddzia\u0142u. Jednak ze wzgl\u0119du na zmiany w sk\u0142adzie Zarz\u0105du Oddzia\u0142u oraz zmian\u0119 siedziby po roku zaprzestano jego wydawania. Ta forma kontaktu Zarz\u0105du i Biura Oddzia\u0142u Wroc\u0142aw Fabryczna z tworz\u0105cymi go ko\u0142ami i klubami, na mocy Uchwa\u0142y XVI Zjazdu Sprawozdawczo &#8211; Wyborczego powr\u00f3ci\u0142a w czerwcu 1997 r. Ukazuj\u0105ce si\u0119 w miar\u0119 potrzeby wydawnictwo mia\u0142o na celu informowanie cz\u0142onk\u00f3w i sympatyk\u00f3w PTTK zrzeszonych w ogniwach Oddzia\u0142u o pracach, zadaniach i problemach Towarzystwa i Oddzia\u0142u Wroc\u0142aw Fabryczna oraz przekazywanie przydatnej turystom wiedzy. By\u0142o te\u017c swego rodzaju trybun\u0105, z kt\u00f3rej ko\u0142a i kluby mog\u0142y opowiada\u0107 o sobie i wypowiada\u0107 si\u0119 w sprawach wa\u017cnych dla PTTK i w\u0142asnego \u015brodowiska. Tym razem Biuletyn by\u0142 wydawany przez 9 lat. Ostatni egzemplarz nosi numer 44 i dat\u0119: czerwiec 2006.<\/p>\n<p style=\"text-align: justify;\">Kolejny &#8211; <strong>III Zjazd Sprawozdawczo &#8211; Wyborczy<\/strong> zwo\u0142any zosta\u0142 na <strong>23 marca 1970 r.<\/strong> do sali Miejskiego Biura Projekt\u00f3w (O\u0142awska 2). Chwalono si\u0119 na nim, \u017ce Oddzia\u0142 liczy 1736 cz\u0142onk\u00f3w PTTK zrzeszonych w 57 ko\u0142ach i klubach z 15 zak\u0142ad\u00f3w pracy. Prezesem Oddzia\u0142u zosta\u0142 w\u00f3wczas W\u0142adys\u0142aw Mianowski.<\/p>\n<p style=\"text-align: justify;\">18 kwietnia 1970 roku Oddzia\u0142 zyskuje wi\u0119ksze, samodzielne lokum przy ul. Szcz\u0119\u015bliwej 19. Nowa siedziba nie tylko zapewnia pomieszczenia dla Biura Oddzia\u0142u i na cele szkoleniowe, ale pozwala na prowadzenie wypo\u017cyczalni sprz\u0119tu turystycznego.<\/p>\n<p style=\"text-align: justify;\">Ten dynamiczny rozw\u00f3j zostaje jednak powstrzymany. Na dzie\u0144 20 lutego 1971 r. zostaje zwo\u0142any Zjazd Delegat\u00f3w K\u00f3\u0142 PTTK przy Pafawagu, na kt\u00f3rym podj\u0119ta zostaje uchwa\u0142a o wyodr\u0119bnieniu si\u0119 z Mi\u0119dzyzak\u0142adowego Oddzia\u0142u PTTK i utworzeniu w\u0142asnego &#8211; Zak\u0142adowego Oddzia\u0142u PTTK. W wyniku tej decyzji liczba cz\u0142onk\u00f3w w Mi\u0119dzyzak\u0142adowym Oddziale PTTK zmniejsza si\u0119 o 245 os\u00f3b.<\/p>\n<p style=\"text-align: justify;\">Decyzja o utworzeniu Zak\u0142adowego Oddzia\u0142u PTTK przy Pafawagu, wp\u0142yn\u0119\u0142a na zmian\u0119 nazwy Mi\u0119dzyzak\u0142adowego Oddzia\u0142u PTTK na <strong>Oddzia\u0142 Dzielnicowy PTTK Wroc\u0142aw Fabryczna<\/strong>. Zmiany dokonano na <strong>IV Zje\u017adzie Sprawozdawczym<\/strong>, zwo\u0142anym <strong>15 marca 1971 r.<\/strong> do Sali \u0141awnik\u00f3w w Piwnicy \u015awidnickiej. Uchwa\u0142\u0105 zjazdow\u0105 powo\u0142ano te\u017c komisje statutowe: opieki nad zabytkami, turystyki pieszej, turystyki g\u00f3rskiej, krajoznawczej i ochrony przyrody. Powodem szczeg\u00f3lnej dumy jest fakt, \u017ce jeszcze w roku swego powstania Komisja Opieki nad Zabytkami, wsp\u00f3lnie z Komisj\u0105 Zarz\u0105du Okr\u0119gu PTTK, obejmuje opiek\u0105 zesp\u00f3\u0142 Parku Szczytnickiego, w tym tak\u017ce znajduj\u0105cy si\u0119 na terenie Parku szesnastowieczny modrzewiowy ko\u015bci\u00f3\u0142ek \u015aw. Jana Nepomucena. W okresie p\u00f3\u017aniejszym, dzia\u0142aj\u0105c ju\u017c jako Klub Spo\u0142ecznych Opiekun\u00f3w Zabytk\u00f3w, komisja ta organizuje wiele wystaw i przygotowuje liczne wydawnictwa po\u015bwi\u0119cone historii i ochronie zabytk\u00f3w. Za jedno z nich \u201eKronika historii ko\u015bci\u00f3\u0142ka w Parku Szczytnickim\u201d, zdobywa I miejsce w I Krajowym Konkursie Prezentacji Dorobku Spo\u0142ecznych Opiekun\u00f3w Zabytk\u00f3w (1980). I kolejne wa\u017cne wydarzenie tego roku &#8211; we wsp\u00f3\u0142pracy z w\u0142adzami o\u015bwiatowymi 4 maja powo\u0142ana zostaje Rada Opiekun\u00f3w SKKT.<\/p>\n<p style=\"text-align: justify;\">Nast\u0119pne Zjazdy Sprawozdawcze i Sprawozdawczo &#8211; Wyborcze Oddzia\u0142u s\u0142u\u017cy\u0142y ocenom efekt\u00f3w pracy, chwaleniu si\u0119 osi\u0105gni\u0119ciami, wytyczaniu zada\u0144 na przysz\u0142o\u015b\u0107 i poszukiwaniu rozwi\u0105za\u0144 pozwalaj\u0105cych na rozw\u00f3j turystyki. By\u0142y sukcesy i rado\u015bci, by\u0142y te\u017c zdarzenia wywo\u0142uj\u0105ce zadum\u0119, a nawet smutek. Zmienia\u0142y si\u0119 w\u0142adze Oddzia\u0142u (list\u0119 prezes\u00f3w Oddzia\u0142u, Oddzia\u0142owej Komisji Rewizyjnej i Oddzia\u0142owego S\u0105du Kole\u017ce\u0144skiego znajdziecie Pa\u0144stwo w dalszej cz\u0119\u015bci wydawnictwa). Na <strong>V Zje\u017adzie Sprawozdawczo &#8211; Wyborczym<\/strong> Delegat\u00f3w ogniw Oddzia\u0142u Dzielnicowego PTTK Wroc\u0142aw Fabryczna zwo\u0142anym na <strong>10 kwietnia 1972 r.<\/strong> do Klubu ZMS w Piwnicy \u015awidnickiej prezesem Oddzia\u0142u ponownie zostaje Witold Prelicz. 11 wrze\u015bnia tego\u017c roku Biuro Oddzia\u0142u zostaje przeniesione do lokalu przy ul. Wita Stwosza 15.<\/p>\n<ul style=\"text-align: justify;\">\n<li><strong>Zjazd Sprawozdawczy<\/strong> odby\u0142 si\u0119 <strong>16 maja 1973 r.<\/strong> w Klubie Budowlanych (ul. Braniborska). W tym\u017ce roku, w ramach obchod\u00f3w stulecia turystyki, za dotychczasow\u0105 prac\u0119 Zarz\u0105d Okr\u0119gu wyr\u00f3\u017cnia Oddzia\u0142 \u201eDyplomem uznania\u201d. Wtedy te\u017c 19 cz\u0142onk\u00f3w Oddzia\u0142u zosta\u0142o uhonorowanych Odznak\u0105 \u201e100-lecia Zorganizowanej Turystyki w Polsce\u201d, a za dzia\u0142alno\u015b\u0107 i propagowanie turystyki w\u015br\u00f3d m\u0142odzie\u017cy Klub Turystyki M\u0142odzie\u017cowej \u201eGrzdyle\u201d wyr\u00f3\u017cniony zostaje Srebrn\u0105 Honorow\u0105 Odznak\u0105 PTTK. Rado\u015bci przy\u0107miewa jednak smutek. 20 lipca umiera Witold Prelicz &#8211; jeden z inicjator\u00f3w powstania Oddzia\u0142u i jego prezes. 6 listopada 1973 r. funkcj\u0119 prezesa Oddzia\u0142u przejmuje po nim Wac\u0142aw Jarguli\u0144ski. 10 grudnia 1973 r. &#8211; przy udziale przedstawiciela Wydzia\u0142u O\u015bwiaty DRN Wroc\u0142aw Fabryczna &#8211; w Technikum Chemicznym spotkali si\u0119 opiekunowie SKKT. Na spotkaniu tym powo\u0142ano nowy sk\u0142ad Rady Opiekun\u00f3w SKKT.<\/li>\n<li><strong>Zjazd Sprawozdawczo &#8211; Wyborczy<\/strong> zwo\u0142any zosta\u0142 w \u015bwietlicy Administracji Dom\u00f3w Mieszkalnych (\u0141aciarska 31\/33) w dniu <strong>19 marca 1974 r.<\/strong> Prezesem Oddzia\u0142u wybrano W\u0142adys\u0142awa Mianowskiego. W tym samym roku chwa\u0142\u0119 Oddzia\u0142owi przynios\u0142o zaj\u0119cie przez uczni\u00f3w EZN Mera Elwro I miejsca na Og\u00f3lnopolskiej Olimpiadzie Wiedzy Krajoznawczej.<\/li>\n<\/ul>\n<p style=\"text-align: justify;\"><strong>22 kwietnia 1975 r.<\/strong> w \u015bwietlicy ADM (\u0141aciarska 31\/33) odbywa si\u0119 kolejny &#8211; <strong>VIII Zjazd Sprawozdawczy.<\/strong><\/p>\n<p style=\"text-align: justify;\">Na <strong>IX Zje\u017adzie Sprawozdawczo &#8211; Wyborczym<\/strong>, kt\u00f3ry odby\u0142 si\u0119 <strong>13 grudnia 1976 r.<\/strong> w sali Miejskiego Biura Projekt\u00f3w (O\u0142awska 2) prezesem Oddzia\u0142u ponownie zosta\u0142 W\u0142adys\u0142aw Mianowski.<\/p>\n<p style=\"text-align: justify;\">Od samego pocz\u0105tku w\u0142adze Oddzia\u0142u szuka\u0142y mo\u017cliwo\u015bci pozyskiwania \u015brodk\u00f3w finansowych na prowadzenie dzia\u0142alno\u015bci statutowej.<\/p>\n<p style=\"text-align: justify;\">Jednym ze sposob\u00f3w by\u0142o prowadzenie Biura Obs\u0142ugi Ruchu Turystycznego (BORT) Oddzia\u0142u Dzielnicowego PTTK Wroc\u0142aw Fabryczna. Z inicjatyw\u0105 jego utworzenia w grudniu 1975 r. wyst\u0105pili W\u0142adys\u0142aw Mianowski &#8211; prezes Oddzia\u0142u i Jan Bar\u0107 &#8211; g\u0142\u00f3wny ksi\u0119gowy. W oparciu o pozwolenie ZG PTTK z 13.04.1976 r. Biuro rozpocz\u0119\u0142o dzia\u0142alno\u015b\u0107 1 pa\u017adziernika 1977 r., przez wiele lat przynosz\u0105c doch\u00f3d, pozwalaj\u0105cy na znacz\u0105ce dofinansowywanie dzia\u0142alno\u015bci programowej oraz imprez turystyki kwalifikowanej. Pierwsz\u0105 jego siedzib\u0105 by\u0142 lokal przy ul. Wita Stwosza 15 we Wroc\u0142awiu, w kt\u00f3rym mie\u015bci\u0142o si\u0119 Biuro Oddzia\u0142u. Pocz\u0105tkowo dzia\u0142alno\u015b\u0107 BORT ogranicza\u0142a si\u0119 tylko do obs\u0142ugi ruchu turystycznego i prowadzenia wypo\u017cyczalni sprz\u0119tu turystycznego. W latach nast\u0119pnych zatrudnienie fachowej obsady pozwoli\u0142o na rozszerzenie dzia\u0142alno\u015bci BORT, dostosowuj\u0105c j\u0105 do potrzeb rynku. Dzia\u0142ania BORT obejmowa\u0142y wi\u0119c organizacj\u0119 i akwizycj\u0119 wczas\u00f3w, wycieczek, oboz\u00f3w krajowych i zagranicznych, prowadzenie wypo\u017cyczalni sprz\u0119tu turystycznego (1976-1982) i kasy walutowej (19871992), sprzeda\u017c artyku\u0142\u00f3w r\u00f3\u017cnych (1991-1992), us\u0142ugi kserograficzne (1991-1998), sprzeda\u017c wydawnictw turystycznych oraz bilet\u00f3w na przewozy mi\u0119dzynarodowe.<\/p>\n<p style=\"text-align: justify;\">Kondycja finansowa Oddzia\u0142u w roku 1986 pozwoli\u0142a na remont kapitalny lokalu przy ul. Wita Stwosza; BORT zyska\u0142 w\u00f3wczas wygl\u0105d nowoczesnego biura turystycznego. Przy bezpo\u015bredniej obs\u0142udze klient\u00f3w w latach 1986 &#8211; 1992 zatrudnionych by\u0142o 5 &#8211; 6 os\u00f3b. Decyzja Urz\u0119du Miasta spowodowa\u0142a, \u017ce w grudniu 1996 r. BORT zosta\u0142o pozbawione tego lokalu. W roku 1997 tymczasow\u0105 siedzib\u0105 BORT sta\u0142o si\u0119 Biuro Oddzia\u0142u przy ul. Ko\u015bciuszki 13\/5 na I pi\u0119trze. Z braku odpowiedniego lokalu zmniejszy\u0142a si\u0119 liczba obs\u0142ugiwanych klient\u00f3w, co w konsekwencji spowodowa\u0142o zmniejszenie obsady personalnej. W latach 1998 &#8211; 2001, na mocy porozumienia z Oddzia\u0142em PTTK Wroc\u0142aw Krzyki, BORT zyskuje siedzib\u0119 w przej\u015bciu podziemnym na placu Dominika\u0144skim. Traci j\u0105 jednak decyzj\u0105 administracyjn\u0105 (zwi\u0105zan\u0105 z budow\u0105 Galerii Dominika\u0144skiej) z ko\u0144cem roku 2001. BORT ponownie przenosi si\u0119 do lokalu przy ul. Ko\u015bciuszki 13\/5. Nie by\u0142a to jednak decyzja korzystna. Mieszcz\u0105cy si\u0119 na pi\u0119trze, z dala od ci\u0105g\u00f3w handlowych miasta lokal, nie przyci\u0105ga\u0142 potencjalnej klienteli, wp\u0142ywaj\u0105c na zmniejszenie obrot\u00f3w handlowych. Na obroty handlowe niekorzystnie wp\u0142yn\u0105\u0142 te\u017c spadek zapotrzebowania na us\u0142ugi turystyczne ze strony zak\u0142ad\u00f3w pracy i instytucji (ograniczenia w funduszach socjalnych). Znacz\u0105cym by\u0142 tak\u017ce fakt, i\u017c pomimo korzystnego wyroku s\u0105dowego nie da\u0142o si\u0119 odzyska\u0107 kwoty 13 tysi\u0119cy z\u0142otych. Pieni\u0105dze te zosta\u0142y wy\u0142udzone przez Agencj\u0119 Turystyczn\u0105 \u201eAvion\u201d, kt\u00f3ra og\u0142osi\u0142a upad\u0142o\u015b\u0107. Strat nie wyr\u00f3wnano nikomu z poszkodowanych. W sytuacji, gdy Biuro Obs\u0142ugi Ruchu Turystycznego generowa\u0142o straty, Zarz\u0105d Oddzia\u0142u podj\u0105\u0142 decyzj\u0119 jego likwidacji z dniem 31 pa\u017adziernika 2002 r.<\/p>\n<p style=\"text-align: justify;\">W latach 1983 &#8211; 1989 Oddzia\u0142 uzyskiwa\u0142 te\u017c dochody ze \u015bwiadczenia us\u0142ug wysoko\u015bciowych. W roku 1981 taternicy z Klubu Turystyki G\u00f3rskiej \u201eGrzdyle\u201d wyst\u0105pili z inicjatyw\u0105 wykonywania prac wysoko\u015bciowych w celu uzyskania \u015brodk\u00f3w finansowych na organizacj\u0119 wypraw alpinistycznych i zakup sprz\u0119tu turystycznego. Inicjatorami byli: Janusz Listos, Roman Gibki i Jacek Skrzypczy\u0144ski oraz Jan Bar\u0107. Dzia\u0142alno\u015b\u0107 Klubu (turystyka g\u00f3rska, szkolenia wspinaczkowe, alpinizm) po\u0142\u0105czona z dzia\u0142alno\u015bci\u0105 gospodarcz\u0105, polegaj\u0105c\u0105 na \u015bwiadczeniu us\u0142ug wysoko\u015bciowych zyska\u0142a poparcie Zarz\u0105du Oddzia\u0142u. Oddzia\u0142 otrzyma\u0142 zezwolenie Zarz\u0105du G\u0142\u00f3wnego PTTK (28.07.1981) na prowadzenie dzia\u0142alno\u015bci gospodarczej w zakresie prac wysoko\u015bciowych wykonywanych przez cz\u0142onk\u00f3w Klubu z uprawnieniami taternickimi. W 1983 r. Klub Turystyki G\u00f3rskiej \u201eGrzdyle\u201d przekszta\u0142ci\u0142 si\u0119 w Dolno\u015bl\u0105ski Klub G\u00f3rski. Wtedy te\u017c powo\u0142any zosta\u0142 Zak\u0142ad Us\u0142ug Wysoko\u015bciowych \u201eALPINAR\u201d przy Oddziale PTTK Wroc\u0142aw Fabryczna. Realizowane by\u0142y zlecenia zak\u0142ad\u00f3w pracy z ca\u0142ego kraju na prace wysoko\u015bciowe. \u015arodki wypracowane przez zak\u0142ad by\u0142y przeznaczone na dzia\u0142alno\u015b\u0107 programow\u0105 Oddzia\u0142u (rajdy, szkolenia, wypraw, zloty) i na zakup dw\u00f3ch lokali. Zwi\u0119ksza\u0142y r\u00f3wnie\u017c obowi\u0105zuj\u0105ce w Towarzystwie odpisy: na Fundusz Pomocy Oddzia\u0142om i na Fundusz Schronisk G\u00f3rskich. Dochody z dzia\u0142alno\u015bci ALPINAR-u (ich apogeum mia\u0142o miejsce w latach 1986-1987) pozwala\u0142y, na organizacj\u0119 wypraw trekkingowych poza granice kraju (Ri\u0142a, Dolomity, Tatry S\u0142owackie, Himalaje, g\u00f3ry Ameryki P\u00f3\u0142nocnej). Niestety zmiany systemowe i ekonomiczne na pocz\u0105tku lat dziewi\u0119\u0107dziesi\u0105tych, znacznie poszerzaj\u0105ce wp\u0142yw rynku na dziedziny dzia\u0142alno\u015bci PTTK ujemnie odbi\u0142y si\u0119 na dzia\u0142alno\u015bci gospodarczej Oddzia\u0142u. Silna konkurencja, g\u0142\u00f3wnie ze strony by\u0142ych dzia\u0142aczy Dolno\u015bl\u0105skiego Klubu G\u00f3rskiego i&nbsp; zmiana koniunktury, wymusi\u0142y ograniczenie dzia\u0142alno\u015bci, a nast\u0119pnie likwidacj\u0119 Zak\u0142adu Us\u0142ug Wysoko\u015bciowych (31.07.1993).<\/p>\n<p style=\"text-align: justify;\">Wr\u00f3\u0107my jednak do chronologii. 15 listopada 1978 r. ko\u0142a zak\u0142adowe ELWRO podejmuj\u0105 uchwa\u0142\u0119 o powo\u0142aniu Zak\u0142adowego Oddzia\u0142u PTTK, tym samym zrywaj\u0105c kontakty organizacyjne z Oddzia\u0142em Dzielnicowym PTTK Wroc\u0142aw Fabryczna.<\/p>\n<p style=\"text-align: justify;\"><strong>3 lutego 1981 r.<\/strong> na <strong>X Zje\u017adzie Sprawozdawczo &#8211; Wyborczym<\/strong>, kt\u00f3ry odby\u0142 si\u0119 w kawiarni \u201eDominika\u0144ska\u201d (\u015aw. Katarzyny 2) prezesem Oddzia\u0142u zostaje wybrany Mieczys\u0142aw Zandberg. Podj\u0119te zostaj\u0105 dwie bardzo wa\u017cne dla Oddzia\u0142u uchwa\u0142y: <strong>o przyj\u0119ciu przez Oddzia\u0142 imienia Witolda Prelicza<\/strong> (to imi\u0119 nosi do dzi\u015b) i <strong>o ustanowieniu Odznaki \u201eZas\u0142u\u017cony dla Oddzia\u0142u PTTK Wroc\u0142aw Fabryczna\u201d<\/strong>.<\/p>\n<p style=\"text-align: justify;\">Podczas obrad <strong>XI Zjazdu Sprawozdawczego<\/strong>, zwo\u0142anego na <strong>21 marca 1983 r.<\/strong> do \u015bwietlicy ADM (ul. \u015aw. Antoniego), za zas\u0142ugi w upowszechnianiu krajoznawstwa i turystyki Oddzia\u0142 wyr\u00f3\u017cniono Z\u0142ot\u0105 Honorow\u0105 Odznak\u0105 PTTK (legitymacja nr 8067 z 09.03.1983 r.).<\/p>\n<p style=\"text-align: justify;\">Jak to w \u017cyciu bywa &#8211; znowu wydarzenia smutne przeplataj\u0105 si\u0119 z radosnymi. 7 lutego 1984 r. umiera W\u0142odzimierz Strasburger<strong> &#8211;<\/strong> wieloletni przewodnicz\u0105cym Okr\u0119gowej Komisji Opieki nad Zabytkami; cz\u0142owiek, kt\u00f3ry nie tylko sam ukocha\u0142 zabytki, ale mi\u0142o\u015b\u0107 do nich zaszczepi\u0142 kolejnym pokoleniom. A mi\u0142ym akcentem by\u0142o wyr\u00f3\u017cnienie za zas\u0142ugi w upowszechnianiu turystyki i krajoznawstwa Ko\u0142a Zak\u0142adowego \u201eHUTMEN\u201d &#8211; Srebrn\u0105 Honorow\u0105 Odznak\u0105 PTTK, co mia\u0142o miejsce 6&nbsp; lipca 1984 r.<\/p>\n<p style=\"text-align: justify;\">Innym istotnym wydarzeniem by\u0142o podj\u0119cie 27 sierpnia 1984 r. przez Zarz\u0105d Oddzia\u0142u uchwa\u0142y o kupnie lokalu przy ul. Ko\u015bciuszki 13\/5. Zakupiono go w 1985 r. i przeniesiono tam Biuro Oddzia\u0142u. Lokal przy ul. Wita Stwosza 15 pozosta\u0142 siedzib\u0105 BORT. Kupiony w\u00f3wczas lokal jest siedzib\u0105 Oddzia\u0142u do dzi\u015b.<\/p>\n<p style=\"text-align: justify;\"><strong>XII Zjazd Sprawozdawczo &#8211; Wyborczy<\/strong> odby\u0142 si\u0119 <strong>16 marca 1985 r.<\/strong> w Domu Kultury \u201eZamek\u201d w Le\u015bnicy. Prezesem Oddzia\u0142u ponownie zosta\u0142 Mieczys\u0142aw Zandberg. Na Zje\u017adzie tym pierwszy raz wr\u0119czano Odznaki \u201eZas\u0142u\u017cony dla Oddzia\u0142u PTTK Wroc\u0142aw Fabryczna\u201d. Otrzymali je:<\/p>\n<ul style=\"text-align: justify;\">\n<li>w stopniu z\u0142otym: Jan Bar\u0107, Marianna Jaje, Urszula Kawi\u0144ska, Edward \u0141uczak, W\u0142adys\u0142aw Mianowski, Bogus\u0142aw Modelski, Stanis\u0142aw Nosol, Wojciech Radli\u0144ski, Waldemar Szafra\u0144ski, Marek Szot, Janusz Zakrzewski, Mieczys\u0142aw Zandberg, Stanis\u0142aw Ziobro, Eugeniusz \u017bur.<\/li>\n<li>w stopniu srebrnym: Janusz Chrzan, Edward Dudek, Bronis\u0142aw Jaje, Zenon Ka\u0142u\u017cny, Adam Klekot, Krzysztof Miklus, W\u0142adys\u0142awa Plaminiak, Marek Sroczy\u0144ski.<\/li>\n<li>w stopniu br\u0105zowym: Zofia Albrecht, El\u017cbieta Banach, Gra\u017cyna Biernat, Daniel Milczarski, Maria Modelska, Krystyna O\u017c\u00f3g, Maria Radomska, Ma\u0142gorzata Rudziak, Gabriela Sikora, Piotr Stani\u00f3w.<\/li>\n<\/ul>\n<p style=\"text-align: justify;\">Rok 1987 rozpocz\u0105\u0142 si\u0119 od wydarzenia smutnego. 18 stycznia umiera Jan Bar\u0107 &#8211; d\u0142ugoletni g\u0142\u00f3wny ksi\u0119gowy Oddzia\u0142u, zwolennik i g\u0142\u00f3wny inicjator poszerzenia dzia\u0142alno\u015bci gospodarczej w zakresie us\u0142ug wysoko\u015bciowych, ale te\u017c przyjaciel wszystkich turyst\u00f3w, zwany po prostu PANEM JANEM. Ale by\u0142 te\u017c element radosny &#8211; ju\u017c 20 kwietnia Komisja K\u00f3\u0142 i Oddzia\u0142\u00f3w Zak\u0142adowych Zarz\u0105du G\u0142\u00f3wnego PTTK wyr\u00f3\u017cni\u0142a Oddzia\u0142 medalem \u201eZa zas\u0142ugi dla turystyki zak\u0142adowej\u201d.<\/p>\n<p style=\"text-align: justify;\">Na <strong>XIII Zje\u017adzie Sprawozdawczo &#8211; Wyborczym,<\/strong> kt\u00f3ry mia\u0142 miejsce&nbsp; <strong>9 kwietnia 1989 r.<\/strong> w O\u015brodku Kultury i Sztuki (Rynek &#8211; Ratusz 24) Oddzia\u0142 otrzymuje Sztandar i z tej okazji zostaje wyr\u00f3\u017cniony Z\u0142ot\u0105 Odznak\u0105 \u201eZas\u0142u\u017cony dla wojew\u00f3dztwa wroc\u0142awskiego i miasta Wroc\u0142awia\u201d oraz Z\u0142ota Odznak\u0105 Towarzystwa Mi\u0142o\u015bnik\u00f3w Wroc\u0142awia. Funkcj\u0119 prezesa Oddzia\u0142u nadal sprawuje Mieczys\u0142aw Zandberg.<\/p>\n<p style=\"text-align: justify;\">W konsekwencji zmian systemowych i ekonomicznych, jakie mia\u0142y miejsce w Polsce na prze\u0142omie lat dziewi\u0119\u0107dziesi\u0105tych ubieg\u0142ego stulecia, do Klubu Muzyki i Literatury (pl. Ko\u015bciuszki) zostaje zwo\u0142any w dniu <strong>25 lutego 1991 r. Nadzwyczajny XIV Zjazd<\/strong> Delegat\u00f3w ogniw Oddzia\u0142u Dzielnicowego PTTK Wroc\u0142aw Fabryczna. Uchwalono na nim Statut Oddzia\u0142u oraz wybrano Oddzia\u0142owy S\u0105d Kole\u017ce\u0144ski (konieczno\u015b\u0107 wyboru wynik\u0142a z likwidacji S\u0105du Kole\u017ce\u0144skiego na szczeblu Zarz\u0105du Wojew\u00f3dzkiego PTTK). <strong>28 czerwca 1991 r.<\/strong>, po dokonaniu w S\u0105dzie Wojew\u00f3dzkim wpisu do \u201eRejestru Stowarzysze\u0144\u201d, <strong>Oddzia\u0142 uzyskuje osobowo\u015b\u0107 prawn\u0105<\/strong>, jako <strong>Oddzia\u0142 PTTK Wroc\u0142aw Fabryczna im. Witolda Prelicza<\/strong>. Jeszcze w tym samym roku (15.05.1991) z okazji XXlecia Klub Spo\u0142ecznych Opiekun\u00f3w Zabytk\u00f3w za dzia\u0142alno\u015b\u0107 zostaje wyr\u00f3\u017cniony Z\u0142ot\u0105 Honorow\u0105 Odznak\u0105 PTTK.<\/p>\n<p style=\"text-align: justify;\"><strong>XV Zjazd Sprawozdawczo &#8211; Wyborczy<\/strong> w dniu <strong>14 grudnia 1992 r.<\/strong> (Klub Muzyki i Literatury plac Ko\u015bciuszki) powierzy\u0142 stanowisko prezesa Oddzia\u0142u Andrzejowi Pikulskiemu. Zarz\u0105d Oddzia\u0142u stanowili: Mieczys\u0142aw Zandberg &#8211; wiceprezes d\/s programowych, Janina Zaj\u0105c-Kli\u0144ska &#8211; wiceprezes d\/s gospodarczych, Anna Paw\u0142owska &#8211; sekretarz, W\u0142adys\u0142aw Mianowski &#8211; skarbnik, Krzysztof Bia\u0142ob\u0142ocki, Karol Dykiert, Tadeusz Jarosz i Janusz Kierzkowski &#8211; cz\u0142onkowie Zarz\u0105du<em>.<\/em> Sk\u0142ad Oddzia\u0142owej Komisji Rewizyjnej: Bohdan \u0141ojewski &#8211; przewodnicz\u0105cy, Zbigniew Fr\u0105czek wiceprzewodnicz\u0105ca, Emil Wilczy\u0144ski &#8211; sekretarz, Edmund Gaffke i Jolanta Mikulska &#8211; cz\u0142onkowie OKR. Oddzia\u0142owy S\u0105d Kole\u017ce\u0144ski tworzyli: Wanda Haas &#8211; przewodnicz\u0105ca, Czes\u0142aw Cetwi\u0144ski, Henryk Duciak, Edmund Go\u015b i&nbsp; Walerian \u017bukowski &#8211; cz\u0142onkowie OSK. Andrzej Pikulski rezygnuje z pe\u0142nionej funkcji 18 kwietnia 1994r. Jego obowi\u0105zki przejmuje Krzysztof Bia\u0142ob\u0142ocki &#8211; cz\u0142onek Zarz\u0105du Oddzia\u0142u.<\/p>\n<ul style=\"text-align: justify;\">\n<li>po raz kolejny chwile smutne towarzysz\u0105 radosnym. 4 marca 1997 r. umiera Czes\u0142aw Cetwi\u0144ski propagator turystyki, dla wielu mistrz, nauczyciel i przyjaciel. W\u015br\u00f3d mi\u0142ych wydarze\u0144 tamtego okresu wymieni\u0107 trzeba przyznanie 11 maja 1994 r. Klubowi Kajakowemu \u201eNektos-V\u201d i Klubowi Przewodnik\u00f3w Turystycznych &#8211; Srebrnej Honorowej Odznaki PTTK<u>,<\/u> a tak\u017ce uhonorowanie 12 czerwca 1996 r. tak\u0105 sam\u0105 Odznak\u0105 SKKT \u201eTREP\u201d przy Liceum Og\u00f3lnokszta\u0142c\u0105cym w Sycowie. Niemi\u0142\u0105 by\u0142a decyzja Urz\u0119du Miasta Wroc\u0142awia, kt\u00f3ra 31 stycznia 1997 r. pozbawia\u0142a Oddzia\u0142 PTTK Wroc\u0142aw Fabryczna lokalu przy ul. Wita Stwosza 15. BORT zostaje w\u00f3wczas przeniesiony do pomieszcze\u0144 przy ul. Ko\u015bciuszki 13\/5.<\/li>\n<\/ul>\n<p style=\"text-align: justify;\"><strong>19 kwietnia 1997 r.<\/strong> w gmachu Dolno\u015bl\u0105skiej DOKP (Joannit\u00f3w 13) na <strong>XVI Zje\u017adzie Sprawozdawczo &#8211; Wyborczym<\/strong> Oddzia\u0142u PTTK Wroc\u0142aw Fabryczna prezesem zostaje Jerzy<\/p>\n<p style=\"text-align: justify;\">B\u0142aszczyk. Do Zarz\u0105du Oddzia\u0142u weszli: Bogus\u0142aw Modelski &#8211; wiceprezes d\/s programowych, Janina Zaj\u0105c-Kli\u0144ska &#8211; wiceprezes d\/s gospodarczych, Miko\u0142aj Bialik &#8211; sekretarz, W\u0142adys\u0142aw Mianowski skarbnik, Karol Dykiert, Tadeusz Jarosz, Boles\u0142aw Lang i Jerzy Osiecki &#8211; cz\u0142onkowie Zarz\u0105du. W sk\u0142adzie Oddzia\u0142owej Komisji Rewizyjnej byli: Krzysztof Bia\u0142ob\u0142ocki &#8211; przewodnicz\u0105cy, Jolanta Mikulska &#8211; wiceprzewodnicz\u0105ca, Zygmunt Karkocha &#8211; sekretarz, Alicja Grunt-Mejer i Mieczys\u0142aw Zandberg &#8211; cz\u0142onkowie OKR. Oddzia\u0142owy S\u0105d Kole\u017ce\u0144ski tworzyli: Wanda Haas &#8211; przewodnicz\u0105ca, \u0141ucja Czechowska, Henryk Duciak, Wojciech Radli\u0144ski i&nbsp; Walerian \u017bukowski &#8211; cz\u0142onkowie OSK. W\u015br\u00f3d uchwa\u0142 zjazdowych znalaz\u0142y si\u0119 i te obliguj\u0105ce Zarz\u0105d do wznowienia wydawania Biuletynu Informacyjnego i do zorganizowania obchod\u00f3w XXX &#8211; lecia Oddzia\u0142u.<\/p>\n<p style=\"text-align: justify;\">XXX &#8211; lecie Oddzia\u0142u Wroc\u0142aw Fabryczna im. Witolda Prelicza uroczy\u015bcie \u015bwi\u0119towano na zamku w Wojnowicach 18 pa\u017adziernika 1997 r. na I Zlocie K\u00f3\u0142 i Klub\u00f3w Oddzia\u0142u PTTK Wroc\u0142aw Fabryczna. Przy ognisku spotkali si\u0119 tury\u015bci, kt\u00f3rych losy od samego pocz\u0105tku zwi\u0105zane by\u0142y z Oddzia\u0142em, z tymi, kt\u00f3rzy do\u0142\u0105czali do\u0144 w przez trzy dziesi\u0105tki lat. Na spotkaniu by\u0142o te\u017c wiele os\u00f3b, kt\u00f3re pierwszy raz s\u0142ysza\u0142y, \u017ce Oddzia\u0142 PTTK Wroc\u0142aw Fabryczna w og\u00f3le istnieje. W trakcie imprezy pracuj\u0105cych na rzecz Oddzia\u0142u uhonorowano Z\u0142otymi, Srebrnymi i Br\u0105zowymi Odznakami \u201eZas\u0142u\u017cony dla Oddzia\u0142u PTTK Wroc\u0142aw Fabryczna\u201d. Wielu dzia\u0142aczom wr\u0119czono te\u017c listy gratulacyjne i nagrody ksi\u0105\u017ckowe.<\/p>\n<p style=\"text-align: justify;\">Mi\u0142e akcenty z tamtych lat. 12 grudnia 1998 r. za dzia\u0142alno\u015b\u0107 Ko\u0142o nr 11 \u201e\u015al\u0119\u017canie\u201d zostaje wyr\u00f3\u017cnione Srebrna Honorow\u0105 Odznak\u0105 PTTK, natomiast 8 grudnia 2000 r. Klub Turystyki Pieszej \u201eTREP\u201d przy Liceum Og\u00f3lnokszta\u0142c\u0105cym w Sycowie otrzymuje Z\u0142ot\u0105 Honorow\u0105 Odznak\u0119 PTTK.<\/p>\n<p style=\"text-align: justify;\"><strong>XVII Nadzwyczajny Zjazd<\/strong> Oddzia\u0142u zwo\u0142ano na <strong>27 lutego 1999 r.<\/strong> do budynku Dyrekcji Okr\u0119gu Infrastruktury Kolejowej (Joannit\u00f3w 13). Celem Zjazdu by\u0142o uchwalenie nowego Statutu Oddzia\u0142u.<\/p>\n<p style=\"text-align: justify;\">Zjazd zatwierdzi\u0142 <strong>Regulamin<\/strong> nowego <strong>tytu\u0142u \u201eCz\u0142onek Honorowy Oddzia\u0142u PTTK Wroc\u0142aw Fabryczna\u201d<\/strong>, a godno\u015b\u0107 t\u0119 &#8211; jako pierwszym &#8211; nada\u0142 Krzysztofowi Bia\u0142ob\u0142ockiemu (zrezygnowa\u0142 z tytu\u0142u 24.03.2000 r.), W\u0142adys\u0142awowi Mianowskiemu i Walerianowi \u017bukowskiemu.<\/p>\n<p style=\"text-align: justify;\">Jedna z uchwa\u0142 tego Zjazdu m\u00f3wi\u0142a o powo\u0142aniu Rady Programowej Oddzia\u0142u. Powo\u0142ano j\u0105 na spotkaniu prezes\u00f3w k\u00f3\u0142 i klub\u00f3w wchodz\u0105cych w sk\u0142ad Oddzia\u0142u PTTK Wroc\u0142aw Fabryczna w dniu 27 kwietnia 1999 r. W sk\u0142ad Rady weszli: Wojciech Radli\u0144ski, Marek Szot, Jerzy Kosowski, a z ramienia Zarz\u0105du Oddzia\u0142u wiceprezes d\/s programowych Bogus\u0142aw Modelski.<\/p>\n<ul style=\"text-align: justify;\">\n<li>Zlot K\u00f3\u0142 i Klub\u00f3w Oddzia\u0142u PTTK Wroc\u0142aw Fabryczna zorganizowano 18 wrze\u015bnia 1999 r. w Bia\u0142ym Ko\u015bciele. G\u0142\u00f3wny propagator idei corocznego spotykania si\u0119 cz\u0142onk\u00f3w i sympatyk\u00f3w k\u00f3\u0142 i klub\u00f3w dzia\u0142aj\u0105cych w ramach Oddzia\u0142u &#8211; \u00f3wczesny Prezes Oddzia\u0142u Jerzy B\u0142aszczyk sugerowa\u0142, by ka\u017cdego roku inne ko\u0142o (klub), wspomagane przez Zarz\u0105d Oddzia\u0142u, zaprasza\u0142o turyst\u00f3w na spotkanie. Propozycja ta zyska\u0142a poparcie prezes\u00f3w ogniw wchodz\u0105cych w sk\u0142ad oddzia\u0142u i Rady Programowej.<\/li>\n<\/ul>\n<p style=\"text-align: justify;\">Organizatorem II Zlotu Oddzia\u0142u by\u0142o Ko\u0142o PTTK nr 11 \u201e\u015al\u0119\u017canie\u201d. Niestety, opr\u00f3cz cz\u0142onk\u00f3w tego<\/p>\n<p style=\"text-align: justify;\">Ko\u0142a w imprezie uczestniczyli tylko reprezentanci Ko\u0142a PTTK nr 6 \u201ePolanka\u201d i Klubu Turystyki Kolarskiej \u201eREWOR\u201d. W kolejnych latach brak\u0142o ch\u0119tnych do organizowania Zlot\u00f3w Oddzia\u0142u. Sama idea corocznych spotka\u0144 przetrwa\u0142a jednak do dzi\u015b, a organizacj\u0119 imprez dopisano do zada\u0144 Zarz\u0105du Oddzia\u0142u PTTK Wroc\u0142aw Fabryczna.<\/p>\n<p style=\"text-align: justify;\">Na <strong>XVIII Walnym Zje\u017adzie<\/strong> Oddzia\u0142u PTTK Wroc\u0142aw Fabryczna zwo\u0142anym na <strong>31 marca 2001 r. <\/strong>do kawiarni \u201eArka\u201d (ul. \u015bw. Macieja) Godno\u015b\u0107 \u201eCz\u0142onek Honorowy Oddzia\u0142u PTTK Wroc\u0142aw Fabryczna nadano Urszuli Kawi\u0144skiej i Karolowi Dykiertowi. Prezesem Oddzia\u0142u zostaje wybrany<\/p>\n<p style=\"text-align: justify;\">Miko\u0142aj Bialik. W sk\u0142adzie Zarz\u0105du Oddzia\u0142u byli: Bogus\u0142aw Modelski &#8211; wiceprezes, Janina Zaj\u0105cKli\u0144ska &#8211; sekretarz, W\u0142adys\u0142aw Mianowski &#8211; skarbnik, Jerzy B\u0142aszczyk, Ireneusz Brzozowski, Karol Dykiert, Jerzy Kosowski i Ireneusz Mucha &#8211; cz\u0142onkowie Zarz\u0105du. Oddzia\u0142owa Komisja Rewizyjna to: Alicja Grunt-Mejer &#8211; przewodnicz\u0105ca, Jolanta Mikulska &#8211; wiceprzewodnicz\u0105ca, Zygmunt Karkocha sekretarz, Zuzanna Kotela i Mieczys\u0142aw Zandberg &#8211; cz\u0142onkowie OKR. Oddzia\u0142owy S\u0105d Kole\u017ce\u0144ski tworzyli: Wanda Haas &#8211; przewodnicz\u0105ca, Dagmar Chmielewska, Henryk Duciak, Janusz Zakrzewski i Stanis\u0142aw Zembski &#8211; cz\u0142onkowie OSK.<\/p>\n<p style=\"text-align: justify;\">26 maja 2001 r. w Szczodrem na Biwaku \u201ePod D\u0119bami\u201d odby\u0142 si\u0119 IV Zlot Oddzia\u0142u PTTK Wroc\u0142aw Fabryczna, zorganizowany przez Zarz\u0105d Oddzia\u0142u wsp\u00f3lnie z Zarz\u0105dami K\u00f3\u0142: Nr 6 \u201ePolanka\u201d, Nr 11 \u201e\u015al\u0119\u017canie\u201d i Klub Turystyki Kolarskiej \u201eREWOR\u201d. Wzi\u0119\u0142o w nim udzia\u0142 oko\u0142o 140 os\u00f3b. Na miejsce Zlotu prowadzi\u0142o sze\u015b\u0107 planowych tras. Wielu uczestnik\u00f3w przyby\u0142o te\u017c indywidualnie. Przy ognisku zlotowym prezentowa\u0142y si\u0119 ko\u0142a i kluby uczestnicz\u0105ce w Zlocie, \u015bpiewano piosenki turystyczne, odbywa\u0142y si\u0119 konkursy sprawdzaj\u0105ce wiedz\u0119 turystyczn\u0105 i konkursy sprawno\u015bciowe. Zlot zako\u0144czy\u0142a dyskoteka zorganizowana przez gospodarza terenu pana Stanis\u0142awa Warwarczyna.<\/p>\n<p style=\"text-align: justify;\">By\u0142y te\u017c inne radosne i wa\u017cne wydarzenia 2001 roku. 8 czerwca zas\u0142u\u017ceni dzia\u0142acze Oddzia\u0142u otrzymali odznaczenia pa\u0144stwowe: Z\u0142otymi Krzy\u017cami Zas\u0142ugi uhonorowano Bogus\u0142awa Modelskiego i Waleriana \u017bukowskiego, a Srebrnym Krzy\u017cem Zas\u0142ugi &#8211; Janin\u0119 Zaj\u0105c-Kli\u0144sk\u0105. 14 wrze\u015bnia &#8211; XV Walny Zjazd PTTK nada\u0142 godno\u015b\u0107 Cz\u0142onka Honorowego PTTK W\u0142adys\u0142awowi Mianowskiemu. Tytu\u0142, zasadniczo honoruj\u0105cy samego wyr\u00f3\u017cnionego, wielu cz\u0142onk\u00f3w k\u00f3\u0142 i klub\u00f3w wchodz\u0105cych w sk\u0142ad Oddzia\u0142u odebra\u0142o jako docenienie przez Zarz\u0105d G\u0142\u00f3wny PTTK r\u00f3wnie\u017c Oddzia\u0142u PTTK Wroc\u0142aw Fabryczna, z kt\u00f3rym W\u0142adys\u0142aw Mianowski zwi\u0105zany by\u0142 od samego pocz\u0105tku.<\/p>\n<p style=\"text-align: justify;\">Jubileusz XXXV-lecia Oddzia\u0142u PTTK Wroc\u0142aw Fabryczna obchodzono 11 maja 2002 r. na V Zlocie w Wilczynie Le\u015bnym, na kt\u00f3ry przyby\u0142o liczne grono turyst\u00f3w w wieku od dw\u00f3ch do osiemdziesi\u0119ciu kilku lat. Na miejsce Zlotu prowadzi\u0142y cztery trasy zorganizowane. Wielu uczestnik\u00f3w wybra\u0142o te\u017c w\u0142asne drogi doj\u015bcia. Tam w\u0142a\u015bnie uczestnikom i zaproszonym go\u015bciom zaprezentowano po raz pierwszy okoliczno\u015bciowe wydawnictwo \u201eA to by\u0142o tak\u2026\u201d przygotowane przez Zarz\u0105d Oddzia\u0142u na ten jubileusz.<\/p>\n<p style=\"text-align: justify;\">Uczestnicz\u0105cy w imprezie otrzymali plakietki zlotowe. Osobom pracuj\u0105cym na rzecz Oddzia\u0142u przy ognisku zlotowym wr\u0119czano wyr\u00f3\u017cnienia, listy gratulacyjne i nagrody ksi\u0105\u017ckowe. Odby\u0142 si\u0119 konkurs wiedzy o Ziemi Trzebnickiej i okoliczno\u015bciowe konkursy o 35-leciu Oddzia\u0142u PTTK Wroc\u0142aw Fabryczna oraz piosenek i wierszy zwi\u0105zanych z jubileuszem. By\u0142y konkursy zr\u0119czno\u015bciowe: rzut wa\u0142kiem, serso, rzutki, mini golf, bule. Odby\u0142y si\u0119 te\u017c zawody sportowe w skali mikro: siatk\u00f3wka, dwa ognie i rzuty do kosza.&nbsp; I jak to zwykle bywa zwyci\u0119zcy poszczeg\u00f3lnych konkurs\u00f3w otrzymywali okoliczno\u015bciowe nagrody. Oczywi\u015bcie nie oby\u0142o si\u0119 te\u017c bez pieczenia kie\u0142basek, turystycznych \u015bpiew\u00f3w i wsp\u00f3lnej zabawy.<\/p>\n<p style=\"text-align: justify;\">3 czerwca 2002 r. Miko\u0142aj Bialik rezygnuje z pe\u0142nienia funkcji prezesa Oddzia\u0142u. Jego obowi\u0105zki przejmuje Bogus\u0142aw Modelski &#8211; dotychczasowy wiceprezes.<\/p>\n<p style=\"text-align: justify;\">W tym czasie mocno da\u0142y o sobie zna\u0107 tak\u017ce problemy finansowe. Dzia\u0142alno\u015b\u0107 gospodarcza prowadzona w warunkach ostrej konkurencji rynkowej, znacz\u0105cy spadek liczby cz\u0142onk\u00f3w PTTK, a tym samym mniejsze wp\u0142ywy ze sk\u0142adek cz\u0142onkowskich, brak wsparcia finansowego (dotacji) ze strony Zarz\u0105du G\u0142\u00f3wnego PTTK i w\u0142adz samorz\u0105dowych tylko pog\u0142\u0119bia\u0142y trudn\u0105 sytuacj\u0119 finansow\u0105 Oddzia\u0142u. Wynajmowanie pomieszcze\u0144 biurowych nie przynosi\u0142o zbyt wielkiego dochodu. W tych warunkach Zarz\u0105d Oddzia\u0142u podj\u0105\u0142 decyzj\u0119 o zako\u0144czeniu z dniem 31 pa\u017adziernika 2002 r. dzia\u0142alno\u015bci Biura Obs\u0142ugi Ruchu Turystycznego. Kolejn\u0105 drastyczn\u0105 decyzj\u0105 Zarz\u0105du by\u0142a likwidacja wszystkich etat\u00f3w. Od roku 2004 niezb\u0119dne dla funkcjonowania Oddzia\u0142u prace &#8211; w tym ksi\u0119gowo\u015b\u0107 &#8211; prowadzone s\u0105 spo\u0142ecznie przez Janin\u0119 Zaj\u0105c-Kli\u0144sk\u0105 (do roku 2006 r\u00f3wnie\u017c przez Bogus\u0142awa Modelskiego). Dla utrzymania p\u0142ynno\u015bci finansowej i w dalszych latach podejmowano rygorystyczne dzia\u0142ania oszcz\u0119dno\u015bciowe (obni\u017cenie do minimum koszt\u00f3w utrzymania lokalu, maksymalne ograniczanie wszelakich wydatk\u00f3w biurowych, itp.).<\/p>\n<p style=\"text-align: justify;\">24 maja 2003 r. w Osolinie mia\u0142 miejsce VI Zlot Oddzia\u0142u PTTK Wroc\u0142aw Fabryczna. Zlot ten na wniosek Zespo\u0142u Turystyki Pieszej przy Dolno\u015bl\u0105skim Porozumieniu Oddzia\u0142\u00f3w PTTK zosta\u0142 po\u0142\u0105czony z I Z\u0142azem Turyst\u00f3w Pieszych z Dolnego \u015al\u0105ska. Udzia\u0142 w imprezie wzi\u0119\u0142y 144 osoby. Reprezentowane by\u0142y&nbsp; Ko\u0142o nr 6 \u201ePolanka\u201d, Ko\u0142o nr 11 \u201e\u015al\u0119\u017canie\u201d i Klub Turystyki Kolarskiej<\/p>\n<p style=\"text-align: justify;\">\u201eRewor\u201d.&nbsp; Licznie przyby\u0142a m\u0142odzie\u017c szkolna (Dom Dziecka \u201eDom nad Stawem\u201d w Obornikach \u015al\u0105skich, Szko\u0142a Podstawowa w Osolinie, Szko\u0142a Podstawowa w Obornikach \u015al\u0105skich). Uczestniczyli te\u017c okoliczni mieszka\u0144cy oraz tury\u015bci z Olszyny Luba\u0144skiej, \u015awieradowa Zdroju, Rawicza, Jelcza Laskowic i Jeleniej G\u00f3ry. Zlot rozpocz\u0105\u0142 si\u0119 od\u015bpiewaniem piosenki okoliczno\u015bciowej \u201eWiadomo Fabryczna\u201d i rozpaleniem ogniska zlotowego, po czym dwudziestu m\u0142odym ludziom z Domu Dziecka \u201eDom nad Stawem\u201d w Obornikach \u015al\u0105skich wr\u0119czono legitymacje PTTK. Uhonorowano te\u017c listem gratulacyjnym od Zarz\u0105du Oddzia\u0142u PTTK Wroc\u0142aw Fabryczna pani\u0105 Stefani\u0119 Mielnik &#8211; w\u0119druj\u0105c\u0105 z Ko\u0142em \u201ePolanka\u201d czynn\u0105 turystk\u0119 piesz\u0105 &#8211; \u015bwi\u0119tuj\u0105c\u0105 dziewi\u0119\u0107dziesi\u0105te urodziny.<\/p>\n<p style=\"text-align: justify;\">W trakcie przeprowadzono zawody: rzut wa\u0142kiem, rzut kul\u0105, rzutki, bule (petanka), rozgrywki pi\u0142ki siatkowej oraz konkurs wiedzy o mie\u015bcie i gminie Oborniki \u015al\u0105skie. Zwyci\u0119zcy konkurs\u00f3w i zawod\u00f3w otrzymali pami\u0105tkowe dyplomy i upominki przygotowane przez Oddzia\u0142 PTTK Wroc\u0142aw &#8211; Fabryczna, Urz\u0105d Miasta i Gminy Oborniki \u015al\u0105skie oraz OSiR Oborniki \u015al\u0105skie.<\/p>\n<p style=\"text-align: justify;\">W czasie ca\u0142ego Zlotu biesiadowano i \u015bpiewano piosenki turystyczne i biesiadne. Na wolnym powietrzu trwa\u0142a dyskoteka, w kt\u00f3rej bra\u0142y udzia\u0142 wszystkie pokolenia uczestnik\u00f3w.<\/p>\n<p style=\"text-align: justify;\">22 maja 2004 r. cz\u0142onkowie i sympatycy Oddzia\u0142u PTTK Wroc\u0142aw Fabryczna spotkali si\u0119 na VII Zlocie w Jelczu Laskowicach. Na Zlot przyby\u0142o 75 uczestnik\u00f3w (Ko\u0142o nr 6 \u201ePolanka\u201d, Ko\u0142o nr 11 \u201e\u015al\u0119\u017canie\u201d, Klub Turystyki Kolarskiej \u201eRewor\u201d i Wroc\u0142awski Klub Piechur\u00f3w \u201ePerpedes\u201d reprezentuj\u0105cy Oddzia\u0142 Wroc\u0142awski PTTK).<\/p>\n<p style=\"text-align: justify;\">Ka\u017cdy z uczestnik\u00f3w otrzyma\u0142 dyplomik uczestnictwa oraz mia\u0142 mo\u017cliwo\u015b\u0107 zakupu znaczka zlotowego. W trakcie Zlotu uczestnicy poznawali okolice Jelcza Laskowic. Odby\u0142y si\u0119 te\u017c konkursy: rzutu wa\u0142kiem dla pa\u0144, rzutek i przeci\u0105gania liny. Zwyci\u0119zy otrzymali pami\u0105tkowe dyplomy i nagrody. Impreza zako\u0144czy\u0142a si\u0119 biesiad\u0105 na polanie nad stawem. Tam do godzin wieczornych tury\u015bci &#8211; obsiad\u0142szy zlotowe ognisko &#8211; piekli kie\u0142baski i przy wt\u00f3rze gitary \u015bpiewali piosenki turystyczne i biesiadne.<\/p>\n<p style=\"text-align: justify;\">W dniach 4 &#8211; 6 czerwca 2004 r. uroczy\u015bcie \u015bwi\u0119towano jubileusz XX &#8211; lecia Klubu Przewodnik\u00f3w Turystycznych Oddzia\u0142u PTTK Wroc\u0142aw Fabryczna. Z tej okazji w Sali Wielkiej wroc\u0142awskiego Ratusza odby\u0142a si\u0119 okoliczno\u015bciowa Sesja Jubileuszowa.<\/p>\n<p style=\"text-align: justify;\"><strong>XIX Walny Zjazd <\/strong>Oddzia\u0142u PTTK Wroc\u0142aw Fabryczna odby\u0142 si\u0119 w Biurze Oddzia\u0142u <strong>9 kwietnia 2005 r.<\/strong> Prezesem Oddzia\u0142u wybrano w\u00f3wczas Jerzego B\u0142aszczyka. W sk\u0142ad Zarz\u0105du Oddzia\u0142u weszli: Hubert Gliga &#8211; wiceprezes, Bogus\u0142aw Modelski &#8211; wiceprezes, Janina Zaj\u0105c-Kli\u0144ska &#8211; sekretarz, W\u0142adys\u0142aw Mianowski &#8211; skarbnik, Dagmar Chmielewska i Jerzy Kosowski &#8211; cz\u0142onkowie Zarz\u0105du. Oddzia\u0142ow\u0105 Komisj\u0119 Rewizyjn\u0105 stanowili: Alicja Grunt-Mejer &#8211; przewodnicz\u0105ca, Jolanta Mikulska wiceprzewodnicz\u0105ca, Zygmunt Karkocha &#8211; sekretarz, Jolanta Bia\u0142ek i Zofia W\u0105growska &#8211; cz\u0142onkowie OKR. Oddzia\u0142owy S\u0105d Kole\u017ce\u0144ski to: Zdzis\u0142aw Dryglewski &#8211; przewodnicz\u0105cy, Tadeusz Kozak wiceprzewodnicz\u0105cy, Edmund Go\u015b, Adam Klekot i Stanis\u0142aw Zembski &#8211; cz\u0142onkowie OSK.<\/p>\n<p style=\"text-align: justify;\">Zjazd przyj\u0105\u0142 nowy Statut Oddzia\u0142u PTTK Wroc\u0142aw Fabryczna. Zas\u0142u\u017conym dzia\u0142aczom Klubu Przewodnik\u00f3w Turystycznych &#8211; Wojciechowi Radli\u0144skiemu, W\u0142adys\u0142awowi Wo\u017aniakiewiczowi, Januszowi Zakrzewskiemu i Markowi Szotowi wr\u0119czono podczas Zjazdu Srebrne Krzy\u017ce Zas\u0142ugi.<\/p>\n<p style=\"text-align: justify;\">28 maja 2005 r. odby\u0142 si\u0119 w Domaszczynie VIII Zlot Oddzia\u0142u PTTK Wroc\u0142aw Fabryczna<u>. <\/u>Uczestniczy\u0142o w nim 78 os\u00f3b (Ko\u0142o nr 6 \u201ePolanka\u201d, Ko\u0142o nr \u201e\u015al\u0119\u017canie\u201d, Ko\u0142o nr 14 przy Komendzie Wojew\u00f3dzkiej Policji, Klub Przewodnik\u00f3w Turystycznych, Klub Turystyki Kolarskiej \u201eRewor\u201d i Ko\u0142o terenowe nr 19). Gospodarzami obiektu na kt\u00f3rym odbywa\u0142 si\u0119 Zlot byli pa\u0144stwo Eliaszewicz, prowadz\u0105cy \u0142owisko ryb i Bar JEEL w Domaszczynie.<\/p>\n<p style=\"text-align: justify;\">Ka\u017cdy z uczestnik\u00f3w Zlotu otrzyma\u0142 znaczek zlotowy. Zlotowi towarzyszy\u0142y upalna pogoda i mi\u0142a atmosfera. Odby\u0142y si\u0119 te\u017c konkursy: wiedzy o Gminie D\u0142ugo\u0142\u0119ka, piosenki turystycznej, recytacji, miotu pi\u0142ki do kosza, rzutek, rzutu wa\u0142kiem. Zwyci\u0119zcom wr\u0119czono pami\u0105tkowe dyplomy i nagrody.<\/p>\n<p style=\"text-align: justify;\">Z \u00f3wczesnych wydarze\u0144 innym radosnym faktem by\u0142o wyr\u00f3\u017cnienie przez Zarz\u0105d G\u0142\u00f3wny PTTK Z\u0142ot\u0105 Honorow\u0105 Odznaka PTTK Ko\u0142a nr 11 \u201e\u015al\u0119\u017canie\u201d z okazji jubileuszu 40-lecia.<\/p>\n<p style=\"text-align: justify;\">IX Zlot Oddzia\u0142u zorganizowano 27 maja 2006 r. w Zaje\u017adzie \u201eBanderoza\u201d w Ska\u0142ce k. Smolca. Miejsce to szczeg\u00f3lnie przypad\u0142o do serca i dzia\u0142aczom Oddzia\u0142u i zwi\u0105zanym z tym Oddzia\u0142em turystom, bo kolejne organizowane tam Zloty Oddzia\u0142u PTTK Wroc\u0142aw Fabryczna, ciesz\u0105ce si\u0119 nies\u0142abn\u0105cym powodzeniem.<\/p>\n<p style=\"text-align: justify;\">W Zlocie wzi\u0119\u0142o udzia\u0142 76 os\u00f3b z k\u00f3\u0142: nr 6 \u201ePolanka,&nbsp; nr 11 \u201e\u015al\u0119\u017canie\u201d, nr 14 przy Komendzie Wojew\u00f3dzkiej Policji, nr 19 (terenowe) i Klubu Przewodnik\u00f3w Turystycznych. Do miejsca Zlotu prowadzi\u0142y trasy zorganizowane przez Ko\u0142o nr 6 \u201ePolanka\u201d i Ko\u0142o nr 11 \u201e\u015al\u0119\u017canie. Spore grono uczestnik\u00f3w dotar\u0142o te\u017c indywidualnie. A przy zlotowej watrze czeka\u0142 na uczestnik\u00f3w znaczek zlotowy oraz konkursy i zabawy sprawno\u015bciowe. By\u0142y te\u017c wsp\u00f3\u0142ne \u015bpiewy. No i oczywi\u015bcie dyskoteka.<\/p>\n<p style=\"text-align: justify;\">26 maja 2007 r. X Zlot Oddzia\u0142u PTTK Wroc\u0142aw Fabryczna w&nbsp; Ska\u0142ce k. Smolca. Na Zlocie tym obchodzono jubileusz 40-lecia Oddzia\u0142u. Uczczono tak\u017ce 100-lecie pierwszej zbiorowej wycieczki krajoznawczej do Puszczy Kampinoskiej zorganizowanej przez Aleksandra Janowskiego (PTK).<\/p>\n<p style=\"text-align: justify;\">Na met\u0119 Zlotu prowadzi\u0142o 5 zorganizowanych tras turystycznych. Indywidualni tury\u015bci wybierali tak\u017ce w\u0142asne drogi doj\u015bcia. W Zlocie uczestniczy\u0142o 236 os\u00f3b. Honorowymi uczestnikami Zlotu byli Honorowi Cz\u0142onkowie PTTK &#8211; W\u0142adys\u0142aw Mianowski i Kazimierz Tumski, przedstawiciel G\u0142\u00f3wnej Komisji Fotografii i Krajoznawstwa &#8211; Jerzy Maciejewski, cz\u0142onek Komisji Turystyki Pieszej ZG PTTK &#8211; Henryk Antkowiak, Prezes Dolno\u015bl\u0105skiego Porozumienia Oddzia\u0142\u00f3w PTTK &#8211; Bronis\u0142aw Zathey, oraz przedstawiciele bratnich Oddzia\u0142\u00f3w PTTK &#8211; Andrzej Gurajski i Bo\u017cena Jarosz z Oddzia\u0142u Wojskowego we Wroc\u0142awiu, Julian Szymszon z Oddzia\u0142u Wroc\u0142awskiego PTTK i Zdzis\u0142aw Narocie\u0144 z Oddzia\u0142u<\/p>\n<p style=\"text-align: justify;\">PTTK w Jaworze. Zaproszonymi go\u015b\u0107mi byli r\u00f3wnie\u017c: Honorowy Cz\u0142onek Oddzia\u0142u PTTK Wroc\u0142aw Fabryczna &#8211; Walerian \u017bukowski oraz byli prezesi Oddzia\u0142u PTTK Wroc\u0142aw Fabryczna &#8211; Miko\u0142aj Bialik, Bogus\u0142aw Mianowski i Mieczys\u0142aw Zandberg.<\/p>\n<p style=\"text-align: justify;\">Z okazji 40-lecia Oddzia\u0142u PTTK Wroc\u0142aw Fabryczna osoby aktywnie uczestnicz\u0105ce w \u017cyciu Oddzia\u0142u wyr\u00f3\u017cniono Z\u0142otymi i Srebrnymi Honorowymi Odznakami PTTK, Odznakami \u201e25 lat w PTTK\u201d, Odznakami \u201eZas\u0142u\u017cony dla Oddzia\u0142u PTTK Wroc\u0142aw Fabryczna\u201d w stopniu z\u0142otym, srebrnym i br\u0105zowym oraz Dyplomami Oddzia\u0142u PTTK Wroc\u0142aw Fabryczna. Za zas\u0142ugi w upowszechnianiu turystyki i&nbsp; krajoznawstwa Ko\u0142o PTTK nr 11 \u201e\u015al\u0119\u017canie\u201d otrzyma\u0142o w\u00f3wczas Honorow\u0105 Odznak\u0119 \u201eZa Zas\u0142ugi dla Turystyki\u201d.<\/p>\n<p style=\"text-align: justify;\">Podczas Zlotu odby\u0142y si\u0119 konkursy: krajoznawczy (Wiedzy o gminie K\u0105ty Wroc\u0142awskie), piosenki okoliczno\u015bciowej i sprawno\u015bciowy (rzuty wa\u0142kiem dla pa\u0144, pan\u00f3w, dziewcz\u0105t i ch\u0142opc\u00f3w).<\/p>\n<p style=\"text-align: justify;\">P\u0142on\u0119\u0142o tak\u017ce zlotowe ognisko, przy kt\u00f3rym pieczono kie\u0142baski, \u015bpiewano piosenki i wspominano dawne czasy. No i oczywi\u015bcie ta\u0144czono.<\/p>\n<p style=\"text-align: justify;\">25 marca 2008 r. zmar\u0142 Walerian \u017bukowski (Waldek) &#8211; d\u0142ugoletni zas\u0142u\u017cony dzia\u0142acz&nbsp; Oddzia\u0142u; Cz\u0142onek Honorowy Oddzia\u0142u Wroc\u0142aw Fabryczna.<\/p>\n<p style=\"text-align: justify;\">W XI Zlocie Oddzia\u0142u PTTK Wroc\u0142aw Fabryczna, kt\u00f3ry odby\u0142 si\u0119 31 maja 2008 r.&nbsp; w&nbsp; Ska\u0142ce k.<\/p>\n<p style=\"text-align: justify;\">Smolca wzi\u0119\u0142o udzia\u0142 84 osoby. Najliczniejsz\u0105 grup\u0119 stanowili cz\u0142onkowie i sympatycy Ko\u0142a nr 6<\/p>\n<p style=\"text-align: justify;\">\u201ePolanka\u201d (36 uczestnik\u00f3w), ale swoje reprezentacje mia\u0142y te\u017c ko\u0142a: nr 11 \u201e\u015al\u0119\u017canie\u201d, nr 19 (Ko\u0142o Terenowe), i KTG \u201e\u0141azek\u201d. Na mecie, gdzie przyby\u0142ym wr\u0119czano zlotowy znaczek, certyfikat uczestnictwa oraz okoliczno\u015bciowe wydawnictwa i gad\u017cety od sponsor\u00f3w stawili si\u0119 tak\u017ce piechurzy z Klubu \u201ePerpedes\u201d.<\/p>\n<p style=\"text-align: justify;\">Na Zlocie tym 17 os\u00f3b wyr\u00f3\u017cniono Odznakami \u201eZas\u0142u\u017cony dla Oddzia\u0142u PTTK Wroc\u0142aw Fabryczna\u201d w stopniu z\u0142otym, srebrnym i br\u0105zowym, 1 osob\u0119 uhonorowano Odznak\u0105 \u201e50 lat w PTTK\u201d, 5 osobom wr\u0119czono Odznak\u0119 \u201e25 lat w PTTK\u201d, a 1 osoba otrzyma\u0142a Dyplom Oddzia\u0142u PTTK Wroc\u0142aw Fabryczna. Najbardziej zas\u0142u\u017ceni cz\u0142onkowie PTTK pracuj\u0105cy na rzecz Oddzia\u0142u otrzymali Listy Gratulacyjne. W trakcie Zlotu przeprowadzono konkursy i zawody zr\u0119czno\u015bciowe. Ich zwyci\u0119zcy oraz zdobywcy 2 miejsc otrzymali okoliczno\u015bciowe dyplomy i upominki od sponsor\u00f3w. Tradycyjnie Zlot zako\u0144czy\u0142a radosna zabawa przy ognisku.<\/p>\n<p style=\"text-align: justify;\"><strong>XX Walny Zjazd<\/strong> Oddzia\u0142u PTTK Wroc\u0142aw Fabryczna mia\u0142 miejsce <strong>14 marca 2009 r.<\/strong> w Biurze Oddzia\u0142u. Prezesem wybrano Andrzeja Trybu\u0142\u0119. W sk\u0142ad Zarz\u0105du Oddzia\u0142u weszli te\u017c: Hubert Gliga wiceprezes, Tadeusz Kozak &#8211; wiceprezes, Janina Zaj\u0105c-Kli\u0144ska &#8211; sekretarz, Jerzy Kosowski &#8211; skarbnik, Iwona Kublik i W\u0142adys\u0142aw Mianowski &#8211; cz\u0142onkowie Zarz\u0105du. Oddzia\u0142ow\u0105 Komisj\u0119 Rewizyjn\u0105 stanowili: Alicja Grunt-Mejer &#8211; przewodnicz\u0105ca, Jolanta Mikulska &#8211; wiceprzewodnicz\u0105ca, Zygmunt Karkocha, Bogumi\u0142a Radomska i Zofia W\u0105growska &#8211; cz\u0142onkowie OKR. Sk\u0142ad Oddzia\u0142owego S\u0105du Kole\u017ce\u0144skiego to: Jolanta Malik &#8211; przewodnicz\u0105ca, Zdzis\u0142aw Dryglewski i Magdalena Urba\u0144ska cz\u0142onkowie OSK.<\/p>\n<p style=\"text-align: justify;\">Zjazd nada\u0142 Janinie Zaj\u0105c-Kli\u0144skiej i Jerzemu B\u0142aszczykowi godno\u015b\u0107 \u201eCz\u0142onek Honorowy Oddzia\u0142u<\/p>\n<p style=\"text-align: justify;\">PTTK Wroc\u0142aw Fabryczna\u201d. Podczas obrad Zjazdu 2 osobom wr\u0119czono Honorow\u0105 Odznak\u0119 \u201eZa Zas\u0142ugi dla Turystyki\u201d, 5 os\u00f3b wyr\u00f3\u017cniono Srebrnymi Honorowymi Odznakami PTTK, a 6 os\u00f3b otrzyma\u0142o Dyplomy Zarz\u0105du G\u0142\u00f3wnego PTTK.<\/p>\n<p style=\"text-align: justify;\">30 maja 2009 r. w&nbsp; Ska\u0142ce k. Smolca odby\u0142 si\u0119 XII Zlot Oddzia\u0142u PTTK Wroc\u0142aw Fabryczna. 102 uczestnicz\u0105ce w Zlocie osoby dociera\u0142y na miejsce zbi\u00f3rki pi\u0119cioma zorganizowanymi trasami lub indywidualnie. Na Zlocie reprezentowane by\u0142y ko\u0142a: nr 6 \u201ePolanka\u201d, nr 10 \u201eWendrusie\u201d, nr 11 \u201e\u015al\u0119\u017canie\u201d, Ko\u0142o Terenowe nr 19, Klub Turystyki G\u00f3rskiej \u201e\u0141azek\u201d, Klub Przewodnik\u00f3w Turystycznych oraz Wroc\u0142awski Klub Piechur\u00f3w \u201ePerpedes\u201d. Zlot zaszczyci\u0142 swoj\u0105 obecno\u015bci\u0105 Burmistrz Miasta i Gminy K\u0105ty Wroc\u0142awskie pan Antoni Kope\u0107.<\/p>\n<p style=\"text-align: justify;\">Podczas Zlotu Prezes Oddzia\u0142u Andrzej Trybu\u0142a wr\u0119czy\u0142 dyplomy nadania godno\u015bci \u201eCz\u0142onek Honorowy Oddzia\u0142u PTTK Wroc\u0142aw Fabryczna\u201d Janinie Zaj\u0105c-Kli\u0144skiej i Jerzemu B\u0142aszczykowi. Uhonorowano tak\u017ce 5 os\u00f3b Odznak\u0105 \u201e25 lat w PTTK\u201d i 9 os\u00f3b odznak\u0105 \u201eZas\u0142u\u017cony dla Oddzia\u0142u PTTK Wroc\u0142aw Fabryczna\u201d w stopniu srebrnym i br\u0105zowym. 5 osobom wr\u0119czono Dyplomy Oddzia\u0142u PTTK Wroc\u0142aw Fabryczna, a Wenancjusz Micho\u0144 z Ko\u0142a nr 10 \u201eWendrusie\u201d otrzyma\u0142 List Gratulacyjny.<\/p>\n<p style=\"text-align: justify;\">Przeprowadzono konkursy: wiedzy o regionie, piosenki turystycznej, kompozycji kwiatowych, plastyczny i balonikowy, a panie i panowie mogli wykaza\u0107 swoj\u0105 zr\u0119czno\u015b\u0107 rzucaj\u0105c beretem. Zwyci\u0119zcy otrzymali okoliczno\u015bciowe dyplomy oraz upominki od sponsor\u00f3w, kt\u00f3rymi byli:<\/p>\n<p style=\"text-align: justify;\">Wroc\u0142awski Park Technologiczny, Zak\u0142ad Telekomunikacji z Wroc\u0142awia, Kolejowe Przedsi\u0119biorstwo Natura Tour z Wroc\u0142awia, oraz Oddzia\u0142 Regionalny PKP PLK z Wroc\u0142awia. Odbywa\u0142a si\u0119 te\u017c loteria, p\u0142on\u0119\u0142o ognisko, \u015bpiewano piosenki i ta\u0144czono przy muzyce dyskotekowej. A\u017c pop\u0142yn\u0119\u0142y s\u0142owa piosenki: \u201ePrzy innym ogniu&#8230; do zobaczenia zn\u00f3w.\u201d<\/p>\n<p style=\"text-align: justify;\">XIII Zlot Oddzia\u0142u PTTK Wroc\u0142aw Fabryczna zorganizowany zosta\u0142 29 maja 2010 r. w&nbsp; Ska\u0142ce k. Smolca i wzi\u0119\u0142y w nim udzia\u0142 104 osoby. Na miejsce Zlotu, przystrojone firmowymi balonikami jednego ze sponsor\u00f3w &#8211;&nbsp; Zak\u0142adu Telekomunikacji z Wroc\u0142awia uczestnicy docierali jedn\u0105 z siedmiu zorganizowanych tras, ale byli i tacy, kt\u00f3rzy znale\u017ali w\u0142asn\u0105 drog\u0119 do zlotowego ogniska.<\/p>\n<p style=\"text-align: justify;\">A przy ognisku by\u0142y wyr\u00f3\u017cnienia dla najaktywniejszych cz\u0142onk\u00f3w Oddzia\u0142u. Gra\u017cyna Biernat i Wanda Haas zosta\u0142y uhonorowane przez Komisj\u0119 Turystyki G\u00f3rskiej ZG PTTK Medalem \u201eZa zas\u0142ugi dla turystyki g\u00f3rskiej\u201d. Ponadto 11 osobom wr\u0119czono Odznak\u0119 \u201eZas\u0142u\u017cony dla Oddzia\u0142u PTTK Wroc\u0142aw Fabryczna\u201d w stopniu z\u0142otym, srebrnym i br\u0105zowym, 2 osoby otrzyma\u0142y Dyplom Oddzia\u0142u PTTK Wroc\u0142aw Fabryczna oraz 2 osoby wyr\u00f3\u017cniono Odznak\u0105 \u201e25 lat w PTTK\u201d. By\u0142y te\u017c podzi\u0119kowania Prezesa Oddzia\u0142u za codzienn\u0105 prac\u0119 na rzecz Oddzia\u0142u oraz wchodz\u0105cych w jego sk\u0142ad k\u00f3\u0142 i klub\u00f3w. Cz\u0119\u015b\u0107 rekreacyjn\u0105 Zlotu wype\u0142ni\u0142y konkursy: wiedzy o regionie, piosenki turystycznej, kompozycji kwiatowych i wiedzy o kwiatach, plastyczny oraz rzut beretem dla pa\u0144 i pan\u00f3w. Zwyci\u0119zcy otrzymali okoliczno\u015bciowe dyplomy i ufundowane przez sponsor\u00f3w upominki. Sponsorami Zlotu byli: Wroc\u0142awski Park Technologiczny, Zak\u0142ad Telekomunikacji, Kolejowe Przedsi\u0119biorstwo Turystyczno Wypoczynkowe Natura Tour oraz Oddzia\u0142 Regionalny PKP PLK z Wroc\u0142awia.<\/p>\n<p style=\"text-align: justify;\">Do godzin popo\u0142udniowych trwa\u0142a loteria, wsp\u00f3lne \u015bpiewy i zabawa przy ognisku.<\/p>\n<p style=\"text-align: justify;\">Zarz\u0105d G\u0142\u00f3wny PTTK w dniu 17 grudnia 2010 r. wyr\u00f3\u017cni\u0142 za zas\u0142ugi w upowszechnianiu turystyki i krajoznawstwa Klub Turystyki G\u00f3rskiej \u201e\u0141azek\u201d Z\u0142ot\u0105 Honorow\u0105 Odznak\u0105 PTTK.<\/p>\n<p style=\"text-align: justify;\">Rok 2011 dla Oddzia\u0142u PTTK Wroc\u0142aw Fabryczna rozpocz\u0105\u0142 si\u0119 czarnymi barwami. 7 lutego umiera Adam Klekot &#8211; wieloletni dzia\u0142acz Oddzia\u0142u &#8211; szef Centrum Turystyki Szkolnej, a 10 maja odchodzi na wieczn\u0105 w\u0119dr\u00f3wk\u0119 Jerzy B\u0142aszczyk &#8211; wieloletni dzia\u0142acz i prezes Oddzia\u0142u, wyr\u00f3\u017cniony tytu\u0142em \u201eCz\u0142onka Honorowego Oddzia\u0142u PTTK Wroc\u0142aw Fabryczna\u201d.<\/p>\n<p style=\"text-align: justify;\">Siedmioma zorganizowanymi trasami dotar\u0142o 28 maja 2011 r. do Ska\u0142ki k. Smolca 91 uczestnik\u00f3w XIV Zlotu Oddzia\u0142u PTTK Wroc\u0142aw Fabryczna. Tam otrzymali zlotowy znaczek i certyfikat uczestnictwa w imprezie oraz upominki od sponsor\u00f3w, kt\u00f3rymi byli Wroc\u0142awski Park Technologiczny i Kolejowe Przedsi\u0119biorstwo Turystyczno &#8211; Wypoczynkowe Natura Tour z Wroc\u0142awia.<\/p>\n<p style=\"text-align: justify;\">W Zlocie brali udzia\u0142 cz\u0142onkowie k\u00f3\u0142: nr 6 \u201ePolanka\u201d, nr 10 \u201eWendrusie\u201d, nr 11 \u201e\u015al\u0119\u017canie\u201d, Klubu Turystyki G\u00f3rskiej \u201e\u0141azek\u201d, Klubu Przewodnik\u00f3w Turystycznych, Wroc\u0142awskiego Klubu Piechur\u00f3w \u201ePerpedes\u201d, a tak\u017ce grono os\u00f3b niezrzeszonych.<\/p>\n<p style=\"text-align: justify;\">Chwil\u0105 ciszy uczczono niedawno zmar\u0142ych koleg\u00f3w, nast\u0119pnie 15 aktywnym turystom zwi\u0105zanym z Oddzia\u0142em wr\u0119czono Odznaki \u201eZas\u0142u\u017cony dla Oddzia\u0142u PTTK Wroc\u0142aw Fabryczna\u201d w stopniu z\u0142otym, srebrnym i br\u0105zowym, a 1 osob\u0119 uhonorowano Odznak\u0105 \u201e50 lat w PTTK\u201d. P\u00f3\u017aniej by\u0142y konkursy: wiedzy o regionie, piosenki turystycznej, kompozycji kwiatowych, plastyczny i rzut beretem dla pa\u0144 i pan\u00f3w. Zwyci\u0119zcy otrzymali okoliczno\u015bciowe dyplomy i upominki ufundowane przez sponsor\u00f3w. Przeprowadzono tak\u017ce atrakcyjn\u0105 loteri\u0119. Przy zlotowym ogniu \u015bpiewano piosenki, wywijano ho\u0142ubce, p\u0142yn\u0119\u0142y wspomnienia o tym jak to drzewiej bywa\u0142o i dyskutowano o przysz\u0142o\u015bci. A\u017c po\u017cegnania nadszed\u0142&nbsp; czas&#8230;<\/p>\n<p style=\"text-align: justify;\">13 pa\u017adziernika 2011 r., za dzia\u0142alno\u015bci na rzecz rozwoju turystyki i krajoznawstwa, Klub<\/p>\n<p style=\"text-align: justify;\">Turystyki G\u00f3rskiej \u201e\u0141azek\u201d otrzyma\u0142 Honorow\u0105 Odznak\u0119 \u201eZa Zas\u0142ugi dla Turystyki\u201d<\/p>\n<p style=\"text-align: justify;\">Na XV Zlocie Oddzia\u0142u PTTK Wroc\u0142aw Fabryczna, zorganizowanym 26 maja 2012 r. w Ska\u0142ce k. Smolca, uroczy\u015bcie obchodzono 45-lecie Oddzia\u0142u. 137 uczestnik\u00f3w dociera\u0142o na met\u0119 Zlotu trasami przygotowanymi przez organizator\u00f3w lub samodzielnie. Go\u015b\u0107mi Zlotu byli: Krystyn Chudoba &#8211; Prezes Oddzia\u0142u Wroc\u0142awskiego PTTK, Jerzy Maciejewski &#8211; cz\u0142onek Zarz\u0105du G\u0142\u00f3wnego PTTK, W\u0142adys\u0142aw Mianowski &#8211; Cz\u0142onek Honorowy PTTK i Cz\u0142onek Honorowy Oddzia\u0142u PTTK Wroc\u0142aw Fabryczna, i Julian Szymszon &#8211; cz\u0142onek Zarz\u0105du Oddzia\u0142u Wroc\u0142awskiego PTTK.<\/p>\n<p style=\"text-align: justify;\">Na Zlocie najliczniej reprezentowane by\u0142y ko\u0142a: nr 6 \u201ePolanka (44 osoby), nr 11 \u201e\u015al\u0119\u017canie\u201d (31 os\u00f3b) i nr 10 \u201eWendrusie\u201d (17 os\u00f3b).<\/p>\n<p style=\"text-align: justify;\">Z okazji Jubileuszu Oddzia\u0142 zosta\u0142 wyr\u00f3\u017cniony Odznak\u0105 Honorow\u0105 \u201eZa zas\u0142ugi dla turystyki\u201d. Otrzyma\u0142 te\u017c listy gratulacyjne, pami\u0105tkowy obraz oraz pami\u0105tkow\u0105 statuetk\u0119. Z\u0142ot\u0105 Honorow\u0105 Odznak\u0119 PTTK otrzyma\u0142o te\u017c Ko\u0142o nr 6 \u201ePolanka\u201d.<\/p>\n<p style=\"text-align: justify;\">Jubileusz by\u0142 tak\u017ce okazj\u0105 do uhonorowania os\u00f3b pracuj\u0105cych na rzecz Oddzia\u0142u oraz macierzystych k\u00f3\u0142 i klub\u00f3w.&nbsp; Z\u0142ot\u0105 Honorow\u0105 Odznak\u0105 PTTK wyr\u00f3\u017cniono 7 os\u00f3b, a Srebrn\u0105 Honorow\u0105 Odznak\u0105 PTTK &#8211; 6 os\u00f3b. Dyplom Zarz\u0105du G\u0142\u00f3wnego PTTK otrzyma\u0142o 3 osoby. 4 osoby otrzyma\u0142y Odznak\u0119 Honorow\u0105&nbsp; \u201eZa zas\u0142ugi dla turystyki, 1 osob\u0119 uhonorowano Odznak\u0105 \u201eZas\u0142u\u017cony w pracy PTTK w\u015br\u00f3d m\u0142odzie\u017cy\u201d, a 1 otrzyma\u0142a Odznak\u0105 \u201e25 lat w PTTK\u201d. Ponadto 17 os\u00f3b wyr\u00f3\u017cniono Odznakami \u201eZas\u0142u\u017cony dla Oddzia\u0142u PTTK Wroc\u0142aw Fabryczna\u201d w stopniu z\u0142otym, srebrnym i br\u0105zowym.<\/p>\n<p style=\"text-align: justify;\">Jak ka\u017ce tradycja by\u0142y konkursy wiedzowe, o charakterze rekreacyjnym, sprawno\u015bciowe oraz loteria. By\u0142y te\u017c &#8211; fundowane przez sponsor\u00f3w (Urz\u0105d Miejski Wroc\u0142awia, Wroc\u0142awski Park technologiczny) nagrody dla zwyci\u0119zc\u00f3w. I do p\u00f3\u017anych godzin popo\u0142udniowych by\u0142a zabawa przy zlotowym ognisku.<\/p>\n<p style=\"text-align: justify;\"><strong>XXI Walny Zjazd<\/strong> Oddzia\u0142u PTTK Wroc\u0142aw Fabryczna odby\u0142 si\u0119 <strong>20 kwietnia 2013 r.<\/strong> w Biurze Oddzia\u0142u. Funkcj\u0119 prezesa Oddzia\u0142u Zjazd powierzy\u0142 Andrzejowi Trybule. W sk\u0142ad Zarz\u0105du Oddzia\u0142u weszli te\u017c: Tadeusz Kozak &#8211; wiceprezes, Henryk Kulczyk &#8211; wiceprezes, Janina Zaj\u0105c-Kli\u0144ska sekretarz, Jerzy Kosowski &#8211; skarbnik, Edward Kaszuba i W\u0142adys\u0142aw Mianowski &#8211; cz\u0142onkowie Zarz\u0105du. Sk\u0142ad Oddzia\u0142owej Komisji Rewizyjnej to: Halina Babiarz &#8211; przewodnicz\u0105ca, Jolanta Mikulska wiceprzewodnicz\u0105ca i Zofia W\u0105growska &#8211; cz\u0142onek OKR. Oddzia\u0142owy S\u0105d Kole\u017ce\u0144ski stanowi\u0105: Jolanta Malik &#8211; przewodnicz\u0105ca, Zdzis\u0142aw Dryglewski i Magdalena Urba\u0144ska &#8211; cz\u0142onkowie OSK.<\/p>\n<p style=\"text-align: justify;\">Podczas Zjazdu wr\u0119czono odznaczenia i wyr\u00f3\u017cnienia szczeg\u00f3lnie aktywnym cz\u0142onkom PTTK. Odznak\u0119 Honorow\u0105 \u201eZa zas\u0142ugi dla turystyki\u201d otrzyma\u0142y 2 osoby, Br\u0105zow\u0105 Honorow\u0105 Odznak\u0105 PTTK wr\u0119czono 2 osobom, a 3 osoby otrzyma\u0142y Dyplom Zarz\u0105du G\u0142\u00f3wnego PTTK. Ponadto 2 osoby wyr\u00f3\u017cniono Odznakami \u201eZas\u0142u\u017cony dla Oddzia\u0142u PTTK Wroc\u0142aw Fabryczna\u201d 1 w stopniu z\u0142otym, i 1 w stopniu srebrnym.<\/p>\n<p style=\"text-align: justify;\">Zjazd podj\u0105\u0142 uchwa\u0142\u0119 o nadaniu Markowi Szotowi tytu\u0142u Honorowy Cz\u0142onek Oddzia\u0142u PTTK Wroc\u0142aw Fabryczna. Kolejna wa\u017cna uchwa\u0142a zjazdowa dotyczy\u0142a powo\u0142ania Kapitu\u0142y Odznacze\u0144 i Wyr\u00f3\u017cnie\u0144, sk\u0142adaj\u0105cej si\u0119 z Honorowych Cz\u0142onkowie Oddzia\u0142u PTTK Wroc\u0142aw Fabryczna.<\/p>\n<p style=\"text-align: justify;\">XVI Zlot Oddzia\u0142u PTTK Wroc\u0142aw Fabryczna odby\u0142 si\u0119 25 maja 2013 r. w Ska\u0142ce k. Smolca. Wzi\u0119\u0142o w nim udzia\u0142 81 os\u00f3b. Najliczniej reprezentowane by\u0142y ko\u0142a: nr 6 \u201ePolanka (35 os\u00f3b), nr 11 \u201e\u015al\u0119\u017canie\u201d (14 os\u00f3b) i Klub Turystyki G\u00f3rskiej \u201e\u0141azek\u201d (17 os\u00f3b).<\/p>\n<p style=\"text-align: justify;\">Przy zlotowym ognisku przeprowadzono konkursy: wiedzy o regionie, piosenki turystycznej, kompozycji kwiatowych i rzut beretem dla pa\u0144 i pan\u00f3w. I do wieczora trwa\u0142a weso\u0142a zabawa.<\/p>\n<p style=\"text-align: justify;\">Kolejny &#8211; XVII Zlot Oddzia\u0142u PTTK Wroc\u0142aw Fabryczna &#8211; ju\u017c tradycyjnie organizowany w Ska\u0142ce k. Smolca odby\u0142 si\u0119 24 maja 2014 r. Na met\u0119 Zlotu setka turyst\u00f3w dotar\u0142a siedmioma trasami proponowanymi przez organizatora lub indywidualnymi drogami. Najliczniejsze reprezentacje wystawi\u0142y: Ko\u0142o nr 6 \u201ePolanka (32 osoby), Ko\u0142o nr 11 \u201e\u015al\u0119\u017canie\u201d (16 os\u00f3b) i Klub Turystyki G\u00f3rskiej \u201e\u0141azek\u201d (12 os\u00f3b). Przybyli te\u017c go\u015bcie honorowi: Jerzy Maciejewski &#8211; cz\u0142onek Zarz\u0105du G\u0142\u00f3wnego PTTK oraz Julian Szymszon &#8211; cz\u0142onek Zarz\u0105du Oddzia\u0142u Wroc\u0142awskiego PTTK.<\/p>\n<p style=\"text-align: justify;\">Na mecie Zlotu czeka\u0142 na uczestnik\u00f3w pami\u0105tkowy znaczek, certyfikat uczestnictwa, wydawnictwa turystyczne i gad\u017cety od sponsor\u00f3w, kt\u00f3rymi tym razem byli: Agencja Rozwoju Aglomeracji Wroc\u0142awskiej S.A., Fundacja Ekorozwoju, Wroc\u0142awski Park Technologiczny, Wroc\u0142awskie Centrum Seniora, Zesp\u00f3\u0142 Elektrociep\u0142owni Wroc\u0142awskich Kogeneracja S.A., a tak\u017ce osoby indywidualne cz\u0142onkowie Oddzia\u0142u PTTK Wroc\u0142aw Fabryczna.<\/p>\n<p style=\"text-align: justify;\">Przy ogniu zlotowym uhonorowani zostali najaktywniejsi cz\u0142onkowie k\u00f3\u0142 i klub\u00f3w wchodz\u0105cych w sk\u0142ad Oddzia\u0142u. Odznak\u0119 Honorow\u0105 \u201eZa zas\u0142ugi dla turystyki\u201d otrzyma\u0142y 3 osoby, a Odznak\u0119 Honorow\u0105 \u201eZa zas\u0142ugi dla \u015brodowiska i gospodarki wodnej\u201d &#8211; 2 osoby. 3 osoby wyr\u00f3\u017cniono Odznak\u0105 \u201e50 lat w PTTK\u201d i 3 osobom&nbsp; wr\u0119czono Odznak\u0119 \u201e25 lat w PTTK. 2 osoby otrzyma\u0142y Dyplomy Zarz\u0105du G\u0142\u00f3wnego PTTK. Ponadto 20 wyr\u00f3\u017cniono Odznakami \u201eZas\u0142u\u017cony dla Oddzia\u0142u PTTK Wroc\u0142aw Fabryczna\u201d w stopniu z\u0142otym, srebrnym i br\u0105zowym.<\/p>\n<p style=\"text-align: justify;\">Przeprowadzono te\u017c konkursy: wiedzy o regionie, plastyczny, kompozycji kwiatowych i rzut beretem dla pa\u0144 i pan\u00f3w. Oczywi\u015bcie zwyci\u0119zcy otrzymali ufundowane przez sponsor\u00f3w nagrody. By\u0142a loteria. I do p\u00f3\u017anych godzin popo\u0142udniowych \u015bpiewy, ta\u0144ce, wspomnienia&#8230;<\/p>\n<p style=\"text-align: justify;\">30 maja 2015 r. w Ska\u0142ce k. Smolca zorganizowany zosta\u0142 XVIII Zlot Oddzia\u0142u PTTK Wroc\u0142aw Fabryczna, a wzi\u0119\u0142o w nim udzia\u0142 91 os\u00f3b. Najliczniej reprezentowane by\u0142y: Ko\u0142o nr 6 \u201ePolanka (37 os\u00f3b), Ko\u0142o nr 11 \u201e\u015al\u0119\u017canie\u201d (16 os\u00f3b) i Klub Turystyki G\u00f3rskiej \u201e\u0141azek\u201d (8 os\u00f3b).<\/p>\n<p style=\"text-align: justify;\">Na mecie Zlotu, w nale\u017c\u0105cym do pa\u0144stwa Proskin Zaje\u017adzie \u201eBanderoza\u201d, zap\u0142on\u0119\u0142o zlotowe ognisko. Przy nim Prezes Oddzia\u0142u uhonorowa\u0142 11 os\u00f3b, aktywnie uczestnicz\u0105cych w \u017cyciu k\u00f3\u0142 i klub\u00f3w wchodz\u0105cych w sk\u0142ad Oddzia\u0142u Odznakami \u201eZas\u0142u\u017cony dla Oddzia\u0142u PTTK Wroc\u0142aw Fabryczna\u201d w stopniu z\u0142otym, srebrnym i br\u0105zowym. Przeprowadzono te\u017c konkursy: wiedzy o regionie, plastyczny, kompozycji kwiatowych i rzut beretem dla pa\u0144 i pan\u00f3w. Zwyci\u0119zcom konkursu wr\u0119czono nagrody. Ufundowali je sponsorzy: Agencja Rozwoju Aglomeracji Wroc\u0142awskiej S.A., Fundacja Ekorozwoju,<\/p>\n<p style=\"text-align: justify;\">Urz\u0105d Miejski Wroc\u0142awia, Wroc\u0142awski Park Technologiczny, Wroc\u0142awskie Centrum Seniora, Zesp\u00f3\u0142 Elektrociep\u0142owni Wroc\u0142awskich Kogeneracja S.A., jak r\u00f3wnie\u017c osoby indywidualne &#8211; cz\u0142onkowie Oddzia\u0142u PTTK Wroc\u0142aw Fabryczna. Radosna zabawa trwa\u0142a do p\u00f3\u017anych godzin popo\u0142udniowych.<\/p>\n<p style=\"text-align: justify;\">W XIX Zlocie Oddzia\u0142u PTTK Wroc\u0142aw Fabryczna, kt\u00f3ry odby\u0142 si\u0119 28 maja 2016 r. w Ska\u0142ce k. Smolca uczestniczy\u0142o 90 os\u00f3b. Najliczniej reprezentowane by\u0142y Ko\u0142a: nr 6 \u201ePolanka (35 os\u00f3b) nr 11 \u201e\u015al\u0119\u017canie\u201d (20 os\u00f3b).<\/p>\n<p style=\"text-align: justify;\">Przy ognisku na mecie Zlotu, w Zaje\u017adzie \u201eBanderoza\u201d aktywnym turystom wr\u0119czono wyr\u00f3\u017cnienia. Odznak\u0119 \u201e25 lat w PTTK\u201d otrzyma\u0142a 1 osoba, natomiast Odznakami \u201eZas\u0142u\u017cony dla Oddzia\u0142u PTTK Wroc\u0142aw Fabryczna\u201d w stopniu z\u0142otym, srebrnym i br\u0105zowym uhonorowano 7 os\u00f3b. W cz\u0119\u015bci oficjalnej wyst\u0105pi\u0142 jeszcze ch\u00f3r \u201ePolanka\u201d.<\/p>\n<p style=\"text-align: justify;\">Potem przeprowadzono konkursy: plastyczny, kompozycji kwiatowych, rzut beretem dla pa\u0144 i pan\u00f3w oraz rzut pi\u0142k\u0105 lekarsk\u0105 dla pa\u0144 i pan\u00f3w. Zwyci\u0119zcy konkurs\u00f3w otrzymali nagrody ufundowane przez sponsor\u00f3w &#8211; Fundacj\u0119 Ekorozwoju, Wroc\u0142awski Park Technologiczny, Wroc\u0142awskie Centrum Seniora, Wydzia\u0142 In\u017cynierii Miejskiej Urz\u0119du Miejskiego Wroc\u0142awia, Zesp\u00f3\u0142 Elektrociep\u0142owni Wroc\u0142awskich Kogeneracja S.A., jak r\u00f3wnie\u017c przez osoby indywidualne &#8211; cz\u0142onk\u00f3w Oddzia\u0142u PTTK Wroc\u0142aw Fabryczna. Pa\u0144stwo Proskin &#8211; w\u0142a\u015bciciele Zajazdu zapewnili obficie zaopatrzony bufet, przez ca\u0142y czas trwa\u0142a loteria, a przy ognisku \u015bpiewano i ta\u0144czono do p\u00f3\u017anych godzin popo\u0142udniowych.<\/p>\n<p style=\"text-align: justify;\"><strong>II A. SZCZEG\u00d3LNIE ZAS\u0141U\u017bENI DLA ODDZIA\u0141U<\/strong>.<\/p>\n<h3 style=\"text-align: justify;\">Witold Prelicz &#8211; pierwszy Prezes i Patron Naszego Oddzia\u0142u<\/h3>\n<p style=\"text-align: justify;\"><img loading=\"lazy\" decoding=\"async\" class=\"alignleft wp-image-822 size-medium\" src=\"http:\/\/www.wroclawfabryczna.pttk.pl\/wordpress\/wp-content\/uploads\/2020\/10\/w.prelicz-219x300.jpg\" alt=\"\" width=\"219\" height=\"300\" srcset=\"https:\/\/wroclawfabryczna.pttk.pl\/wordpress\/wp-content\/uploads\/2020\/10\/w.prelicz-219x300.jpg 219w, https:\/\/wroclawfabryczna.pttk.pl\/wordpress\/wp-content\/uploads\/2020\/10\/w.prelicz.jpg 341w\" sizes=\"auto, (max-width: 219px) 100vw, 219px\" \/>3 lutego 1981 r. podczas Walnego Zjazdu Oddzia\u0142u Dzielnicowego PTTK Wroc\u0142aw Fabryczna jeden z delegat\u00f3w w imieniu aktywu turystycznego Oddzia\u0142u zg\u0142osi\u0142 nast\u0119puj\u0105cy wniosek: \u201eWnioskuj\u0119, by nasz Oddzia\u0142 PTTK przyj\u0105\u0142 imi\u0119 Witolda Prelicza\u2026\u201d. Wniosek zosta\u0142 przyj\u0119ty jednog\u0142o\u015bnie. Rodow\u00f3d obecnego Oddzia\u0142u PTTK Wroc\u0142aw Fabryczna si\u0119ga roku 1965. Powo\u0142ano w\u00f3wczas zak\u0142adowy Oddzia\u0142 PTTK przy WZE \u201eElwro\u201d. Jednym z jego za\u0142o\u017cycieli by\u0142 mgr in\u017c. Witold Prelicz &#8211; z zawodu mechanik, z zami\u0142owania turysta &#8211; krajoznawca, niestrudzony podr\u00f3\u017cnik.<\/p>\n<p style=\"text-align: justify;\">Urodzi\u0142 si\u0119 3 wrze\u015bnia 1922 r. W wieku 16 lat przyst\u0105pi\u0142 do Podolskiego Towarzystwa Turystyczno &#8211; Krajoznawczego. Zanim zosta\u0142 prezesem pierwszego w Polsce Mi\u0119dzyzak\u0142adowego Oddzia\u0142u PTTK Wroc\u0142aw Fabryczna, przekszta\u0142conego z Oddzia\u0142u Zak\u0142adowego \u201eElwro\u201d, mia\u0142 ju\u017c bogato zapisan\u0105 kart\u0119 dzia\u0142acza turystyczno &#8211; krajoznawczego. W latach 1947 &#8211; 1951 by\u0142 organizatorem wycieczek i dzia\u0142alno\u015bci turystycznej w Powiatowym Zarz\u0105dzie Drogowym we Wroc\u0142awiu. Z chwil\u0105 powstania PTTK w roku 1950 zosta\u0142 jego cz\u0142onkiem. Od 1953 r. do ko\u0144ca swych dni pe\u0142ni\u0142 spo\u0142ecznie szereg funkcji w Towarzystwie. W latach 1953 &#8211; 1955 by\u0142 cz\u0142onkiem wsp\u00f3\u0142za\u0142o\u017cycielem Okr\u0119gowej Komisji Turystyki Pieszej we Wroc\u0142awiu. Gdy w Oddziale Wroc\u0142awskim powsta\u0142a Sekcja G\u00f3rska &#8211; przekszta\u0142cona w roku 1956 w Komisj\u0119 Turystyki G\u00f3rskiej nie zabrak\u0142o w niej Witolda Prelicza. W latach 1959 &#8211; 1962 by\u0142 cz\u0142onkiem Prezydium Zarz\u0105du Oddzia\u0142u Wroc\u0142awskiego PTTK, a w latach 1965 &#8211; 1967 by\u0142 cz\u0142onkiem S\u0105du Kole\u017ce\u0144skiego tego\u017c<\/p>\n<p style=\"text-align: justify;\">Oddzia\u0142u. Od pocz\u0105tku swej dzia\u0142alno\u015bci w Towarzystwie pasjonowa\u0142 si\u0119 krajoznawstwem. Podczas IV Krajowej Narady Aktywu Krajoznawczego w grudniu 1962 r. zosta\u0142 cz\u0142onkiem prezydium Komisji Krajoznawczej ZG PTTK. O aktywno\u015bci Witolda Prelicza niech \u015bwiadczy fakt, \u017ce przez kilka lat by\u0142 cz\u0142onkiem Prezydium Dzielnicowego Komitetu Kultury Fizycznej i Turystyki Wroc\u0142aw Fabryczna, cz\u0142onkiem Komisji kwalifikacyjno &#8211; egzaminacyjnej Wojew\u00f3dzkiego Komitetu Kultury Fizycznej i Turystyki we Wroc\u0142awiu oraz sekretarzem Ko\u0142a Przewodnik\u00f3w Terenowych przy Oddziale Wroc\u0142awskim PTTK. W Mi\u0119dzyzak\u0142adowym Oddziale PTTK Wroc\u0142aw Fabryczna by\u0142 prezesem w latach 1967 &#8211; 1970 i od roku 1972 do \u015bmierci, za\u015b w mi\u0119dzyczasie cz\u0142onkiem Zarz\u0105du Oddzia\u0142u. Krajoznawstwo by\u0142o jego pasj\u0105. By\u0142 autorem szeregu publikacji i autorytetem w dziedzinie pr\u0119gierzy i krzy\u017cy pokutnych na Dolnym \u015al\u0105sku oraz tw\u00f3rczo\u015bci Micha\u0142a Willmanna, budownictwa drewnianego i cysterskiego. Wraz ze Zbigniewem Szkolnickim i Jerzym Kowalowem w 1970 r. rozpocz\u0105\u0142 wydawanie \u201eInformatora Krajoznawczego\u201d &#8211; jedynego w PTTK wydawnictwa regionalnego o charakterze ci\u0105g\u0142ym, ca\u0142kowicie po\u015bwi\u0119conego krajoznawstwu. By\u0142 jednym z tw\u00f3rc\u00f3w Seminari\u00f3w Krajoznawczych i trzykrotnie ich kierownikiem. Jako niestrudzony prelegent na licznych kursach wyszkoli\u0142 szeregi organizator\u00f3w turystyki i przewodnik\u00f3w. Posiada\u0142 bogate zbiory fotografii i materia\u0142\u00f3w krajoznawczo turystycznych. Szczeg\u00f3lnie upodoba\u0142 sobie zbieranie znaczk\u00f3w z imprez turystycznych. Stale podnosi\u0142 swoje kwalifikacje turystyczno &#8211; krajoznawcze. Przodownik GOT, instruktor krajoznawstwa, przewodnik sudecki, przewodnik terenowy I klasy to tylko niekt\u00f3re z posiadanych uprawnie\u0144. Uprawia\u0142 szereg dyscyplin turystycznych, zdoby\u0142 r\u00f3\u017cne stopnie OTP, GOT, NON, \u017bOT, KOT, OTZZ i Turysta ZSRR. By\u0142 Honorowym Cz\u0142onkiem MKT \u201e\u015al\u0119\u017canie\u201d i WKW \u201eWiadrus\u201d.<\/p>\n<p style=\"text-align: justify;\">Za dzia\u0142alno\u015b\u0107 odznaczono go Z\u0142ot\u0105 Odznak\u0105 \u201eZas\u0142u\u017cony Dzia\u0142acz Turystyki\u201d, Z\u0142ot\u0105 Honorow\u0105 Odznak\u0105 PTTK, Odznak\u0105 \u201eBudowniczy Wroc\u0142awia\u201d, Z\u0142ot\u0105 Odznak\u0105 Towarzystwa Krzewienia Kultury Fizycznej, Z\u0142ot\u0105 Honorow\u0105 Odznak\u0105 Oddzia\u0142u Wroc\u0142awskiego PTTK, dwukrotnie Odznak\u0105 \u201eHonorowy Turysta Dolnego \u015al\u0105ska\u201d.<\/p>\n<p style=\"text-align: justify;\">Pr\u00f3cz uprawiania turystyki krajowej odwiedzi\u0142 wiele kraj\u00f3w na ca\u0142ym \u015bwiecie. Przed swoj\u0105 \u015bmierci\u0105 przebywa\u0142 w krajach Ameryki Po\u0142udniowej.<\/p>\n<p style=\"text-align: justify;\">By\u0142 cz\u0142owiekiem przyst\u0119pnym, skromnym i \u017cyczliwym. By\u0142 te\u017c niestrudzonym gaw\u0119dziarzem. Mn\u00f3stwo czasu po\u015bwi\u0119ca\u0142 m\u0142odzie\u017cy, kt\u00f3r\u0105 zara\u017ca\u0142 pasj\u0105 turystyczn\u0105 i umi\u0142owaniem przyrody. Do wszystkich, a w szczeg\u00f3lno\u015bci do turyst\u00f3w nie zwraca\u0142 si\u0119 inaczej jak \u201eper kolego\u201d. Po powrocie z podr\u00f3\u017cy do Ameryki Po\u0142udniowej chcia\u0142 jeszcze odwiedzi\u0107 Indonezj\u0119. Niestety \u015bmiertelna choroba uniemo\u017cliwi\u0142a realizacj\u0119 plan\u00f3w. Zmar\u0142 20 lipca 1973 r.<\/p>\n<h3 style=\"text-align: justify;\">Jan Bar\u0107 &#8211; przyjaciel Oddzia\u0142u<\/h3>\n<p style=\"text-align: justify;\"><img loading=\"lazy\" decoding=\"async\" class=\"alignleft wp-image-823 size-medium\" src=\"http:\/\/www.wroclawfabryczna.pttk.pl\/wordpress\/wp-content\/uploads\/2020\/10\/j.barc_-218x300.jpg\" alt=\"\" width=\"218\" height=\"300\" srcset=\"https:\/\/wroclawfabryczna.pttk.pl\/wordpress\/wp-content\/uploads\/2020\/10\/j.barc_-218x300.jpg 218w, https:\/\/wroclawfabryczna.pttk.pl\/wordpress\/wp-content\/uploads\/2020\/10\/j.barc_.jpg 341w\" sizes=\"auto, (max-width: 218px) 100vw, 218px\" \/>Urodzi\u0142 si\u0119 19 grudnia 1920 r. w Zaborowie w powiecie strzy\u017cowskim. Pochodzi\u0142 z rodziny ch\u0142opskiej. Szko\u0142\u0119 powszechn\u0105 ko\u0144czy w 1933 r., a Liceum Og\u00f3lnokszta\u0142c\u0105ce im. S. Konarskiego w Rzeszowie w roku 1939. Okres okupacji hitlerowskiej sp\u0119dzi\u0142 w rodzinnej wsi. W tym czasie nale\u017ca\u0142 do Batalion\u00f3w Ch\u0142opskich, gdzie pe\u0142ni\u0142 funkcj\u0119 komendanta gminnego i szefa \u0142\u0105czno\u015bci mi\u0119dzyrejonowej w rzeszowskim obwodzie BCh.<\/p>\n<p style=\"text-align: justify;\">Po wyzwoleniu pracowa\u0142 w Wojew\u00f3dzkim Zarz\u0105dzie Zwi\u0105zku \u201eSamopomoc Ch\u0142opska\u201d w Rzeszowie. W kwietniu 1946 r. przyjecha\u0142 na Ziemie Odzyskane, gdzie podj\u0105\u0142 prac\u0119 jako ksi\u0119gowy w ZMW \u201eWici\u201d w Bystrzycy K\u0142odzkiej. W latach 1947 1949 by\u0142 ksi\u0119gowym w Oddziale \u201eSpo\u0142em\u201d w Bystrzycy K\u0142odzkiej, p\u00f3\u017aniej w Oddziale Okr\u0119gowym \u201eSpo\u0142em\u201d w K\u0142odzku i Wroc\u0142awiu. W roku 1953 przeni\u00f3s\u0142 si\u0119 wraz z rodzin\u0105 do Wroc\u0142awia. Do 1957 r. pracowa\u0142 jako zast\u0119pca g\u0142\u00f3wnego ksi\u0119gowego we Wroc\u0142awskich Zak\u0142adach Przemys\u0142u Piekarskiego, nast\u0119pnie zosta\u0142 zatrudniony we Wroc\u0142awskich Zak\u0142adach Pieczywa Cukierniczego, gdzie by\u0142 zast\u0119pc\u0105 g\u0142\u00f3wnego ksi\u0119gowego do 1964 r. W maju tego\u017c roku obj\u0105\u0142 stanowisko g\u0142\u00f3wnego ksi\u0119gowego w PP \u201eMotozbyt\u201d. W opinii wystawionej przez w\u0142adze firmy mo\u017cemy przeczyta\u0107: \u201ePracownik inteligentny, bardzo pracowity i rzetelny, posiada gruntown\u0105 znajomo\u015b\u0107 zagadnie\u0144 finansowo &#8211; ksi\u0119gowych i wieloletnie do\u015bwiadczenie. Rozpocz\u0105\u0142 prac\u0119 w PP \u201eMotozbyt\u201d w szczeg\u00f3lnie trudnych warunkach. Przez swoj\u0105 prac\u0119 i inicjatyw\u0119 przyczyni\u0142 si\u0119 bardzo powa\u017cnie do uporz\u0105dkowania gospodarki przedsi\u0119biorstwa. Wiele czasu po\u015bwi\u0119ci\u0142 na szkolenie pracownik\u00f3w finansowo &#8211; ksi\u0119gowych. Cieszy\u0142 si\u0119 bardzo dobr\u0105 opini\u0105 ca\u0142ej za\u0142ogi\u2026\u201d.<\/p>\n<p style=\"text-align: justify;\">Od dnia 1 sierpnia 1969 r. zostaje zatrudniony w Mi\u0119dzyzak\u0142adowym Oddziale PTTK Wroc\u0142aw Fabryczna na stanowisku g\u0142\u00f3wnego ksi\u0119gowego. W tym roku zostaje te\u017c cz\u0142onkiem PTTK. Dzi\u0119ki swej gruntownej znajomo\u015bci przepis\u00f3w finansowych i prawnych pe\u0142ni spo\u0142ecznie funkcj\u0119 radcy prawnego Oddzia\u0142u. Na przestrzeni lat pe\u0142ni w Oddziale spo\u0142eczne funkcje cz\u0142onka Zarz\u0105du Oddzia\u0142u, skarbnika i jako ostatni\u0105 &#8211; funkcj\u0119 cz\u0142onka Prezydium Zarz\u0105du Oddzia\u0142u. W latach pracy w PTTK pracowa\u0142 r\u00f3wnie\u017c dorywczo jako ksi\u0119gowy na p\u00f3\u0142 etatu w r\u00f3\u017cnych organizacjach (NOT, TNOiK).<\/p>\n<p style=\"text-align: justify;\">By\u0142 bardzo oddany sprawom turystyki. Za swoj\u0105 dzia\u0142alno\u015b\u0107 wielokrotnie wyr\u00f3\u017cniany &#8211; otrzyma\u0142 Z\u0142ot\u0105 Odznak\u0119 \u201eZas\u0142u\u017cony Dzia\u0142acz Kultury Fizycznej i Turystyki\u201d Dzielnicy Wroc\u0142aw Fabryczna, Z\u0142ot\u0105 Odznak\u0119 \u201eZas\u0142u\u017cony dla Oddzia\u0142u PTTK Wroc\u0142aw Fabryczna\u201d, Z\u0142ot\u0105 Odznak\u0119 \u201eZas\u0142u\u017cony dla wojew\u00f3dztwa wroc\u0142awskiego i miasta Wroc\u0142awia\u201d, Odznak\u0119 \u201eZas\u0142u\u017cony Dzia\u0142acz Turystyki\u201d oraz Srebrn\u0105 Honorow\u0105 Odznak\u0119 PTTK. Wiele odznacze\u0144 i wyr\u00f3\u017cnie\u0144 otrzyma\u0142 te\u017c za dzia\u0142alno\u015b\u0107 poza obszarem turystyki. By\u0142y to m. in. \u201eKrzy\u017c Walecznych\u201d, \u201eKrzy\u017c Partyzancki\u201d, \u201eSrebrny Krzy\u017c Zas\u0142ugi\u201d, \u201eMedal 1000 &#8211; lecia\u201d, Medal 40 &#8211; lecia Polski Ludowej.<\/p>\n<p style=\"text-align: justify;\">Dla turyst\u00f3w by\u0142 po prostu \u201ePANEM JANEM\u201d &#8211; starszym koleg\u0105. Zawsze ch\u0119tnie s\u0142u\u017cy\u0142 wszystkim pomoc\u0105, rad\u0105 i do\u015bwiadczeniem. Potrafi\u0142 skupi\u0107 wok\u00f3\u0142 siebie grono m\u0142odych i ch\u0119tnych do dzia\u0142a\u0144 spo\u0142ecznych. Wielu z nich dzia\u0142a w naszym Oddziale do dzi\u015b.<\/p>\n<p style=\"text-align: justify;\">Zmar\u0142 18 stycznia 1987 r.<\/p>\n<h3 style=\"text-align: justify;\">W\u0142odzimierz Strasburger &#8211; Umi\u0142owa\u0142 zabytki<\/h3>\n<p style=\"text-align: justify;\"><img loading=\"lazy\" decoding=\"async\" class=\"alignleft wp-image-824 size-medium\" src=\"http:\/\/www.wroclawfabryczna.pttk.pl\/wordpress\/wp-content\/uploads\/2020\/10\/w.strasburger-202x300.jpg\" alt=\"\" width=\"202\" height=\"300\" srcset=\"https:\/\/wroclawfabryczna.pttk.pl\/wordpress\/wp-content\/uploads\/2020\/10\/w.strasburger-202x300.jpg 202w, https:\/\/wroclawfabryczna.pttk.pl\/wordpress\/wp-content\/uploads\/2020\/10\/w.strasburger.jpg 316w\" sizes=\"auto, (max-width: 202px) 100vw, 202px\" \/>Urodzi\u0142 si\u0119 30 stycznia 1905 r. w Ludinowie (Rosja). W Rosji przebywa\u0142 do roku 1919, kiedy to ojciec wraz z rodzin\u0105 wr\u00f3ci\u0142 do niepodleg\u0142ej ju\u017c Polski. Wybuch II wojny \u015bwiatowej nie pozwoli\u0142 mu uko\u0144czy\u0107 studi\u00f3w w Szkole Nauk Politycznych w Warszawie. Od 1934 r. do wybuchu wojny pracowa\u0142 w Zarz\u0105dzie G\u0142\u00f3wnym Ligi Obrony Powietrznej i Przeciwgazowej. Okupacj\u0119 prze\u017cy\u0142 w Warszawie jako W\u0142adys\u0142aw Sadowski. W konspiracji zajmowa\u0142 si\u0119 kolporta\u017cem nielegalnej prasy. Po upadku Powstania Warszawskiego wyjecha\u0142 do Piastowa.<\/p>\n<p style=\"text-align: justify;\">Po zako\u0144czeniu wojny, jako pracownik Urz\u0119du Generalnego Pe\u0142nomocnika Rz\u0105du na Ziemie Odzyskane, zosta\u0142 przydzielony do grupy inspektor\u00f3w terenowych, a po<\/p>\n<p style=\"text-align: justify;\">utworzeniu Ministerstwa Ziem Odzyskanych zosta\u0142 naczelnikiem Wydzia\u0142u Kartkowego w Departamencie Aprowizacji i Handlu. Lata 1949 i 1950 to praca w sp\u00f3\u0142dzielczo\u015bci ogrodniczej. W pa\u017adzierniku 1950 r. zostaje aresztowany za przynale\u017cno\u015b\u0107 do AK (tej nocy aresztowano we Wroc\u0142awiu kilkaset os\u00f3b). Po dw\u00f3ch miesi\u0105cach bez sprawy zostaje zwolniony, prawdopodobnie dzi\u0119ki nienagannej opinii o jego postawie i pracy w wyzwolonej Polsce. Z powodu tej krzywdy rezygnuje z ambicji osobistych w dziedzinie \u201ekariery pracowniczej\u201d. Mi\u0119dzy innymi dzi\u0119ki tym w\u0142a\u015bnie okoliczno\u015bciom z pe\u0142nym zapa\u0142em i zasobem nieabsorbowanej gdzie indziej energii, oddaje si\u0119 pracy spo\u0142ecznej w dziedzinie turystyki i krajoznawstwa, a od 1954 r. w zakresie spo\u0142ecznej opieki nad zabytkami. W 1958 r. zostaje przewodnicz\u0105cym Okr\u0119gowej Komisji Opieki nad Zabytkami &#8211; kierowa\u0142 ni\u0105 niemal bez przerwy do 10 czerwca 1983 r. Z jego inicjatywy powstaje Muzeum Filumenistyczne w Bystrzycy K\u0142odzkiej, a w planach do remontu zostaje umieszczony drewniany m\u0142yn papierniczy w Dusznikach Zdroju (dzisiejsze Muzeum Papiernictwa). To tylko dwa przyk\u0142ady jego niezliczonych inicjatyw i osi\u0105gni\u0119\u0107 w jednej z najtrudniejszych dziedzin nie tylko spo\u0142ecznego \u017cycia. Zaszczepi\u0142 umi\u0142owanie zabytk\u00f3w, tak\u017ce w\u015br\u00f3d m\u0142odzie\u017cy. Doprowadzi\u0142 do powstania m\u0142odzie\u017cowych zespo\u0142\u00f3w opieku\u0144czych &#8211; nowej formy opieki nad zabytkami. Za prac\u0119 spo\u0142eczn\u0105, w kt\u00f3rej je\u017celi chodzi o opiek\u0119 nad zabytkami nie mia\u0142 sobie r\u00f3wnych, otrzyma\u0142 wiele wyr\u00f3\u017cnie\u0144 pa\u0144stwowych i resortowych.<\/p>\n<p style=\"text-align: justify;\">Zmar\u0142 7 lutego 1984 r.<\/p>\n<p style=\"text-align: justify;\"><strong>Czes\u0142aw Cetwi\u0144ski &#8211; Turysta dzia\u0142acz i przyjaciel.<\/strong><\/p>\n<p style=\"text-align: justify;\"><img loading=\"lazy\" decoding=\"async\" class=\"alignleft wp-image-825 size-medium\" src=\"http:\/\/www.wroclawfabryczna.pttk.pl\/wordpress\/wp-content\/uploads\/2020\/10\/c.cetwinski-244x300.jpg\" alt=\"\" width=\"244\" height=\"300\" srcset=\"https:\/\/wroclawfabryczna.pttk.pl\/wordpress\/wp-content\/uploads\/2020\/10\/c.cetwinski-244x300.jpg 244w, https:\/\/wroclawfabryczna.pttk.pl\/wordpress\/wp-content\/uploads\/2020\/10\/c.cetwinski.jpg 369w\" sizes=\"auto, (max-width: 244px) 100vw, 244px\" \/>Urodzi\u0142 si\u0119 20 kwietnia 1916 r. Zami\u0142owanie do turystyki zawdzi\u0119cza\u0142 swoim rodzicom, o kt\u00f3rych sam napisa\u0142: \u201eOjciec &#8211; zapalony turysta i narciarz starej daty, kiedy to o jakich\u015b tam wyci\u0105gach nikomu si\u0119 nie \u015bni\u0142o, matka &#8211; g\u00f3ralka z Poronina. Ju\u017c od wczesnego dzieci\u0144stwa przew\u0119drowa\u0142 z rodzicami wszystkie \u00f3wczesne g\u00f3ry polskie (dzi\u015b troch\u0119 egzotyczne &#8211; Czarnohor\u0119, Gorgany, G\u00f3ry Czywczy\u0144skie). Potem (lata trzydzieste XX wieku) jako skaut, latem pieszo, a zim\u0105 na nartach, prowadza\u0142 po tych szlakach koleg\u00f3w harcerzy z zast\u0119p\u00f3w \u201eOr\u0142\u00f3w\u201d &#8211; pierwszej dru\u017cyny harcerskiej we Lwowie. Trwa\u0142o to przez ca\u0142y czas szko\u0142y \u015bredniej i studi\u00f3w, a\u017c do lata 1938 r. (z wykszta\u0142cenia by\u0142 historykiem sztuki i geografem).<\/p>\n<p style=\"text-align: justify;\">Potem podchor\u0105\u017c\u00f3wka we W\u0142odzimierzu Wo\u0142y\u0144skim oraz sm\u0119tne lata wojny i okupacji. Te\u017c \u201eturystyka\u201d, cho\u0107 nieplanowana i przymusowa.<\/p>\n<p style=\"text-align: justify;\">Po wojnie, podczas Wystawy Ziem Odzyskanych we Wroc\u0142awiu (1948), oprowadza\u0142 wycieczki przyje\u017cd\u017caj\u0105ce z ca\u0142ej Polski po Wroc\u0142awiu i po Dolnym \u015al\u0105sku, a wroc\u0142awian wozi\u0142 do Krakowa, Zakopanego i w inne regiony Polski. W roku 1950 \u201ez marszu\u201d rozpocz\u0105\u0142 dzia\u0142alno\u015b\u0107 w tworz\u0105cym si\u0119 na Dolnym \u015al\u0105sku PTTK. By\u0142 organizatorem pierwszego zak\u0142adowego Oddzia\u0142u naszego Towarzystwa w Okr\u0119gowym Oddziale ZUS i Oddzia\u0142u Wroc\u0142awskiego PTTK. Jednocze\u015bnie w Zarz\u0105dzie Okr\u0119gu PTTK obj\u0105\u0142 funkcj\u0119 przewodnicz\u0105cego Okr\u0119gowej Komisji Turystyki G\u00f3rskiej, a od 1960 r. Okr\u0119gowej Komisji Przewodnickiej oraz cz\u0142onka Komisji Turystyki G\u00f3rskiej ZG PTTK (z siedzib\u0105 w Krakowie). Przodownikiem GOT i GON zosta\u0142 w roku 1954 (p\u00f3\u017aniej pe\u0142ni\u0142 te funkcje honorowo). Pierwsz\u0105 legitymacj\u0119 przewodnika sudeckiego I klasy i instruktora przewodnictwa g\u00f3rskiego otrzyma\u0142 w roku 1960 z Komisji Turystyki G\u00f3rskiej ZG PTTK. Funkcje te pe\u0142ni\u0142 bardzo aktywnie do ko\u0144ca swoich dni. W swoim \u017cyciu jak sam m\u00f3wi\u0142 przeprowadzi\u0142 ponad trzy tysi\u0105ce wycieczek zbiorowych po Dolnym \u015al\u0105sku i Sudetach. W okresie pracy zawodowej, mi\u0119dzy innymi w Zak\u0142adzie im. Ossoli\u0144skich, potem w \u201eOrbisie\u201d i Dolno\u015bl\u0105skim O\u015brodku Informacji Turystycznej organizowa\u0142 dla pracownik\u00f3w tych instytucji liczne wycieczki oraz kursy dla organizator\u00f3w turystyki, pilot\u00f3w wycieczek krajowych i zagranicznych, informator\u00f3w turystycznych w systemie \u201eit\u201d, przodownik\u00f3w turystyki kwalifikowanej i przewodnik\u00f3w turystycznych, b\u0119d\u0105c jednocze\u015bnie jednym z g\u0142\u00f3wnych wyk\u0142adowc\u00f3w na tych kursach. Prowadzi\u0142 r\u00f3wnie\u017c o\u017cywion\u0105 dzia\u0142alno\u015b\u0107 publicystyczn\u0105. Na swoim koncie posiada\u0142 ponad 50 drukowanych pozycji turystyczno &#8211; krajoznawczych, a przez kilkana\u015bcie lat by\u0142 sta\u0142ym wsp\u00f3\u0142pracownikiem \u201eGazety Robotniczej\u201d i \u201eWieczoru Wroc\u0142awia\u201d. W tym ostatnim dzienniku posiada\u0142 cotygodniow\u0105 szpalt\u0119 pod nazw\u0105 \u201eCzes\u0142aw Cetwi\u0144ski proponuje\u201d &#8211; by\u0142y to porady jak sp\u0119dzi\u0107 wolny od pracy dzie\u0144. Za t\u0119 dzia\u0142alno\u015b\u0107, jako jeden z pierwszych na Dolnym \u015al\u0105sku, zosta\u0142 odznaczony Z\u0142otym Krzy\u017cem Zas\u0142ugi i Medalem 40 &#8211; lecia Polski Ludowej, Z\u0142ot\u0105 Honorow\u0105 Odznak\u0105 PTTK, Z\u0142ot\u0105 Odznak\u0105 \u201eZas\u0142u\u017cony Dzia\u0142acz Turystyki\u201d, oraz szeregiem odznacze\u0144 regionalnych i wyr\u00f3\u017cnie\u0144 w postaci dyplom\u00f3w i nagr\u00f3d rzeczowych. W ci\u0105gu tych lat zdoby\u0142 wszystkie stopnie G\u00f3rskiej Odznaki Turystycznej i G\u00f3rskiej Odznaki Narciarskiej, a przy okazji te\u017c NON, OTP, TOK i inne. By\u0142 cz\u0142onkiem Stra\u017cy Ochrony Przyrody i Komisji Opieki nad Zabytkami. Mimo s\u0119dziwego wieku pe\u0142ni\u0142 funkcj\u0119 zast\u0119pcy przewodnicz\u0105cego Wojew\u00f3dzkiej Komisji Przewodnik\u00f3w we Wroc\u0142awiu do spraw szkolenia.<\/p>\n<p style=\"text-align: justify;\">Od pocz\u0105tku istnienia powojennego przewodnictwa na Dolnym \u015al\u0105sku by\u0142 przewodnicz\u0105cym Komisji weryfikacyjno &#8211; egzaminacyjnej do spraw przewodnictwa turystycznego.<\/p>\n<p style=\"text-align: justify;\">Zmar\u0142 4 marca 1997 r.<\/p>\n<h2 style=\"text-align: justify;\">II B. HONOROWI CZ\u0141ONKOWIE ODDZIA\u0141U<\/h2>\n<h3 style=\"text-align: justify;\">W\u0142adys\u0142aw Mianowski<\/h3>\n<p style=\"text-align: justify;\"><img loading=\"lazy\" decoding=\"async\" class=\"alignleft wp-image-826 size-medium\" src=\"http:\/\/www.wroclawfabryczna.pttk.pl\/wordpress\/wp-content\/uploads\/2020\/10\/w.mianowski-203x300.jpg\" alt=\"\" width=\"203\" height=\"300\" srcset=\"https:\/\/wroclawfabryczna.pttk.pl\/wordpress\/wp-content\/uploads\/2020\/10\/w.mianowski-203x300.jpg 203w, https:\/\/wroclawfabryczna.pttk.pl\/wordpress\/wp-content\/uploads\/2020\/10\/w.mianowski.jpg 316w\" sizes=\"auto, (max-width: 203px) 100vw, 203px\" \/>Urodzi\u0142 si\u0119 w 1926 r. w Gda\u0144sku, w rodzinie inteligenckiej. Lata dzieci\u0144stwa sp\u0119dzi\u0142 na Pomorzu, w Wielkopolsce, a nast\u0119pnie w Warszawie. Tu\u017c przed wybuchem II Wojny \u015awiatowej przenosi si\u0119 do Poznania. W wyniku akcji niemieckiego okupanta skierowanej przeciw inteligencji polskiej w lutym 1940 r. rodzina zostaje wyrzucona do obozu pod Pozna\u0144, a stamt\u0105d wywieziona na teren Generalnej Guberni. Lata 1943 1945 sp\u0119dza w Zawoi.<\/p>\n<p style=\"text-align: justify;\">W roku 1947 uzyskuje w Krakowie \u015bwiadectwo dojrza\u0142o\u015bci. Po maturze przenosi si\u0119 do Wroc\u0142awia. Podejmuje studia w Wy\u017cszej Szkole Ekonomicznej. Dyplom uzyskuje w 1951 r. Po \u201eodwil\u017cy\u201d 1956 roku kontynuuje nauk\u0119, uzyskuj\u0105c w roku 1961<\/p>\n<p style=\"text-align: justify;\">tytu\u0142 magistra ekonomii. Jeszcze w podczas studi\u00f3w, podj\u0105\u0142 prac\u0119 zawodow\u0105 w Fabryce Maszyn Elektrycznych \u201eDOLMEL\u201d. Firmie tej by\u0142 wierny przez ca\u0142e swoje zawodowe \u017cycie, pracuj\u0105c na r\u00f3\u017cnych stanowiskach i ciesz\u0105c si\u0119 uznaniem zwierzchnik\u00f3w i wsp\u00f3\u0142pracownik\u00f3w. W okresie prywatyzacji firmy zostaje pe\u0142nomocnikiem Ministra Przemys\u0142u i Handlu oraz prezesem sp\u00f3\u0142ki skarbu pa\u0144stwa \u201eDOLMEL\u201d.<\/p>\n<p style=\"text-align: justify;\">Przedsmak turystycznej przygody da\u0142o mu harcerstwo. Po uzyskaniu promocji do drugiej klasy gimnazjum im. Bergera w Poznaniu, uczestniczy w lipcu 1939 r. w obozie dru\u017cyn harcerskich Poznania, Warszawy i Lwowa w g\u00f3rach Rumunii. Lata okupacji sp\u0119dzone w Krakowie, pobyt w sanatorium w Rabce, zamieszkanie u st\u00f3p Babiej G\u00f3ry &#8211; to pocz\u0105tki zauroczenia g\u00f3rami. Wakacje roku 1947 i 1948 sp\u0119dza w Karkonoszach (Bierutowice &#8211; \u015anie\u017cka). Na pocz\u0105tku studi\u00f3w w kole\u017ce\u0144skim gronie w\u0119druje po Beskidzie Zachodnim. W \u017bywcu wst\u0119puje do Polskiego Towarzystwa Tatrza\u0144skiego (lipiec 1949), a od po\u0142\u0105czenia PTK i PTT jest cz\u0142onkiem PTTK. Praca i kontynuowanie nauki ograniczaj\u0105 mu wolny czas, jednak urlopy sp\u0119dza z regu\u0142y w g\u00f3rach, tak\u017ce poza granicami Polski. W swoim zak\u0142adzie pracy jest cz\u0142onkiem Ko\u0142a Zak\u0142adowego PTTK, a w latach 1965 &#8211; 1970 jego prezesem, umiej\u0119tnie wskazuj\u0105c pracownikom i kierownictwu zak\u0142adu atrakcyjne formy sp\u0119dzenia wolnego czasu z PTTK i pozyskuj\u0105c dla Ko\u0142a wielu nowych cz\u0142onk\u00f3w. Jako przedstawiciel Ko\u0142a Zak\u0142adowego PTTK nr 70 &#8211; DOLMEL, zrzeszonego pocz\u0105tkowo w Oddziale Wroc\u0142awskim PTTK. By\u0142 jednym z za\u0142o\u017cycieli powo\u0142anego w dniu 30 maja 1967 r., pierwszego Mi\u0119dzyzak\u0142adowego Oddzia\u0142u PTTK, kt\u00f3ry p\u00f3\u017aniej przyj\u0105\u0142 nazw\u0119 Oddzia\u0142u PTTK Wroc\u0142aw Fabryczna. Od pocz\u0105tku istnienia Oddzia\u0142u jest w sk\u0142adzie Zarz\u0105du Oddzia\u0142u, pe\u0142ni\u0105c funkcje prezesa (lata 1970 &#8211; 1972 i&nbsp; 1974 &#8211; 1981), wiceprezesa (lata 1967 &#8211; 1970 i w 1973 r.), skarbnika (rok 1972 i lata 1983 &#8211; 2009)&nbsp; oraz cz\u0142onka Prezydium (lata 1981 &#8211; 1983).&nbsp; Z powierzanych zada\u0144 wywi\u0105zuje si\u0119 zawsze wzorowo, stale szukaj\u0105c rozwi\u0105za\u0144 zmierzaj\u0105cych do propagowania i rozwoju Towarzystwa. Szczeg\u00f3lnie aktywne dzia\u0142ania podejmowa\u0142 na rzecz organizowania wypoczynku za\u0142\u00f3g zak\u0142ad\u00f3w pracy Dzielnicy Wroc\u0142aw Fabryczna. Mocno te\u017c anga\u017cowa\u0142 si\u0119 w uaktywnianie turystyczne dzieci i m\u0142odzie\u017cy oraz w pozyskiwanie nauczycieli &#8211; opiekun\u00f3w SKKT. Zawsze dba\u0142 o to, by historia PTTK, szczeg\u00f3lnie ta \u201ema\u0142a\u201d nie ulega\u0142a zapomnieniu. Jego dzie\u0142em jest opracowanie wydawnictwa \u201e25 lat Oddzia\u0142u PTTK Wroc\u0142aw Fabryczna\u201d. Ma sw\u00f3j udzia\u0142 w tworzeniu opracowania \u201ePi\u0119\u0107dziesi\u0119ciolecie PTTK na Dolnym \u015al\u0105sku 1951-2001\u201d. Przewodniczy\u0142 te\u017c zespo\u0142owi tworz\u0105cemu okoliczno\u015bciowe wydawnictwo \u201eA to by\u0142o tak\u2026 czyli 35 lat Oddzia\u0142u PTTK Wroc\u0142aw Fabryczna\u201d. Zawsze chcia\u0142 i umia\u0142 s\u0142u\u017cy\u0107 innym rad\u0105 i do\u015bwiadczeniem. Jednak szczeg\u00f3ln\u0105 jego domen\u0105 by\u0142y wszelkie dzia\u0142ania zmierzaj\u0105ce do pozyskiwania funduszy na dzia\u0142alno\u015b\u0107 programow\u0105 Oddzia\u0142u (dzia\u0142alno\u015b\u0107 BORT, Zak\u0142adu Us\u0142ug Wysoko\u015bciowych), ale tak\u017ce innych ogniw Towarzystwa. Warto doda\u0107, \u017ce w latach 1984 &#8211; 1988 przesz\u0142o 50% kwoty, kt\u00f3r\u0105 dysponowa\u0142 Zarz\u0105d Wojew\u00f3dzki PTTK we Wroc\u0142awiu na cele pomocy Oddzia\u0142om (40,1 mln z\u0142) pochodzi\u0142o ze \u015brodk\u00f3w wypracowanych przez Oddzia\u0142 PTTK Wroc\u0142aw Fabryczna.<\/p>\n<p style=\"text-align: justify;\">Dzia\u0142alno\u015b\u0107 W\u0142adys\u0142awa Mianowskiego dostrzegana by\u0142a przez przyjaci\u00f3\u0142 i przez aktyw Oddzia\u0142u, przynosz\u0105c mu uznanie i szacunek. Przyk\u0142adem uznania jakim si\u0119 cieszy\u0142, niech b\u0119dzie fragment piosenki napisanej na trzydziestolecie powstania Oddzia\u0142u: \u201e\u2026 przyk\u0142adem bez w\u0105tpienia sta\u0142ej o Oddzia\u0142 troski, jest nasz W\u0142adek Mianowski\u201d. O tym uznaniu i szacunku \u015bwiadczy te\u017c fakt, i\u017c by\u0142 delegatem Oddzia\u0142u na Zjazdy Wojew\u00f3dzkie PTTK (IX, X, XI i XII), wyboru do w\u0142adz wojew\u00f3dzkich: S\u0105du Kole\u017ce\u0144skiego (1985 &#8211; 1989) oraz Wojew\u00f3dzkiej Komisji Rewizyjnej (1989 &#8211; 1991). Uczestniczy\u0142 w Walnych Zjazdach PTTK (X, XII, XIII i XIV). W latach 1989 &#8211; 1997 oraz 2001 &#8211; 2009 by\u0142 cz\u0142onkiem G\u0142\u00f3wnej Komisji Rewizyjnej. Odznaczony Z\u0142otym Krzy\u017cem Zas\u0142ugi, Z\u0142ot\u0105 Honorow\u0105 Odznak\u0105 PTTK, Z\u0142ot\u0105 Odznak\u0105 \u201eZas\u0142u\u017cony dzia\u0142acz turystyki\u201d, Medalem 50-lecia PTTK, Z\u0142ot\u0105<\/p>\n<p style=\"text-align: justify;\">Odznak\u0105 \u201eZas\u0142u\u017cony dla Oddzia\u0142u PTTK Wroc\u0142aw Fabryczna, Odznak\u0105 \u201eZa zas\u0142ugi dla Turystyki\u201d, Medalem \u201eZa zas\u0142ugi dla obronno\u015bci kraju\u201d, Z\u0142ot\u0105 Odznak\u0105 \u201eZas\u0142u\u017cony dla wojew\u00f3dztwa wroc\u0142awskiego i miasta Wroc\u0142awia\u201d, Z\u0142ot\u0105 Odznak\u0105 \u201eZas\u0142u\u017cony dla energetyki\u201d, Z\u0142ot\u0105 Odznak\u0105 \u201eZa zas\u0142ugi dla rozwoju przemys\u0142u maszynowego\u201d.<\/p>\n<p style=\"text-align: justify;\">Wyrazem szczeg\u00f3lnego uznania by\u0142o nadanie W\u0142adys\u0142awowi Mianowskiemu przez XVII Nadzwyczajny Zjazd Oddzia\u0142u PTTK Wroc\u0142aw Fabryczna w dniu 27 lutego 1999 r. godno\u015bci \u201eHonorowy Cz\u0142onek Oddzia\u0142u PTTK Wroc\u0142aw Fabryczna\u201d wraz z Dyplomem nr 1 tej godno\u015bci oraz przez XV Walny Zjazd PTTK tytu\u0142u \u201eCz\u0142onek Honorowy PTTK\u201d.<\/p>\n<h3 style=\"text-align: justify;\">Walerian \u017bukowski<\/h3>\n<p style=\"text-align: justify;\"><img loading=\"lazy\" decoding=\"async\" class=\"alignleft wp-image-827 size-medium\" src=\"http:\/\/www.wroclawfabryczna.pttk.pl\/wordpress\/wp-content\/uploads\/2020\/10\/w.zukowski-219x300.jpg\" alt=\"\" width=\"219\" height=\"300\" srcset=\"https:\/\/wroclawfabryczna.pttk.pl\/wordpress\/wp-content\/uploads\/2020\/10\/w.zukowski-219x300.jpg 219w, https:\/\/wroclawfabryczna.pttk.pl\/wordpress\/wp-content\/uploads\/2020\/10\/w.zukowski.jpg 341w\" sizes=\"auto, (max-width: 219px) 100vw, 219px\" \/>Urodzi\u0142 25 stycznia 1924 r. si\u0119 w Kosowie Poleskim. Gimnazjum i Liceum Og\u00f3lnokszta\u0142c\u0105ce uko\u0144czy\u0142 w Warszawie.<\/p>\n<p style=\"text-align: justify;\">Do Wroc\u0142awia przyby\u0142 w 1947 r. z zamiarem kszta\u0142cenia si\u0119 w Wy\u017cszej Szkole Handlowej (obecnie Uniwersytet Ekonomiczny), kt\u00f3ra w tym okresie dopiero rozpoczyna\u0142a dzia\u0142alno\u015b\u0107. Ze wzgl\u0119du na sytuacj\u0119 materialn\u0105 po kilku semestrach, przerywa studia (1950) i rozpoczyna prac\u0119 w przedsi\u0119biorstwie dzia\u0142aj\u0105cym na odcinku zagospodarowania mienia, przekszta\u0142conym p\u00f3\u017aniej w organ Pa\u0144stwowej Komisji Planowania Gospodarczego we Wroc\u0142awiu. Prac\u0119 zawodow\u0105 \u0142\u0105czy z zaanga\u017cowaniem spo\u0142ecznym. Do PTTK wst\u0119puje w roku 1952. W Kole Terenowym Oddzia\u0142u Wroc\u0142awskiego prowadzi wycieczki g\u00f3rskie, piesze i narciarskie, w\u015br\u00f3d uczestnik\u00f3w imprez ciesz\u0105c si\u0119 popularno\u015bci\u0105 (powszechnie znany by\u0142 jako Waldek). W tym czasie uzyskuje szereg uprawnie\u0144 przodownickich PTTK i przewodnickich. W 1956 r. podejmuje prac\u0119 w Oddziale Wroc\u0142awskim PTTK jako instruktor organizacyjny. Pracuje tam na r\u00f3\u017cnych stanowiskach do 1961 r. Zostaje cz\u0142onkiem, a nast\u0119pnie sekretarzem (1957) Zarz\u0105du Oddzia\u0142u. W strukturach Oddzia\u0142u Wroc\u0142awskiego PTTK pe\u0142ni funkcje przewodnicz\u0105cego Sekcji G\u00f3rskiej i sekretarza Ko\u0142a Terenowego. Nabyte umiej\u0119tno\u015bci wykorzystuje przy organizacji pierwszych rajd\u00f3w w Sudetach (znakowanie trasy p\u00f3\u017aniejszego Rajdu \u201eSzlakiem skalnych grzyb\u00f3w\u201d) czy w\u0119dr\u00f3wek \u201eSzlakiem Zamk\u00f3w Piastowskich\u201d (pierwszy opis i informacja krajoznawcza &#8211; rok 1958). W latach 1959 &#8211; 1960 jest cz\u0142onkiem Kolegium Redakcyjnego czasopisma \u201eTurysta Dolno\u015bl\u0105ski\u201d.Kolejny okres jego \u017cycia obejmuje lata 1961 &#8211; 1967. Pe\u0142ni w\u00f3wczas funkcj\u0119 kierownika Domu Kultury Zwi\u0105zku Zawodowego Poligraf\u00f3w \u201ePoligraf\u201d, jest instruktorem w Domu Kultury \u201eElwro\u201d, kieruje te\u017c Biurem Oddzia\u0142u Wroc\u0142awskiego Polskiego Towarzystwa Schronisk M\u0142odzie\u017cowych, gdzie w okresie wakacyjnym w latach 1966 &#8211; 1967 organizuje szereg oboz\u00f3w turystycznych dla m\u0142odzie\u017cy szkolnej.<\/p>\n<p style=\"text-align: justify;\">W roku 1967 powraca do pracy w PTTK. Zostaje pierwszym kierownikiem Biura, pierwszego Mi\u0119dzyzak\u0142adowego Oddzia\u0142u PTTK (obecnie Oddzia\u0142 PTTK Wroc\u0142aw Fabryczna). Pracuj\u0105c tam do 30 kwietnia 1973 r. jest tak\u017ce instruktorem i wsp\u00f3\u0142uczestniczy w organizacji wielu imprez zak\u0142adowych i mi\u0119dzyzak\u0142adowych. Skutecznie zach\u0119ca uczestnik\u00f3w imprez oddzia\u0142owych (szczeg\u00f3lnie m\u0142odych) do cz\u0142onkostwa w PTTK. Anga\u017cuje si\u0119 w tworzenie nowych ogniw Oddzia\u0142u, staj\u0105c si\u0119 animatorem ich dzia\u0142alno\u015bci, jak r\u00f3wnie\u017c dzia\u0142a\u0144 ca\u0142ego Oddzia\u0142u. Prowadzi szkolenia w zakresie organizacji imprez masowych, w\u00f3wczas szczodrze dofinansowywanych przez zwi\u0105zki zawodowe i w\u0142adze terenowe. Patrz\u0105c z perspektywy czasu, nie spos\u00f3b pomin\u0105\u0107 wp\u0142ywu jaki swoj\u0105 prac\u0105 i zaanga\u017cowaniem&nbsp; wywar\u0142 na dzia\u0142alno\u015b\u0107 Oddzia\u0142u jako ca\u0142o\u015bci i poszczeg\u00f3lnych jego ogniw, jak r\u00f3wnie\u017c na kszta\u0142towanie postaw przysz\u0142ych dzia\u0142aczy Oddzia\u0142u PTTK Wroc\u0142aw Fabryczna. Tak\u017ce sam zdobywa kolejne uprawnienia kadry spo\u0142ecznej PTTK: Przodownika KOT, Organizatora Turystyki, pilota wycieczek i wyk\u0142adowcy PTTK.<\/p>\n<p style=\"text-align: justify;\">Od roku 1973 do czasu przej\u015bcia na emerytur\u0119 (1989) pracuje w Instytucie Automatyki System\u00f3w Energetycznych. Potem jeszcze (jako emeryt na cz\u0119\u015b\u0107 etatu) jest kierownikiem Biura Oddzia\u0142u PTTK Sp\u00f3\u0142dzielczo\u015bci Mieszkaniowej Wroc\u0142awia, a po jego upadku pracuje jako instruktor spo\u0142eczno wychowawczy w Sp\u00f3\u0142dzielni Mieszkaniowej \u201ePolanka\u201d (do 1995 r.).<\/p>\n<p style=\"text-align: justify;\">Kolejnym etapem nasilenia dzia\u0142alno\u015bci spo\u0142ecznej Waleriana \u017bukowskiego dla Towarzystwa jest nie\u0142atwy czas zmian w samej organizacji PTTK. Po upadku Oddzia\u0142u PTTK Sp\u00f3\u0142dzielczo\u015bci Mieszkaniowej Wroc\u0142awia, w ramach Oddzia\u0142u PTTK Wroc\u0142aw Fabryczna tworzy si\u0119 Ko\u0142o Nr 6 przy Sp\u00f3\u0142dzielni Mieszkaniowej i Osiedlu \u201ePolanka\u201d. B\u0119d\u0105c \u201ezagorza\u0142ym dzia\u0142aczem Towarzystwa\u201d (okre\u015blenie u\u017cyte w wydawnictwie \u201eOddzia\u0142 Wroc\u0142awski 1952 &#8211; 1977\u201d str. 113) r\u00f3wnie\u017c w tym Kole dzia\u0142a jako przewodnik i inicjator imprez turystycznych. W ci\u0105gu roku organizowanych by\u0142o oko\u0142o 50 \u201eSpacer\u00f3w z Polank\u0105\u201d. Og\u0142aszane w prasie i telewizji lokalnej cotygodniowe wycieczki w okolice Wroc\u0142awia, cieszy\u0142y si\u0119 niezwyk\u0142\u0105 popularno\u015bci\u0105 w \u015brodowisku wroc\u0142awskich senior\u00f3w. Liczy\u0142y zwykle kilkudziesi\u0119ciu uczestnik\u00f3w (prze\u017cywaj\u0105cych swoj\u0105 trzeci\u0105 m\u0142odo\u015b\u0107).<\/p>\n<p style=\"text-align: justify;\">Walerian \u017bukowski wyr\u00f3\u017cniony zosta\u0142 Odznak\u0105 Honorow\u0105 \u201eZa Zas\u0142ugi dla Turystyki\u201d, Odznak\u0105 \u201eZas\u0142u\u017cony Dzia\u0142acz Turystyki\u201d, Z\u0142ot\u0105 Honorow\u0105 Odznak\u0105 PTTK, Z\u0142ot\u0105 Honorow\u0105 Odznak\u0119 Oddzia\u0142u Wroc\u0142awskiego PTTK, Z\u0142ot\u0105 Odznak\u0105 \u201eZas\u0142u\u017cony dla Oddzia\u0142u Wroc\u0142aw Fabryczna\u201d, Odznak\u0105 \u201e Za zas\u0142ugi dla Kultury Fizycznej i Turystyki Dolnego \u015al\u0105ska\u201d, Odznak\u0105 \u201eBudowniczy Wroc\u0142awia\u201d.<\/p>\n<p style=\"text-align: justify;\">Wyrazem szczeg\u00f3lnego uznania by\u0142o nadanie mu w dniu 27 lutego 1999 r. przez XVII Nadzwyczajny Zjazd Oddzia\u0142u godno\u015bci \u201eHonorowy Cz\u0142onek Oddzia\u0142u PTTK Wroc\u0142aw Fabryczna\u201d.<\/p>\n<p style=\"text-align: justify;\">Zmar\u0142 24 marca 2008 roku.<\/p>\n<h3 style=\"text-align: justify;\">Karol Dykiert<\/h3>\n<p style=\"text-align: justify;\"><img loading=\"lazy\" decoding=\"async\" class=\"alignleft wp-image-828 size-medium\" src=\"http:\/\/www.wroclawfabryczna.pttk.pl\/wordpress\/wp-content\/uploads\/2020\/10\/k.dykiert-200x300.jpg\" alt=\"\" width=\"200\" height=\"300\" srcset=\"https:\/\/wroclawfabryczna.pttk.pl\/wordpress\/wp-content\/uploads\/2020\/10\/k.dykiert-200x300.jpg 200w, https:\/\/wroclawfabryczna.pttk.pl\/wordpress\/wp-content\/uploads\/2020\/10\/k.dykiert.jpg 209w\" sizes=\"auto, (max-width: 200px) 100vw, 200px\" \/>Urodzi\u0142 si\u0119 16 czerwca 1934 r. w Niszewicach ko\u0142o Inowroc\u0142awia.<\/p>\n<p style=\"text-align: justify;\">Z zawodu nauczyciel. Od 1962 r. uczy matematyki oraz jest opiekunem i wychowawc\u0105 m\u0142odzie\u017cy ucz\u0105cej si\u0119 w Zak\u0142adzie Rehabilitacji Zawodowej Inwalid\u00f3w (od roku 1999 &#8211; Centrum Kszta\u0142cenia i Rehabilitacji Os\u00f3b Niepe\u0142nosprawnych) we Wroc\u0142awiu.<\/p>\n<p style=\"text-align: justify;\">Turysta z zami\u0142owania. W PTTK od 1 lipca 1960 r. &#8211; przodownik turystyki kajakowej II stopnia. Pracuj\u0105c w Zak\u0142adzie Rehabilitacji Zawodowej Inwalid\u00f3w jesieni\u0105 1983 r. zak\u0142ada Ko\u0142o SKKT &#8211; PTTK (Nr 37) i zostaje jego opiekunem. Organizuje wycieczki dla ucz\u0105cej si\u0119 tam m\u0142odzie\u017cy niepe\u0142nosprawnej (z dysfunkcj\u0105 narz\u0105du ruchu, a tak\u017ce powa\u017cnymi chorobami neurologicznymi i internistycznymi) w r\u00f3\u017cne atrakcyjne miejsca w Sudetach.<\/p>\n<p style=\"text-align: justify;\">Dzia\u0142alno\u015b\u0107 Ko\u0142a i jego opiekuna szybko zyskuje akceptacj\u0119 Dyrekcji i grona pedagogicznego Zak\u0142adu. Zyskuje ono zwolennik\u00f3w i cz\u0142onk\u00f3w w\u015br\u00f3d m\u0142odzie\u017cy. Kontakt i \u0142\u0105czno\u015b\u0107 z opiekunem utrzymywana jest przez specjalnych \u0142\u0105cznik\u00f3w klasowych. Wkr\u00f3tce Ko\u0142o, a szczeg\u00f3lnie jego opiekun, przejmuje ca\u0142o\u015b\u0107 organizacji imprez turystyczno &#8211; krajoznawczych w okresach wakacyjnych, wykorzystuj\u0105c na ten cel \u015brodki finansowe z bud\u017cetu Zak\u0142adu. Dzi\u0119ki kontaktom osobistym opiekuna \u015brodki finansowe na dzia\u0142alno\u015b\u0107 turystyczno &#8211; krajoznawcz\u0105 pozyskiwane s\u0105 tak\u017ce od sponsor\u00f3w i z Oddzia\u0142u Wroc\u0142aw Fabryczna. Kontakty te pozwalaj\u0105 te\u017c na korzystanie z Oddzia\u0142owej wypo\u017cyczalni sprz\u0119tu na imprezy wodniackie; p\u00f3\u017aniej tak\u017ce pozyskiwanie sprz\u0119tu od zaprzyja\u017anionych instytucji (pod warunkiem dokonania napraw i remontu). Corocznie w okresie wakacyjnym Karol Dykiert organizuje czterodniowe wycieczki autokarowe dla uczni\u00f3w ci\u0119\u017cko poszkodowanych, r\u00f3wnie\u017c na w\u00f3zkach inwalidzkich. Program takich wycieczek obejmuj\u0105 r\u00f3\u017cne regiony Polski &#8211; Tatry, Pieniny, Beskid \u015al\u0105ski, Sudety, Dolny \u015al\u0105sk i Opolskie, a tak\u017ce miasta i ich okolice (Krak\u00f3w, Pozna\u0144, Gniezno, Warszawa). Prowadzona jest wymiana grup uczestnik\u00f3w z podobnymi Zak\u0142adami w Poznaniu,<\/p>\n<p style=\"text-align: justify;\">Krakowie, Warszawie. Daje to okazj\u0119 wzajemnego poznawania si\u0119, pokazania Wroc\u0142awia i Dolnego \u015al\u0105ska. Na szczeg\u00f3lne uznanie zas\u0142uguj\u0105 od lat prowadzone czternastodniowe wakacyjne sp\u0142ywy kajakowe na akwenach ca\u0142ej Polski. Uczestnicz\u0105 w nich grupy oko\u0142o 20 os\u00f3b pod opiek\u0105 do\u015bwiadczonych opiekun\u00f3w. Sp\u0142ywy \u0142\u0105czone s\u0105 z odpowiednim przygotowaniem uczestnik\u00f3w, szkoleniami, biwakiem na ca\u0142ej trasie a tak\u017ce atrakcyjnymi wycieczkami krajoznawczymi do poszczeg\u00f3lnych miejsc podczas postoj\u00f3w i przerw.<\/p>\n<p style=\"text-align: justify;\">Na przestrzeni kilkunastu lat dzia\u0142alno\u015bci zorganizowa\u0142 wypoczynek wakacyjny dla blisko 6000 niepe\u0142nosprawnych uczni\u00f3w. Swej dzia\u0142alno\u015bci nie przerwa\u0142 te\u017c po przej\u015bciu na emerytur\u0119. Prowadzi\u0142 j\u0105 (pracuj\u0105c na cz\u0119\u015b\u0107 etatu) w Centrum Kszta\u0142cenia i Rehabilitacji Os\u00f3b Niepe\u0142nosprawnych.<\/p>\n<p style=\"text-align: justify;\">W latach 1997 &#8211; 2003 by\u0142 cz\u0142onkiem Zarz\u0105du Oddzia\u0142u PTTK Wroc\u0142aw Fabryczna.<\/p>\n<p style=\"text-align: justify;\">Za swoj\u0105 prac\u0119 zawodow\u0105 i spo\u0142eczn\u0105 zosta\u0142 uhonorowany: Z\u0142otym Krzy\u017cem Zas\u0142ugi, Medalem Komisji Edukacji Narodowej,&nbsp; Z\u0142ot\u0105 Odznak\u0105 Towarzystwa Walki z Kalectwem, Z\u0142ot\u0105 Odznak\u0105 \u201eZas\u0142u\u017cony dla wojew\u00f3dztwa wroc\u0142awskiego i miasta Wroc\u0142awia\u201d, Medalem Zespo\u0142u Szk\u00f3\u0142 Zawodowych Nr 2 we Wroc\u0142awiu, Z\u0142ot\u0105 Honorow\u0105 Odznak\u0105 PTTK, Z\u0142ot\u0105 Odznak\u0105 \u201eZas\u0142u\u017cony w pracy PTTK w\u015br\u00f3d m\u0142odzie\u017cy\u201d, Z\u0142ot\u0105 Odznak\u0105 \u201eZas\u0142u\u017cony dla Oddzia\u0142u PTTK Wroc\u0142aw Fabryczna\u201d.<\/p>\n<p style=\"text-align: justify;\">XVIII Zjazd Oddzia\u0142u PTTK Wroc\u0142aw Fabryczna w dniu 31 marca 2001 r. nada\u0142 mu godno\u015b\u0107 \u201eHonorowy Cz\u0142onek Oddzia\u0142u PTTK Wroc\u0142aw Fabryczna\u201d. Zmar\u0142 16 sierpnia 2003 roku.<\/p>\n<h3 style=\"text-align: justify;\">Urszula Kawi\u0144ska<\/h3>\n<p style=\"text-align: justify;\"><img loading=\"lazy\" decoding=\"async\" class=\"alignleft size-full wp-image-829\" src=\"http:\/\/www.wroclawfabryczna.pttk.pl\/wordpress\/wp-content\/uploads\/2020\/10\/u.kawinska.jpg\" alt=\"\" width=\"170\" height=\"192\">Urodzi\u0142a si\u0119 22 lipca 1923 r. w Dynowie. Dzieci\u0144stwo sp\u0119dzi\u0142a w Drohobyczu, p\u00f3\u017aniej w Ja\u015ble. Tam uko\u0144czy\u0142a szko\u0142\u0119 powszechn\u0105 i trzy klasy gimnazjum kupieckiego. W latach okupacji pracowa\u0142a w Podkarpackim Towarzystwie Naftowym. W 1945 r. opuszcza Jas\u0142o (dom rodzinny zosta\u0142 zniszczony) i przenosi si\u0119 na Ziemie Zachodnie.<\/p>\n<p style=\"text-align: justify;\">Do Wroc\u0142awia przyjecha\u0142a w pa\u017adzierniku 1945 r. Pierwsz\u0105 prac\u0119 podejmuje w O\u015brodku Przemys\u0142u Odzie\u017cowego (Intermoda). P\u00f3\u017aniej ma\u0142\u017ce\u0144stwo z oficerem Wojska Polskiego &#8211; Szcz\u0119snym Kawi\u0144skim i okres troski o rodzin\u0119 &#8211; m\u0119\u017ca, syna i c\u00f3rki. Po kilku latach &#8211; nowe miejsce pracy we Wroc\u0142awskich Zak\u0142adach<\/p>\n<p style=\"text-align: justify;\">Materia\u0142\u00f3w Ogniotrwa\u0142ych w Le\u015bnicy (1953). Pocz\u0105tkowo na stanowisku kierownika planowania, p\u00f3\u017aniej praca w dziale produkcji. We wrze\u015bniu 1980 r. przechodzi na emerytur\u0119.<\/p>\n<p style=\"text-align: justify;\">Ju\u017c w drugim roku pobytu we Wroc\u0142awiu mo\u017cliwo\u015b\u0107 \u201ewy\u017cycia si\u0119\u201d w pracy spo\u0142ecznej daje jej harcerstwo. Pe\u0142ni funkcj\u0119 dru\u017cynowej w XII G\u00f3rskiej Dru\u017cynie Harcerek w szkole przy ul. Kleczkowskiej. Jest te\u017c uczestnikiem Centralnej Akcji Szkolenia ZHP (1946). Prowadzi obozy Hufca ZHP Wroc\u0142aw (D\u0142ugopole, Rusz\u00f3w, Mi\u0119dzyg\u00f3rze). Przechodzi kolejne szkolenia instruktorskie ZHP i uzyskuje stopnie podharcmistrza i harcmistrza.<\/p>\n<p style=\"text-align: justify;\">Do PTTK wst\u0119puje 1 stycznia 1956 r. W macierzystym zak\u0142adzie pracy (WZMO w Le\u015bnicy) zak\u0142ada Ko\u0142o PTTK nr 195 Oddzia\u0142u Wroc\u0142awskiego (1964). W pierwszych latach jest prezesem Ko\u0142a p\u00f3\u017aniej przez wiele lat faktycznie sekretarzem i skarbnikiem. Po utworzeniu Oddzia\u0142u Mi\u0119dzyzak\u0142adowego PTTK, Ko\u0142o dzia\u0142aj\u0105ce w zak\u0142adzie przynale\u017cnym terytorialnie do dzielnicy Fabryczna, zmienia swoj\u0105 przynale\u017cno\u015b\u0107 i otrzymuje w nowym Oddziale kolejny nr 16. Przez lata pracy w zak\u0142adzie jest inspiratorem i organizatorem wycieczek pracowniczych i krajoznawczych \u201ew Polsk\u0119\u201d. Dzia\u0142alno\u015b\u0107 ta wspierana jest przez Rad\u0119 Zak\u0142adow\u0105 i dyrekcj\u0119 (autokary, dofinansowania).<\/p>\n<p style=\"text-align: justify;\">Mimo zmiany warunk\u00f3w nie zrywa kontakt\u00f3w z ZHP. Prowadz\u0105c w sierpniu 1966 r. ob\u00f3z w\u0119drowny instruktor\u00f3w ZHP w Tatrach i Pieninach, popularyzuje odznak\u0119 GOT PTTK (26 os\u00f3b w ci\u0105gu 10 dni trwania obozu zdobywa najni\u017cszy stopie\u0144 tej odznaki). W roku 1969 jest uczestnikiem obozu w\u0119drownego kandydat\u00f3w na przodownika turystyki g\u00f3rskiej i otrzymuje uprawnienia przodownika GOT na Sudety. W latach 1985 &#8211; 1989 dzia\u0142a w Komisji Turystyki G\u00f3rskiej Oddzia\u0142u.<\/p>\n<p style=\"text-align: justify;\">Jest cz\u0142onkiem w\u0142adz Oddzia\u0142u PTTK Wroc\u0142aw Fabryczna: w latach 1974 &#8211; 1981 jest w Prezydium Zarz\u0105du Oddzia\u0142u, w latach 1981 &#8211; 1985&nbsp; &#8211; w Oddzia\u0142owej Komisji Rewizyjnej, natomiast w latach 1991 &#8211; 1992 przewodniczy Oddzia\u0142owemu S\u0105dowi Kole\u017ce\u0144skiemu.<\/p>\n<p style=\"text-align: justify;\">Za dzia\u0142alno\u015b\u0107 na rzecz turystyki i krajoznawstwa w PTTK otrzymuje wyr\u00f3\u017cnienia: Z\u0142ot\u0105 Honorow\u0105 Odznak\u0119 PTTK, Z\u0142ot\u0105 Odznak\u0119 \u201eZas\u0142u\u017cony dla rozwoju Kultury Fizycznej i Turystyki\u201d, Honorow\u0105 Odznak\u0119 \u201eTurysta Dolnego \u015al\u0105ska\u201d, Z\u0142ot\u0105 Odznak\u0119 Towarzystwa Mi\u0142o\u015bnik\u00f3w Wroc\u0142awia, Z\u0142ot\u0105 Odznak\u0119 \u201eZas\u0142u\u017cony dla Oddzia\u0142u PTTK Wroc\u0142aw Fabryczna\u201d.<\/p>\n<p style=\"text-align: justify;\">XVIII Zjazd Oddzia\u0142u PTTK Wroc\u0142aw Fabryczna w dniu 31 marca 2001 r. nada\u0142 jej godno\u015b\u0107 \u201eHonorowy Cz\u0142onek Oddzia\u0142u PTTK Wroc\u0142aw Fabryczna\u201d.<\/p>\n<h4 style=\"text-align: justify;\"><u>Jerzy B\u0142aszczyk<\/u><\/h4>\n<p style=\"text-align: justify;\"><img loading=\"lazy\" decoding=\"async\" class=\"alignleft wp-image-830 size-medium\" src=\"http:\/\/www.wroclawfabryczna.pttk.pl\/wordpress\/wp-content\/uploads\/2020\/10\/j.blaszczyk-240x300.jpg\" alt=\"\" width=\"240\" height=\"300\" srcset=\"https:\/\/wroclawfabryczna.pttk.pl\/wordpress\/wp-content\/uploads\/2020\/10\/j.blaszczyk-240x300.jpg 240w, https:\/\/wroclawfabryczna.pttk.pl\/wordpress\/wp-content\/uploads\/2020\/10\/j.blaszczyk.jpg 378w\" sizes=\"auto, (max-width: 240px) 100vw, 240px\" \/>Urodzi\u0142 si\u0119 w 27 listopada 1935 r. w Zawierciu. Dzieci\u0144stwo, kt\u00f3re przypad\u0142o na lata II Wojny \u015awiatowej (wraz z pozosta\u0142ym rodze\u0144stwem) sp\u0119dzi\u0142 u boku rodzic\u00f3w. Po uko\u0144czeniu szko\u0142y podstawowej i gimnazjum kontynuowa\u0142 nauk\u0119 w Technikum Mechanicznym w Zabrzu.<\/p>\n<p style=\"text-align: justify;\">Z nakazu pracy 1 sierpnia 1953 r. rozpoczyna sta\u017c na kolei &#8211; w Lokomotywowni Wroc\u0142aw Broch\u00f3w. W kolejnych latach pracuje w S\u0142u\u017cbie Drogowej PKP &#8211; w Oddzia\u0142ach Drogowych we Wroc\u0142awiu i w Brochowie. W mi\u0119dzyczasie ko\u0144czy Politechnik\u0119 Wroc\u0142awska uzyskuj\u0105c tytu\u0142 in\u017cyniera mechanika. Pracuj\u0105c w Oddziale Zmechanizowanych Rob\u00f3t Drogowych we<\/p>\n<p style=\"text-align: justify;\">Wroc\u0142awiu jest kontrolerem rob\u00f3t torowych, Zast\u0119pc\u0105 Naczelnika, a w latach 1970 &#8211; 1985 Naczelnikiem tego Oddzia\u0142u. Nast\u0119pnie przechodzi do pracy w Dolno\u015bl\u0105skiej DOKP,&nbsp; gdzie w latach 1985 &#8211; 1992 jest Naczelnikiem S\u0142u\u017cby Zaopatrzenia. Przez ca\u0142y okres pracy zawodowej cieszy si\u0119 uznaniem zwierzchnik\u00f3w i podw\u0142adnych.<\/p>\n<p style=\"text-align: justify;\">Od najm\u0142odszych lat przejawia\u0142 powo\u0142anie do pracy spo\u0142ecznej. Zuch, harcerz, cz\u0142onek organizacji m\u0142odzie\u017cowych i stowarzysze\u0144 (np. Stowarzyszenie In\u017cynier\u00f3w i Technik\u00f3w Komunikacji). Szczeg\u00f3lnie aktywnie anga\u017cowa\u0142 si\u0119 w dzia\u0142alno\u015b\u0107 Towarzystwa Mi\u0142o\u015bnik\u00f3w Wroc\u0142awia.<\/p>\n<p style=\"text-align: justify;\">Pierwszy jego kontakt z PTTK to lata 1963 &#8211; 1968, kiedy to w trakcie pracy zawodowej organizowa\u0142 wiele wycieczek turystyczno &#8211; krajoznawczych w swoim \u015brodowisku. B\u0119d\u0105c zawodowo zwi\u0105zanym z PKP, dzia\u0142alno\u015b\u0107 turystyczn\u0105 kierowa\u0142 g\u0142\u00f3wnie na \u015brodowisko kolejarskie, nie zapominaj\u0105c jednak o szerokiej rzeszy turyst\u00f3w niekolejarzy.<\/p>\n<p style=\"text-align: justify;\">Do aktywno\u015bci na niwie turystyki wr\u00f3ci\u0142 po okresie wzmo\u017conej pracy zawodowej. Dzia\u0142a\u0142 w macierzystym Kole PTTK Nr 11 \u201e\u015al\u0119\u017canie\u201d, gdzie by\u0142 wsp\u00f3\u0142organizatorem wielu rajd\u00f3w i wycieczek, a w latach 1992 &#8211; 1998 pe\u0142ni\u0142 funkcj\u0119 skarbnika. Ch\u0119tnie s\u0142u\u017cy\u0142 innym rad\u0105 i turystycznym do\u015bwiadczeniem zar\u00f3wno w kontaktach bezpo\u015brednich, jak i na \u0142amach \u201eG\u0142osu \u015al\u0119\u017can\u201d &#8211; gazetki Ko\u0142a.<\/p>\n<p style=\"text-align: justify;\">W 1995 r. wszed\u0142 w sk\u0142ad Zarz\u0105du Oddzia\u0142u PTTK Wroc\u0142aw Fabryczna, dwukrotnie staj\u0105c na jego czele (lata 1997 &#8211; 2001 i 2005 -2009). Dzia\u0142ania swe skupia\u0142 przede wszystkim na o\u017cywieniu dzia\u0142alno\u015bci k\u00f3\u0142 i klub\u00f3w zak\u0142adowych, szkolnych i \u015brodowiskowych wchodz\u0105cych w sk\u0142ad Oddzia\u0142u.<\/p>\n<p style=\"text-align: justify;\">By\u0142 jednym z inicjator\u00f3w powo\u0142ania Porozumienia Oddzia\u0142\u00f3w PTTK Wojew\u00f3dztwa<\/p>\n<p style=\"text-align: justify;\">Dolno\u015bl\u0105skiego, w kt\u00f3rym pracowa\u0142 na rzecz konsolidacji dolno\u015bl\u0105skich \u015brodowisk turystycznych. By\u0142 te\u017c cz\u0142onkiem Zespo\u0142u Turystyki Pieszej i Rady Programowej Porozumienia. Propagowa\u0142 zdobywanie odznak turystyki kwalifikowanej oraz uprawnie\u0144 kadry spo\u0142ecznej PTTK, anga\u017cowa\u0142 si\u0119 w organizacj\u0119 imprez szkoleniowych oraz imprez turystyczno &#8211; rekreacyjnych. Sam posiada\u0142 uprawnienia \u201eOrganizatora Turystyki\u201d, a nast\u0119pnie \u201ePrzodownika Turystyki Pieszej\u201d.<\/p>\n<p style=\"text-align: justify;\">Jego zaanga\u017cowanie dla PTTK znane by\u0142o w \u015brodowiskach turystycznych ca\u0142ej Polski.<\/p>\n<p style=\"text-align: justify;\">Za prac\u0119 zawodow\u0105 oraz aktywno\u015b\u0107 spo\u0142eczn\u0105 by\u0142 odznaczony Krzy\u017cem Kawalerskim Orderu Odrodzenia Polski, Br\u0105zowym, Srebrnym i Z\u0142otym Krzy\u017cem Zas\u0142ugi, Medalem \u201eZa Zas\u0142ugi dla Transportu\u201d, Odznak\u0105 Honorow\u0105 \u201eZa Zas\u0142ugi dla Turystyki\u201d, Z\u0142ot\u0105 Odznak\u0105 \u201eZas\u0142u\u017cony dla wojew\u00f3dztwa wroc\u0142awskiego i miasta Wroc\u0142awia\u201d, Z\u0142ot\u0105 Honorow\u0105 Odznak\u0105 PTTK, Medalem \u201eZa Zas\u0142ugi dla Turystyki Zak\u0142adowej i Osiedlowej\u201d, Honorow\u0105 Odznak\u0119 Oddzia\u0142u PTTK Wroc\u0142aw Krzyki, Z\u0142ot\u0105 Odznak\u0119 \u201eZas\u0142u\u017cony dla Oddzia\u0142u PTTK Wroc\u0142aw Fabryczna\u201d.<\/p>\n<p style=\"text-align: justify;\">Na XX Zje\u017adzie Oddzia\u0142u PTTK Wroc\u0142aw Fabryczna w dniu 14 marca 2009 r. otrzyma\u0142 godno\u015b\u0107 \u201eHonorowy Cz\u0142onek Oddzia\u0142u PTTK Wroc\u0142aw Fabryczna\u201d.<\/p>\n<p style=\"text-align: justify;\">Zmar\u0142 10 maja 2011 roku.<\/p>\n<h4 style=\"text-align: justify;\"><u>Janina Zaj\u0105c-Kli\u0144ska<\/u><\/h4>\n<p style=\"text-align: justify;\"><img loading=\"lazy\" decoding=\"async\" class=\"alignleft wp-image-831 size-medium\" src=\"http:\/\/www.wroclawfabryczna.pttk.pl\/wordpress\/wp-content\/uploads\/2020\/10\/j.zajac_-240x300.jpg\" alt=\"\" width=\"240\" height=\"300\" srcset=\"https:\/\/wroclawfabryczna.pttk.pl\/wordpress\/wp-content\/uploads\/2020\/10\/j.zajac_-240x300.jpg 240w, https:\/\/wroclawfabryczna.pttk.pl\/wordpress\/wp-content\/uploads\/2020\/10\/j.zajac_.jpg 377w\" sizes=\"auto, (max-width: 240px) 100vw, 240px\" \/>Urodzi\u0142a si\u0119 w Nysie w roku 1948. Tam te\u017c w 1965 r. ko\u0144czy Liceum Og\u00f3lnokszta\u0142c\u0105ce \u201eCarolinum\u201d. Studia podejmuje na Akademii Wychowania Fizycznego w Warszawie, gdzie w 1969 r. uzyskuje tytu\u0142 magistra o specjalno\u015bci &#8211; turystyka.<\/p>\n<p style=\"text-align: justify;\">Prac\u0119 na etacie w PTTK rozpocz\u0119\u0142a 1 lipca 1969 r., jako specjalista do spraw turystyki krajowej Oddzia\u0142u PTTK Wroc\u0142aw Fabryczna. W\u00f3wczas podj\u0119\u0142a dzia\u0142alno\u015b\u0107 spo\u0142eczn\u0105 w Klubie Turystyki Kajakowej \u201eWiadrus\u201d, staj\u0105c si\u0119 aktywnym organizatorem turystyki kajakowej.<\/p>\n<p style=\"text-align: justify;\">W mi\u0119dzyczasie poszerza swoj\u0105 wiedz\u0119 podejmuj\u0105c studia podyplomowe na Akademii Ekonomicznej w Krakowie w dziedzinie Ekonomika i Organizacja Turystyki i na Akademii Ekonomicznej we Wroc\u0142awiu w zakresie rachunkowo\u015bci.<\/p>\n<p style=\"text-align: justify;\">Od kwietnia 1974 r. kolejne osiem lat pracuje w Oddziale Obs\u0142ugi Turystycznej Polskiego Biura Podr\u00f3\u017cy \u201eOrbis\u201d we Wroc\u0142awiu na stanowiskach: kierownik sekcji turystyki krajowej, kierownik sekcji wizowej, kierownik sekcji turystyki zagranicznej &#8211; wyjazdowej, a w ko\u0144cowym okresie &#8211; specjalisty do spraw transportu.<\/p>\n<p style=\"text-align: justify;\">Od kwietnia 1982 r. do czasu przej\u015bcia na emerytur\u0119 w roku 2004 kieruje Biurem<\/p>\n<p style=\"text-align: justify;\">Oddzia\u0142u PTTK Wroc\u0142aw Fabryczna, maj\u0105c te\u017c w obowi\u0105zkach&nbsp; piecz\u0119 nad Biurem Obs\u0142ugi Ruchu Turystycznego. A BORT w tym czasie przynosi\u0142o dochody pozwalaj\u0105ce na bardzo aktywn\u0105 dzia\u0142alno\u015b\u0107 statutow\u0105 Oddzia\u0142u.<\/p>\n<p style=\"text-align: justify;\">Jednocze\u015bnie pe\u0142ni odpowiedzialne funkcje z wyboru: w sekretarza Zarz\u0105du Oddzia\u0142u (1985-1992), wiceprezesa do spraw ekonomiczno &#8211; finansowych (1992-2005). Od roku 2005 ponownie jest sekretarzem Zarz\u0105du Oddzia\u0142u Wroc\u0142aw Fabryczna.<\/p>\n<p style=\"text-align: justify;\">Aktywnie uczestniczy w organizacji imprez, zlot\u00f3w, spotka\u0144 i konferencji. Ma ogromne zas\u0142ugi w prowadzeniu biura oddzia\u0142u. Swoim zaanga\u017cowaniem przyczynia si\u0119 do zapewnienia p\u0142ynno\u015bci finansowej w Oddziale, tworz\u0105c tym samym warunki do dzia\u0142alno\u015bci statutowej k\u00f3\u0142 i klub\u00f3w Oddzia\u0142u PTTK Wroc\u0142aw Fabryczna.<\/p>\n<p style=\"text-align: justify;\">Posiada umiej\u0119tno\u015b\u0107 skupiania wok\u00f3\u0142 siebie ludzi aktywnych, ciesz\u0105c si\u0119 powszechnym uznaniem oraz szacunkiem cz\u0142onk\u00f3w i sympatyk\u00f3w PTTK.<\/p>\n<p style=\"text-align: justify;\">Za swoj\u0105 prac\u0119 i dzia\u0142ania spo\u0142eczne otrzyma\u0142a: Srebrny Krzy\u017c Zas\u0142ugi, Z\u0142ot\u0105 Odznak\u0119 \u201eZas\u0142u\u017cony dla wojew\u00f3dztwa wroc\u0142awskiego i miasta Wroc\u0142awia\u201d, Odznak\u0105 Honorow\u0105 \u201eZa zas\u0142ugi dla turystyki\u201d, Br\u0105zow\u0105 Odznak\u0105 \u201eZas\u0142u\u017cony dzia\u0142acz turystyki\u201d, Odznak\u0119 100-lecia zorganizowanej turystyki w Polsce, Z\u0142ot\u0105 Honorow\u0105 Odznak\u0105 PTTK, Z\u0142ot\u0105 Odznak\u0119 \u201eZas\u0142u\u017cony Pracownik PTTK\u201d, Odznak\u0119 \u201e25 lat w PTTK\u201d, Z\u0142ot\u0105 Odznak\u0119 \u201eZas\u0142u\u017cony dla Oddzia\u0142u PTTK Wroc\u0142aw Fabryczna\u201d.<\/p>\n<p style=\"text-align: justify;\">Na XX Zje\u017adzie Oddzia\u0142u PTTK Wroc\u0142aw Fabryczna w dniu 14 marca 2009 r. otrzyma\u0142a godno\u015b\u0107 \u201eHonorowy Cz\u0142onek Oddzia\u0142u PTTK Wroc\u0142aw Fabryczna\u201d.<\/p>\n<h4 style=\"text-align: justify;\"><u>Marek Szot<\/u><\/h4>\n<p style=\"text-align: justify;\"><img loading=\"lazy\" decoding=\"async\" class=\"wp-image-832 size-medium alignleft\" src=\"http:\/\/www.wroclawfabryczna.pttk.pl\/wordpress\/wp-content\/uploads\/2020\/10\/m.szot_-217x300.jpg\" alt=\"\" width=\"217\" height=\"300\" srcset=\"https:\/\/wroclawfabryczna.pttk.pl\/wordpress\/wp-content\/uploads\/2020\/10\/m.szot_-217x300.jpg 217w, https:\/\/wroclawfabryczna.pttk.pl\/wordpress\/wp-content\/uploads\/2020\/10\/m.szot_.jpg 341w\" sizes=\"auto, (max-width: 217px) 100vw, 217px\" \/>Zg\u0142aszaj\u0105c w 1973 roku akces do Towarzystwa zwi\u0105za\u0142 sw\u0105 dzia\u0142alno\u015b\u0107 ze \u015brodowiskiem Oddzia\u0142u Wroc\u0142aw Fabryczna. Jego pasj\u0105 sta\u0142a si\u0119 turystyka g\u00f3rska, kt\u00f3ra zacz\u0105\u0142 uprawia\u0107 jeszcze w czasach szkolnych. Od pocz\u0105tku nale\u017ca\u0142 do Klubu Turystyki G\u00f3rskiej \u201eGrzdyle\u201d (kt\u00f3ry p\u00f3\u017aniej zmieni\u0142 nazw\u0119 na Dolno\u015bl\u0105ski Klub G\u00f3rski). W 1980 r., z gronem przyjaci\u00f3\u0142 z PTTK &#8211; opiekun\u00f3w szkolnych k\u00f3\u0142 krajoznawczo &#8211; turystycznych oraz instruktor\u00f3w ZHP tworzy Klub Turystyki G\u00f3rskiej \u201e\u0141azek\u201d i zostaje jego&nbsp; pierwszym prezesem. Aktywnym jego cz\u0142onkiem jest do dnia dzisiejszego, piastuj\u0105c r\u00f3\u017cne funkcje we w\u0142adzach Klubu. Dzia\u0142alno\u015b\u0107 klubowa pozwoli\u0142a mu na rozwijanie zainteresowa\u0144, pog\u0142\u0119bianie wiedzy i uzyskiwanie kolejnych stopni wtajemniczenia turystycznego. W 1974 r. uzyskuje uprawnienia organizatora turystyki, dwa lata p\u00f3\u017aniej &#8211; stra\u017cnika ochrony przyrody, w roku 1978 przodownika turystyki g\u00f3rskiej, w 1980 r.&nbsp; przodownika turystyki pieszej, a w 1988 instruktora krajoznawstwa. Wsp\u00f3\u0142organizuje i prowadzi wycieczki klubowe w g\u00f3rach Polski, Czechos\u0142owacji, Bu\u0142garii i W\u0119gier, og\u00f3lnodost\u0119pne rajdy g\u00f3rskie i piesze, z kt\u00f3rych kilka trafia na d\u0142u\u017cszy czas do oddzia\u0142owego kalendarza imprez turystycznych (\u201e\u015aladami Liczyrzepy\u201d, \u201eWiosna w g\u00f3rach\u201d, \u201eRajd do Ziuty\u201d, czy \u201eJesienny zlot turyst\u00f3w g\u00f3rskich\u201d). W 1989 r. zostaje przewodnikiem sudeckim. Otwiera to nowy rozdzia\u0142 w jego dzia\u0142aniach. Jemu nale\u017cy przypisa\u0107 reaktywowanie i kierowanie Akcj\u0105 \u201eCzyste G\u00f3ry\u201d, organizowan\u0105 przez kolejnych 16 lat w Masywie \u015al\u0119\u017cy w ramach obchod\u00f3w \u015awiatowego Dnia Turystyki (a p\u00f3\u017aniej \u015awiatowego Dnia Ochrony \u015arodowiska). Akcja ta sta\u0142a si\u0119 wizyt\u00f3wk\u0105 oddzia\u0142owego Klubu Przewodnik\u00f3w Turystycznych i przybra\u0142a form\u0119 masowej imprezy ekologicznej, w kt\u00f3rej bra\u0142a udzia\u0142 m\u0142odzie\u017c ze szk\u00f3\u0142 wroc\u0142awskich, wa\u0142brzyskich, \u015bwidnickich, dzier\u017coniowskich oraz z terenu miasta i gminy Sob\u00f3tka. W Klubie Przewodnik\u00f3w Turystycznych inicjuje szereg dzia\u0142a\u0144 szkoleniowych; jest te\u017c pomys\u0142odawc\u0105, redaktorem i g\u0142\u00f3wnym wykonawc\u0105 wydawanej przez trzy lata \u201eMozaiki Przewodnickiej\u201d, kt\u00f3ra cieszy si\u0119 uznaniem \u201edolno\u015bl\u0105skiej braci przewodnickiej\u201d. Bardzo szybko zostaje cz\u0142onkiem klubowego zarz\u0105du pe\u0142ni\u0105c w nim r\u00f3\u017cne funkcje, a od 2003 jest jego Prezesem.<\/p>\n<p style=\"text-align: justify;\">W latach 2005 &#8211; 2009 wchodzi w sk\u0142ad Zarz\u0105du Dolno\u015bl\u0105skiej Federacji Przewodnik\u00f3w PTTK.<\/p>\n<p style=\"text-align: justify;\">Bardzo ciekaw\u0105 inicjatywa programow\u0105 by\u0142 patronat Klubu nad autorsk\u0105 klas\u0105 turystyczno krajoznawcz\u0105 Andrzeja Pikulskiego w V Liceum Og\u00f3lnokszta\u0142c\u0105cym we Wroc\u0142awiu. Podczas jej realizacji Marek Szot uczestniczy\u0142 jako si\u0142a fachowa w dorocznych wakacyjnych obozach g\u00f3rskich klasy, oraz w licznych wycieczkach. Absolwenci tej klasy uzyskali w wi\u0119kszo\u015bci uprawnienia przewodnickie i do dnia dzisiejszego prowadz\u0105 dzia\u0142alno\u015b\u0107 turystyczn\u0105, zar\u00f3wno spo\u0142eczn\u0105, jak i komercyjn\u0105.<\/p>\n<p style=\"text-align: justify;\">Od 2003 roku, kiedy to uzyska\u0142 uprawnienia instruktora ochrony przyrody, konsekwentnie prowadzi dzia\u0142ania w tym zakresie. W tym okresie mia\u0142a sw\u00f3j udzia\u0142 w wykszta\u0142ceniu ponad 20 instruktor\u00f3w i w powo\u0142aniu oddzia\u0142owej komisji ochrony przyrody.<\/p>\n<p style=\"text-align: justify;\">Godnym podkre\u015blenia jest tak\u017ce jego udzia\u0142 we w\u0142adzach wy\u017cszych Towarzystwa. W latach 1978 1992 zasiada\u0142 w Zarz\u0105dzie Oddzia\u0142u Wroc\u0142aw Fabryczna, w latach 1985 &#8211; 1991 wchodzi\u0142 w sk\u0142ad Zarz\u0105du Wojew\u00f3dzkiego PTTK we Wroc\u0142awiu, a w latach 1983 &#8211; 1991 przewodniczy\u0142 Wojew\u00f3dzkiej Komisji Turystyki G\u00f3rskiej PTTK i wchodzi\u0142 w sk\u0142ad Delegatury Sudeckiej Komisji Turystyki G\u00f3rskiej Zarz\u0105du G\u0142\u00f3wnego PTTK. Zaanga\u017cowany by\u0142 te\u017c w prac\u0119 podkomisji klub\u00f3w g\u00f3rskich i alpinizmu turystycznego KTG ZG PTTK. Bra\u0142 te\u017c udzia\u0142 w pracach Komisji Szkoleniowej Zarz\u0105du Wojew\u00f3dzkiego PTTK we Wroc\u0142awiu. Od 1989 roku jest cz\u0142onkiem Terenowego Referatu Weryfikacyjnego GOT we Wroc\u0142awiu, a od 2004 r. cz\u0142onkiem Dolno\u015bl\u0105skiej Komisji Egzaminacyjnej ds. przodownik\u00f3w turystyki g\u00f3rskiej, a od&nbsp; roku 2008 jej przewodnicz\u0105cym. W roku 2007 zosta\u0142 powo\u0142any na stanowisko Przewodnicz\u0105cego Delegatury Sudeckiej. Funkcj\u0119 t\u0119 pe\u0142ni\u0142 do wyboru na stanowisko wiceprzewodnicz\u0105cego KTG ZG PTTK (2010), kt\u00f3rym jest do dzi\u015b. W latach 2005 &#8211; 2016 pe\u0142ni\u0142 funkcj\u0119 sekretarza Regionalnego Kolegium Instruktor\u00f3w Krajoznawstwa \u201eDolny \u015al\u0105sk\u201d, zajmuj\u0105c si\u0119 sprawami instruktor\u00f3w (wnioski, mianowania, przed\u0142u\u017canie legitymacji, weryfikacja i wymiana legitymacji instruktorskich). By\u0142 tak\u017ce pracownikiem etatowym Biura Oddzia\u0142u (1986 1991), gdzie jako instruktor, specjalista i zast\u0119pca kierownika biura zajmowa\u0142 si\u0119 dzia\u0142alno\u015bci\u0105 programow\u0105.<\/p>\n<p style=\"text-align: justify;\">Jego praca i zaanga\u017cowanie na niwie turystyki by\u0142y zauwa\u017cane przez bra\u0107 turystyczn\u0105 i przez w\u0142adze. Za swoj\u0105 dzia\u0142alno\u015b\u0107 zosta\u0142 wyr\u00f3\u017cniony: Honorow\u0105 Odznak\u0105 \u201eTurysta Dolnego \u015al\u0105ska\u201d, Z\u0142ot\u0105 Odznak\u0105 \u201eZas\u0142u\u017cony dla Oddzia\u0142u PTTK Wroc\u0142aw Fabryczna\u201d, Odznak\u0105 \u201eZas\u0142u\u017cony w pracy PTTK w\u015br\u00f3d m\u0142odzie\u017cy\u201d, Z\u0142ot\u0105 Honorow\u0105 Odznak\u0105 PTTK, Odznak\u0105 \u201e25 lat w PTTK\u201d, Medalem 50-lecia PTTK, Odznak\u0105 \u201eHonorowy Przodownik Turystyki G\u00f3rskiej\u201d, Medalem Komisji Turystyki G\u00f3rskiej Zarz\u0105du G\u0142\u00f3wnego PTTK, Odznak\u0105 \u201eZas\u0142u\u017cony przewodnik PTTK\u201d, Odznak\u0105 \u201eZas\u0142u\u017cony instruktor krajoznawstwa\u201d, Br\u0105zow\u0105 i Srebrn\u0105 Odznak\u0105 \u201eZas\u0142u\u017cony dzia\u0142acz turystyki\u201d, Odznak\u0105 Honorow\u0105 \u201eZa zas\u0142ugi dla turystyki\u201d, Odznak\u0105 Honorow\u0105 \u201eZa zas\u0142ugi dla ochrony \u015brodowiska i gospodarki wodnej\u201d, Medalem Komisji Edukacji Narodowej, Odznak\u0105 Honorow\u0105 NSZZ Policjant\u00f3w, Srebrnym i Z\u0142otym Krzy\u017cem Zas\u0142ugi.<\/p>\n<p style=\"text-align: justify;\">Na XXI Zje\u017adzie Oddzia\u0142u PTTK Wroc\u0142aw Fabryczna w dniu 20 kwietnia 2013 r. otrzyma\u0142 godno\u015b\u0107 \u201eHonorowy Cz\u0142onek Oddzia\u0142u PTTK Wroc\u0142aw Fabryczna\u201d.<\/p>\n<h2 style=\"text-align: justify;\">III. OGNIWA<\/h2>\n<p style=\"text-align: justify;\"><strong>DZIA\u0141AJ\u0104CE W RAMACH ODDZIA\u0141U PTTK WROC\u0141AW FABRYCZNA<\/strong><\/p>\n<h3 style=\"text-align: justify;\"><u>Ko\u0142a i Kluby PTTK<\/u><\/h3>\n<p style=\"text-align: justify;\"><em>Przez nasz Oddzia\u0142 przewin\u0119\u0142o si\u0119 w minionym 50-leciu bardzo wiele k\u00f3\u0142 i klub\u00f3w. W po\u0142owie lat osiemdziesi\u0105tych zarejestrowanych by\u0142o Oddziale PTTK Wroc\u0142aw Fabryczna a\u017c 64 ogniwa. Du\u017ca by\u0142a te\u017c rotacja. Jedne ko\u0142a zaprzestawa\u0142y dzia\u0142alno\u015bci lub tworzy\u0142y w\u0142asne Oddzia\u0142y. Powstawa\u0142y nowe ogniwa. Ale by\u0142y te\u017c ko\u0142a i kluby, kt\u00f3re z r\u00f3\u017cnych przyczyn przechodzi\u0142y pod opiek\u0119 tego Oddzia\u0142u. D\u0142ugo zastanawiali\u015bmy si\u0119 w jaki spos\u00f3b je przedstawi\u0107 w tym wydawnictwie. Przecie\u017c o wielu z nich nie umiemy powiedzie\u0107 nic, za wyj\u0105tkiem nazwy i okresu w kt\u00f3rym dzia\u0142a\u0142y w ramach naszego Oddzia\u0142u. Zdecydowali\u015bmy si\u0119 na chronologi\u0119. A okres (lata) zwi\u0105zania si\u0119 danego ogniwa z Oddzia\u0142em PTTK Wroc\u0142aw Fabryczna pokazujemy obok nazwy. I jeszcze ma\u0142e wyja\u015bnienie dotycz\u0105ce nazw. W okresie od powstania Mi\u0119dzyzak\u0142adowego Oddzia\u0142u PTTK do czasu przemian gospodarczych ko\u0142a PTTK by\u0142y wyra\u017anie umocowane w macierzystych zak\u0142adach pracy. M\u00f3wi zreszt\u0105 o tym pierwsza nazwa Oddzia\u0142u &#8211; \u201eMi\u0119dzyzak\u0142adowy\u201d. W du\u017cych wroc\u0142awskich zak\u0142adach pracy istnia\u0142o kilka K\u00f3\u0142 PTTK, lub Ko\u0142o Zak\u0142adowe mia\u0142o pod sob\u0105 ogniwa wydzia\u0142owe. St\u0105d Czytelniku w niekt\u00f3rych przypadkach spotkasz si\u0119 nie z nazw\u0105 ko\u0142a PTTK, a z nazw\u0105 zak\u0142adu.<\/em><\/p>\n<p style=\"text-align: justify;\"><em>I jeszcze jedna uwaga. W poni\u017cszym materiale, przy nazwiskach niekt\u00f3rych dzia\u0142aczy pracuj\u0105cych na rzecz Oddzia\u0142u druga z dat napisana jest pochy\u0142ym drukiem z gwiazdk\u0105 \u201e*\u201d . Jest to informacja, i\u017c po zaprzestaniu przez dane ko\u0142o dzia\u0142alno\u015bci (lub wyj\u015bciu ko\u0142a z Oddzia\u0142u PTTK Wroc\u0142aw Fabryczna) osoba ta nadal dzia\u0142a\u0142a we w\u0142adzach naszego Oddzia\u0142u.&nbsp; <\/em><\/p>\n<p style=\"text-align: justify;\"><em>Ale przejd\u017amy do opowie\u015bci o poszczeg\u00f3lnych ko\u0142ach i klubach. Na pocz\u0105tku by\u0142y&#8230;&nbsp;&nbsp;&nbsp;&nbsp;&nbsp;&nbsp; <\/em><\/p>\n<h4 style=\"text-align: justify;\">&nbsp;Wroc\u0142awskie Zak\u0142ady Elektroniczne MERA &#8211;&nbsp; ELWRO &nbsp;<u>(1967-1978)<\/u><\/h4>\n<p style=\"text-align: justify;\">Profil produkcyjny powsta\u0142ych w ko\u0144cu lat pi\u0119\u0107dziesi\u0105tych Wroc\u0142awskich Zak\u0142ad\u00f3w Elektronicznych \u201eELWRO\u201d wymaga\u0142 szczeg\u00f3lnych kwalifikacji. Koniecznym wi\u0119c by\u0142o pozyskiwanie do pracy ludzi m\u0142odych i wykszta\u0142conych. To w\u0142a\u015bnie grono stanowi\u0142o podatny grunt dla rozkwitu proponowanych przez PTTK form aktywnego wypoczynku i turystyki.<\/p>\n<p style=\"text-align: justify;\">Pierwsze Ko\u0142o PTTK powsta\u0142o w zak\u0142adzie na prze\u0142omie lat 1962 &#8211; 1963. Zarejestrowane w Oddziale Wroc\u0142awskim pod numerem 141 szybko zyskiwa\u0142o nowych cz\u0142onk\u00f3w. Z ko\u0144cem roku 1964 r. by\u0142o ich ju\u017c 256, a 26 lutego 1965 r., w dniu V Konferencji Sprawozdawczo &#8211; Wyborczej, niemal 15% za\u0142ogi zak\u0142ad\u00f3w by\u0142o cz\u0142onkami PTTK.<\/p>\n<p style=\"text-align: justify;\">Zak\u0142ady Elektroniczne Elwro by\u0142y zlokalizowane w kilku punktach miasta oraz mia\u0142y filie poza Wroc\u0142awiem. Z faktu tego wynika\u0142y problemy z koordynacj\u0105 dzia\u0142alno\u015bci ogniw PTTK w zak\u0142adzie. W\u0142a\u015bnie one, wzmocnione ambicjami i aktywno\u015bci\u0105 dzia\u0142aczy ko\u0142a PTTK, doprowadzi\u0142y do powo\u0142ania na V Konferencji Sprawozdawczo &#8211; Wyborczej (26 lutego 1965 r.) Oddzia\u0142u Zak\u0142adowego. Jego powo\u0142anie gor\u0105co popiera\u0142a dyrekcja Zak\u0142ad\u00f3w Elwro, w\u0142adze dzielnicy Fabryczna, a przede wszystkim Zarz\u0105d Okr\u0119gu PTTK.<\/p>\n<p style=\"text-align: justify;\">Ju\u017c dwa lata p\u00f3\u017aniej &#8211; 14 kwietnia 1967 r., podczas kolejnej Konferencji Sprawozdawczo Wyborczej, delegaci k\u00f3\u0142 zak\u0142adowych podejmuj\u0105 uchwa\u0142\u0119 o powo\u0142aniu Mi\u0119dzyzak\u0142adowego Oddzia\u0142u PTTK. Wybrano w\u0142adze Oddzia\u0142u, zobowi\u0105zuj\u0105c Zarz\u0105d do dokooptowania do swego sk\u0142adu pi\u0119ciu przedstawicieli K\u00f3\u0142 PTTK z wi\u0119kszych zak\u0142ad\u00f3w przemys\u0142owych dzielnicy Fabryczna. Mia\u0142o to miejsce 30 maja 1967 r. W\u00f3wczas do Mi\u0119dzyzak\u0142adowego Oddzia\u0142u PTTK przechodzi 7 zak\u0142adowych k\u00f3\u0142 PTTK (577 cz\u0142onk\u00f3w).<\/p>\n<p style=\"text-align: justify;\">Dzia\u0142alno\u015b\u0107 PTTK w Elwro mia\u0142a ogromny wp\u0142yw na powstanie rzeszy uczestnik\u00f3w imprez turystycznych.&nbsp; Przyczyni\u0142a si\u0119 te\u017c do przygotowania organizator\u00f3w tych imprez oraz pozwoli\u0142a na wy\u0142onienie si\u0119 grona dzia\u0142aczy szczebla zak\u0142adowego i tych dzia\u0142aj\u0105cych wy\u017cej. Nie spos\u00f3b pomin\u0105\u0107 takich nazwisk jak <strong>Jerzy Oko<\/strong> &#8211; prezes Ko\u0142a nr 141, czy <strong>Jerzy Dru\u017cy\u0142owski<\/strong> &#8211; prezes Oddzia\u0142u Zak\u0142adowego. We w\u0142adzach Mi\u0119dzyzak\u0142adowego Oddzia\u0142u PTTK dzia\u0142ali: <strong>Henryk Ga\u0142ecki<\/strong> wiceprezes (1971-1972); <strong>Janusz Hilgert<\/strong> &#8211; cz\u0142onek Zarz\u0105du (1967-1968); <strong>Wac\u0142aw Jarguli\u0144ski<\/strong> prezes (1973-1974), wiceprezes (1972-1973), cz\u0142onek Zarz\u0105du (1969); <strong>Stanis\u0142aw Jastrz\u0119bski<\/strong> cz\u0142onek Zarz\u0105du (1968-1969); <strong>Jan Kaczmarz<\/strong> &#8211; cz\u0142onek Zarz\u0105du (1967-1968); <strong>Henryk Kubisz<\/strong> cz\u0142onek Zarz\u0105du (1967-1969); <strong>Edward \u0141uczak<\/strong> &#8211; przewodnicz\u0105cy Komisji Rewizyjnej (1969-1976); <strong>Kazimierz Maczuga<\/strong> &#8211; cz\u0142onek Zarz\u0105du (1967-1968); <strong>Bogdan Majewski<\/strong> &#8211; cz\u0142onek Zarz\u0105du (19671968); <strong>Jerzy Markiewicz<\/strong> &#8211; cz\u0142onek Zarz\u0105du (1967-1969); <strong>Stanis\u0142aw Pilarz<\/strong> &#8211; wiceprezes (1974), cz\u0142onek Zarz\u0105du (1972-1973); <strong>Witold Prelicz<\/strong> &#8211; prezes (1967-1970 i 1972-1973), cz\u0142onek Zarz\u0105du (1970-1972); <strong>Henryk Suder<\/strong> &#8211; cz\u0142onek Zarz\u0105du (1967-1968); <strong>Jerzy Traczuk<\/strong> &#8211; cz\u0142onek Zarz\u0105du (19671968);&nbsp; <strong>Zygmunt Zawada<\/strong> &#8211; cz\u0142onek Zarz\u0105du (1974).<\/p>\n<p style=\"text-align: justify;\">15 listopada 1978 r. ko\u0142a zak\u0142adowe Elwro podejmuj\u0105 uchwa\u0142\u0119 o powo\u0142aniu Zak\u0142adowego Oddzia\u0142u PTTK, zrywaj\u0105c tym samym kontakty organizacyjne z Oddzia\u0142em PTTK Wroc\u0142aw Fabryczna.<\/p>\n<p style=\"text-align: justify;\"><strong><u>Pa\u0144stwowa Fabryka Wagon\u00f3w PAFAWAG<\/u><\/strong> (1967-1971)<\/p>\n<p style=\"text-align: justify;\">W wyniku ustale\u0144 podj\u0119tych przez Zarz\u0105d Oddzia\u0142u Wroc\u0142awskiego na wsp\u00f3lnym posiedzeniu wyjazdowym w Pafawagu w lutym 1966 r. po kilkuletniej przerwie Ko\u0142o PTTK nr 9 reaktywowa\u0142o swoj\u0105 dzia\u0142alno\u015b\u0107. Dzi\u0119ki tej inicjatywie, przychylnie przyj\u0119tej przez Rad\u0119 Zak\u0142adow\u0105 i Pracownicz\u0105, ZMS, Zwi\u0105zek Zawodowy Metalowc\u00f3w i jego Federacj\u0119 \u201eStal\u201d, w kr\u00f3tkim czasie zmienia\u0142 si\u0119 charakter imprez wypoczynkowych. Zwi\u0119kszeniu ulega\u0142a te\u017c liczba ogniw wydzia\u0142owych PTTK i cz\u0142onk\u00f3w Ko\u0142a. Dw\u00f3ch przedstawicieli &#8211; <strong>Jerzy Kruk<\/strong> i <strong>Kazimierz Mszyca<\/strong> &#8211; wesz\u0142o w dniu 30 maja 1967 r. w sk\u0142ad Zarz\u0105du Oddzia\u0142u Mi\u0119dzyzak\u0142adowego PTTK.<\/p>\n<p style=\"text-align: justify;\">Wkr\u00f3tce powo\u0142ane zosta\u0142y te\u017c ogniwa wydzia\u0142owe PTTK, natomiast Zarz\u0105d Ko\u0142a przyj\u0105\u0142 rol\u0119 koordynatora dzia\u0142alno\u015bci turystycznej. Zapocz\u0105tkowano (25.05.1968) wydawanie \u201eBiuletynu Informacyjnego\u201d. Co miesi\u0105c omawiano w nim szczeg\u00f3\u0142owo dzia\u0142alno\u015b\u0107 ogniw PTTK w zak\u0142adzie. Przedstawiana by\u0142a te\u017c&nbsp; problematyka Oddzia\u0142u i dzia\u0142alno\u015b\u0107 przedstawicieli Ko\u0142a w jego w\u0142adzach. Ogniwa PTTK korzysta\u0142y z poparcia Rady Zak\u0142adowej (cz\u0142onkiem PTTK by\u0142 jej&nbsp; przewodnicz\u0105cy) zar\u00f3wno rzeczowego (autokary) jak i z dofinansowania imprez. By\u0142a mo\u017cliwo\u015b\u0107 korzystania, dla organizacji imprez turystycznych z zak\u0142adowego o\u015brodka wypoczynku \u015bwi\u0105tecznego w Su\u0142owie, z obiekt\u00f3w ZZ Metalowc\u00f3w (np. Wa\u0142y nad Odr\u0105) i z Zak\u0142adowego Domu Kultury Grabiszynek. Ko\u0142o PTTK Pafawagu i jego ogniwa, przy wsp\u00f3\u0142pracy Mi\u0119dzyzak\u0142adowego Oddzia\u0142u PTTK, by\u0142y organizatorem I Zlotu Metalowc\u00f3w (Duszniki Zdr\u00f3j 16-18.05.1969). Impreza ta, przy poparciu W\u0142adz ZZ Metalowc\u00f3w sta\u0142a si\u0119 w latach nast\u0119pnych sztandarow\u0105 dla Zwi\u0105zku i K\u00f3\u0142 PTTK b\u0119d\u0105cych zgodnie z regulaminem Ko\u0142a pod opiek\u0105 Rady Zak\u0142adowej.<\/p>\n<p style=\"text-align: justify;\">Prezesem Ko\u0142a, na przestrzeni kilku lat jego dzia\u0142alno\u015bci, by\u0142 <strong>Jerzy Kruk<\/strong> &#8211; od stycznia 1969 r. tak\u017ce wiceprezes Oddzia\u0142u Mi\u0119dzyzak\u0142adowego PTTK. Cz\u0142onkowie pierwszych w\u0142adz Ko\u0142a mocno anga\u017cowali si\u0119 w dzia\u0142alno\u015b\u0107 Oddzia\u0142u. <strong>Kazimierz Mszyca<\/strong> i <strong>Tadeusz Ilow<\/strong> byli cz\u0142onkami Zarz\u0105du Oddzia\u0142u, <strong>Wiktor Nowak<\/strong> przewodniczy\u0142 Ko\u0142u Organizator\u00f3w Turystyki, <strong>Bronis\u0142aw Janaszek<\/strong> by\u0142 aktywist\u0105 turystyki narciarskiej. W dzia\u0142alno\u015bci na szczeblu ogniw wydzia\u0142owych wyr\u00f3\u017cniali si\u0119: <strong>Stanis\u0142aw Wysocki<\/strong> (skarbnik), <strong>Marian \u015aled\u017a<\/strong>, <strong>Tadeusz Mucha<\/strong>, <strong>Tadeusz Frankowski<\/strong>, <strong>Krystyna Maj<\/strong> (wszyscy z Zarz\u0105du Ko\u0142a \u201ekoordynatora\u201d), a tak\u017ce p\u00f3\u017aniejsi jego cz\u0142onkowie: <strong>Kazimierz Pniewski<\/strong> i <strong>Stanis\u0142aw Bobowiec<\/strong>.<\/p>\n<p style=\"text-align: justify;\">Ko\u0142o jako ogniwo Oddzia\u0142u Mi\u0119dzyzak\u0142adowego dzia\u0142a\u0142o do 20 lutego 1971 r., kiedy to w uzgodnieniu z w\u0142adzami (Zarz\u0105d Okr\u0119gu PTTK, ZZ Metalowc\u00f3w) Zjazd Organizacyjny podj\u0105\u0142 decyzj\u0119 o powo\u0142aniu Oddzia\u0142u Zak\u0142adowego PTTK, uzyskuj\u0105c zgod\u0119 Zarz\u0105du G\u0142\u00f3wnego PTTK (17.03.1971). Prezydium Zarz\u0105du G\u0142\u00f3wnego PTTK pismem z dnia 25.03.1971 r. zaakceptowa\u0142o proponowany zasi\u0119g terytorialny dzia\u0142alno\u015bci organizacyjnej nowego Oddzia\u0142u.<\/p>\n<p style=\"text-align: justify;\"><strong><u>Zjednoczone Zak\u0142ady ARCHIMEDES<\/u><\/strong> (1967-1985 z przerwami)<\/p>\n<p style=\"text-align: justify;\">Ko\u0142o PTTK powsta\u0142o w zak\u0142adach \u201eArchimedes\u201d z inicjatywy entuzjast\u00f3w turystyki narciarskiej i wodniak\u00f3w 23 marca 1956 r. W Oddziale Wroc\u0142awskim otrzyma\u0142o kolejny nr 18. Kilka lat p\u00f3\u017aniej (1960) zasz\u0142a jednak konieczno\u015b\u0107 wznowienia dzia\u0142alno\u015bci, a przede wszystkim mobilizacji cz\u0142onk\u00f3w Ko\u0142a i mi\u0142o\u015bnik\u00f3w turystyki do udzia\u0142u w imprezach Oddzia\u0142u.<\/p>\n<p style=\"text-align: justify;\">W dniu 30 maja 1967 r. przedstawiciel Ko\u0142a <strong>J\u00f3zef Iwan<\/strong> &#8211; uczestniczy w spotkaniu inauguruj\u0105cym powstanie Mi\u0119dzyzak\u0142adowego Oddzia\u0142u PTTK i zostaje cz\u0142onkiem Zarz\u0105du Oddzia\u0142u. Ko\u0142o otrzymuje nowy numer 10.<\/p>\n<p style=\"text-align: justify;\">Zak\u0142ady \u201eArchimedes\u201d dysponowa\u0142y kilkoma o\u015brodkami wypoczynkowymi w Szklarskiej Por\u0119bie, Jelczu (jezioro), G\u0142\u0119bokim (jezioro) i Rewalu. Stwarza\u0142o to mo\u017cliwo\u015bci organizacji r\u00f3\u017cnych aktywnych form wypoczynku: narciarstwo, wycieczki i rajdy g\u00f3rskie, kajaki i biwakowanie nad jeziorami.<\/p>\n<p style=\"text-align: justify;\">Cz\u0142onkowie Ko\u0142a uczestnicz\u0105 w popularnych rajdach PTTK (\u201eSzlakami Lenina\u201d, \u201eSkalne Grzyby\u201d), a po przej\u015bciu do Oddzia\u0142u Mi\u0119dzyzak\u0142adowego bior\u0105 udzia\u0142 w imprezach organizowanych wsp\u00f3lnie przez ogniwa Oddzia\u0142u, na wielu z nich obsadzaj\u0105c trasy rajdowe (Kocie G\u00f3ry, Walim, rejon W\u0142odarza, \u201eBarwy Jesieni\u201d).<\/p>\n<p style=\"text-align: justify;\">W okresie dzia\u0142alno\u015bci Ko\u0142a funkcje prezes\u00f3w pe\u0142nili: <strong>W\u0142adys\u0142aw Kaczmarek<\/strong> (1956), <strong>Zbigniew Curyk<\/strong> (1957), <strong>J\u00f3zef Iwan<\/strong> (1960), <strong>Edward Piech<\/strong> (1970), <strong>Zbigniew \u015acigaj<\/strong> (1973), <strong>Jerzy Koz\u0142owski <\/strong>(1974-1980), <strong>Zygmunt Kawka<\/strong> (1981), <strong>Jerzy Szopi\u0144ski<\/strong> (1985).<\/p>\n<p style=\"text-align: justify;\">Przez pewien czas (lata 1968-1974) w zak\u0142adzie dzia\u0142a\u0142o te\u017c Ko\u0142o Nr 23 przy Zasadniczej Szkole Zawodowej \u201eArchimedes\u201d. Funkcje prezes\u00f3w tego Ko\u0142a pe\u0142nili: <strong>Czes\u0142aw Pindor<\/strong>, <strong>Henryk Sot<\/strong>, <strong>Jerzy Bogutek<\/strong>, <strong>Danuta Zawada<\/strong>, <strong>Zbigniew Zalewski<\/strong>.<\/p>\n<p style=\"text-align: justify;\">We w\u0142adzach Mi\u0119dzyzak\u0142adowego Oddzia\u0142u PTTK (p\u00f3\u017aniej Dzielnicowego Oddzia\u0142u PTTK Wroc\u0142aw Fabryczna) dzia\u0142ali <strong>J\u00f3zef Iwan<\/strong> &#8211; cz\u0142onek Zarz\u0105du (1967-1968) i <strong>Boles\u0142aw Rac\u0142awski<\/strong> cz\u0142onek Zarz\u0105du (1972-1973).<\/p>\n<h4 style=\"text-align: justify;\">Dolno\u015bl\u0105skie Zak\u0142ady Wytw\u00f3rcze Maszyn Elektrycznych&nbsp; DOLMEL&nbsp; <u>(1967-1990)<\/u><\/h4>\n<p style=\"text-align: justify;\">Ko\u0142o Zak\u0142adowe PTTK nr 70 (p\u00f3\u017aniej nr 11) powsta\u0142o 15 grudnia 1955 r. z inicjatywy grona entuzjast\u00f3w turystyki narciarskiej i wodniactwa. Zach\u0119t\u0119 stanowi\u0142y, coraz liczniejsze w tym czasie rajdy zimowe, odbywaj\u0105ce si\u0119 g\u0142\u00f3wnie w Beskidzie \u015al\u0105skim i \u017bywieckim, na kt\u00f3re organizatorzy Ko\u0142a PTTK z zak\u0142ad\u00f3w o pokrewnych profilach produkcji (Apena, Celma), przysy\u0142ali zaproszenia.<\/p>\n<p style=\"text-align: justify;\">Przedstawiciel Ko\u0142a PTTK <strong>W\u0142adys\u0142aw Mianowski<\/strong> wzi\u0105\u0142 udzia\u0142 w spotkaniu inauguruj\u0105cym powstanie Mi\u0119dzyzak\u0142adowego Oddzia\u0142u PTTK w dniu 30 maja 1967 r. i zosta\u0142 cz\u0142onkiem Zarz\u0105du Oddzia\u0142u. W nowym Oddziale Ko\u0142o otrzyma\u0142o nr 11.<\/p>\n<p style=\"text-align: justify;\">W kr\u00f3tkim czasie powstaj\u0105 jeszcze dwa ko\u0142a m\u0142odzie\u017cowe: nr 29 przy ZMS (05.11.1968) i nr 30 przy Zasadniczej Szkole Zawodowej (12.11.1968).<\/p>\n<p style=\"text-align: justify;\">W zak\u0142adzie dzia\u0142a\u0142 znany w kraju klub sportowy (Dolmel Wroc\u0142aw), kt\u00f3ry dysponowa\u0142 sprz\u0119tem sportowo &#8211; turystycznym (kajaki, namioty) i wypo\u017cycza\u0142 go. To pozwoli\u0142o na rozw\u00f3j turystyki wodnej.<\/p>\n<p style=\"text-align: justify;\">Organizowane przez Oddzia\u0142 Wroc\u0142awski PTTK masowe imprezy g\u00f3rskie (\u201eSudecka Wiosna\u201d, Skalne Grzyby\u201d, \u201eRajd Bialski\u201d) zach\u0119ca\u0142y do korzystania i z takiej formy turystyki. Ponadto zak\u0142ad dysponowa\u0142 o\u015brodkiem wypoczynkowym w Sokolcu, co umo\u017cliwia\u0142o organizacj\u0119 sobotnio niedzielnych wycieczek w rejon Wielkiej Sowy i Walimia. Na zaproszenie Ko\u0142a PTTK przy Chemar Kielce, z inicjatywy Ko\u0142a, pracownicy Dolmelu brali udzia\u0142 w wiosennych Rajdach \u015awi\u0119tokrzyskich. I jeszcze wsp\u00f3lnie z aktywem Oddzia\u0142u Ko\u0142o zorganizowa\u0142o kilka g\u00f3rskich imprez turystycznych oraz obsadza\u0142o kierowanie trasami na imprezach oddzia\u0142owych (IV Zamki Piastowskie, XXV lat Zak\u0142adu Dolmel, 100-lecie turystyki PTT\/PTTK). Liczba chc\u0105cych uczestniczy\u0107 w tego typu imprezach ros\u0142a z ka\u017cdym rokiem.<\/p>\n<p style=\"text-align: justify;\">W roku 1980 z Ko\u0142a Zak\u0142adowego (nr 11) wyodr\u0119bnia si\u0119 sekcja kajakowa, tworz\u0105c Ko\u0142o nr 17 Klub Turystyki Wodnej (05.03.1980). Klub ten organizowa\u0142 ka\u017cdego roku (niekiedy wsp\u00f3lnie z ko\u0142ami Oddzia\u0142u Pafawag) imprezy wodniackie &#8211; sp\u0142ywy rzekami Dolnego \u015al\u0105ska (Barycz, Nysa K\u0142odzka, B\u00f3br) i innymi polskimi rzekami (Wda, Dunajec), korzystaj\u0105c ze wsp\u00f3lnej z TKKF bazy sprz\u0119towej (kajaki, namioty, przyczepa do transportu wyposa\u017cenia).<\/p>\n<p style=\"text-align: justify;\">Na przestrzeni lat funkcje prezes\u00f3w K\u00f3\u0142 sprawowali:<\/p>\n<ul style=\"text-align: justify;\">\n<li>w Kole Zak\u0142adowym Nr 70 (p\u00f3\u017aniej nr 11): <strong>Leon Krom\u0142owski<\/strong> (1955), <strong>Krzysztof Rozmus<\/strong> (1960), <strong>Eugeniusz Hruby<\/strong> (1960-1964), <strong>W\u0142adys\u0142aw Mianowski<\/strong> (1965-1970), <strong>Emil Wilczy\u0144ski<\/strong> (1971), <strong>Mieczys\u0142aw Zandberg<\/strong> (1972-1973), <strong>Ryszard \u017buk<\/strong> (1973-1974), <strong>Roman Wr\u00f3bel<\/strong> (1975-1976), <strong>Wiktor Zembrzuski<\/strong> (1977-1979), <strong>Antoni Zygnerski<\/strong> (1980-1981), <strong>Emil Wilczy\u0144ski<\/strong> (1986-1990).<\/li>\n<li>w Kole Nr 29 przy ZMS: <strong>Ryszard Za\u0144<\/strong> (1968-1969), <strong>Maria Szyma\u0144ska<\/strong> (1969-1970)<\/li>\n<li>w Kole Nr 30 przy ZSZ Dolmel opiekunami byli: <strong>Jan Mr\u00f3zek<\/strong> (1968-1969), <strong>Roman Szymczyk <\/strong>(1970-1971).<\/li>\n<\/ul>\n<p style=\"text-align: justify;\">Dzia\u0142alno\u015b\u0107 PTTK z zak\u0142adzie w latach 1982 &#8211; 1985 znacznie os\u0142ab\u0142a. Ko\u0142o dzia\u0142a\u0142o jeszcze do roku 1990 (do czasu zmian zwi\u0105zanych z prywatyzacj\u0105 zak\u0142adu).<\/p>\n<p style=\"text-align: justify;\">Wielu spo\u015br\u00f3d cz\u0142onk\u00f3w Ko\u0142a dzia\u0142a\u0142o w Oddziale PTTK Wroc\u0142aw Fabryczna, pe\u0142ni\u0105c odpowiedzialne funkcje w jego w\u0142adzach: <strong>W\u0142adys\u0142aw Mianowski<\/strong> &#8211; prezes (1970-1972 i 1974-1981), skarbnik (1972 i 1983-<em>1990*<\/em>); <strong>Mieczys\u0142aw Zandberg<\/strong> &#8211; prezes (1981-<em>1990*<\/em>), cz\u0142onek Zarz\u0105du (19731980); <strong>Bo\u017cena Komendera<\/strong> &#8211; przewodnicz\u0105ca S\u0105du Kole\u017ce\u0144skiego (1970-1974); <strong>Jerzy Idler<\/strong> przewodnicz\u0105cy S\u0105du Kole\u017ce\u0144skiego (1974-1978), cz\u0142onek Zarz\u0105du (1981-1985); <strong>Emil Wilczy\u0144ski<\/strong> cz\u0142onek Komisji Rewizyjnej (1989-<em>1990*<\/em>).<\/p>\n<p style=\"text-align: justify;\"><strong><u>Fabryka Maszyn Rolniczych AGROMET &#8211; PILMET<\/u><\/strong> (1967-1976 z przerwami)<\/p>\n<p style=\"text-align: justify;\">Ko\u0142o PTTK w Zak\u0142adach Metalowych \u201ePILMET\u201d powsta\u0142o 6 kwietnia 1956 r., jako ko\u0142o m\u0142odzie\u017cowe, dzia\u0142aj\u0105ce pod patronatem ZMS. W Oddziale Wroc\u0142awskim zosta\u0142o zarejestrowane pod numerem 66. Jednak s\u0142aba aktywno\u015b\u0107 w pocz\u0105tkowym okresie sprawi\u0142a, i\u017c po roku 1960 trzeba by\u0142o wznowi\u0107 dzia\u0142alno\u015b\u0107 Ko\u0142a.<\/p>\n<p style=\"text-align: justify;\">Na zebraniu inauguruj\u0105cym dzia\u0142alno\u015b\u0107 Mi\u0119dzyzak\u0142adowego Oddzia\u0142u PTTK reprezentuj\u0105cego Ko\u0142o <strong>Janusza Hilgerta<\/strong> wybrano cz\u0142onkiem Zarz\u0105du Oddzia\u0142u. W nowym Oddziale Ko\u0142o otrzyma\u0142o nr 14. Cz\u0142onkowie Ko\u0142a uczestniczyli, ale te\u017c wsp\u00f3\u0142organizowali rajdy \u201eSzlakiem tajemnic podziemi walimskich\u201d, \u201eBarb\u00f3rka\u201d, \u201eKrowiarki\u201d.<\/p>\n<p style=\"text-align: justify;\">W latach 1965 &#8211; 1972, w zak\u0142adzie dzia\u0142a\u0142o te\u017c Szkolne Ko\u0142o PTTK nr 18 przy ZSZ \u201ePilmet\u201d.<\/p>\n<p style=\"text-align: justify;\">Prezesami Ko\u0142a nr 14 byli: <strong>Eliasz Sadek<\/strong> (1956), <strong>Jan Kaczmarz<\/strong> (1961), <strong>Wilhelm Ra\u015b<\/strong> (19631969), <strong>Tadeusz Mikita<\/strong> (1971), <strong>Zdzis\u0142aw Duda<\/strong> (1973), <strong>Janusz Kami\u0144ski<\/strong> (1975-1976).<\/p>\n<p style=\"text-align: justify;\">We w\u0142adzach Oddzia\u0142u PTTK Wroc\u0142aw-Fabryczna dzia\u0142ali <strong>Aleksander Pietrusi\u0144ski<\/strong> &#8211; wiceprezes (1969), cz\u0142onek Zarz\u0105du (1968); <strong>J\u00f3zef Pawlikowski<\/strong> &#8211; cz\u0142onek Zarz\u0105du (1971-1972); <strong>Mariusz Markowski<\/strong> &#8211; cz\u0142onek Prezydium Zarz\u0105du (1974-1975), cz\u0142onek Zarz\u0105du (1972-1974).<\/p>\n<p style=\"text-align: justify;\"><strong><u>Klub \u201eAzymutek &#8211; 67\u201d<\/u><\/strong> (1967-1978)<\/p>\n<p style=\"text-align: justify;\"><strong><u>Wroc\u0142awskie Zak\u0142ady Przemys\u0142u Maszynowego Le\u015bnictwa DOLPIMA<\/u><\/strong> (1968-1969 i 1979-1985)<\/p>\n<p style=\"text-align: justify;\">Ko\u0142o PTTK we Wroc\u0142awskich Zak\u0142adach Przemys\u0142u Maszynowego Le\u015bnictwa reaktywowa\u0142o swoj\u0105 dzia\u0142alno\u015b\u0107 po dziesi\u0119cioletniej przerwie 16 listopada 1979 r. Oddzia\u0142 otrzyma\u0142 odpowiedni wniosek wraz z list\u0105 35 os\u00f3b godz\u0105cych si\u0119 na pobieranie sk\u0142adek PTTK bezpo\u015brednio z listy p\u0142ac. Inicjatywa cz\u0142onk\u00f3w Ko\u0142a mia\u0142a poparcie Zwi\u0105zku Zawodowego Pracownik\u00f3w Le\u015bnictwa i Przemys\u0142u drzewnego. W Oddziale zarejestrowane zosta\u0142o pod nr 18.<\/p>\n<p style=\"text-align: justify;\">Turystyka organizowana przez Ko\u0142o od razu zyska\u0142a poparcie zwi\u0105zk\u00f3w zawodowych. Pracownicy Dolpimy zapraszani byli przez cz\u0142onk\u00f3w Ko\u0142a do uczestnictwa w kolejnych Rajdach Le\u015bnik\u00f3w i Drzewiarzy. Wielokrotnie brali te\u017c udzia\u0142 w \u201eRajdzie \u015awi\u0119tokrzyskim\u201d. Korzystaj\u0105c z nale\u017c\u0105cej do Zwi\u0105zku Zawodowego Pracownik\u00f3w Le\u015bnictwa i Przemys\u0142u Drzewnego bazy noclegowej w Kar\u0142owie organizowano turystyczne wypady w rejon G\u00f3r Sto\u0142owych.<\/p>\n<p style=\"text-align: justify;\">Prezesami Ko\u0142a byli: <strong>Jerzy Komenda<\/strong> (1968-1969), <strong>Mieczys\u0142aw Ryglowski<\/strong> (1980-1984), <strong>Henryk Andrzejczak<\/strong> (1984-1985).<\/p>\n<p style=\"text-align: justify;\">Cz\u0142onkiem Zarz\u0105du Oddzia\u0142u w latach 1981 &#8211; 1982 by\u0142 inicjator wznowienia dzia\u0142alno\u015bci Ko\u0142a PTTK w zak\u0142adzie &#8211; <strong>Roman Nikolin<\/strong>.<\/p>\n<p style=\"text-align: justify;\"><strong><u>Fabryka Maszyn Drogowych FADROMA<\/u><\/strong> (1968-1991 z przerwami)<\/p>\n<p style=\"text-align: justify;\">Ko\u0142o PTTK w Fabryce Maszyn Budowlanych nale\u017ca\u0142o do ogniw, kt\u00f3re z inicjatywy Witolda Prelicza &#8211; Prezesa Oddzia\u0142u, po utworzeniu Mi\u0119dzyzak\u0142adowego Oddzia\u0142u PTTK szybko wznowi\u0142o sw\u0105 dzia\u0142alno\u015b\u0107 (05.12.1968). W ewidencji Oddzia\u0142u otrzyma\u0142o Nr 15.<\/p>\n<p style=\"text-align: justify;\">W latach siedemdziesi\u0105tych cz\u0142onkowie i sympatycy Ko\u0142a brali udzia\u0142 w imprezach oddzia\u0142owych. Ka\u017cdego roku uczestniczyli w Zlotach Metalowc\u00f3w organizowanych przez ko\u0142a, a p\u00f3\u017aniej Oddzia\u0142 Zak\u0142adowy Pafawagu. Ko\u0142o nr 15 mia\u0142o tak\u017ce w\u0142asn\u0105 imprez\u0119 &#8211; \u201eZ\u0142az Fadromy\u201d. Ponadto dysponowa\u0142o przej\u0119t\u0105 od Rady Zak\u0142adowej wypo\u017cyczalni\u0105 sprz\u0119tu turystycznego.<\/p>\n<p style=\"text-align: justify;\">Prezesami Ko\u0142a byli: <strong>Augustyn Bia\u0142ow\u0105s<\/strong> (1968-1969), <strong>Juliusz Paszkowski<\/strong> (1972-1975), <strong>Edward Kozanecki<\/strong> (1976-1979), <strong>Adam Hejna<\/strong> (1981-1982), <strong>El\u017cbieta Rampold<\/strong> (1983-1984), <strong>Zdzis\u0142aw Borowiec<\/strong> (1990).<\/p>\n<p style=\"text-align: justify;\">Cz\u0142onkiem Zarz\u0105du Oddzia\u0142u PTTK Wroc\u0142aw Fabryczna by\u0142 <strong>Juliusz Paszkowski<\/strong> (1973-1975).<\/p>\n<p style=\"text-align: justify;\"><strong><u>Fabryka Automat\u00f3w Tokarskich (FAT)<\/u><\/strong> (1968-1983 z przerwami)<\/p>\n<p style=\"text-align: justify;\">Ko\u0142o PTTK przy Fabryce Automat\u00f3w Tokarskich powsta\u0142o 20 marca 1956 r., jako ogniwo Oddzia\u0142u Wroc\u0142awskiego PTTK.<\/p>\n<p style=\"text-align: justify;\">Do Mi\u0119dzyzak\u0142adowego Oddzia\u0142u PTTK przesz\u0142o w 1968 r. i w wyniku uzgodnie\u0144 prezesa Zarz\u0105du Oddzia\u0142u, Rady Zak\u0142adowej, ZMS i Dyrekcji Zak\u0142adu wznowi\u0142o swoj\u0105 dzia\u0142alno\u015b\u0107 12 marca 1969 r. jako Ko\u0142o Nr 12. Aktyw Ko\u0142a szybko w\u0142\u0105czy\u0142 si\u0119 w organizacj\u0119 imprez turystycznych. Ko\u0142o by\u0142o&nbsp; wsp\u00f3\u0142organizatorem pierwszej imprezy jesiennej \u201eDzik 70\u201d (Lubach\u00f3w &#8211; listopad 1970), a tak\u017ce organizowa\u0142o \u201eZlotu Ponarowc\u00f3w\u201d (PONAR &#8211; Zjednoczenie Przemys\u0142u Obrabiarkowego) i obozy turystyczne w Bieszczadach. Cz\u0142onkowie i sympatycy Ko\u0142a brali te\u017c udzia\u0142 w wielu rajdach oddzia\u0142owych (\u201eZamki Piastowskie\u201d, \u201eSzlakiem tajemnic podziemi walimskich\u201d, \u201eSob\u00f3tki S\u0142owia\u0144skie\u201d).<\/p>\n<p style=\"text-align: justify;\">Prezesami Ko\u0142a byli <strong>Marian Miko\u0142owski<\/strong> (1956), <strong>Franciszek Statnik<\/strong> (1969-1973), <strong>Bogus\u0142aw Modelski<\/strong> (1974-1975), <strong>Andrzej Chmielecki<\/strong> (w Kole przy hotelu &#8211; 1976), <strong>Marian Kuriata<\/strong> (1977), <strong>Henryk Banasiak<\/strong> (1979); <strong>Krzysztof Miklus<\/strong> (1980-1983).<\/p>\n<p style=\"text-align: justify;\">We w\u0142adzach Oddzia\u0142u PTTK Wroc\u0142aw Fabryczna dzia\u0142ali: <strong>Franciszek Statnik<\/strong> &#8211; cz\u0142onek Zarz\u0105du (1972-1973), <strong>Bogus\u0142aw Modelski<\/strong> &#8211; cz\u0142onek Zarz\u0105du (1976-<em>1983*<\/em>)<\/p>\n<p style=\"text-align: justify;\"><strong><u>Ko\u0142o nr 31 przy Osiedlowym Domu Kultury \u201eKozan\u00f3w\u201d<\/u><\/strong> (1968-1972)<br><strong><u>Ko\u0142o nr 33 przy Osiedlowym Domu Kultury \u201eMa\u015blice\u201d<\/u><\/strong> (1968-1972)<br><strong><u>Ko\u0142o nr 34 przy Osiedlowym Domu Kultury \u201eMuchob\u00f3r\u201d<\/u><\/strong> (1968-1972)<br><strong><u>Ko\u0142o nr 35 przy Osiedlowym Domu Kultury \u201ePilczyce\u201d<\/u><\/strong> (1968-1970)<br><strong><u>Ko\u0142o nr 25 przy Zak\u0142adach Mi\u0119snych<\/u><\/strong> (1968-1979)<br><strong><u>Ko\u0142o nr 9 przy parafii \u015bw. Klemensa Dworzaka<\/u><\/strong> (1969-1995)<br><strong><u>Ko\u0142o nr 21 w Zak\u0142adzie Produkcji Aparatury Elektronicznej\u201eINCO\u201d<\/u><\/strong> (1970-1972 i 1981-1985)<\/p>\n<p style=\"text-align: justify;\">Ko\u0142o PTTK nr 21 w Zak\u0142adach Produkcji Aparatury Elektronicznej dzia\u0142a\u0142o z przerwami. W protok\u00f3le z zebrania zawi\u0105zuj\u0105cego Ko\u0142o (10 marca 1970 r.) mo\u017cna znale\u017a\u0107 nazwiska inicjator\u00f3w: cz\u0142onka Zarz\u0105du Oddzia\u0142u PTTK &#8211; J\u00f3zefa Iwana, Przewodnicz\u0105cej Rady Zak\u0142adowej &#8211; Zofii Maass oraz 26 uczestnik\u00f3w spotkania. Dokument ten po\u015br\u00f3d stosownych ustale\u0144 zawiera odwo\u0142anie do uchwa\u0142y Sekretariatu CRZZ z 1955 r i porozumienia pomi\u0119dzy CRZZ i PTTK z 1962 r. o wsp\u00f3lnych celach PTTK i CRZZ w organizacji wypoczynku pracownik\u00f3w zak\u0142adu (\u201eKo\u0142o PTTK w\u0142a\u015bciw\u0105 form\u0105 organizacji turystyki\u201d).<\/p>\n<p style=\"text-align: justify;\">Ko\u0142o, korzystaj\u0105c z poparcia Dyrekcji i Rady Zak\u0142adowej (autokary, dofinansowanie), staje si\u0119 organizatorem autokarowych wycieczek turystycznych i krajoznawczych. Jego cz\u0142onkowie i sympatycy uczestnicz\u0105 w imprezach oddzia\u0142owych, takich jak rajdy: \u201eSzlakiem Zamk\u00f3w Piastowskich\u201d, \u201eZlot Elektronik\u00f3w\u201d, \u201eZlot Metalowc\u00f3w\u201d, \u201eSzlakiem tajemnic podziemi walimskich\u201d, \u201eSob\u00f3tki S\u0142owia\u0144skie\u201d. W okresie zimowym organizowane s\u0105 wyjazdy na narty. Prowadzone s\u0105 prelekcje o tematyce turystycznej.<\/p>\n<p style=\"text-align: justify;\">W latach 1973 &#8211; 1980 nast\u0105pi\u0142a przerwa w dzia\u0142aniach Ko\u0142a. O wznowieniu jego dzia\u0142alno\u015bci Oddzia\u0142 PTTK Wroc\u0142aw Fabryczna zosta\u0142 poinformowany pismem z dnia 9 czerwca 1981 r. Jednak po kilku latach niewielkiej aktywno\u015bci dzia\u0142alno\u015b\u0107 Ko\u0142a zanik\u0142a ca\u0142kowicie.<\/p>\n<p style=\"text-align: justify;\">Prezesami Ko\u0142a byli <strong>J\u00f3zef Iwan<\/strong> (1970-1972), <strong>Waldemar K\u0119dra<\/strong> (1981-1982), <strong>Dariusz Banaszyk <\/strong>(1983-1985).<\/p>\n<p style=\"text-align: justify;\">Cz\u0142onkiem Zarz\u0105du Oddzia\u0142u PTTK Wroc\u0142aw Fabryczna by\u0142 w latach 1968 &#8211; 1970 <strong>J\u00f3zef Iwan<\/strong> wsp\u00f3\u0142za\u0142o\u017cyciel Ko\u0142a.<\/p>\n<p style=\"text-align: justify;\"><strong><u>Ko\u0142o nr 13 przy HUTMEN<\/u><\/strong> (1967-2008)<\/p>\n<p style=\"text-align: justify;\">Ko\u0142o PTTK przy Zak\u0142adach Hutniczo &#8211; Przetw\u00f3rczych Metali Nie\u017celaznych \u201eHUTMEN\u201d powsta\u0142o 11 stycznia 1962 r. Od pocz\u0105tku za g\u0142\u00f3wny cel postawi\u0142o sobie organizowanie wycieczek turystyczno krajoznawczych i aktywnego wypoczynku, dla za\u0142ogi zak\u0142adu pracuj\u0105cej w ci\u0119\u017ckich warunkach (wysoka temperatura, ha\u0142as, wp\u0142yw szkodliwych metali ci\u0119\u017ckich). Pierwszym prezesem Ko\u0142a, kt\u00f3re liczy\u0142o wtedy 30 os\u00f3b zosta\u0142 Stanis\u0142aw Semczyszyn. W pocz\u0105tkowym okresie Ko\u0142o nie dzia\u0142a\u0142o zbyt intensywnie. Dopiero po 1968 r. dzia\u0142ania nabra\u0142y wi\u0119kszego rozmachu. Organizowano liczne wycieczki turystyczne w Bieszczady, Gorce, Tatry i Pieniny, wyjazdy krajoznawcze do Tr\u00f3jmiasta, Malborka, Wieliczki, a tak\u017ce&nbsp; turystyczne wyprawy w Sudety.<\/p>\n<p style=\"text-align: justify;\">W maju 1967 roku Ko\u0142o wesz\u0142o w sk\u0142ad Mi\u0119dzyzak\u0142adowego Oddzia\u0142u PTTK staj\u0105c si\u0119 jednym z cz\u0142onk\u00f3w &#8211; za\u0142o\u017cycieli.<\/p>\n<p style=\"text-align: justify;\">Od po\u0142owy lat siedemdziesi\u0105tych (w roku 1975 Ko\u0142o liczy\u0142o 186 cz\u0142onk\u00f3w) zacz\u0119to organizowa\u0107 imprezy turystyki kwalifikowanej, szczeg\u00f3lnie g\u00f3rskiej, na terenie Sudet\u00f3w i Beskid\u00f3w oraz popularne wycieczki do Gniezna, Biskupina, Torunia, K\u00f3rnika, Rogalina, Warszawy, Krakowa i inne atrakcyjne miejsca. Na prze\u0142omie lat siedemdziesi\u0105tych zacz\u0119to propagowa\u0107 turystyk\u0119 narciarsk\u0105, organizuj\u0105c w ka\u017cdym sezonie oko\u0142o 10 wyjazd\u00f3w na narty. Pr\u0119\u017cnie dzia\u0142a\u0142a te\u017c sekcja kajakowa, wsp\u00f3\u0142organizuj\u0105c sp\u0142ywy na Czarnej Ha\u0144czy i Raspudzie, Drw\u0119cy, Obrze, Wdzie i Drawie. W 1979 r. zorganizowano trzytygodniow\u0105 wypraw\u0119 w g\u00f3ry Pirynu i Ri\u0142y (Bu\u0142garia), a w latach osiemdziesi\u0105tych cztery dwutygodniowe obozy w Tatrach S\u0142owackich. Od 1982 r. przez blisko dziesi\u0119\u0107 lat, by\u0142y organizowane obozy w Tatrach (po 10 &#8211; 14 dni) z bazami w Domu Turysty w Zakopanem i schroniskach tatrza\u0144skich. W 1993 r. cz\u0142onkowie Ko\u0142a byli te\u017c w Alpach (Masyw Dachsteinu). Oczywi\u015bcie nadal organizowano imprezy turystyki kwalifikowanej w Bieszczadach, Beskidzie \u015al\u0105skim i \u017bywieckim, G\u00f3rach \u015awi\u0119tokrzyskich i na&nbsp; Jurze Krakowsko \u2013 Cz\u0119stochowskiej oraz wycieczki krajoznawczym po Polsce (Krak\u00f3w, Wieliczka, Sandomierz, Pszczyna, Tarnowskie G\u00f3ry, Ojc\u00f3w, \u0141a\u0144cut, Malbork, Gda\u0144sk) i poza jej granicami (Budapeszt, Wiede\u0144, Praga, Skalne Miasta, Morawski Kras, Jeseniki, Parki Narodowe i Dalmacja w Chorwacji i Szwajcaria Czesko &#8211; Sakso\u0144ska). Ale najwi\u0119cej imprez turystycznych by\u0142o organizowanych w Sudetach, kt\u00f3re cz\u0142onkowie i sympatycy Ko\u0142a przemierzyli wzd\u0142u\u017c i wszerz. W latach siedemdziesi\u0105tych i osiemdziesi\u0105tych odbywa\u0142o si\u0119 oko\u0142o pi\u0119tnastu, w latach p\u00f3\u017aniejszych oko\u0142o pi\u0119ciu imprez rocznie. Ko\u0142o tradycyjnie organizowa\u0142o trzy imprezy: w maju \u201eRajd Hutnik\u00f3w\u201d, w czerwcu (z okazji Dnia Dziecka) wycieczka \u201eZ dzie\u0107mi w g\u00f3ry\u201d i w pa\u017adzierniku \u201eZako\u0144czenie sezonu\u201d.<\/p>\n<p style=\"text-align: justify;\">Dobra dzia\u0142alno\u015b\u0107 Ko\u0142a to tak\u017ce wynik udzielanego przez Dyrekcj\u0119 Zak\u0142adu poparcia; m.in. w formie dofinansowania do wielu organizowanych przez Ko\u0142o imprez turystycznych.<\/p>\n<p style=\"text-align: justify;\">W roku 1984 w dow\u00f3d uznania za d\u0142ugoletni\u0105 aktywn\u0105 dzia\u0142alno\u015b\u0107 Ko\u0142o zosta\u0142o wyr\u00f3\u017cnione Srebrn\u0105 Honorow\u0105 Odznak\u0105 PTTK.<\/p>\n<p style=\"text-align: justify;\">Prezesami Ko\u0142a byli: <strong>Stanis\u0142aw Semczyszyn<\/strong> (1962-1968), <strong>Tadeusz Kalisz<\/strong> (1968-1970), <strong>Zdzis\u0142aw Bogus\u0142awski<\/strong> (1972-1973), <strong>Andrzej Fryt<\/strong> (1973-1974), <strong>Adam Kucharczyk<\/strong> (1974-1975), <strong>Jan Sendal <\/strong>(1975-1976), <strong>Jadwiga Klusek<\/strong> (1976-1978), <strong>Bronis\u0142aw Jaje<\/strong> (1978-1981), <strong>Janusz Chrzan<\/strong> (19811984), <strong>Jerzy Kosowski<\/strong> (1985-2008)<\/p>\n<p style=\"text-align: justify;\">W\u015br\u00f3d aktywnych dzia\u0142aczy wymieni\u0107 trzeba: <strong>Mariana Kosi\u0144skiego<\/strong>, <strong>Mariann\u0119 i Bronis\u0142awa Jaje<\/strong>, <strong>Jana Staniszewskiego<\/strong>, <strong>Janusza Chrzana<\/strong>, <strong>Tadeusza Jarosza<\/strong>, <strong>Jerzego Kosowskiego<\/strong>, <strong>Iwon\u0119 Olczak<\/strong>, <strong>Dorot\u0119 Szymszon<\/strong> i <strong>Bo\u017cen\u0119 Rymarowicz<\/strong>.<\/p>\n<p style=\"text-align: justify;\">W sk\u0142ad w\u0142adz Oddzia\u0142u wchodzili: <strong>Janusz Chrzan<\/strong> &#8211; cz\u0142onek Zarz\u0105du (1985-1986); <strong>Bronis\u0142aw Jaje<\/strong> &#8211; wiceprezes (1983-1985) i cz\u0142onek Prezydium Zarz\u0105du (1981-1982);&nbsp; <strong>Tadeusz Jarosz<\/strong> &#8211; cz\u0142onek Zarz\u0105du (1989-2000) i <strong>Jerzy Kosowski<\/strong> &#8211; cz\u0142onek Zarz\u0105du (2000-<em>2008*<\/em>)<\/p>\n<p style=\"text-align: justify;\">Niestety narastaj\u0105ce dzia\u0142ania w\u0142a\u015bcicielskie zmierzaj\u0105ce do likwidacji Hutmenu i uwolnienia jego terenu pod dzia\u0142alno\u015b\u0107 dewelopersk\u0105 spowodowa\u0142y radykalne zmniejszenie zatrudnienia oraz wprowadzi\u0142y atmosfer\u0119 niepewno\u015bci i tymczasowo\u015bci.<\/p>\n<p style=\"text-align: justify;\">W spos\u00f3b oczywisty przenios\u0142o si\u0119 to na liczebno\u015b\u0107 Ko\u0142a i jego dalsz\u0105 dzia\u0142alno\u015b\u0107. Wiele os\u00f3b \u2013 cz\u0142onk\u00f3w i sympatyk\u00f3w Ko\u0142a anga\u017cuj\u0105cych si\u0119 w dzia\u0142alno\u015b\u0107 turystyczn\u0105 odesz\u0142o z zak\u0142adu. Kilka os\u00f3b aktywnie uczestnicz\u0105cych w pracach Ko\u0142a zmog\u0142y choroby. Tak\u017ce \u015bmier\u0107 zbiera\u0142a swoje \u017cniwo. Wobec powy\u017cszego Ko\u0142o nr 13 nie spe\u0142niaj\u0105c wymogu statutowej liczby cz\u0142onk\u00f3w z ko\u0144cem roku 2008 zako\u0144czy\u0142o dzia\u0142alno\u015b\u0107.<\/p>\n<p style=\"text-align: justify;\"><strong><u>Wroc\u0142awskie Zak\u0142ady Materia\u0142\u00f3w Ogniotrwa\u0142ych<\/u><\/strong> (1967-1985)<\/p>\n<p style=\"text-align: justify;\">Zak\u0142adowe Ko\u0142o PTTK przy Wroc\u0142awskich Zak\u0142adach Materia\u0142\u00f3w Ogniotrwa\u0142ych za\u0142o\u017cone zosta\u0142o 26 stycznia 1964 r. i zarejestrowane w Oddziale Wroc\u0142awskim jako Ko\u0142o nr 195. Przej\u0119te przez Oddzia\u0142 Mi\u0119dzyzak\u0142adowy otrzymuje nr 16.<\/p>\n<p style=\"text-align: justify;\">Dzia\u0142alno\u015b\u0107 Ko\u0142a na rzecz za\u0142ogi zak\u0142adu cieszy\u0142a si\u0119 poparciem Rady Zak\u0142adowej i Dyrekcji. Organizowane by\u0142y wycieczki autokarowe do atrakcyjnych turystycznie miejsc w Polsce. Ch\u0119tnie te\u017c odwiedzano dolno\u015bl\u0105skie miejscowo\u015bci podg\u00f3rskie. Cz\u0142onkowie i sympatycy Ko\u0142a brali udzia\u0142 w imprezach&nbsp; macierzystych Oddzia\u0142\u00f3w PTTK (w Oddziale Wroc\u0142awskim &#8211; Skalne Grzyby i Rajd Bialski, w Oddziale Wroc\u0142aw Fabryczna &#8211; Zamki Piastowskie, Zlot Elektronik\u00f3w, Zlot Metalowc\u00f3w). Dru\u017cyny ko\u0142a zak\u0142adowego uczestniczy\u0142y w popularnych rajdach bran\u017cowych hutnik\u00f3w (Rajd Hutnik\u00f3w).<\/p>\n<p style=\"text-align: justify;\">Gablota Ko\u0142a PTTK by\u0142a kontaktem z jego cz\u0142onkami i sympatykami. Znale\u017a\u0107 tam mo\u017cna by\u0142o informacje o bie\u017c\u0105cej dzia\u0142alno\u015bci PTTK, dowiedzie\u0107 si\u0119 o planowanych imprezach, ale te\u017c przeczyta\u0107 relacje i obejrze\u0107 fotografie z rajd\u00f3w i wycieczek, kt\u00f3re ju\u017c si\u0119 odby\u0142y. Taka forma kontaktu zach\u0119ca\u0142a nie tylko do udzia\u0142u w kolejnych imprezach, ale i pomaga\u0142a pozyska\u0107 nowych cz\u0142onk\u00f3w PTTK.<\/p>\n<p style=\"text-align: justify;\">Prezesami Ko\u0142a byli: <strong>Rajmund Szymczyk<\/strong> (1964), <strong>Urszula Kawi\u0144ska<\/strong> (1966-1968), <strong>Edward Feliks<\/strong> (1969), <strong>Janusz Chmiel<\/strong> (1970-1971), <strong>Anna Adamska<\/strong> (1972), <strong>Teresa S\u0142odka<\/strong> (1973); <strong>Marek Sroczy\u0144ski<\/strong> (1975-1985).<\/p>\n<p style=\"text-align: justify;\">Na szczeg\u00f3lne wyr\u00f3\u017cnienie zas\u0142uguje aktywno\u015b\u0107 spo\u0142eczna <strong>Urszuli Kawi\u0144skiej<\/strong>, kt\u00f3ra za\u0142o\u017cy\u0142a Ko\u0142o PTTK. Pe\u0142ni\u0142a te\u017c w nim funkcje prezesa, a p\u00f3\u017aniej sekretarza i skarbnika. Jako przodownik GOT na przestrzeni wielu lat, inicjowa\u0142a te\u017c jego dzia\u0142alno\u015b\u0107 programow\u0105.<\/p>\n<p style=\"text-align: justify;\"><strong>Urszula Kawi\u0144ska<\/strong> dzia\u0142a\u0142a we w\u0142adzach Oddzia\u0142u. By\u0142a tam cz\u0142onkiem Zarz\u0105du (1974-1981), cz\u0142onkiem Komisji Rewizyjnej (1981-1985) i przewodnicz\u0105c\u0105 S\u0105du Kole\u017ce\u0144skiego (1991-1992).<\/p>\n<p style=\"text-align: justify;\"><strong><u>Ko\u0142o nr 19 \u201eTerenowe\u201d<\/u><\/strong> (1967- i nadal)<\/p>\n<p style=\"text-align: justify;\">Ko\u0142o zrzesza turyst\u00f3w, kt\u00f3rzy nie zdeklarowali swej przynale\u017cno\u015bci do \u017cadnego z dzia\u0142aj\u0105cych w Oddziale k\u00f3\u0142 i klub\u00f3w. Jego cz\u0142onkowie bior\u0105 aktywny udzia\u0142 w \u017cyciu Oddzia\u0142u, organizuj\u0105c imprezy i spotkania oddzia\u0142owe. Wielu z nich przez lata dzia\u0142a\u0142o i nadal dzia\u0142a we w\u0142adzach Oddzia\u0142u. S\u0105 te\u017c wsp\u00f3\u0142organizatorami corocznego Zlotu Oddzia\u0142u PTTK Wroc\u0142aw Fabryczna.<\/p>\n<p style=\"text-align: justify;\"><strong><u>Ko\u0142o Organizator\u00f3w Turystyki<\/u><\/strong> (1968-1972)<\/p>\n<p style=\"text-align: justify;\">Od pocz\u0105tku powstania Oddzia\u0142u istnia\u0142a pilna potrzeba szkolenia jego cz\u0142onk\u00f3w. Najlepsz\u0105 i w\u00f3wczas najbardziej popularn\u0105 form\u0105 szkole\u0144 by\u0142y kursy organizator\u00f3w turystyki, kt\u00f3rych gor\u0105cym propagatorem by\u0142 Witold Prelicz W pierwszym pi\u0119cioleciu istnienia Oddzia\u0142u zorganizowanych zosta\u0142o 12 kurs\u00f3w&nbsp; dla 452 absolwent\u00f3w. W 1968 r. zawi\u0105zane zosta\u0142o Ko\u0142o &#8211; Klub Organizator\u00f3w Turystyki, kt\u00f3rego celem by\u0142o organizowanie pog\u0142\u0119bionych szkole\u0144 i mobilizowanie cz\u0142onk\u00f3w do uczestnictwa w imprezach \u015brodowiska, k\u00f3\u0142 zak\u0142adowych, a tak\u017ce Oddzia\u0142u. Znaczna cz\u0119\u015b\u0107 absolwent\u00f3w kurs\u00f3w organizowanych w tamtych latach do dzi\u015b uprawia turystyk\u0119 i uczestniczy w \u017cyciu organizacyjnym naszego Oddzia\u0142u.<\/p>\n<p style=\"text-align: justify;\">Z dzia\u0142aczy tego okresu wymieni\u0107 nale\u017cy <strong>Wiktora Nowaka<\/strong> &#8211; prezesa Ko\u0142a, <strong>Jana Staniszewskiego<\/strong>, <strong>Ann\u0119 Zamojsk\u0105<\/strong>, <strong>Tadeusza Much\u0119<\/strong>, <strong>Mariusza Markowskiego<\/strong>, <strong>Paw\u0142a Mystka<\/strong>.<\/p>\n<p style=\"text-align: justify;\"><strong><u>M\u0142odzie\u017cowy Klub Turystyczny \u201e\u015al\u0119\u017canie\u201d<\/u><\/strong> (1968-1990 z przerwami)<\/p>\n<p style=\"text-align: justify;\">Klub powsta\u0142 16 maja 1968 r. z po\u0142\u0105czenia trzech grup gromadz\u0105cych m\u0142odzie\u017c uczestnicz\u0105c\u0105 w \u017cyciu Oddzia\u0142u &#8211; \u201eFelicjanie\u201d, \u201eGrzydle\u201d i \u201eSzarotki\u201d. W pocz\u0105tkowym okresie Klub by\u0142 wsp\u00f3\u0142organizatorem imprez turystycznych i dopiero w roku 1971 rozpocz\u0105\u0142 szersz\u0105 dzia\u0142alno\u015b\u0107 klubow\u0105 i towarzysk\u0105. Spotkania klubowe odbywa\u0142y si\u0119 ju\u017c co 2 tygodnie, a ich tematem by\u0142y przygotowania do organizowanych imprez,&nbsp; szkolenia, prelekcje, prezentowanie prze\u017aroczy z ju\u017c zorganizowanych imprez oraz wypraw krajowych i zagranicznych. I cho\u0107 obowi\u0105zkiem cz\u0142onka klubu by\u0142 aktywny udzia\u0142 w przygotowywaniu imprez (opisy krajoznawcze, opisy tras, pomoc przy wysy\u0142ce materia\u0142\u00f3w propagandowych imprezy do ogniw szkolnych i zak\u0142adowych; bardziej do\u015bwiadczeni cz\u0142onkowie byli delegowani do prowadzenia i obs\u0142ugi tras na imprezach) Klub szybko zdobywa\u0142 licznych sympatyk\u00f3w. \u201e\u015al\u0119\u017canie\u201d organizowali pierwsze imprezy oddzia\u0142owe: \u201eZlot Koperniki\u201d, \u201eSob\u00f3tki S\u0142owia\u0144skie\u201d, \u201eDzik 1969-1971\u201d, \u201e\u015aladami Dziadoszan\u201d, \u201eSzlakami Piast\u00f3w Z\u0105bkowickich\u201d, a w latach 1969 &#8211; 1970 tak\u017ce z\u0142az\u00f3w zimowych i wiosennych m\u0142odzie\u017cy szkolnej.<\/p>\n<p style=\"text-align: justify;\">Z tego okresu dzia\u0142alno\u015bci trzeba wymieni\u0107 przede wszystkim dzia\u0142aczy z grupy inicjator\u00f3w powo\u0142ania Klubu. Byli to cz\u0142onkowie pierwszego zarz\u0105du: <strong>Ryszard Szpak<\/strong>, <strong>Wac\u0142aw Jarguli\u0144ski<\/strong>, <strong>Henryk Johan<\/strong>, <strong>Katarzyna \u015aliwak<\/strong> i <strong>Jerzy Zaj\u0105czkowski<\/strong>, ale te\u017c aktywni dzia\u0142acze <strong>Krzysztof Bie\u015b<\/strong> i <strong>Jerzy Maleszka<\/strong>. Powo\u0142anie <strong>Ryszarda Szpaka<\/strong> (prezesa Klubu w latach 1968 &#8211; 1972) do s\u0142u\u017cby wojskowej spowodowa\u0142o chwilowe zawieszenie dzia\u0142alno\u015bci. Z ko\u0144cem roku 1972 powo\u0142ano nowy zarz\u0105d, kt\u00f3remu przewodniczy\u0142 <strong>Jerzy Komosa<\/strong> (1968-1972). Nadal organizowane by\u0142y tradycyjne imprezy. Spotkania klubowe w latach 1973 &#8211; 1975 cz\u0119sto odbywa\u0142y si\u0119 w schroniskach (Sob\u00f3tka, Zygmunt\u00f3wka, Andrzej\u00f3wka). Niestety nast\u0105pi\u0142a kolejna &#8211; tym razem d\u0142u\u017csza przerwa w dzia\u0142alno\u015bci Klubu. Po tej przerwie organizowana jest tylko jedna impreza klubowa &#8211; \u201eChrz\u0105szcz\u201d. Przewa\u017caj\u0105 imprezy zamkni\u0119te dla stale malej\u0105cej liczby uczestnik\u00f3w. Dzia\u0142alno\u015b\u0107 konkursowa \u201eCzy znasz\u201d (Dolny \u015al\u0105sk, dzielnic\u0119 Fabryczn\u0105, kraje przyjaci\u00f3\u0142) przenosi si\u0119 na teren szk\u00f3\u0142 (Zesp\u00f3\u0142 Szk\u00f3\u0142 Ekonomicznych). Mo\u017cna te\u017c m\u00f3wi\u0107 o swego rodzaju imprezach rodzinnych, gdy dzia\u0142alno\u015bci Klubu przenosi si\u0119 na osiedle Zakrz\u00f3w &#8211; miejsce zamieszkania grona dzia\u0142aczy. Na prze\u0142omie lat siedemdziesi\u0105tych i osiemdziesi\u0105tych w dzia\u0142alno\u015bci Klubu wyr\u00f3\u017cnia\u0142y si\u0119 panie <strong>Maria Klekot<\/strong>, <strong>Teresa Peszko<\/strong> i <strong>Barbara Wilk<\/strong>.<\/p>\n<p style=\"text-align: justify;\">Prezesami MKT \u015al\u0119\u017canie byli: <strong>Ryszard Szpak<\/strong> (1968-1972), <strong>Jerzy Komosa<\/strong> (1973-1975), <strong>Adam Klekot<\/strong> (1980-1984), <strong>J\u00f3zef Peszko<\/strong> (1989).<\/p>\n<p style=\"text-align: justify;\">Cz\u0142onkami w\u0142adz Oddzia\u0142u byli: <strong>Jerzy Komosa<\/strong> &#8211; cz\u0142onek Zarz\u0105du (1973-1976) i <strong>Marek Wilk<\/strong> cz\u0142onek Zarz\u0105du (1989-<em>1990*<\/em>)<\/p>\n<p style=\"text-align: justify;\"><strong><u>Klub Turystyki G\u00f3rskiej \u201eGrzdyle\u201d<\/u><\/strong> (1968-1983)<\/p>\n<p style=\"text-align: justify;\">Zal\u0105\u017ckiem Klubu Turystyki G\u00f3rskiej \u201eGrzdyle by\u0142a grupa m\u0142odzie\u017cowa \u201eGrzdyle\u201d, kt\u00f3ra nie b\u0119d\u0105c zwi\u0105zana z \u017cadn\u0105 organizacj\u0105 turystyczn\u0105 penetrowa\u0142a okolice Wroc\u0142awia. Ulubionym miejscem spotka\u0144 by\u0142o popularne rozlewisko Odry &#8211; \u201eBajka\u0142\u201d. Tam biwakowano, ale te\u017c uczono si\u0119 obozowania i organizacji wsp\u00f3lnego wypoczynku. Od jesieni 1968 r. grupa \u201eGrzdyle\u201d dzia\u0142a w ramach Oddzia\u0142u Wroc\u0142aw Fabryczna, jako sekcja turystyczna M\u0142odzie\u017cowego Klubu Turystycznego \u201e\u015al\u0119\u017canie\u201d. Rych\u0142o jednak \u201eGrzdyle\u201d&nbsp; wybieraj\u0105 samodzielno\u015b\u0107, przekszta\u0142caj\u0105c si\u0119 w Klub Turystyki G\u00f3rskiej \u201eGrzdyle\u201d. Organizuj\u0105 imprezy turystyczne: \u201eZ\u0142az w Jordanowie\u201d, \u201e\u015awi\u0119ta w g\u00f3rach\u201d, \u201eZlot sympatyk\u00f3w Grzdyli\u201d, \u201eKrowiarki\u201d, \u201eBarwy Jesieni\u201d. W\u0119druj\u0105 te\u017c po Karkonoszach, Beskidach, Pieninach, Tatrach i po S\u0142owi\u0144skim Parku Narodowym. W p\u00f3\u017aniejszych latach odwiedzaj\u0105 Czeskie Karkonosze, g\u00f3ry Ri\u0142a w Bu\u0142garii, g\u00f3ry Fogaraskie w Rumunii oraz Alpy Julijskie w Jugos\u0142awii.<\/p>\n<p style=\"text-align: justify;\">W 1972 r. Klub zdobywa pierwsze miejsce w og\u00f3lnopolskim teleturnieju \u201eNa trasie, szlaku i biwaku\u201d, a rok p\u00f3\u017aniej za dzia\u0142alno\u015b\u0107 i propagowanie turystyki w\u015br\u00f3d m\u0142odzie\u017cy zostaje wyr\u00f3\u017cniony Srebrn\u0105 Honorow\u0105 Odznak\u0105 PTTK.<\/p>\n<p style=\"text-align: justify;\">Z pierwszych lat dzia\u0142alno\u015bci wymieni\u0107 nale\u017cy dzia\u0142aczy: <strong>Stanis\u0142awa Nosola<\/strong> (\u00f3wczesnego prezesa Klubu), <strong>Waldemara Szafra\u0144skiego<\/strong>, <strong>Stanis\u0142awa Ziobr\u0119<\/strong>, <strong>Miros\u0142awa Kiereckiego<\/strong>. Po zmianach w sk\u0142adzie Zarz\u0105du Klubu (1976), zawi\u0105zuje si\u0119 sekcja wspinaczkowa. Pi\u0119ciu klubowicz\u00f3w odbywa kurs ska\u0142kowy. Organizowane s\u0105 wyjazdy wspinaczkowe w Sokoliki. Ten nowy rodzaj dzia\u0142alno\u015b\u0107, kierowany przez <strong>Szymona Serwatk\u0119<\/strong> owocuje szkoleniami w Tatrach. Prowadzone s\u0105 te\u017c szkolenia teoretyczne z zakresu historii alpinizmu i topografii Tatr. Kontynuowane s\u0105 wyprawy wspinaczkowe do Strzeblowa i w Sokoliki. Szereg os\u00f3b&nbsp; ko\u0144czy kursy wspinaczkowe. Z dotacji Oddzia\u0142u dokonuje si\u0119 pierwszych zakup\u00f3w sprz\u0119tu wspinaczkowego. R\u00f3wnolegle grupa zwolennik\u00f3w dotychczasowych form turystyki organizuje tradycyjne imprezy klubowe i z\u0142azy.<\/p>\n<p style=\"text-align: justify;\">W 1983 r. Klub Turystyki G\u00f3rskiej \u201eGrzdyle\u201d zmienia sw\u00f3j charakter przekszta\u0142caj\u0105c si\u0119 w Dolno\u015bl\u0105ski Klub G\u00f3rski. Zmiany te zwi\u0105zane s\u0105 z uzyskaniem przez Oddzia\u0142 zezwolenia na prowadzenie dzia\u0142alno\u015bci w zakresie us\u0142ug i prac wysoko\u015bciowych. Wi\u0119cej informacji znajdziesz Czytelniku w notce o&nbsp; Dolno\u015bl\u0105skim Klubie G\u00f3rskim<strong>.<\/strong><\/p>\n<p style=\"text-align: justify;\">Prezesami Klubu Turystyki G\u00f3rskiej \u201eGrzdyle\u201d byli: <strong>Stanis\u0142aw Nosol<\/strong> (1965-1976), <strong>Marek Niwi\u0144ski<\/strong> (1976), <strong>Ryszard \u017barkowski<\/strong> (1977), <strong>Waldemar Szafra\u0144ski<\/strong> (1977-1982).<\/p>\n<p style=\"text-align: justify;\">W w\u0142adzach Oddzia\u0142u pracowali: <strong>Stanis\u0142aw Nosol<\/strong> &#8211; wiceprezes (1974-1981), cz\u0142onek Zarz\u0105du (1972-1974);&nbsp; <strong>Janusz Listos<\/strong> &#8211; cz\u0142onek Zarz\u0105du (1980-1982) i <strong>Waldemar Szafra\u0144ski<\/strong> &#8211; cz\u0142onek Zarz\u0105du (1977-<em>1983*<\/em>).<\/p>\n<p style=\"text-align: justify;\"><strong><u>Ko\u0142o nr 27 przy PTSB TRANSBUD &#8211; WROC\u0141AW<\/u><\/strong> (1968-1979)<br><strong><u>Ko\u0142o nr 21 przy Wroc\u0142awskiej Prz\u0119dzalni Czesankowej \u201eWel-Tex\u201d<\/u><\/strong> (1968-1973)<br><strong><u>Ko\u0142o nr 52 przy Przedsi\u0119biorstwie Paszowym \u201eBacutil\u201d<\/u><\/strong> (1969-1969)<br><strong><u>Ko\u0142o nr 38 przy Zak\u0142adach Garbarskich<\/u><\/strong> (1969-1969)<br><strong><u>Klub Turystyki Pieszej \u201eKrajobrazy\u201d<\/u><\/strong> (1970-1976)<\/p>\n<p style=\"text-align: justify;\">Klub powo\u0142ano z inicjatywy absolwent\u00f3w Technikum Chemicznego 7 pa\u017adziernika 1970 r. Inicjatorami jego powstania by\u0142a maj\u0105ca przygotowanie turystyczne m\u0142odzie\u017c, z istniej\u0105cego przy Technikum i pr\u0119\u017cnie dzia\u0142aj\u0105cego Ko\u0142a PTTK.<\/p>\n<p style=\"text-align: justify;\">St\u0105d pierwsza impreza \u201eKamienio\u0142omy 1970\u201d zosta\u0142a zorganizowana w Strzelinie wkr\u00f3tce po zawi\u0105zaniu si\u0119 Klubu. Wzi\u0119\u0142o w niej udzia\u0142 kilkaset os\u00f3b. Og\u00f3lne zainteresowanie tematem pozosta\u0142o te\u017c podczas kolejnych imprez ko\u0144cz\u0105cych si\u0119 w Strzegomiu, Stroniu \u015al\u0105skim, Wojcieszowie czy Strzeblowie. Klub przej\u0105\u0142 z Technikum tradycje organizowania \u201eZlotu Chemik\u00f3w\u201d, a tak\u017ce wiosennych i jesiennych kr\u00f3tkich imprez pieszych (Su\u0142\u00f3w). Imprezy organizowane by\u0142y na interesuj\u0105cym turystycznie, lecz nieznanym terenie, na kt\u00f3rym zawsze by\u0142o co\u015b do pokazania. Zwiedzano muzea, odwiedzano jaskinie, poznawano G\u00f3ry Opawskie, Z\u0142ote, Kaczawskie, czy Pog\u00f3rze Izerskie. Podczas imprez klubowych nawi\u0105zano wsp\u00f3\u0142prac\u0119 z w\u0142adzami terenowymi oraz ze Zwi\u0105zkiem Zawodowym Chemik\u00f3w. Cenn\u0105 by\u0142a wsp\u00f3\u0142praca aktywu Klubu z oddzia\u0142ow\u0105 Komisj\u0105 Opieki nad Zabytkami, a tak\u017ce wsp\u00f3lna dzia\u0142alno\u015b\u0107 z ko\u0142ami zak\u0142adowymi \u201eFadromy\u201d i \u201eTransbudu\u201d.<\/p>\n<p style=\"text-align: justify;\">Spo\u015br\u00f3d dzia\u0142aczy klubu wymieni\u0107 nale\u017cy grono za\u0142o\u017cycieli: <strong>Jerzego Hamer\u0119 &#8211; <\/strong>pierwszego prezesa, <strong>Wojciecha Radli\u0144skiego<\/strong>, <strong>Aleksandra Lwowa<\/strong>, <strong>Adama Wi\u015bniewskiego<\/strong>, <strong>Jacka Miarczy\u0144skiego<\/strong>, <strong>Kazimierza Nowaka,<\/strong> a z p\u00f3\u017aniejszych <strong>Jolant\u0119 Mikulsk\u0105, Zbigniewa Fr\u0105czka, Urszul\u0119 Hamer\u0119<\/strong>.<\/p>\n<p style=\"text-align: justify;\">We w\u0142adzach Oddzia\u0142u dzia\u0142a\u0142 <strong>Jerzy Hamera<\/strong> &#8211; cz\u0142onek Zarz\u0105du (1972-1976)<\/p>\n<p style=\"text-align: justify;\"><strong><u>Klub Spo\u0142ecznych Opiekun\u00f3w Zabytk\u00f3w<\/u><\/strong> (1972- i nadal)<\/p>\n<p style=\"text-align: justify;\">Pocz\u0105tki dzia\u0142alno\u015bci Klubu si\u0119gaj\u0105 czas\u00f3w, kiedy przy Oddziale rozpocz\u0119\u0142a dzia\u0142alno\u015b\u0107 Komisja Opieki nad Zabytkami, powo\u0142ana z grona turyst\u00f3w interesuj\u0105cych si\u0119 tak\u017ce krajoznawstwem.<\/p>\n<p style=\"text-align: justify;\">Inicjatorem powstania Komisji by\u0142 Zarz\u0105d Okr\u0119gu PTTK, a szczeg\u00f3lnie \u00f3wczesny przewodnicz\u0105cy Dolno\u015bl\u0105skiej Komisji Opieki nad Zabytkami W\u0142odzimierz Strasburger &#8211; dzi\u015b patron Klubu. Za dat\u0119 powo\u0142ania Komisji uwa\u017ca si\u0119 dzie\u0144 1 kwietnia 1971 r. W pocz\u0105tkowym okresie dzia\u0142a\u0142a w niej zasadniczo m\u0142odzie\u017c, przy okazji licznych imprez ukierunkowana na problematyk\u0119 krajoznawstwa. Wkr\u00f3tce decyzj\u0105 Wojew\u00f3dzkiego Konserwatora Zabytk\u00f3w, podj\u0119t\u0105 wsp\u00f3lnie z Komisj\u0105 Opieki nad Zabytkami Zarz\u0105du Okr\u0119gu PTTK, Oddzia\u0142owa Komisja Opieki nad Zabytkami przej\u0119\u0142a z dniem 14 pa\u017adziernika 1971 roku &#8211; jako opiekun zbiorowy &#8211; opiek\u0119 nad zabytkowym zespo\u0142em Parku Szczytnickiego. Szczeg\u00f3ln\u0105 opiek\u0105 i staraniem obj\u0119to szesnastowieczny Ko\u015bci\u00f3\u0142ek Modrzewiowy, znajduj\u0105cy si\u0119 na jego terenie (obiekt nie by\u0142 u\u017cywany do cel\u00f3w sakralnych). Z inicjatywy Klubu zacz\u0119to organizowa\u0107 w nim liczne wystawy, prelekcje i koncerty, kt\u00f3re by\u0142y i s\u0105 obs\u0142ugiwane przez cz\u0142onk\u00f3w Klubu. O zaanga\u017cowaniu klubowicz\u00f3w \u015bwiadczy m. in. to, \u017ce gdy w ko\u015bci\u00f3\u0142ku wystawia si\u0119 cenne eksponaty, to w\u0142a\u015bnie oni nieprzerwanie zapewniaj\u0105 doz\u00f3r obiektu. W latach siedemdziesi\u0105tych aktyw Klubu wygra\u0142 batali\u0119, maj\u0105c\u0105 na celu przeprowadzenie remontu zabytku. Uzyskano odpowiedni nakaz Wojew\u00f3dzkiego Konserwatora Zabytk\u00f3w dla administratora Parku Szczytnickiego, w wyniku kt\u00f3rego przeprowadzono remont generalny ko\u015bci\u00f3\u0142ka. Z inicjatywy grupy dzia\u0142aczy Klubu, w wyniku przegl\u0105du materia\u0142\u00f3w archiwalnych dotycz\u0105cych historii ko\u015bci\u00f3\u0142ka, zosta\u0142 opracowany przez Janusza Zakrzewskiego i w 1979 r. wydany w nak\u0142adzie 6 tys. egzemplarzy specjalny folder na temat dziej\u00f3w tego obiektu.<\/p>\n<p style=\"text-align: justify;\">W pierwszych latach dzia\u0142ania przez Komisj\u0119, a p\u00f3\u017aniej Klub przewin\u0119\u0142o si\u0119 kilkuset cz\u0142onk\u00f3w. Powoli jednak krystalizowa\u0142 si\u0119 aktyw, kt\u00f3rego dzia\u0142alno\u015b\u0107 koncentrowa\u0142a si\u0119 zasadniczo na sprawowaniu opieki nad zabytkowym ko\u015bci\u00f3\u0142kiem i Parkiem Szczytnickim, organizowaniu imprez popularyzuj\u0105cych zabytki Dolnego \u015al\u0105ska i wykonywaniu prac pomocniczych wskazanych przez s\u0142u\u017cby konserwatorskie i Wojew\u00f3dzk\u0105 Komisj\u0119 Opieki nad Zabytkami.<\/p>\n<p style=\"text-align: justify;\">Przez wszystkie lata dzia\u0142alno\u015bci Klub, poprzez organizowanie szeregu imprez turystyczno \u2013 krajoznawczych (g\u0142\u00f3wnie na terenie Dolnego \u015al\u0105ska) popularyzowa\u0142 krajoznawstwo, k\u0142ad\u0105c szczeg\u00f3lny nacisk na ochron\u0119 zabytk\u00f3w. Nale\u017cy tu wymieni\u0107 takie imprezy jak: \u201eSzlakiem zabytk\u00f3w grupy 0\u201d, \u201eSzlakiem zabytk\u00f3w grupy I\u201d, \u201eStare Zdrojowiska \u015al\u0105skie\u201d, \u201eRycerskie Warownie\u201d, \u201ePami\u0119ci Piast\u00f3w \u015al\u0105skich\u201d, \u201eDwory Dolno\u015bl\u0105skie\u201d, \u201eRajd Trzebnick\u0105 Kolejk\u0105 W\u0105skotorow\u0105\u201d, \u201e\u015al\u0105ska architektura drewniana\u201d, czy \u201eZapomniane zamczyska\u201d. Wielokrotnie imprezy \u0142\u0105czone by\u0142y z porz\u0105dkowaniem szlaku czy obiektu, co inspirowa\u0142o do udzia\u0142u w imprezach lokaln\u0105 spo\u0142eczno\u015b\u0107 i czasem zyskiwa\u0142o poparcie w\u0142adz lokalnych.<\/p>\n<p style=\"text-align: justify;\">Pomoc w pracach inicjowanych przez s\u0142u\u017cby konserwatorskie za po\u015brednictwem Wojew\u00f3dzkiej Komisji Opieki nad Zabytkami lub bezpo\u015brednio przez Zarz\u0105d Klubu polega\u0142a na umieszczaniu na zlecenie w\u0142adz na obiektach znak\u00f3w ochrony zabytku, zawieszaniu tablic z opisem obiektu, wyg\u0142aszaniu prelekcji na tematy zabytk\u00f3w i krajoznawstwa, odzyskiwaniu ceg\u0142y gotyckiej, itp.<\/p>\n<p style=\"text-align: justify;\">Klub dopracowa\u0142 si\u0119 bardzo ciekawej dokumentacji ze swojej dzia\u0142alno\u015bci. Jako jedyny w Oddziale ma swoje archiwum: zdj\u0119cia, prze\u017arocza, zbi\u00f3r informacji prasowych na sw\u00f3j temat, komplet afiszy, dyplom\u00f3w, protoko\u0142\u00f3w z zebra\u0144, dokumentacji imprez itp.<\/p>\n<p style=\"text-align: justify;\">W uznaniu zas\u0142ug, dzia\u0142aj\u0105cy przy Oddziale PTTK Wroc\u0142aw Fabryczna Klub Spo\u0142ecznych Opiekun\u00f3w Zabytk\u00f3w im. W\u0142odzimierza Strasburgera wyr\u00f3\u017cniony zosta\u0142 w swoje X-lecie Z\u0142ot\u0105 Odznak\u0105 \u201eZa opiek\u0119 nad zabytkami\u201d, nadan\u0105 przez Ministerstwo Kultury i Sztuki oraz Srebrn\u0105 \u201eHonorow\u0105 Odznak\u0105 PTTK\u201d, a w roku XX-lecia dzia\u0142alno\u015bci zosta\u0142 wyr\u00f3\u017cniony Z\u0142ot\u0105 \u201eHonorow\u0105 Odznak\u0105 PTTK\u201d.<\/p>\n<p style=\"text-align: justify;\">Efektywno\u015b\u0107 dzia\u0142ania Klubu, konsekwencja i wytrwa\u0142o\u015b\u0107 w realizacji za\u0142o\u017ce\u0144 przez aktyw, by\u0142a wynikiem przyjmowania wzorc\u00f3w od patrona Klubu &#8211; W\u0142odzimierza Strasburgera.<\/p>\n<p style=\"text-align: justify;\">W\u015br\u00f3d szczeg\u00f3lne zaanga\u017cowanych w ochron\u0119 zabytk\u00f3w wymieni\u0107 trzeba: <strong>Roberta J\u0119drasiaka<\/strong>, <strong>Jerzego Maleszk\u0119<\/strong>, <strong>Bogus\u0142awa Modelskiego<\/strong>, <strong>Romana Sikor\u0119<\/strong>, <strong>Andrzeja Tura, Stanis\u0142awa Ziobro<\/strong>, <strong>Janusza Zakrzewskiego<\/strong>. Nale\u017cy te\u017c podkre\u015bli\u0107 ogrom pracy jaki <strong>Ryszard Antonowicz <\/strong>wk\u0142ada w udost\u0119pnianie ko\u015bci\u00f3\u0142ka zwiedzaj\u0105cym (dy\u017cury i sprzeda\u017c tam&nbsp; wydawnictw turystycznych).<\/p>\n<p style=\"text-align: justify;\"><strong><u>Ko\u0142o nr 64 przy Komendzie Ochotniczych Hufc\u00f3w Pracy<\/u><\/strong> (1972-1976)<br><strong><u>Ko\u0142o nr 63 przy Wroc\u0142awskiej Sp\u00f3\u0142dzielni Ogrodniczej<\/u><\/strong> (1973-1979)<br><strong><u>Klub Turystyki Pieszej \u201eTREP\u201d przy LO w Sycowie<\/u><\/strong> (1974-1975)<br><strong><em><u>SKKT nr 9 przy Liceum Og\u00f3lnokszta\u0142c\u0105cym w Sycowie<\/u><\/em><\/strong> (1992-2008)<\/p>\n<p style=\"text-align: justify;\">Klub Turystyki Pieszej \u201eTREP\u201d przy Liceum Og\u00f3lnokszta\u0142c\u0105cym im. Tadeusza Ko\u015bciuszki w Sycowie powsta\u0142 5 grudnia 1973 r. z inicjatywy Edmunda Gosia &#8211; cz\u0142onka Klubu Turystyki G\u00f3rskiej<\/p>\n<p style=\"text-align: justify;\">\u201eGrzdyle\u201d. 15 lutego 1974 r. zosta\u0142 zarejestrowany w Oddziale PTTK Wroc\u0142aw Fabryczna. Cz\u0142onkowie Klubu brali w\u00f3wczas udzia\u0142 w imprezach organizowanych przez Oddzia\u0142 (\u201eSiedem wierch\u00f3w Sudeckich\u201d, \u201eBarwy jesieni\u201d, \u201eKrowiarki\u201d).<\/p>\n<p style=\"text-align: justify;\">W wyniku podzia\u0142u kraju na 49 wojew\u00f3dztw i w\u0142\u0105czenia Sycowa do wojew\u00f3dztwa kaliskiego,<\/p>\n<p style=\"text-align: justify;\">Klub od\u0142\u0105czy\u0142 si\u0119 od Oddzia\u0142u PTTK Wroc\u0142aw Fabryczna, a jego cz\u0142onkowie byli wsp\u00f3\u0142za\u0142o\u017cycielami Oddzia\u0142u PTTK w Sycowie, podlegaj\u0105cego Zarz\u0105dowi Wojew\u00f3dzkiemu PTTK w Kaliszu (lata 1976 \u2013 1991). Od pocz\u0105tku swej dzia\u0142alno\u015bci Oddzia\u0142 ten nawi\u0105za\u0142 blisk\u0105 wsp\u00f3\u0142prac\u0119 z harcerstwem i organizacjami m\u0142odzie\u017cowymi. Za organizacj\u0119 licznych imprez turystycznych zosta\u0142 wyr\u00f3\u017cniony przez Zarz\u0105d Wojew\u00f3dzki PTTK w Kaliszu Odznak\u0105 \u201eZas\u0142u\u017cony w PTTK dla wojew\u00f3dztwa kaliskiego\u201d (16.08.1988). Likwidacja Zarz\u0105d\u00f3w Wojew\u00f3dzkich PTTK (1990) i inne zmiany z tym zwi\u0105zane przyczyni\u0142y si\u0119 do rozwi\u0105zania Oddzia\u0142u PTTK w Sycowie.<\/p>\n<p style=\"text-align: justify;\">W styczniu 1992 r. Klub Turystyki Pieszej \u201eTREP\u201d wraca do Oddzia\u0142u PTTK Wroc\u0142aw Fabryczna, jako Szkolne Ko\u0142o Krajoznawczo &#8211; Turystyczne (SKKT) nr 9. Cz\u0142onkowie Klubu bior\u0105 udzia\u0142 w wielu imprezach oddzia\u0142owych, a na zako\u0144czenie ka\u017cdego sezonu turystycznego organizuj\u0105 kole\u017ce\u0144skie spotkania \u201erocznicowe\u201d. W ramach obchod\u00f3w 25-lecia KTP \u201eTREP\u201d ukaza\u0142o si\u0119 okoliczno\u015bciowe wydawnictwo, a w Liceum Og\u00f3lnokszta\u0142c\u0105cym w Sycowie zorganizowano specjaln\u0105 wystaw\u0119.<\/p>\n<p style=\"text-align: justify;\">Za dzia\u0142alno\u015b\u0107 turystyczn\u0105 Klub Turystyki Pieszej \u201eTREP\u201d zosta\u0142 wyr\u00f3\u017cniony w 1996 roku Srebrn\u0105 Honorow\u0105 Odznak\u0105 PTTK, a w roku 2000 otrzyma\u0142 Z\u0142ot\u0105\u201eHonorow\u0105 Odznak\u0119 PTTK.<\/p>\n<p style=\"text-align: justify;\"><strong>Edmund Go\u015b<\/strong> by\u0142 cz\u0142onkiem Oddzia\u0142owego S\u0105du Kole\u017ce\u0144skiego w latach 1992 &#8211; 1996 i 2005 &#8211; 2008.<\/p>\n<p style=\"text-align: justify;\"><strong><u>Ko\u0142o nr 68 przy Miejskim Przedsi\u0119biorstwie Zieleni<\/u><\/strong> (1976-1979)<br><strong><u>Ko\u0142o nr 61 przy Osiedlowym Domu Kultury \u201eZamek\u201d<\/u><\/strong> (1976-1978)<br><u><\/u><strong><u>Klub Fotografii Krajoznawczej<\/u><\/strong> (1977-1984)<\/p>\n<p style=\"text-align: justify;\">Klub Fotografii Krajoznawczej przy Oddziale PTTK Wroc\u0142aw &#8211; Fabryczna&nbsp; zosta\u0142 za\u0142o\u017cony w roku<\/p>\n<p style=\"text-align: justify;\">1977 przez <strong>Mieczys\u0142awa Zandberga<\/strong>. W pracach Klubu aktywnie uczestniczyli: <strong>Zdzis\u0142awa Baran<\/strong>, <strong>Barbara Bartocha<\/strong>, <strong>Ziemowit Bogatkowski<\/strong>, <strong>Henryk Jachym<\/strong>, <strong>Gerhard Jarych<\/strong>, <strong>Jerzy Kleszcz<\/strong>,<\/p>\n<p style=\"text-align: justify;\"><strong>Ryszard Kope\u0107<\/strong>, <strong>Urszula Kowalska<\/strong>, <strong>Tadeusz Kowalski<\/strong>, <strong>Stanis\u0142aw Kr\u00f3likowski<\/strong>, <strong>Jerzy Krzeczkowski<\/strong>, <strong>Krystyna Krzy\u017canowska<\/strong>, <strong>Kazimierz Kwiatkowski<\/strong>, <strong>Marek Lachowicz<\/strong>, <strong>Waldemar Janusz Lewandowski<\/strong>, <strong>Jerzy Maciejewski<\/strong>, <strong>Jacek Malinowski<\/strong>, <strong>Barbara Namys\u0142<\/strong>, <strong>Marek Okupnik<\/strong>, <strong>Stefan Polatowski<\/strong>, <strong>Stefan Potocki<\/strong>, <strong>Jacek Potocki<\/strong>, <strong>Krzysztof Reich<\/strong>, <strong>Zbigniew Rusiarski<\/strong>,<\/p>\n<p style=\"text-align: justify;\"><strong>Krzysztof Rzeszowski<\/strong>, <strong>Jan Skortez<\/strong>, <strong>W\u0142adys\u0142aw&nbsp; Smoter<\/strong>, <strong>Tadeusz Sobczuk<\/strong>, <strong>Bogdan Stempkowski<\/strong>, <strong>Wit Antoni Szuberla<\/strong>, <strong>Marian \u015aled\u017a<\/strong>, <strong>Roman W\u0119grzyn<\/strong>, <strong>Tadeusz Wr\u00f3bel<\/strong>, <strong>Mieczys\u0142aw Zandberg<\/strong>, <strong>Wojciech \u017beburski<\/strong>.<\/p>\n<p style=\"text-align: justify;\">W czasie dzia\u0142alno\u015bci Klubu zosta\u0142y zorganizowano <u>plenery fotograficzne<\/u> zako\u0144czone wystawami:<\/p>\n<ul style=\"text-align: justify;\">\n<li>\u201eWroc\u0142aw\u201d w lipcu 1977 r. Wzi\u0119\u0142o w nim udzia\u0142 16 os\u00f3b, a prowadz\u0105cym by\u0142 Jan Paszko.<\/li>\n<li>\u201eZamek Chojnik\u201d w dniach 4-5 marca 1977 r. Wzi\u0119\u0142o w nim udzia\u0142 12 os\u00f3b, a prowadz\u0105cym by\u0142 JanPaszko.<\/li>\n<li>\u201eSob\u00f3tka\u201d w styczniu 1978 r. Wzi\u0119\u0142o w nim udzia\u0142 17 os\u00f3b. Plener prowadzi\u0142: Mieczys\u0142aw Zandberg.<\/li>\n<li>\u201eG\u00f3ry Kaczawskie\u201d w 1978 r. Wzi\u0119\u0142o w nim udzia\u0142 17 os\u00f3b.<\/li>\n<li>\u201eDobroszyce\u201d w 1978 r. Wzi\u0119\u0142o w nim udzia\u0142 20 os\u00f3b, a poprowadzi\u0142 go Mieczys\u0142aw Zandberg.<\/li>\n<li>\u201eSpacerowy szlak dooko\u0142a Wroc\u0142awia\u201d cz\u0119\u015b\u0107 I w 1979 r. Prowadz\u0105cymi byli Mieczys\u0142aw Zandberg iRyszard Kowal<\/li>\n<li>\u201eSpacerowy szlak dooko\u0142a Wroc\u0142awia\u201d cz\u0119\u015b\u0107 II w 1979 r. Prowadz\u0105cymi byli Ryszard Kowal iDariusz Kopczy\u0144ski.<\/li>\n<li>\u201eO\u0142awa i jej zabytki\u201d w marcu 1980 r. Wzi\u0119\u0142o w nim udzia\u0142 12 os\u00f3b. Prowadz\u0105cy: Jerzy Maciejewski- \u201eProchowice\u201d w maju 1980 r.<\/li>\n<li>\u201eArchitektura okolic Ole\u015bnicy\u201d dnia 23.08.1981 r. Wzi\u0119\u0142o w nim udzia\u0142 12 os\u00f3b. Prowadz\u0105cy: JerzyMaciejewski.<\/li>\n<li>\u201eMalczyce\u201d we wrze\u015bniu 1981 r.<\/li>\n<li>\u201eSiedem Wierch\u00f3w Sudeckich\u201d dnia 11 pa\u017adziernika 1981 r.<\/li>\n<li>\u201eArchitektura \u015arody \u015al\u0105skiej\u201d dnia 29 listopada 1981 r.<\/li>\n<li>\u201eSiedem Zamk\u00f3w Sudeckich\u201d w maju 1983 r.<\/li>\n<\/ul>\n<p style=\"text-align: justify;\">Organizowano tak\u017ce <u>konkursy<\/u>:<\/p>\n<ul style=\"text-align: justify;\">\n<li>\u201eStara i nowa architektura Wroc\u0142awia\u201d<\/li>\n<li>\u201eWroc\u0142awskie zabytki\u201d<\/li>\n<li>\u201eWroc\u0142awskie pomniki\u201d &#8211; trwaj\u0105cy od marca do pa\u017adziernika 1981 r.<\/li>\n<\/ul>\n<p style=\"text-align: justify;\">Prace cz\u0142onk\u00f3w Klubu prezentowane by\u0142y <u>na wystawach<\/u>:<\/p>\n<ul style=\"text-align: justify;\">\n<li>\u201eSecesja w Polsce\u201d &#8211; Ryszard Kowal &#8211; 1978 r.<\/li>\n<li>\u201eWojew\u00f3dztwo Wroc\u0142awskie w obiektywie fotografa &#8211; krajoznawcy\u201d &#8211; Ryszard Kowal, Jan Mietla iJerzy Pilecki &#8211; 1978 r.<\/li>\n<li>\u201eCzechos\u0142owacja zaprasza\u201d &#8211; wystawa \u201eEuroklubu\u201d &#8211;&nbsp; Robert Subnik (KTG \u201eGrzdyle\u201d) maj 1978 r.- \u201eWroc\u0142awska Secesja\u201d &#8211; Jerzy Maciejewski &#8211; 1980 r.<\/li>\n<li>\u201eKo\u015bcio\u0142y okolic Wroc\u0142awia\u201d<\/li>\n<li>\u201eZiemia Wo\u0142owska\u201d &#8211; Jerzy Maciejewski &#8211; wrzesie\u0144 1983 r.<\/li>\n<\/ul>\n<p style=\"text-align: justify;\">Wystawy te organizowano:<\/p>\n<ul style=\"text-align: justify;\">\n<li>w bibliotekach przy ul. Pr\u00f3chnika i Lwowskiej<\/li>\n<li>w Empiku<\/li>\n<li>w M\u0142odzie\u017cowym Domu Kultury<\/li>\n<li>w drewnianym ko\u015bci\u00f3\u0142ku \u015aw. Jana Nepomucena w Parku Szczytnickim. Tego ostatniego miejscadotyczy pewna ciekawostka. W czasie prowadzonych w ko\u015bci\u00f3\u0142ku we wrze\u015bniu 2016 r., prac remontowych zosta\u0142o odnalezione archiwum fotograficzne Klubu. Znajduje si\u0119 w nim oko\u0142o 2 tysi\u0105ce zdj\u0119\u0107, kt\u00f3re by\u0142y prezentowane na wystawach organizowanych przez cz\u0142onk\u00f3w klubu. Zabezpieczono tak\u017ce ocala\u0142e negatywy.<\/li>\n<\/ul>\n<p style=\"text-align: justify;\">Ponadto w latach 1981 &#8211; 1983 w Oddziale istnia\u0142a sta\u0142a ekspozycja prac cz\u0142onk\u00f3w Klubu Fotografii Krajoznawczej. Niewielka witryna, w kt\u00f3rej swoje prace fotograficzne prezentuje Marek Szot Instruktor Fotografii PTTK, zachowa\u0142a si\u0119 do dzi\u015b.<\/p>\n<p style=\"text-align: justify;\">Klub Fotografii Krajoznawczej przy Oddziale PTTK Wroc\u0142aw &#8211; Fabryczna \u015bci\u015ble wsp\u00f3\u0142pracowa\u0142 z innymi ogniwami zajmuj\u0105cymi si\u0119 fotografi\u0105 Krajoznawcz\u0105. Sta\u0142a wsp\u00f3\u0142praca nawi\u0105zana zosta\u0142a z:<\/p>\n<ul style=\"text-align: justify;\">\n<li>Klubem Fotografii Krajoznawczej przy Oddziale PTTK Bytom<\/li>\n<li>Klubem Fotografii Krajoznawczej przy Oddziale PTTK HiL<\/li>\n<li>Klubem \u201ePojezierze\u201d w Szczecinie<\/li>\n<li>Klubem Fotografii Krajoznawczej \u201eWarta\u201d w Cz\u0119stochowie<\/li>\n<li>Klubem \u201eNiezale\u017cni\u201d w Jastrz\u0119biu Zdroju<\/li>\n<li>Klubem fotograficznym w O\u015bwi\u0119cimiu<\/li>\n<li>Klubem Fotografii Krajoznawczej przy Oddziale PTTK \u201ePafawag\u201d<\/li>\n<\/ul>\n<p style=\"text-align: justify;\">Prezesami Klubu byli: <strong>Mieczys\u0142aw Zandberg<\/strong> (1977-1979), <strong>Jerzy Maciejewski<\/strong> (1979-1983), <strong>Wit Szuberla<\/strong> (1983-1984). W ostatniej kadencji w sk\u0142adzie Zarz\u0105du Klubu Fotografii Krajoznawczej byli: <strong>Wit Szuberla<\/strong> &#8211; prezes, <strong>Jerzy Maciejewski<\/strong> &#8211; wiceprezes,&nbsp; <strong>Ziemowit Bogatkowski<\/strong> &#8211; sekretarz i <strong>Stefan Potocki<\/strong> &#8211; skarbnik.<\/p>\n<p style=\"text-align: justify;\">Klub dzia\u0142a\u0142 do 1984 r., kiedy to zaprzestano dzia\u0142alno\u015bci na skutek zawirowa\u0144 politycznych tamtego okresu.<\/p>\n<p style=\"text-align: justify;\"><strong><u>Klub Turystyki Europejskiej \u201eEuroklub<\/u><\/strong><strong>\u201d<\/strong> (1977-1987)<br><strong><u>Ko\u0142o nr 3 przy Dzielnicowej Bibliotece Publicznej<\/u><\/strong> (1977-1978)<br><strong><u>Ko\u0142o nr 20 przy Jednostka Wojskowa nr 4967 &#8211; \u017bandarmeria Wojskowa<\/u><\/strong> (1979-1991)<br><u><\/u><strong><u>Klub Kajakowy \u201eNEKTOS V\u201d<\/u><\/strong> (1980-2006)<\/p>\n<p style=\"text-align: justify;\">Klub dzia\u0142aj\u0105cy na prawach Ko\u0142a PTTK zawi\u0105zany zosta\u0142 przez grup\u0119 wodniak\u00f3w, przodownik\u00f3w turystyki kajakowej 7 listopada 1984 r. Inicjatorem powo\u0142ania Klubu by\u0142 <strong>Krzysztof Bia\u0142ob\u0142ocki<\/strong> przodownik turystyki kajakowej i s\u0119dzia imprez kajakowych, w\u00f3wczas pracownik zak\u0142adu Dolmel i prezes zak\u0142adowego Klubu Turystyki Kajakowej dzia\u0142aj\u0105cego na prawach Ko\u0142a PTTK nr 17 (1980). Grup\u0119 cz\u0142onk\u00f3w Klubu tworzyli zwolennicy rodzinnej turystyki kajakowej, uprawianej w gronie znajomych, z udzia\u0142em dzieci i m\u0142odzie\u017cy. Po zakupieniu pierwszego sprz\u0119tu ze \u015brodk\u00f3w Oddzia\u0142u i zapewnieniu bazy na terenie posesji inicjatora powstania Klubu, organizacja pierwszych imprez mia\u0142a miejsce ju\u017c w sezonie letnim 1985 r. Cz\u0142onkowie Klubu bior\u0105 udzia\u0142 w licznych imprezach w\u0142asnych organizowanych pocz\u0105tkowo na akwenach le\u017c\u0105cych w blisko\u015bci Wroc\u0142awia (Odra, Bystrzyca, Smotrawa, Widawa, Barycz, O\u0142awa, B\u00f3br) ale te\u017c w imprezach obcych &#8211; nawet zagranicznych (Dunaj).<\/p>\n<p style=\"text-align: justify;\">Z ko\u0144cem 1998 r. z powodu spor\u00f3w organizacyjnych, wyodr\u0119bni\u0142a si\u0119 grupa dzia\u0142aj\u0105ca w Mosinie ko\u0142o Poznania. Nast\u0105pi\u0142 podzia\u0142 sprz\u0119tu. Zmieni\u0142 si\u0119 zarz\u0105d Klubu, jego siedziba (Ko\u015bciuszki 13\/5), a tak\u017ce miejsce bazowania sprz\u0119tu (Jelcz Laskowice). W nowym uk\u0142adzie organizacyjnym, obok imprez na akwenach w pobli\u017cu Wroc\u0142awia cz\u0142onkowie Klubu brali udzia\u0142 w imprezach i sp\u0142ywach og\u00f3lnopolskich (Brda, Panew, Ruda, Skawa), przywo\u017c\u0105c z nich liczne trofea.<\/p>\n<p style=\"text-align: justify;\">Prezesami Klubu byli:<strong> Krzysztof Bia\u0142ob\u0142ocki<\/strong> (1984-1998) i <strong>Andrzej Kosio\u0142<\/strong> (1999-2006).<\/p>\n<p style=\"text-align: justify;\">We w\u0142adzach Oddzia\u0142u dzia\u0142a\u0142 <strong>Krzysztof Bia\u0142ob\u0142ocki<\/strong> &#8211; prezes (1994-1997), cz\u0142onek Zarz\u0105du (1993-1994), przewodnicz\u0105cy Komisji Rewizyjnej (1985-1989 i 1997-1998).<\/p>\n<p style=\"text-align: justify;\"><strong><u>Klub Turystyki G\u00f3rskiej \u201e\u0141azek\u201d<\/u><\/strong> (1981- i nadal)<\/p>\n<p style=\"text-align: justify;\">Z ko\u0144cem roku 1979 grupa cz\u0142onk\u00f3w KTG \u201eGrzdyle\u201d wraz z gronem instruktor\u00f3w ZHP z Hufca Wroc\u0142aw &#8211; \u015ar\u00f3dmie\u015bcie podj\u0119\u0142a pr\u00f3b\u0119 reaktywowania dzia\u0142alno\u015bci Oddzia\u0142owej Komisji Turystyki G\u00f3rskiej. Po roku okaza\u0142o si\u0119, \u017ce prowadzona dzia\u0142alno\u015b\u0107 &#8211; g\u0142\u00f3wnie na rzecz cz\u0142onk\u00f3w zainteresowanych turystyk\u0105 g\u00f3rsk\u0105, nabiera bardziej klubowego charakteru.<\/p>\n<p style=\"text-align: justify;\">Nazwa &#8211; Klub Turystyki G\u00f3rskiej, przyj\u0119ta zosta\u0142a przez uczestnik\u00f3w zebrania ko\u0144cz\u0105cego roczn\u0105 dzia\u0142alno\u015b\u0107 (09.12.1980). Wybrano Zarz\u0105d, kt\u00f3rego pierwszym prezesem zosta\u0142 Marek Szot. Od pocz\u0105tku dzia\u0142alno\u015bci Klub by\u0142 organizatorem imprez g\u00f3rskich. Jedna z pierwszych imprez zainspirowa\u0142a cz\u0142onk\u00f3w do przyj\u0119cia przez Klub nazwy \u201e\u0141AZEK\u201d (od nazwy szczytu w masywie B\u0142atniej w Beskidzie \u015al\u0105skim). Przez okres pi\u0119ciolecia 1981 &#8211; 1985 do kalendarza imprez Oddzia\u0142u wchodzi\u0142y imprezy klubowe o charakterze otwartym: \u201e7 Wierch\u00f3w Sudeckich\u201d, \u201e\u015aladami Liczyrzepy\u201d, \u201eJesienny Zlot Turyst\u00f3w G\u00f3rskich\u201d. Dla swoich cz\u0142onk\u00f3w Klub organizowa\u0142 tak\u017ce imprezy zamkni\u0119te: zimowiska, Andrzejki, \u015awi\u0119ta w g\u00f3rach, obozy i wypady w r\u00f3\u017cne pasma i regiony g\u00f3rskie oraz poprzez wymian\u0119 z innymi organizatorami, umo\u017cliwia\u0142 uczestnictwo w podobnych imprezach organizowanych przez nich.<\/p>\n<p style=\"text-align: justify;\">Po trwaj\u0105cym kilka lat regresie Klub organizuje imprezy dla grona os\u00f3b uprawiaj\u0105cych turystyk\u0119 kwalifikowan\u0105. Organizowany jest nowy rodzaj imprezy turystycznej &#8211; biwaki zimowe, odbywaj\u0105ce si\u0119 w mi\u0119dzynarodowej obsadzie. Samodzielnie lub przy udziale przyjaci\u00f3\u0142 z innych k\u00f3\u0142 i klub\u00f3w przygotowywane s\u0105 wycieczki krajoznawcze, na kt\u00f3rych uczestnicy zdobywaj\u0105 r\u00f3\u017cne stopnie odznak turystycznych. Ponadto klubowicze uczestnicz\u0105 w imprezach turystycznych organizowanych przez zaprzyja\u017anione Oddzia\u0142y PTTK, poszerzaj\u0105 wiedz\u0119 i do\u015bwiadczenie turystyczne poprzez uczestnictwo w r\u00f3\u017cnego rodzaju kursach i szkoleniach. Zdobywaj\u0105 te\u017c kolejne uprawnienia turystyczne. Wi\u0119kszo\u015b\u0107 klubowicz\u00f3w ma uprawnienia Przodownik\u00f3w Turystyki G\u00f3rskiej, ale w Klubie s\u0105 te\u017c Instruktorzy Krajoznawstwa, Ochrony Przyrody, Przewodnicy Sudeccy, terenowi i Miejscy. Wielu cz\u0142onk\u00f3w Klubu jest r\u00f3wnocze\u015bnie cz\u0142onkami Klubu Czeskich Turyst\u00f3w.<\/p>\n<p style=\"text-align: justify;\">W roku 2010, z okazji 30-lecia, Klub zosta\u0142 wyr\u00f3\u017cniony Honorow\u0105 Odznak\u0105 \u201eZa zas\u0142ugi dla turystyki\u201d, Z\u0142ot\u0105 Honorow\u0105 Odznak\u0105 PTTK i Medalem Komisji Turystyki G\u00f3rskiej.<\/p>\n<p style=\"text-align: justify;\">Prezesami Klubu na przestrzeni lat byli <em>(w porz\u0105dku alfabetycznym)<\/em>: <strong>Gra\u017cyna Biernat<\/strong>, <strong>Daniel Mielczarski<\/strong>, <strong>Dariusz Rogala <\/strong>i <strong>Marek Szot<\/strong>. Obecnie (od roku 2011) funkcj\u0119 t\u0119 sprawuje <strong>Piotr Stani\u00f3w<\/strong>.<\/p>\n<p style=\"text-align: justify;\">Spo\u015br\u00f3d dzia\u0142aczy Klubu we w\u0142adzach Oddzia\u0142u dzia\u0142ali: <strong>Wanda Haas<\/strong> &#8211; przewodnicz\u0105ca S\u0105du Kole\u017ce\u0144skiego (1992-2005); <strong>Piotr Jab\u0142o\u0144ski<\/strong> &#8211; cz\u0142onek Zarz\u0105du (1985-1990); <strong>Edward Kaszuba<\/strong> cz\u0142onek Zarz\u0105du (od 2013); <strong>Daniel Milczarski<\/strong> &#8211; cz\u0142onek Zarz\u0105du (1985-1992); <strong>Wojciech Radli\u0144ski<\/strong> wiceprezes (1989-1992), cz\u0142onek Komisji Rewizyjnej (1985-1989); <strong>Piotr Stani\u00f3w<\/strong> &#8211; wiceprezes (19891992), cz\u0142onek Zarz\u0105du (1983-1989); <strong>Marek Szot<\/strong> &#8211; wiceprezes (1981-1984), cz\u0142onek Prezydium Zarz\u0105du (1985-1989), cz\u0142onek Zarz\u0105du (1978-1981).<\/p>\n<p style=\"text-align: justify;\"><strong><u>Dolno\u015bl\u0105ski Klub G\u00f3rski<\/u><\/strong> (1983-1990)<\/p>\n<p style=\"text-align: justify;\">Powstanie Klubu by\u0142o zwi\u0105zane z powo\u0142aniem Zak\u0142adu Us\u0142ug Wysoko\u015bciowych \u201eALPINAR\u201d. Utworzyli go cz\u0142onkowie Klubu Turystyki G\u00f3rskiej \u201eGrzdyle\u201d. Jednak klubow\u0105 wi\u0119kszo\u015b\u0107 stanowili pozyskani spoza Oddzia\u0142u, odpowiednio przygotowani alpini\u015bci. Wykonywane przez firm\u0119 \u201eALPINAR\u201d prace, znacz\u0105co przyczyni\u0142y si\u0119 do poprawy sytuacji finansowej Oddzia\u0142u. Na przestrzeni lat 1983 &#8211; 1989 ze \u015brodk\u00f3w finansowych wypracowanych przez Zak\u0142ad Us\u0142ug Wysoko\u015bciowych Oddzia\u0142 dokona\u0142 zakupu lokalu i dofinansowywane by\u0142y imprezy turystyczne. Oczywi\u015bcie znacz\u0105co dofinansowywano klubowe wyprawy cz\u0142onk\u00f3w Dolno\u015bl\u0105skiego Klubu G\u00f3rskiego oraz uczestnictwo pracownik\u00f3w Zak\u0142adu Us\u0142ug Wysoko\u015bciowych \u201eALPINAR\u201d w imprezach obcych. Obok oboz\u00f3w w Tatrach S\u0142owackich prowadzone by\u0142y wyprawy trekkingowe w Karakorum (Latok III &#8211; 1985), wspinaczkowe w Alpy (1985 &#8211; 1986), w Himalaje (1986 &#8211; 1987), a tak\u017ce wyjazd do Meksyku i USA.<\/p>\n<p style=\"text-align: justify;\">Spadek zapotrzebowania na us\u0142ugi wysoko\u015bciowe w po\u0142\u0105czeniu z aspiracjami materialnymi niekt\u00f3rych dzia\u0142aczy zak\u0142adaj\u0105cych w\u0142asne &#8211; konkurencyjne firmy, doprowadzi\u0142 po kilku latach do zaniku dzia\u0142alno\u015bci klubowej, p\u00f3\u017aniej za\u015b do zaprzestanie \u015bwiadczenia us\u0142ug i do likwidacji Zak\u0142adu Us\u0142ug Wysoko\u015bciowych \u201eALPINAR\u201d.<\/p>\n<p style=\"text-align: justify;\">Prezesami Klubu byli: <strong>Leon Kielar<\/strong> (1982-1985), <strong>Stanis\u0142aw D\u0105browski<\/strong> (1985-1989). <strong>Leon Kielar<\/strong> by\u0142 cz\u0142onkiem Zarz\u0105du Oddzia\u0142u (1985).<\/p>\n<p style=\"text-align: justify;\"><strong><u>Ko\u0142o nr 22 przy parafii \u015aw. El\u017cbiety<\/u><\/strong> (1983-1988)<br><strong><u>&nbsp;Klub Przewodnik\u00f3w Turystycznych&nbsp; <\/u><\/strong><u>(1984-i nadal) <\/u><\/p>\n<p style=\"text-align: justify;\">W odpowiedzi na jeden z wniosk\u00f3w zjazdowych, w dniu 25 kwietnia 1984 r. pod przewodnictwem Czes\u0142awa Cetwi\u0144skiego odby\u0142o si\u0119 zebranie inicjuj\u0105ce powstanie Ko\u0142a Przewodnik\u00f3w. Zak\u0142adano, \u017ce b\u0119dzie ono grupowa\u0142o docelowo oko\u0142o 30 os\u00f3b z uprawnieniami przewodnik\u00f3w sudeckich, miejskich, terenowych (po Dolnym \u015al\u0105sku) i zak\u0142adowych. W dniu 14 czerwca 1984 r. wybrano pierwszy Zarz\u0105d Ko\u0142a. Jego prezesem zosta\u0142 wybrany <strong>Bronis\u0142aw Zathey<\/strong>.<\/p>\n<p style=\"text-align: justify;\">Dzia\u0142alno\u015b\u0107 Ko\u0142a, opr\u00f3cz us\u0142ug przewodnickich odp\u0142atnych, obejmuje szkolenia przewodnickie, spo\u0142eczn\u0105 obs\u0142ug\u0119 wycieczek szkolnych i m\u0142odzie\u017cowych, opracowywanie temat\u00f3w dla cel\u00f3w szkoleniowych oraz propagowanie przewodnictwa w\u015br\u00f3d cz\u0142onk\u00f3w Oddzia\u0142u.<\/p>\n<p style=\"text-align: justify;\">W po\u0142owie lat osiemdziesi\u0105tych Ko\u0142o przyj\u0119\u0142o form\u0119 Klubu. Liczba jego cz\u0142onk\u00f3w stale wzrasta\u0142a.<\/p>\n<p style=\"text-align: justify;\">Jeden z kolejnych Zarz\u0105d\u00f3w Klubu podj\u0105\u0142 dzia\u0142ania zmierzaj\u0105ce do uzyskania samodzielno\u015bci, jako wyodr\u0119bniona jednostka gospodarcza Oddzia\u0142u. Zamierzenia, pomimo zgody Zarz\u0105du Oddzia\u0142u na samodzielno\u015b\u0107 w dysponowaniu wypracowanymi przez Klub \u015brodkami nie przynios\u0142y efektu, a nawet spowodowa\u0142y deficyt i straty Oddzia\u0142u.<\/p>\n<p style=\"text-align: justify;\">Od pocz\u0105tku lat dziewi\u0119\u0107dziesi\u0105tych przez wiele lat Klub by\u0142 organizatorem du\u017cej imprezy o nazwie \u201eCzyste G\u00f3ry\u201d. W tej organizowanej we wrze\u015bniu w Masywie \u015al\u0119\u017cy imprezie liczny udzia\u0142 bra\u0142a m\u0142odzie\u017c szkolna. Uczestnicy, kt\u00f3rych liczba dochodzi\u0142a nawet do 1000 os\u00f3b, sprz\u0105tali Masyw \u015al\u0119\u017cy. Impreza, w kt\u00f3rej sprawnym przebiegu pomaga\u0142y w\u0142adze gminy, przyczynia\u0142a si\u0119 porz\u0105dkowania szlak\u00f3w turystycznych, ale przede wszystkim kierunkowa\u0142a m\u0142odych ludzi ekologiczne.<\/p>\n<p style=\"text-align: justify;\">Ostatnie lata to okres spokojnej dzia\u0142alno\u015bci szkoleniowej i towarzyskiej. Mniejsza ilo\u015b\u0107 zlece\u0144 i przeniesienie ci\u0119\u017caru dzia\u0142alno\u015bci zarobkowej na indywidualne kontakty przewodnik\u00f3w z biurami podr\u00f3\u017cy wp\u0142yn\u0119\u0142y na charakter kontakt\u00f3w oraz spotka\u0144 klubowych. Przewodnicy uczestnicz\u0105 w dzia\u0142alno\u015bci programowej Oddzia\u0142u, Dolno\u015bl\u0105skiej Federacji Przewodnik\u00f3w PTTK, s\u0105 obecni na wielu imprezach og\u00f3lnopolskich, federacyjnych, jubileuszowych i szkoleniowych. Imprezy sztandarowe dla \u015brodowiska to sudeckie \u201eszkolenia parkowe\u201d, Og\u00f3lnopolski Zlot Przewodnik\u00f3w PTTK i Og\u00f3lnopolski G\u00f3rski Rajd Przewodnik\u00f3w PTTK.<\/p>\n<p style=\"text-align: justify;\">Aktualnie Klub Przewodnik\u00f3w Turystycznych liczy 20 cz\u0142onk\u00f3w PTTK, posiadaj\u0105cych r\u00f3\u017cne uprawnienia turystyczne.<\/p>\n<p style=\"text-align: justify;\"><strong><u>Ko\u0142o nr 26 \u015aroda \u015al\u0105ska<\/u><\/strong> (1984-1985)<br><strong><u>Ko\u0142o nr 25 przy Osiedlowym Domu Kultury \u201ePopowice\u201d<\/u><\/strong> (1984-1985)<br><strong><u>Ko\u0142o nr 27 przy Wroc\u0142awskim Kombinacie Budowlanym<\/u><\/strong>(1984-1985)<\/p>\n<h4 style=\"text-align: justify;\">Klub Narciarski \u201eEpoksyd\u201d&nbsp; przy Przedsi\u0119biorstwie \u201eChemizola\u201d<u> (1985-2000) <\/u><\/h4>\n<p style=\"text-align: justify;\">Z wnioskiem o powo\u0142anie Klubu Narciarskiego na prawach Ko\u0142a PTTK wyst\u0105pi\u0142a grupa 22 pracownik\u00f3w Przedsi\u0119biorstwa Rob\u00f3t Chemoodpornych i Antykorozyjnych \u201eCHEMIZOLA\u201d. Propozycja zyska\u0142a poparcie Dyrekcji. Dokonano zakupu sprz\u0119tu narciarskiego w wytw\u00f3rni w Szaflarach. Klub o nazwie \u201eEPOKSYD\u201d w maju 1985 r. przyj\u0119ty zosta\u0142 w sk\u0142ad ogniw Oddzia\u0142u jako Ko\u0142o Nr 29.<\/p>\n<p style=\"text-align: justify;\">W sezonie zimowym Ko\u0142o organizowa\u0142o wyjazdy do wielu miejscowo\u015bci w Sudetach le\u017c\u0105cych i po polskiej i czeskiej stronie. Korzystaj\u0105c z w\u0142asnego transport organizowano te\u017c wyjazdy w Alpy. Prowadzone by\u0142y szk\u00f3\u0142ki narciarskie dla najm\u0142odszych oraz szkolenia dla mniej sprawnych, wypo\u017cyczaj\u0105c&nbsp; do nauki niezb\u0119dny sprz\u0119t narciarski (buty, narty, kijki).<\/p>\n<p style=\"text-align: justify;\">Funkcj\u0119 prezesa Ko\u0142a sprawowa\u0142 <strong>Janusz Kierzkowski<\/strong>, kt\u00f3ry w latach 1989 &#8211; 1997 by\u0142 te\u017c cz\u0142onkiem Zarz\u0105du Oddzia\u0142u.<\/p>\n<p style=\"text-align: justify;\"><strong><u>Klub Mi\u0142o\u015bnik\u00f3w Kolei \u017belaznych<\/u><\/strong> (1985-1988)<br><strong><u>Klub Turystyczny \u201eKOZ\u201d<\/u><\/strong> (1985-1988)<br><strong><u>Ko\u0142o nr 23 przy parafii \u015aw. Karola Boromeusza<\/u><\/strong> (1985-1988)<br><strong><u>Ko\u0142o nr 33 przy <\/u><\/strong><strong><u>Przedsi\u0119biorstwie Informatyki Przemys\u0142u Budowlanego<\/u><\/strong> <strong>&nbsp;<\/strong>(1986-1991)<br><strong><u>Harcerski Klub Krajoznawczo &#8211; Turystyczny\u201eHartek\u201d<\/u><\/strong> (1986-1991)<br><strong><u>Ko\u0142o nr 28 przy Urz\u0119dzie Dzielnicowym Wroc\u0142aw Fabryczna<\/u><\/strong> (1986-1987)<br><strong><u>Klub Podwodny \u201eAcropora\u201d<\/u><\/strong> (1987-1988)<br><strong><u>Klub Turystyki Rodzinnej \u201eAgat-25\u201d<\/u><\/strong> (1987-1990)<br><strong><u>Ko\u0142o nr 21 przy Osiedlowym Domu Kultury \u201eStab\u0142owice\u201d<\/u><\/strong> (1987-1993)<br><strong><u>Ko\u0142o nr 24 przy Polskim Zwi\u0105zku Emeryt\u00f3w i Rencist\u00f3w Wroc\u0142aw Fabryczna<\/u><\/strong> (1987-1988)<br><strong><u>Ko\u0142o nr 30 przy Wroc\u0142awskim Oddziale Towarzystwa Polsko &#8211; Austriackiego<\/u><\/strong> (1987-1989)<br><strong><u>Ko\u0142o nr 26 przy Osiedlowym Domu Kultury \u201ePopowice\u201d<\/u><\/strong> (1988-1989)<\/p>\n<p style=\"text-align: justify;\"><strong><u>Ko\u0142o nr 6 \u201ePolanka\u201d<\/u><\/strong> (1990- nadal)<\/p>\n<p style=\"text-align: justify;\">Ko\u0142o powsta\u0142o w maju 1989 r. przy Klubie Osiedlowym \u201ePolanka\u201d.<\/p>\n<p style=\"text-align: justify;\">Niemal w ka\u017cd\u0105 sobot\u0119 (przez ca\u0142y rok) Ko\u0142o organizuje og\u00f3lnie dost\u0119pne piesze wycieczki w najbli\u017csze okolice Wroc\u0142awia, w lasy obornicko &#8211; trzebnickie, w okolice Ole\u015bnicy, Jelcza, czy Mi\u0119kini. W\u0119dr\u00f3wki te, b\u0119d\u0105ce spotkaniem z przyjaci\u00f3\u0142mi, przewa\u017cnie ko\u0144cz\u0105 si\u0119 wsp\u00f3lnym ogniskiem ze \u015bpiewami. W ka\u017cdej z imprez turystycznych \u201ePolanki\u201d uczestniczy od kilkunastu do kilkudziesi\u0119ciu os\u00f3b.<\/p>\n<p style=\"text-align: justify;\">W 1997 r. z inicjatywy Waleriana \u017bukowskiego, cz\u0142onkowie Ko\u0142a utworzyli zesp\u00f3\u0142 wokalny Klubu \u201ePolanka\u201d, kt\u00f3ry dzia\u0142a\u0142 do roku 2012. Cz\u0119\u015b\u0107 uczestnik\u00f3w ch\u00f3ru kontynuuje dzia\u0142ania zespo\u0142u na sobotnich wycieczkach, u\u015bwietniaj\u0105c imprezy Ko\u0142a wsp\u00f3lnie z swoim \u015bpiewem.<\/p>\n<p style=\"text-align: justify;\">Przez wiele lat g\u0142\u00f3wnym organizatorem wycieczek by\u0142 zas\u0142u\u017cony dzia\u0142acz Oddzia\u0142u Walerian<\/p>\n<p style=\"text-align: justify;\">\u017bukowski &#8211; popularnie zwany Waldkiem (zmar\u0142 25 marca 2008 r.). Po nim pa\u0142eczk\u0119 przej\u0105\u0142 <strong>Antoni Zygnerski,<\/strong> kontynuuj\u0105c z powodzeniem wsp\u00f3lnie z <strong>Czes\u0142awem Le\u015bniar\u0105<\/strong>,<strong> Gra\u017cyn\u0105 Skowro\u0144sk\u0105, Zofi\u0105 W\u0105growsk\u0105<\/strong>, <strong>Ew\u0105 Witek<\/strong>, <strong>Barbar\u0105 Zarzyck\u0105 <\/strong>dzia\u0142alno\u015b\u0107 ko\u0142a w\u015br\u00f3d senior\u00f3w.<\/p>\n<p style=\"text-align: justify;\">We w\u0142adzach Oddzia\u0142u pracowali: <strong>Boles\u0142aw Lang<\/strong> &#8211; cz\u0142onek Zarz\u0105du (1997-2001); I<strong>reneusz Mucha<\/strong> &#8211; cz\u0142onek Zarz\u0105du (2001-2005); <strong>Zofia W\u0105growska <\/strong>&#8211; cz\u0142onek Oddzia\u0142owej Komisji Rewizyjnej (od roku 2005);<strong> Walerian \u017bukowski<\/strong> &#8211; cz\u0142onek S\u0105du Kole\u017ce\u0144skiego (1992-2001).<\/p>\n<p style=\"text-align: justify;\"><strong><u>Ko\u0142o PTTK nr 14 \u201eDolno\u015bl\u0105zacy\u201d<\/u><\/strong> (1991- nadal)<\/p>\n<p style=\"text-align: justify;\">Zebranie za\u0142o\u017cycielskie Ko\u0142a PTTK nr 14 odby\u0142o si\u0119 8 lutego 1965 r. Pierwszym Prezesem zosta\u0142a <strong>Maria Bernat<\/strong>.<\/p>\n<p style=\"text-align: justify;\">W 1991 r. Ko\u0142o przesz\u0142o z Oddzia\u0142u Wroc\u0142awskiego PTTK do Oddzia\u0142u PTTK Wroc\u0142aw Fabryczna. Aktyw Ko\u0142a, dysponuj\u0105c odpowiednimi \u015brodkami finansowymi, koncentrowa\u0142 si\u0119 przede wszystkim na organizacji wypoczynku, turystyki i krajoznawstwa dla dzieci i m\u0142odzie\u017cy z rodzin funkcjonariuszy. Nasilenie tej dzia\u0142alno\u015bci przypada na lata 1991 &#8211; 2000 kiedy to zorganizowano kilkaset imprez, w kt\u00f3rych wzi\u0119\u0142o udzia\u0142 kilka tysi\u0119cy os\u00f3b. Przewa\u017ca\u0142y w\u015br\u00f3d nich kr\u00f3tkie imprezy autokarowe w pobliskie regiony g\u00f3rskie (\u015anie\u017cnik, Srebrna G\u00f3ra, Zag\u00f3rze \u015al\u0105skie, G\u00f3ry Sto\u0142owe, Skalne Grzyby, Bardo \u015al\u0105skie), a tak\u017ce do Czech (Skalne Miasto, Praga), Austrii i na W\u0119gry (Wiede\u0144, Budapeszt). By\u0142y te\u017c obozy stacjonarne i w\u0119drowne dla m\u0142odzie\u017cy oraz zimowiska. Obozy w\u0119drowne organizowano na obszarze g\u00f3r polskich &#8211; od \u015awieradowa Zdroju po Bieszczady, a tak\u017ce w G\u00f3rach \u015awi\u0119tokrzyskich i na Jurze Krakowsko &#8211; Cz\u0119stochowskiej. Szczeg\u00f3lnym powodzeniem u m\u0142odych ludzi cieszy\u0142y si\u0119 trzytygodniowe turnusy w Bieszczadach. Ostatni taki ob\u00f3z w 2000 r. po\u0142\u0105czony by\u0142 z wyjazdem i zwiedzaniem Lwowa.<\/p>\n<p style=\"text-align: justify;\">Ko\u0142o dysponuje wyposa\u017conym lokalem klubowym otwartym 6 stycznia 1995 r. Tradycyjn\u0105 imprez\u0105 aktywu turystycznego Ko\u0142a by\u0142a impreza na \u015anie\u017cniku &#8211; na rozpocz\u0119cie oraz na zako\u0144czenie sezonu.<\/p>\n<p style=\"text-align: justify;\">W \u015brodowisku s\u0142u\u017cb mundurowych propaguje g\u0142\u00f3wnie turystyk\u0119 g\u00f3rsk\u0105 i aktywny wypoczynek. Od maja 2004 r. organizowana&nbsp; jest coroczna impreza &#8211; Og\u00f3lnopolski Sudecki Rajd Policjant\u00f3w. Ka\u017cdego roku bierze udzia\u0142 kilkudziesi\u0119ciu turyst\u00f3w nie tylko w policyjnych mundurach.<\/p>\n<p style=\"text-align: justify;\">Cz\u0142onkowie Ko\u0142a uczestnicz\u0105 te\u017c w og\u00f3lnopolskich imprezach turystycznych organizowanych przez Policj\u0119 i Stra\u017c Graniczn\u0105. Najwa\u017cniejsze z nich to: Zlot Aktywu Turystycznego resortu spraw wewn\u0119trznych (w tym roku 31), Og\u00f3lnopolski Rajd G\u00f3rski \u201eSzlakami Obro\u0144c\u00f3w Granic\u201d (po raz 46) i Og\u00f3lnopolski Rajd G\u00f3rski S\u0142u\u017cb Mundurowych resortu spraw wewn\u0119trznych (25) &#8211; dawniej Spotkania Turystyczne Policji. Na tych imprezach tury\u015bci z Ko\u0142a nr 14 zdobyli wiele nagr\u00f3d, dyplom\u00f3w i puchar\u00f3w np. Puchar Komendanta G\u0142\u00f3wnego Policji.<\/p>\n<p style=\"text-align: justify;\">Zarz\u0105d Ko\u0142a organizuje tak\u017ce jedno i kilkudniowe wyjazdy w g\u00f3ry w ramach zdobywania Korony Sudet\u00f3w i spotka\u0144 mi\u0142o\u015bnik\u00f3w g\u00f3r.<\/p>\n<p style=\"text-align: justify;\">Prezesi Ko\u0142a w ostatnich latach: <strong>Anna Paw\u0142owska<\/strong> 1992-1995, <strong>Henryk Duciak<\/strong> 1995-1996, <strong>Jerzy Osiecki<\/strong> 1996-2000, <strong>Hubert Gliga<\/strong> 2000-2004, <strong>W\u0142odzimierz Jankiewicz<\/strong> 2004-2008, <strong>Hubert Gliga <\/strong>2008 i nadal.<\/p>\n<p style=\"text-align: justify;\">We w\u0142adzach Oddzia\u0142u dzia\u0142ali: <strong>Anna Paw\u0142owska<\/strong> &#8211; sekretarz Zarz\u0105du (1993-1994); <strong>Jerzy Osiecki <\/strong>&#8211; cz\u0142onek Zarz\u0105du (1994-2001); <strong>Henryk Duciak<\/strong> &#8211; cz\u0142onek S\u0105du Kole\u017ce\u0144skiego (1997-2005); <strong>Hubert Gliga <\/strong>&#8211; wiceprezes (2005-2013).<\/p>\n<p style=\"text-align: justify;\"><strong><u>Ko\u0142o nr 7 przy Wytw\u00f3rni Sprz\u0119tu Komunikacyjnego PZL-Hydral<\/u><\/strong> (1991-1992)<\/p>\n<p style=\"text-align: justify;\"><strong><u>Klub Turystyki Kolarskiej \u201eREWOR\u201d<\/u><\/strong> (1995-2004)<\/p>\n<p style=\"text-align: justify;\">Historia Klubu si\u0119ga roku 1986, kiedy to pierwsi dzia\u0142acze, zrzeszeni w Oddziale PTTK Wroc\u0142aw Krzyki, organizowali wycieczki kolarskie. Nazwa Klubu \u201eREWOR\u201d oznacza rower czytany wspak.<\/p>\n<p style=\"text-align: justify;\">Jest to oryginalny pomys\u0142 <strong>Marka Szturo<\/strong> &#8211; jednego z pierwszych uczestnik\u00f3w imprez klubowych.<\/p>\n<p style=\"text-align: justify;\">Pierwszym prezesem Klubu by\u0142 <strong>Stanis\u0142aw Stembalski<\/strong>, p\u00f3\u017aniej t\u0119 funkcj\u0119 pe\u0142nili <strong>Robert Wojakowski <\/strong>i <strong>Kazimierz W\u0142adyka<\/strong>. Aktywni dzia\u0142acze to <strong>Miros\u0142aw O\u0142dakowski<\/strong> i <strong>Ireneusz Brzozowski<\/strong>.<\/p>\n<p style=\"text-align: justify;\">Wycieczki klubowe organizowane by\u0142y wed\u0142ug wcze\u015bniej przygotowywanego planu. Wyjazd nast\u0119powa\u0142 w ka\u017cda niedziel\u0119, spod sklepu \u201eRONDO\u201d na placu Powsta\u0144c\u00f3w \u015al\u0105skich. Imprezy klubowe cz\u0119sto wykracza\u0142y poza terenie Dolnego \u015al\u0105ska. W okresie letnim organizowano te\u017c rajdy wieloetapowe. Cz\u0142onkowie Klubu brali te\u017c udzia\u0142 w imprezach innych k\u00f3\u0142 i klub\u00f3w organizowanych na obszarze ca\u0142ej Polski, a tak\u017ce poza jej granicami (Czechy).<\/p>\n<p style=\"text-align: center;\">Od roku 1993 w Klubie prowadzona by\u0142a kronika w\u0142asnych imprez i udzia\u0142u w wycieczkach, na kt\u00f3re cz\u0142onkowie Klubu otrzymali zaproszenie. W kronice tej podsumowywano ka\u017cdy rok dzia\u0142alno\u015bci, dziel\u0105c to podsumowanie na sezon letni (kwiecie\u0144 &#8211; pa\u017adziernik) i sezon zimowy (listopad &#8211; marzec). Umieszczano tam opisy wa\u017cniejszych tras, ciekawe zdarzenia oraz zdj\u0119cia z wycieczek. Przyk\u0142adem prowadzonych statystyk jest tabela prezentuj\u0105ca dokonania klubowicz\u00f3w w sezonie letnim w latach 1995 &#8211; 2001.<\/p>\n<table class=\" aligncenter\" style=\"border-collapse: collapse; width: 316px; height: 285px;\" border=\"0\" width=\"256\" cellspacing=\"0\" cellpadding=\"0\">\n<tbody>\n<tr style=\"height: 15.0pt;\">\n<td style=\"height: 15pt; width: 48pt; text-align: center;\" width=\"64\" height=\"20\"><strong>Rok<\/strong><\/td>\n<td style=\"width: 48pt; text-align: center;\" width=\"64\"><strong>Ilo\u015b\u0107 imprez<\/strong><\/td>\n<td style=\"width: 48pt; text-align: center;\" width=\"64\"><strong>Ilo\u015b\u0107 kilometr\u00f3w<\/strong><\/td>\n<td style=\"width: 48pt; text-align: center;\" width=\"64\"><strong>Ilo\u015b\u0107 uczestnik\u00f3w<\/strong><\/td>\n<\/tr>\n<tr style=\"height: 15.0pt;\">\n<td style=\"height: 15pt; text-align: center;\" align=\"right\" height=\"20\"><strong>1995<\/strong><\/td>\n<td style=\"text-align: center;\" align=\"right\">39<\/td>\n<td style=\"text-align: center;\" align=\"right\">3570<\/td>\n<td style=\"text-align: center;\" align=\"right\">615<\/td>\n<\/tr>\n<tr style=\"height: 15.0pt;\">\n<td style=\"height: 15pt; text-align: center;\" align=\"right\" height=\"20\"><strong>1996<\/strong><\/td>\n<td style=\"text-align: center;\" align=\"right\">35<\/td>\n<td style=\"text-align: center;\" align=\"right\">2755<\/td>\n<td style=\"text-align: center;\" align=\"right\">692<\/td>\n<\/tr>\n<tr style=\"height: 15.0pt;\">\n<td style=\"height: 15pt; text-align: center;\" align=\"right\" height=\"20\"><strong>1997<\/strong><\/td>\n<td style=\"text-align: center;\" align=\"right\">46<\/td>\n<td style=\"text-align: center;\" align=\"right\">3620<\/td>\n<td style=\"text-align: center;\" align=\"right\">765<\/td>\n<\/tr>\n<tr style=\"height: 15.0pt;\">\n<td style=\"height: 15pt; text-align: center;\" align=\"right\" height=\"20\"><strong>1998<\/strong><\/td>\n<td style=\"text-align: center;\" align=\"right\">68<\/td>\n<td style=\"text-align: center;\" align=\"right\">4880<\/td>\n<td style=\"text-align: center;\" align=\"right\">656<\/td>\n<\/tr>\n<tr style=\"height: 15.0pt;\">\n<td style=\"height: 15pt; text-align: center;\" align=\"right\" height=\"20\"><strong>1999<\/strong><\/td>\n<td style=\"text-align: center;\" align=\"right\">62<\/td>\n<td style=\"text-align: center;\" align=\"right\">4810<\/td>\n<td style=\"text-align: center;\" align=\"right\">1011<\/td>\n<\/tr>\n<tr style=\"height: 15.0pt;\">\n<td style=\"height: 15pt; text-align: center;\" align=\"right\" height=\"20\"><strong>2000<\/strong><\/td>\n<td style=\"text-align: center;\" align=\"right\">55<\/td>\n<td style=\"text-align: center;\" align=\"right\">4175<\/td>\n<td style=\"text-align: center;\" align=\"right\">1265<\/td>\n<\/tr>\n<tr style=\"height: 15.0pt;\">\n<td style=\"height: 15pt; text-align: center;\" align=\"right\" height=\"20\"><strong>2001<\/strong><\/td>\n<td style=\"text-align: center;\" align=\"right\">61<\/td>\n<td style=\"text-align: center;\" align=\"right\">4955<\/td>\n<td style=\"text-align: center;\" align=\"right\">1062<\/td>\n<\/tr>\n<\/tbody>\n<\/table>\n<p style=\"text-align: justify;\">Cz\u0142onkiem Zarz\u0105du Oddzia\u0142u by\u0142 <strong>Ireneusz Brzozowski<\/strong> (2001-2004)<\/p>\n<h4 style=\"text-align: justify;\">Ko\u0142o nr 11 \u201e\u015al\u0119\u017canie\u201d przy Oddziale Przewoz\u00f3w Regionalnych<u> (1995- nadal)<\/u><\/h4>\n<p style=\"text-align: justify;\">W dniu 11 listopada 1965 r. w Oddziale Wroc\u0142awskim zosta\u0142o zarejestrowane nowe ko\u0142o PTTK.<\/p>\n<p style=\"text-align: justify;\">Otrzyma\u0142o tam numer 11. Jego za\u0142o\u017cycielami i pierwszymi cz\u0142onkami byli: <strong>Miros\u0142aw Andzelewicz<\/strong>, <strong>Wielis\u0142awa Buhalik<\/strong>, <strong>Agnieszka Dubaniowska<\/strong>, <strong>Jan Gesing<\/strong>, <strong>Wac\u0142aw Gli\u0144ski<\/strong>, <strong>Zdzis\u0142aw G\u0142\u0119bowski<\/strong>, <strong>Stefan Jangas<\/strong>, <strong>Zofia Knapik<\/strong>, <strong>Janina i J\u00f3zef Kuci\u0144scy<\/strong>, <strong>Jerzy Kukie\u0142czy\u0144ski<\/strong>, <strong>Jeremi i Renata Maliccy<\/strong>, <strong>Rados\u0142aw Ostafi<\/strong>, <strong>J\u00f3zef Sambor<\/strong>, <strong>Alfred Skulski<\/strong>, <strong>Jerzy Szygowski<\/strong>, <strong>Jan Trznadel<\/strong>. By\u0142y te\u017c inne osoby, kt\u00f3rych jednak na razie nie uda\u0142o si\u0119 ustali\u0107. Pierwszym prezesem licz\u0105cego oko\u0142o 30 cz\u0142onk\u00f3w Ko\u0142a zosta\u0142a Zofia Knapik. W latach siedemdziesi\u0105tych Ko\u0142o przechodzi do Oddzia\u0142u PTTK Wroc\u0142aw Krzyki, a po zaprzestaniu dzia\u0142alno\u015bci&nbsp; przez ten Oddzia\u0142 (1995) wchodzi w sk\u0142ad K\u00f3\u0142 Oddzia\u0142u PTTK Wroc\u0142aw Fabryczna.<\/p>\n<p style=\"text-align: justify;\">W swoich pocz\u0105tkach Ko\u0142o dzia\u0142a\u0142o tylko w\u015br\u00f3d pracownik\u00f3w Centrali DOKP Wroc\u0142aw, a jego dzia\u0142alno\u015b\u0107 polega\u0142a g\u0142\u00f3wnie na organizowaniu wypad\u00f3w za miasto i wycieczek wagonowych, jako najpopularniejszej formy wypoczynku kolejarzy. Jednak po kilku latach zacz\u0119to do\u0144 przyjmowa\u0107 wszystkich kolejarzy w\u0119z\u0142a wroc\u0142awskiego. W tym te\u017c okresie zacz\u0119to organizowa\u0107 pierwsze Rajdy, popularyzuj\u0105c w\u015br\u00f3d kolejarskiej braci walory turystyczne okolic Wroc\u0142awia, \u015al\u0105ski Olimp czy Sudety. Na pocz\u0105tku lat siedemdziesi\u0105tych zorganizowana zosta\u0142a pierwsza impreza na orientacj\u0119 &#8211; \u201eZawody na orientacj\u0119 kolejarzy\u201d, zmieniona p\u00f3\u017aniej na \u201eSudecki azymut kolejarzy\u201d (organizowana przez 7 lat) oraz pierwszy rajd g\u00f3rski \u201eKolejarze szlakiem zamk\u00f3w i grod\u00f3w\u201d (organizowany do dzi\u015b).<\/p>\n<p style=\"text-align: justify;\">Na pocz\u0105tku lat osiemdziesi\u0105tych w szeregi Ko\u0142a nr 11 przyjmowani s\u0105 wszyscy kolejarze, natomiast w po\u0142owie tej dekady Ko\u0142o otwiera si\u0119 tak\u017ce na osoby spoza PKP. Znacznie wzrasta liczba jego cz\u0142onk\u00f3w, dochodz\u0105c nawet do 200 os\u00f3b. Ro\u015bnie te\u017c liczba organizowanych imprez o wi\u0119kszej ni\u017c dotychczas r\u00f3\u017cnorodno\u015bci. Organizowane s\u0105 wi\u0119c wycieczki wagonowe i autokarowe dla niedzielnych turyst\u00f3w, rodzinne wypady na \u0142ono natury, zloty dla dzieci i rajdy dla turyst\u00f3w bardziej zaprawionych. W tym czasie dzia\u0142acze Ko\u0142a rozpoczynaj\u0105 organizacj\u0119 jednodniowych rajd\u00f3w rodzinnych: \u201eMaj\u00f3wka, \u201eMarzanna\u201d (p\u00f3\u017aniej zwana Kolejarsk\u0105) oraz \u201ePieczony Ziemniak\u201d. Dzia\u0142alno\u015b\u0107 turystyczna na rzecz m\u0142odego pokolenia i doros\u0142ych przynios\u0142a widoczne efekty. Kiedy w po\u0142owie lat dziewi\u0119\u0107dziesi\u0105tych, ze wzgl\u0119du na brak dofinansowania, wiele ogniw PTTK zaprzestaje dzia\u0142alno\u015bci, w Kole nr 11 liczba cz\u0142onk\u00f3w nie schodzi poni\u017cej 70 os\u00f3b.<\/p>\n<p style=\"text-align: justify;\">W tym czasie nast\u0119puje dynamiczny rozw\u00f3j Ko\u0142a. Przyjmuje ono nazw\u0119 \u201e\u015al\u0119\u017canie\u201d (1993), cz\u0142onkowie i sympatycy nosz\u0105 wyr\u00f3\u017cniaj\u0105cy ich znaczek (by\u0142o ich kilka) i podczas wa\u017cnych wydarze\u0144 \u015bpiewaj\u0105 w\u0142asny hymn (pierwszy raz zosta\u0142 za\u015bpiewany 11 listopada 1995 r. z okazji XXX-lecia Ko\u0142a) i wydawane s\u0105 kolejne \u015bpiewniki Ko\u0142a. W latach dziewi\u0119\u0107dziesi\u0105tych powsta\u0142a i w ramach Ko\u0142a by\u0142a weryfikowana odznaka turystyki kwalifikowanej \u201eZnam \u015al\u0119\u017c\u0119\u201d.<\/p>\n<p style=\"text-align: justify;\">Prowadzona by\u0142a kronika Ko\u0142a. Od roku 1997 przez oko\u0142o 10 lat cz\u0142onkowie i sympatycy Ko\u0142a uzyskiwali istotne dla nich informacje, dowiadywali si\u0119 o ciekawych miejscach i zabytkach, a tak\u017ce poznawali dolno\u015bl\u0105skie legendy i opowie\u015bci z \u201eG\u0142osu \u015al\u0119\u017can\u201d &#8211; miesi\u0119cznika Ko\u0142a.<\/p>\n<p style=\"text-align: justify;\">Na prze\u0142omie wiek\u00f3w organizowane by\u0142y &#8211; ciesz\u0105ce si\u0119 popularno\u015bci\u0105 &#8211; imprezy dla wszystkich pokole\u0144:<\/p>\n<ul style=\"text-align: justify;\">\n<li>cykliczne rajdy: \u201eKolejarze szlakiem zamk\u00f3w i grod\u00f3w\u201d, \u201eMaj\u00f3wka\u201d, \u201ePieczony Ziemniak\u201d,\u201eSpadaj\u0105cy Li\u015b\u0107\u201d, \u201e\u015al\u0119\u017ca\u0144ska Marzanna\u201d, \u201eWielka Sowa\u201d. W rajdach tych bra\u0142o udzia\u0142 od pi\u0119\u0107dziesi\u0119ciu do kilkuset os\u00f3b.<\/li>\n<li>krajoznawcze wycieczki krajowe i zagraniczne (kilka ka\u017cdego roku)<\/li>\n<li>imprezy jednodniowe &#8211; nie tylko w okolice Wroc\u0142awia (kilkana\u015bcie w ci\u0105gu roku)<\/li>\n<li>wsp\u00f3lne wyjazdy na imprezy organizowane przez inne ogniwa PTTK, g\u0142\u00f3wnie kolejarskie<\/li>\n<li>impreza szkoleniowo &#8211; rekreacyjna &#8211; \u015al\u0119\u017ca\u0144skie Forum Turystyczno &#8211; Rekreacyjne \u201eTu jest Tw\u00f3jdom\u201d (w latach 1997 &#8211; 2001 odbywa\u0142y si\u0119 2 imprezy rocznie).<\/li>\n<\/ul>\n<p style=\"text-align: justify;\">Cz\u0142onkowie Ko\u0142a byli tak\u017ce organizatorami wysoko ocenianych w \u015brodowisku kolejarskim II (rok 1994) i IX (rok 2002) Szkoleniowo &#8211; Krajoznawczego Og\u00f3lnopolskiego Forum Kolejarzy. Aktywnie uczestniczyli te\u017c w organizacji XXV Og\u00f3lnopolskiego Rajdu Honorowych Dawc\u00f3w Krwi \u201eCzerwona R\u00f3\u017ca\u201d w 2001 r. oraz VI Og\u00f3lnopolskiego Rajdu Kolejarzy Honorowych Dawc\u00f3w Krwi w roku 2004.<\/p>\n<p style=\"text-align: justify;\">Kolejne lata r\u00f3wnie\u017c cechuje ogromna aktywno\u015b\u0107 cz\u0142onk\u00f3w Ko\u0142a, kt\u00f3rych liczba waha si\u0119 od 60 do 100. Wznowione zostaje (cho\u0107 na kr\u00f3tko) wydawanie \u201eG\u0142osu \u015al\u0119\u017can\u201d. Organizowane s\u0105 tradycyjne rajdy: \u201e\u015al\u0119\u017ca\u0144sk\u0105 Marzanna\u201d, \u201eKolejarze szlakiem zamk\u00f3w i grod\u00f3w\u201d i \u201eSpadaj\u0105cy Li\u015b\u0107\u201d. Natomiast zmianie ulega podstawowy \u015brodek transportu dla wycieczek krajowych; ze wzgl\u0119du na utrat\u0119 ulg przejazdowych przez wielu \u015al\u0119\u017can &#8211; kolejarzy oraz liczne grono cz\u0142onk\u00f3w Ko\u0142a pracuj\u0105cych poza sp\u00f3\u0142kami PKP, coraz cz\u0119\u015bciej korzysta si\u0119 z autokar\u00f3w, jako wygodniejszego \u015brodka lokomocji. Swego rodzaju nowo\u015bci\u0105 jest organizacja wycieczek rowerowych. Chocia\u017c ju\u017c wcze\u015bniej podejmowane by\u0142y nie\u015bmia\u0142e pr\u00f3by organizowania takich wycieczek, to dopiero ich cykliczno\u015b\u0107 zach\u0119ci\u0142a znaczn\u0105 liczb\u0119 os\u00f3b do uprawiania tego rodzaju turystyki.<\/p>\n<p style=\"text-align: justify;\">Organizowane s\u0105 te\u017c (w siedzibie Oddzia\u0142u PTTK Wroc\u0142aw Fabryczna) okazjonalne spotkania klubowe cz\u0142onk\u00f3w Ko\u0142a. Omawia si\u0119&nbsp; na nich imprezy, kt\u00f3re si\u0119 odby\u0142a, opowiada si\u0119 o ciekawych miejscach, przedstawia propozycje turystyczne, a tak\u017ce wspomina ludzi, kt\u00f3rzy w dziejach Ko\u0142a odegrali pewn\u0105 role. W pa\u017adzierniku 2016 r. i w lutym 2017 r. odby\u0142y si\u0119 tego rodzaju spotkania, z tym, \u017ce uczestnikami opr\u00f3cz cz\u0142onk\u00f3w PTTK byli \u015al\u0119\u017canie i sympatycy Ko\u0142a. Rodzaj Zlotu na sali klubowej.<\/p>\n<p style=\"text-align: justify;\">Obecnie Ko\u0142o liczy 69 cz\u0142onk\u00f3w. Organizowane s\u0105 cykliczne&nbsp; imprezy: w styczniu \u201eTurystyczne powitanie Nowego Roku\u201d w lutym \u201eZimowe W\u0119dr\u00f3wki \u015al\u0119\u017can\u201d, w marcu \u201eZimowe taborzenie na \u015anie\u017cniku\u201d, w kwietniu \u201eRozpocz\u0119cie sezonu turystycznego\u201d, w maju \u201eMaj\u00f3wka na rowerze\u201d, w czerwcu \u201eKolejarze szlakiem Zamk\u00f3w i Grod\u00f3w\u201d, w lipcu sp\u0142yw kajakowy, w sierpniu s\u0105 wyjazdy w g\u00f3ry z cyklu \u201eKa\u017cdy jecha\u0107 mo\u017ce\u201d, we wrze\u015bniu \u201eRajd rowerowy po Ziemi Dolno\u015bl\u0105skiej\u201d, w listopadzie \u201eSpadaj\u0105cy li\u015b\u0107\u201d.<\/p>\n<p style=\"text-align: justify;\">Prezesami Ko\u0142a byli: <strong>Zofia Knapik<\/strong> 1965-1967, <strong>Jan Cyberski<\/strong> 1967-1969, <strong>Wac\u0142aw Gli\u0144ski<\/strong> 19691972, <strong>Mieczys\u0142aw Boda<\/strong> 1972-1976, <strong>Jerzy Kolerski<\/strong> 1976-1978, <strong>El\u017cbieta Hepnar<\/strong> 1978-1984, <strong>Ryszard Piktel<\/strong> 1984-1990, <strong>Ewa Rapacz<\/strong> 1990-1992, <strong>Miko\u0142aj Bialik<\/strong> 1992-1998, <strong>El\u017cbieta Szczuraszek<\/strong> 1998-2000, <strong>Dagmar Chmielewska<\/strong> 2000-2008, <strong>Marek Kublik<\/strong> 2009-2015, <strong>Tadeusz Prus<\/strong> 2015-2016, <strong>Jolanta Malik<\/strong> od 2016.<\/p>\n<p style=\"text-align: justify;\">Od czasu wej\u015bcia Ko\u0142a w sk\u0142ad Oddzia\u0142u PTTK Wroc\u0142aw Fabryczna cz\u0142onkowie Ko\u0142a pe\u0142nili odpowiedzialne funkcje we w\u0142adzach tego Oddzia\u0142u:<\/p>\n<ul style=\"text-align: justify;\">\n<li><strong>Jerzy B\u0142aszczyk<\/strong> &#8211; prezes (1997-2001 i 2005-2009); cz\u0142onek Zarz\u0105du (1995-1997 i 2001-2005)<\/li>\n<li><strong>Miko\u0142aj Bialik<\/strong> &#8211; prezes (2001-2002); sekretarz Zarz\u0105du (1997-2001)<\/li>\n<li><strong>Jolanta Bia\u0142ek<\/strong> &#8211; cz\u0142onek Komisji Rewizyjnej (2005-2009)<\/li>\n<li><strong>Dagmar Chmielewska<\/strong> &#8211; cz\u0142onek Zarz\u0105du (2005-2009); cz\u0142onek S\u0105du Kole\u017ce\u0144skiego (2001-2005) \uf0b7 <strong>\u0141ucja Czechowska<\/strong> &#8211; cz\u0142onek S\u0105du Kole\u017ce\u0144skiego (1997-2001)<\/li>\n<li><strong>Zdzis\u0142aw Dryglewski<\/strong> &#8211; przewodnicz\u0105cy S\u0105du Kole\u017ce\u0144skiego (2005-2009); cz\u0142onek S\u0105du Kole\u017ce\u0144skiego (od 2009)<\/li>\n<li><strong>Alicja Grunt-Mejer<\/strong> &#8211; przewodnicz\u0105ca Komisji Rewizyjnej (2001-2013); cz\u0142onek Komisji Rewizyjnej (1997-2001)<\/li>\n<li><strong>Zygmunt Karkocha<\/strong> &#8211; sekretarz Komisji Rewizyjnej (1997-2011)<\/li>\n<li><strong>Iwona Kublik<\/strong> &#8211; cz\u0142onek Zarz\u0105du (2009-2013)<\/li>\n<li><strong>Henryk Kulczyk<\/strong> &#8211; wiceprezes (od 2013)<\/li>\n<li><strong>Jolanta Malik<\/strong> &#8211; przewodnicz\u0105ca S\u0105du Kole\u017ce\u0144skiego (od 2009)<\/li>\n<li><strong>Andrzej Trybu\u0142a<\/strong> &#8211; prezes (od 2009)<\/li>\n<li><strong>Stanis\u0142aw Zembski<\/strong> &#8211; cz\u0142onek S\u0105du Kole\u017ce\u0144skiego (2001-2009)<\/li>\n<\/ul>\n<p style=\"text-align: justify;\">Ponadto 3 cz\u0142onk\u00f3w Ko\u0142a wchodzi\u0142o w sk\u0142ad Komisji Turystyki Rady G\u0142\u00f3wnej Kultury Fizycznej, Turystyki i Dzia\u0142alno\u015bci Kulturalnej \u201eKolejarz\u201d, a 10 os\u00f3b by\u0142o w sk\u0142adzie Komisji Turystyki Mi\u0119dzyzak\u0142adowej Rady Kultury Fizycznej, Turystyki i Dzia\u0142alno\u015bci Kulturalnej \u201eKolejarz\u201d we Wroc\u0142awiu.<\/p>\n<p style=\"text-align: justify;\">Opr\u00f3cz wcze\u015bniej wymienionych os\u00f3b sw\u00f3j szczeg\u00f3lny wk\u0142ad w rozw\u00f3j Ko\u0142a wnie\u015bli te\u017c: <strong>Oskar Andruszkiewicz<\/strong>, <strong>Lucyna, Krzysztof i Zofia Bialikowie<\/strong>, <strong>Gra\u017cyna Bielewicz<\/strong>, <strong>Helena i Waldemar B\u0142aszczykowie<\/strong>, <strong>Eugeniusz Buda<\/strong>, <strong>Danuta Czajkowska<\/strong>, <strong>Jacek Czechowski<\/strong>, <strong>Eugeniusz Graja<\/strong>, <strong>Andrzej Grunt-Mejer<\/strong>, <strong>Wojciech Heluszka<\/strong>, <strong>Regina Jelonek<\/strong>, <strong>Danuta Kolerska<\/strong>, <strong>Mieczys\u0142aw Korzycki<\/strong>, <strong>Joanna Koz\u0142owska<\/strong>, <strong>Alicja Krawczyszyn<\/strong>, <strong>Stanis\u0142awa Kwiecie\u0144<\/strong>, <strong>Zenon Leszczy\u0144ski<\/strong>, <strong>Teresa i Wojciech Lubasowie<\/strong>, <strong>Genowefa \u0141adniak<\/strong>, <strong>Gabriela \u0141e\u0144ska<\/strong>, <strong>Stanis\u0142awa Merta<\/strong>, <strong>Adam i Danuta Miedzi\u0144scy<\/strong>, <strong>W\u0142odzimierz Milejski<\/strong>, <strong>Jan Nawroth<\/strong>, <strong>Wies\u0142aw Nieckula<\/strong>, <strong>Ewa Orzechowska<\/strong>, <strong>Marek Oziemb\u0142owski<\/strong>, <strong>Barbara Pawlak<\/strong>, <strong>Bo\u017cenna Piktel<\/strong>, <strong>Krzysztof Pucha\u0142a<\/strong>, <strong>Wies\u0142aw Pytlik<\/strong>, <strong>Leon i \u0141ukasz Rapaczowie<\/strong>, <strong>Helena Rusnak<\/strong>, <strong>Leszek Schmidt<\/strong>, <strong>Antoni Sikora<\/strong>, <strong>Stanis\u0142aw Siudut<\/strong>, <strong>J\u00f3zef Sambor<\/strong>, <strong>Zenon Stefa\u0144ski<\/strong>, <strong>Jan Szefczyk<\/strong>, <strong>Leonard Szulc<\/strong>, <strong>Jan Szuszkiewicz<\/strong>, <strong>Leszek \u015amia\u0142kowski<\/strong>, <strong>Irena Tomera<\/strong>, <strong>W\u0142odzimierz Trojanowski<\/strong>, <strong>Gra\u017cyna i Alicja Wa\u0142\u0119ga<\/strong>, <strong>Adam W\u0119grzyn<\/strong>, <strong>Aleksandra Wilanowska<\/strong>.<\/p>\n<p style=\"text-align: justify;\">Za osi\u0105gni\u0119cia w propagowaniu i rozwoju turystyki Ko\u0142o otrzyma\u0142o:<\/p>\n<ul style=\"text-align: justify;\">\n<li>Puchar Federacji Kolejarzy ufundowany przez Ministra Komunikacji i Zarz\u0105d G\u0142\u00f3wny ZZK \u201eZanajaktywniejsze Ko\u0142o PTTK w sieci PKP\u201d (1973)<\/li>\n<li>Puchar Oddzia\u0142u PTTK Wroc\u0142aw Krzyki \u201eZa I miejsce we wsp\u00f3\u0142zawodnictwie K\u00f3\u0142 Zak\u0142adowych\u201d(1975, 1985, 1995)<\/li>\n<li>Dyplom i nagrod\u0119 pieni\u0119\u017cn\u0105 za II miejsce w wsp\u00f3\u0142zawodnictwie K\u00f3\u0142 Zak\u0142adowych wojew\u00f3dztwawroc\u0142awskiego (1979)<\/li>\n<li>Puchar Zarz\u0105du Wojew\u00f3dzkiego PTTK we Wroc\u0142awiu (1986)<\/li>\n<li>Nagrod\u0119 pieni\u0119\u017cn\u0105 od Ministra Sportu i Turystyki (1990)<\/li>\n<li>Srebrn\u0105 \u201eHonorow\u0105 Odznak\u0119 PTTK\u201d (1998)<\/li>\n<li>Medal Za zas\u0142ugi dla turystyki zak\u0142adowej od Komisji K\u00f3\u0142 i Oddzia\u0142\u00f3w Zak\u0142adowych ZG PTTK(2000)<\/li>\n<li>Z\u0142ot\u0105 \u201eHonorow\u0105 Odznak\u0119 PTTK\u201d (2005)<\/li>\n<li>Honorow\u0105 Odznak\u0119 \u201eZa Zas\u0142ugi dla Turystyki\u201d (2007)<\/li>\n<\/ul>\n<p style=\"text-align: justify;\"><strong><u>Klub Kajakowy Nektos &#8211; Mosina<\/u><\/strong> (1998-2000)<\/p>\n<p style=\"text-align: justify;\"><strong><u>Ko\u0142o nr 10 \u201eWendrusie\u201d<\/u><\/strong> (2007 i nadal)<\/p>\n<p style=\"text-align: justify;\">Inicjatorem utworzenia Ko\u0142a, kt\u00f3re w Oddziale PTTK Wroc\u0142aw Fabryczna zosta\u0142o zarejestrowane w 2007 r., by\u0142 <strong>Wenancjusz Micho\u0144<\/strong>, kt\u00f3ry od roku 1996 r. prowadzi\u0142 popularne we Wroc\u0142awiu \u201eW\u0119dr\u00f3wki z plecakiem\u201d.&nbsp; Wycieczki Ko\u0142a to kontynuacja tamtych w\u0119dr\u00f3wek.<\/p>\n<p style=\"text-align: justify;\">W minionych 10 latach odby\u0142o si\u0119 168 wycieczek, a liczba ich uczestnik\u00f3w wynios\u0142a 1580.&nbsp; Trasy tych wypraw prowadz\u0105 przez polskie i czeskie Sudety, ale te\u017c po nizinnych terenach Dolnego \u015al\u0105ska.<\/p>\n<p style=\"text-align: justify;\">Cz\u0142onkowie Ko\u0142a od 2009 r. prowadz\u0105 te\u017c na Zlotach Oddzia\u0142u loteri\u0119 fantow\u0105.<\/p>\n<p style=\"text-align: justify;\">Opr\u00f3cz Wenancjusza Michonia do najbardziej aktywnych cz\u0142onk\u00f3w Ko\u0142a zaliczy\u0107 nale\u017cy: <strong>Wies\u0142aw\u0119 Amilia\u0144czyk<\/strong>, <strong>Jana Czarneckiego<\/strong>, <strong>Janusza D\u0142ugosza<\/strong>, <strong>Ludwika Koniecznego<\/strong>, <strong>Alicj\u0119 Muszy\u0144sk\u0105<\/strong>, <strong>Bogumi\u0142\u0119 Radomsk\u0105 <\/strong>i <strong>El\u017cbiet\u0119 Sosulsk\u0105 i Janin\u0119 Stogi\u0144sk\u0105<\/strong>.<\/p>\n<h3 style=\"text-align: left;\"><u>SZKOLNE KO\u0141A KRAJOZNAWCZO &#8211; TURYSTYCZNE<\/u><\/h3>\n<p style=\"text-align: justify;\"><em>Bardzo wa\u017cnymi by\u0142y dla Oddzia\u0142u podejmowane przez ko\u0142a dzia\u0142ania w zakresie wsp\u00f3\u0142organizacji form wypoczynku pracownik\u00f3w zak\u0142ad\u00f3w pracy dzielnicy Wroc\u0142aw Fabryczna. Jednak istotn\u0105 by\u0142a dzia\u0142alno\u015b\u0107 na terenie szk\u00f3\u0142, gdy\u017c zapewnia\u0142a ona przysz\u0142o\u015b\u0107 PTTK. Nie tylko pozyskiwano w szko\u0142ach nowych cz\u0142onk\u00f3w PTTK, ale te\u017c wychowywano przysz\u0142ych dzia\u0142aczy Towarzystwa.<\/em><\/p>\n<p style=\"text-align: justify;\"><em>Od samego pocz\u0105tku Szkolne Ko\u0142a Krajoznawczo &#8211; Turystyczne (SKKT) dzia\u0142a\u0142y przy Liceach Og\u00f3lnokszta\u0142c\u0105cych (V, VI i VII), przy Zasadniczych Szko\u0142ach Zawodowych w pi\u0119ciu zak\u0142adach dzielnicy, a tak\u017ce przy technikach zawodowych. Na prze\u0142omie lat 1969 &#8211; 1970 dzia\u0142a\u0142o 13 SKKT.<\/em><\/p>\n<p style=\"text-align: justify;\"><em>Dotarcie do szk\u00f3\u0142 podstawowych wymaga\u0142o jednak zrozumienia w\u0142adz szkolnych oraz poparcia w\u0142adz o\u015bwiatowych dzielnicy, grona wizytator\u00f3w i nauczycieli. Niezmiernie wa\u017cn\u0105 by\u0142a rola szkolnego opiekuna SKKT &#8211; nauczyciela i dzia\u0142acza PTTK.<\/em><\/p>\n<p style=\"text-align: justify;\"><em>Przy poparciu (r\u00f3wnie\u017c finansowym) w\u0142adz o\u015bwiatowych, w dniach 30 maja &#8211; 1 czerwca 1971 r. zosta\u0142 zorganizowany w Zag\u00f3rzu \u015al\u0105skim I Zlot Szkolnych K\u00f3\u0142 Turystyczno &#8211; Krajoznawczych, na kt\u00f3rym zawi\u0105za\u0142a si\u0119 Rada Opiekun\u00f3w SKKT (nauczyciele, rodzice, przedstawiciel Biura Oddzia\u0142u), spe\u0142niaj\u0105ca funkcj\u0119 Komisji M\u0142odzie\u017cowej.<\/em> <em>Na wniosek Rady Opiekun\u00f3w SKKT w kr\u00f3tkim czasie przeprowadzono pierwsze szkolenia dla kierownik\u00f3w wycieczek szkolnych, w wyniku kt\u00f3rych pi\u0119\u0107dziesi\u0105t os\u00f3b otrzyma\u0142o niezb\u0119dne uprawnienia. Na skutek zalece\u0144 Rady na imprezach Oddzia\u0142u musia\u0142y by\u0107 trasy dla m\u0142odzie\u017cy szk\u00f3\u0142 podstawowych. Rada zaleca\u0142a te\u017c organizowanie specjalnych imprez SKKT. Szczeg\u00f3lnego podkre\u015blenia wymaga te\u017c dobra wsp\u00f3\u0142praca Oddzia\u0142u z w\u0142adzami o\u015bwiatowymi dzielnicy Fabryczna w latach 1972 &#8211; 1977. Stworzona zosta\u0142a w\u0142a\u015bciwa atmosfera i warunki dla dzia\u0142alno\u015bci SKKT w szko\u0142ach. Nie by\u0142oby to mo\u017cliwe bez poparcia wizytator Cecylii Losiak i inspektor Wies\u0142awy Go\u0142as, a tak\u017ce dzia\u0142alno\u015bci grona os\u00f3b z Rady Opiekun\u00f3w SKKT.<\/em><\/p>\n<p style=\"text-align: justify;\"><em>Efektem przedstawionych dzia\u0142a\u0144 by\u0142 wzrost udzia\u0142u m\u0142odzie\u017cy w imprezach organizowanych przez Oddzia\u0142. Gdy w roku 1968 m\u0142odzie\u017c stanowi\u0142a tylko 10% bior\u0105cych udzia\u0142 w imprezie, a na prze\u0142omie lat siedemdziesi\u0105tych i osiemdziesi\u0105tych po\u0142owa uczestnik\u00f3w to m\u0142odzi ludzie, w latach 1985 &#8211; 1987 liczba ta dochodzi\u0142a do 80%. Temu korzystnemu zjawisku nie zaszkodzi\u0142o nawet wprowadzenie zmian w szkolnictwie w 1977 r., kiedy to ze strat\u0105 dla PTTK wi\u0119ksze kompetencje w zagospodarowaniu wolnego czasu dzieci i m\u0142odzie\u017cy przyznano ZHP. Du\u017cym atutem by\u0142y \u015brodki finansowe, jakimi w\u00f3wczas Oddzia\u0142 dysponowa\u0142 i kt\u00f3re m\u00f3g\u0142 skierowa\u0107 na rzecz SKKT (w latach 1985 &#8211; 1988 by\u0142o to niemal 10 mln. z\u0142.).<\/em><\/p>\n<p style=\"text-align: justify;\"><em>W 1987 r. w naszym Oddziale dzia\u0142a\u0142y 43 SKKT i by\u0142a to najwy\u017csza liczba w dziejach Oddzia\u0142u.<\/em><\/p>\n<p style=\"text-align: justify;\"><em>I tu wypada wymieni\u0107 z imienia i nazwiska chocia\u017c tych nauczycieli i dzia\u0142aczy SKKT, kt\u00f3rzy na te sukcesy pracowali&nbsp; we w\u0142adzach Oddzia\u0142u PTTK Wroc\u0142aw Fabryczna. Byli to:<\/em><\/p>\n<p style=\"text-align: justify;\"><strong>Stanis\u0142awa Go\u0142aczewska<\/strong> (Technikum Chemiczne) &#8211; cz\u0142onek Zarz\u0105du (1972-1976)<br><strong>Halina Ilecka<\/strong> (SP nr 68) &#8211; cz\u0142onek Zarz\u0105du (1974-1976)<br><strong>Jerzy Tatarek<\/strong> (VII LO) &#8211; cz\u0142onek Zarz\u0105du (1974-1976 i przewodnicz\u0105cy Rady Opiekun\u00f3w SKKT.<br><strong>Piotr Stani\u00f3w<\/strong> (SP nr 27) &#8211; wiceprezes (1989-1992), cz\u0142onek Zarz\u0105du (1983-1989);<br><strong>Andrzej Pikulski<\/strong> (V LO) &#8211; prezes (1993 \u2013 1994), cz\u0142onek Zarz\u0105du (1990-1993)<br><strong>Ewa Wlaz\u0142o<\/strong> (SP nr 100) &#8211; cz\u0142onek Komisji M\u0142odzie\u017cowej (1985-1997)<br><strong>Bo\u017cena Szumowska<\/strong> (SP nr 51) &#8211; sekretarz Komisji M\u0142odzie\u017cowej (1985-1997)<br><strong>Maria Modelska<\/strong> (SP nr 113) &#8211; cz\u0142onek Rady Opiekun\u00f3w SKKT (1982-1984)<br><strong>Piotr Jab\u0142o\u0144ski<\/strong> (SP nr 5) &#8211; cz\u0142onek Zarz\u0105du (1985-1990)<br><strong>Wanda Haas<\/strong> (SP nr 113) &#8211; przewodnicz\u0105ca S\u0105du Kole\u017ce\u0144skiego (1992-2005)<br><strong>Karol Dykiert<\/strong> (Zak\u0142ad Rehabilitacji Zawodowej Inwalid\u00f3w) &#8211; cz\u0142onek Zarz\u0105du (1997-2003)<\/p>\n<p style=\"text-align: justify;\"><em>Po tym wprowadzeniu, kt\u00f3re by\u0142o mo\u017ce nieco d\u0142u\u017csze, ale naszym zdaniem niezb\u0119dne, przejd\u017amy do informacji o poszczeg\u00f3lnych SKKT. Opr\u00f3cz numeru i nazwy SKKT oraz okresu jego dzia\u0142ania w ramach Oddzia\u0142u PTTK Wroc\u0142aw Fabryczna podajemy tak\u017ce nazwisko opiekuna. No c\u00f3\u017c? Tylko przy nielicznych pokazujemy tak\u017ce troch\u0119 historii. Bo tylko nieliczni chcieli nam o sobie opowiedzie\u0107&#8230;&nbsp;&nbsp;&nbsp;&nbsp;&nbsp;<\/em><\/p>\n<p style=\"text-align: right;\"><\/p>\n\n\n<div class=\"wp-block-columns is-layout-flex wp-container-core-columns-is-layout-9d6595d7 wp-block-columns-is-layout-flex\">\n<div class=\"wp-block-column is-layout-flow wp-block-column-is-layout-flow\" style=\"flex-basis:66.66%\">\n<p><span style=\"text-decoration: underline;\"><strong>SKKT nr 39 przy Zespole Szk\u00f3\u0142 Mechanicznych nr 2<\/strong><\/span> (1968-1990) <br><span style=\"text-decoration: underline;\"><strong>SKKT nr 1 przy V Liceum Og\u00f3lnokszta\u0142c\u0105cym<\/strong><\/span> (1969-2005) <br><span style=\"text-decoration: underline;\"><strong>SKKT nr 2 przy VI Liceum Og\u00f3lnokszta\u0142c\u0105cym<\/strong><\/span> (1969-1991) <br><span style=\"text-decoration: underline;\"><strong>SKKT nr 3 przy VII Liceum Og\u00f3lnokszta\u0142c\u0105cym<\/strong><\/span> (1969-1989) <br><span style=\"text-decoration: underline;\"><strong>SKKT nr 21 przy Zespole Szk\u00f3\u0142 Rolniczych<\/strong><\/span> (1969-1988) <br><span style=\"text-decoration: underline;\"><strong>SKKT nr 44 przy Zespole Szk\u00f3\u0142 Budowlanych<\/strong><\/span> (1969-1990) <br><span style=\"text-decoration: underline;\"><strong>SKKT nr 45 przy Zespole Szk\u00f3\u0142 Chemicznych<\/strong><\/span> (1969-1977) <br><span style=\"text-decoration: underline;\"><strong>SKKT nr 60 przy Technikum Elektronicznym i OHP w Czernicy<\/strong><\/span><br>(1974-1975) <br><span style=\"text-decoration: underline;\"><strong>SKKT nr 27 przy Szkole Podstawowej nr 82<\/strong><\/span> (1975-1990) <br><span style=\"text-decoration: underline;\"><strong>SKKT przy Elektronicznych Zak\u0142adach Naukowych<\/strong><\/span> (1977-1979) <br><span style=\"text-decoration: underline;\"><strong>SKKT nr 5 przy Szkole Podstawowej nr 57<\/strong><\/span> (1977-1990) <br><span style=\"text-decoration: underline;\"><strong>SKKT nr 6 przy Szkole Podstawowej nr 16<\/strong><\/span> (1977-1990) <br><span style=\"text-decoration: underline;\"><strong>SKKT nr 7 przy Szkole Podstawowej nr 68<\/strong><\/span> (1977-1990) <br><span style=\"text-decoration: underline;\"><strong>SKKT nr 11 przy Szkole Podstawowej nr 95<\/strong><\/span> (1977-1989)<\/p>\n<p><span style=\"text-decoration: underline;\"><strong>SKKT nr 20 przy Szkole Podstawowej nr 105<\/strong><\/span> (1977-1990) <br><span style=\"text-decoration: underline;\"><strong>SKKT nr 25 przy Szkole Podstawowej nr 27<\/strong><\/span> (1977-1991)<\/p>\n<p><span style=\"text-decoration: underline;\"><strong>SKKT nr 28 przy Szkole Podstawowej nr 22<\/strong><\/span> (1977-1992) <br><span style=\"text-decoration: underline;\"><strong>SKKT nr 4 przy Szkole Podstawowej nr 33<\/strong><\/span> (1978-1991) <br><span style=\"text-decoration: underline;\"><strong>SKKT nr 9 przy Szkole Podstawowej nr 24<\/strong><\/span> (1978-1989) <br><span style=\"text-decoration: underline;\"><strong>SKKT nr 13 przy Szkole Podstawowej w Mi\u0119kini<\/strong><\/span> (1978-1988) <br><span style=\"text-decoration: underline;\"><strong>SKKT nr 14 przy Szkole Podstawowej w Mrozowie<\/strong><\/span> (1978-1988) <br><span style=\"text-decoration: underline;\"><strong>SKKT nr 24 przy Szkole Podstawowej nr 51<\/strong><\/span> (1978-1995) <br><span style=\"text-decoration: underline;\"><strong>SKKT nr 8 przy Szkole Podstawowej nr 19<\/strong><\/span> (1979-1990) <br><span style=\"text-decoration: underline;\"><strong>SKKT nr 10 przy Szkole Podstawowej nr 26<\/strong><\/span> (1979-1989) <br><span style=\"text-decoration: underline;\"><strong>SKKT nr 12 przy Szkole Podstawowej nr 100<\/strong><\/span> (1979-1990)<\/p>\n<p><span style=\"text-decoration: underline;\"><strong>SKKT nr 15 przy Szkole Podstawowej w G\u0142osce<\/strong><\/span> (1979-1988) <br><span style=\"text-decoration: underline;\"><strong>SKKT nr 17 przy Zespole Szk\u00f3\u0142 Ogrodniczych<\/strong><\/span> (1979-1990) <br><span style=\"text-decoration: underline;\"><strong>SKKT nr 32 przy Szkole Podstawowej nr 5<\/strong><\/span> (1979-1992) <br><span style=\"text-decoration: underline;\"><strong>SKKT nr 16 przy Szkole Podstawowej w Malczycach<\/strong><\/span> (1980-1990) <br><span style=\"text-decoration: underline;\"><strong>SKKT nr 22 przy Szkole Podstawowej nr 25<\/strong><\/span> (1981-1989) <br><span style=\"text-decoration: underline;\"><strong>SKKT nr 23 przy Szkole Podstawowej nr 3<\/strong><\/span> (1981-1990) <br><span style=\"text-decoration: underline;\"><strong>SKKT nr 30 przy Szkole Podstawowej nr 28<\/strong><\/span> (1981-1989) <br><span style=\"text-decoration: underline;\"><strong>SKKT nr 18 przy Bursie Szk\u00f3\u0142 Budowlanych<\/strong><\/span> nr 1 (1982-1987) <br><span style=\"text-decoration: underline;\"><strong>SKKT nr 19 przy Szkole Podstawowej nr 15<\/strong><\/span> (1982-1989) <br><span style=\"text-decoration: underline;\"><strong>SKKT nr 26 przy Domu Dziecka nr 3<\/strong><\/span> (1982-1989) <br><span style=\"text-decoration: underline;\"><strong>SKKT nr 29 przy Szkole Podstawowej nr 109<\/strong><\/span> (1982-1990) <br><span style=\"text-decoration: underline;\"><strong>SKKT nr 31 przy Szkole Podstawowej nr 106<\/strong><\/span> (1982-1994) <br><span style=\"text-decoration: underline;\"><strong>SKKT nr 33 przy Szkole Podstawowej nr 113<\/strong><\/span> (1983-1997)<\/p>\n<p><span style=\"text-decoration: underline;\"><strong>SKKT nr 34 przy Szkole Podstawowej nr 65<\/strong><\/span> (1983-1990) <br><span style=\"text-decoration: underline;\"><strong>SKKT nr 35 przy Szkole Podstawowej nr 79<\/strong> <\/span>(1983-1990) <br><span style=\"text-decoration: underline;\"><strong>SKKT nr 36 przy Szkole Podstawowej w Sulistrowicach<\/strong><\/span> (1983-1994) <br><span style=\"text-decoration: underline;\"><strong>SKKT nr 37 przy Zak\u0142adzie Rehabilitacji Zawodowej Inwalid\u00f3w<\/strong><\/span><br>(1983-2008)<\/p>\n<\/div>\n\n\n\n<div class=\"wp-block-column is-layout-flow wp-block-column-is-layout-flow\" style=\"flex-basis:33.33%\">\n<p><strong>Miros\u0142awa Szcz\u0119sna<\/strong><br><strong>Andrzej Pikulski<\/strong><br><strong>Wies\u0142awa Denderys<\/strong><br><strong>Danuta Domrat<\/strong><br><strong>Janina Grabowska<\/strong><br><strong>Andrzej Gnatowski<\/strong><br><strong>Stanis\u0142awa Go\u0142aszewska<\/strong><br><strong>Stanis\u0142awa St\u0119ka\u0142a<\/strong><\/p>\n<p><strong>Wanda Matziol<\/strong><br><strong>Regina Kornafel<\/strong><br><strong>W\u0142adys\u0142awa Plaminiak<\/strong><br><strong>Edward Dudek<\/strong><br><strong>Krystyna Kusznir<\/strong><br><strong>Teresa Kwiatkowska;<\/strong><br><strong>Maria Filipiak (Modelska)<\/strong><br><strong>Stefania Kulpaczy\u0144ska<\/strong><br><strong>Piotr Stani\u00f3w<\/strong><br><strong>Ryszard Go\u0142ofit<\/strong><br><strong>Stefania Perczak<\/strong><br><strong>Krystyna O\u017c\u00f3g<\/strong><br><strong>Dariusz Kraus<\/strong><br><strong>El\u017cbieta Gawry\u015b<\/strong><br><strong>Bronis\u0142aw \u015anie\u017cek<\/strong><br><strong>Bo\u017cena Szumowska<\/strong><br><strong>Bogus\u0142awa Mo\u017cd\u017ce\u0144<\/strong><br><strong>El\u017cbieta Potapczuk<\/strong><br><strong>Zenon Ka\u0142u\u017cny<\/strong><br><strong>Ewa Filipiak (Wlaz\u0142o)<\/strong><br><strong>Ryszard Go\u0142ofit<\/strong><br><strong>Ma\u0142gorzata Adamska<\/strong><br><strong>Zbigniew Niemiec<\/strong><br><strong>J\u00f3zef Konieczny<\/strong><br><strong>Teresa Trojanowska<\/strong><br><strong>Teresa Wrona<\/strong><br><strong>Ma\u0142gorzata Cierniak<\/strong><br><strong>Maria Dancewicz<\/strong><br><strong>El\u017cbieta Blacios<\/strong><br><strong>Iwona Kozub<\/strong><br><strong>Ma\u0142gorzata G\u0142owicka<\/strong><br><strong>Hanna Stani\u00f3w<\/strong><br><strong>Maria May &#8211; Majewska<\/strong><br><strong>Maria Modelska<\/strong><br><strong>Wanda Haas<\/strong><br><strong>Janusz Grabias<\/strong><br><strong>Irena Kami\u0144ska<\/strong><br><strong>Boles\u0142aw Tryniecki<\/strong><br><strong>Karol Dykiert<\/strong><\/p>\n<\/div>\n<\/div>\n\n\n<p style=\"text-align: justify;\">Szkolne Ko\u0142o Krajoznawczo &#8211; Turystyczne nr 37 przy Zak\u0142adzie Rehabilitacji Zawodowej Inwalid\u00f3w (od 01.09.1997 r. przy Centrum Kszta\u0142cenia i Rehabilitacji Os\u00f3b Niepe\u0142nosprawnych) we Wroc\u0142awiu, za\u0142o\u017cone zosta\u0142o z ko\u0144cem roku 1983 przez nauczyciela matematyki Karola Dykierta dla uczni\u00f3w jego klasy. Dzia\u0142alno\u015b\u0107 Ko\u0142a i jego opiekuna szybko zostaje zauwa\u017cona przez dyrekcj\u0119 Zak\u0142adu i grono nauczycielskie. W pierwszym okresie dzia\u0142alno\u015bci SKKT du\u017ce zrozumienie dla turystyki i krajoznawstwa PTTK, jako form rehabilitacji o walorach kszta\u0142c\u0105cych i wychowawczych wykazywa\u0142o kierownictwo Zak\u0142adu: dyrektor <strong>Tadeusz Samselski<\/strong>, dyrektor ds. gospodarczych <strong>Ewa Piss<\/strong>. Te\u017c cz\u0142onkowie PTTK. Wkr\u00f3tce domen\u0105 Ko\u0142a sta\u0142a si\u0119 organizacja imprez turystycznych i rekreacji w okresie wakacji.&nbsp; Specyficzne wymogi sposobu organizacji imprez os\u00f3b niepe\u0142nosprawnych w ma\u0142ych grupach, pod opiek\u0105 do\u015bwiadczonych opiekun\u00f3w, zapewnienie w\u0142a\u015bciwego transportu, tak\u017ce sprz\u0119tu, wymaga\u0142y okre\u015blonego wysi\u0142ku i ch\u0119ci dzia\u0142ania, a przede wszystkim \u015brodk\u00f3w finansowych. Przychylna atmosfera dla realizacji programu Ko\u0142a dawa\u0142a wyniki. Zorganizowano kurs organizator\u00f3w turystyki (26 os\u00f3b). Na przestrzeni lat 1983 &#8211; 2001 odbywa\u0142y si\u0119 coroczne czterodniowe imprezy autokarowe w r\u00f3\u017cne regiony Polski: Tatry, Pieniny, Sudety, do Krakowa, Poznania, Gniezna, Warszawy; zwiedzano tak\u017ce inne atrakcyjne turystycznie miejsca w Polsce. R\u00f3wnolegle organizowane by\u0142y wakacyjne, czternastodniowe sp\u0142ywy kajakowe (Mazury, Pojezierze Suwalsko &#8211; Augustowskie, Obra, Brda, Wda, Pa\u0142uki, Pilica) z biwakami na trasie. Uczniowie uczestniczyli w nich w ma\u0142ych grupach (20 &#8211; 22 osoby) i oczywi\u015bcie pod fachow\u0105 opiek\u0105. Og\u00f3\u0142em zorganizowanych zosta\u0142o 27 takich imprez. Pomy\u015blnie rozwi\u0105zywane by\u0142y problemy finansowe imprez: z \u015brodk\u00f3w Zak\u0142adu, w pocz\u0105tkowych latach dzia\u0142alno\u015bci (1985 &#8211; 1989) z pomocy finansowej Oddzia\u0142u, z dotacji sponsor\u00f3w, kt\u00f3rzy zwykle nie odmawiali opiekunowi (autokary, darowizny i wypo\u017cyczenia sprz\u0119tu wodniackiego)<\/p>\n<p style=\"text-align: justify;\">W latach 1985 &#8211; 1993 SKKT nr 37 nale\u017ca\u0142o do najwi\u0119kszych ogniw Oddzia\u0142u, grupuj\u0105c po kilkuset uczestnik\u00f3w, co nieraz przekracza\u0142o 50% og\u00f3\u0142u niepe\u0142nosprawnej m\u0142odzie\u017cy pobieraj\u0105cej nauk\u0119 w Zak\u0142adzie.<\/p>\n\n\n<div class=\"wp-block-columns is-layout-flex wp-container-core-columns-is-layout-9d6595d7 wp-block-columns-is-layout-flex\">\n<div class=\"wp-block-column is-layout-flow wp-block-column-is-layout-flow\" style=\"flex-basis:70%\">\n<p><strong><u>SKKT nr 38 przy Szkole Podstawowej Specjalnej nr 1<\/u><\/strong> (1983-1990)<br><strong><u>SKKT nr 40 przy Szkole Podstawowej nr 75<\/u><\/strong> (1985-1990)<br><strong><u>SKKT nr 41 przy Zespole Szk\u00f3\u0142 Zawodowych nr 2 <\/u><\/strong>&nbsp;(1986-1995)<strong><br><\/strong><strong><u>SKKT nr 42 przy Szkole Podstawowej nr 32<\/u><\/strong> (1986-1991)<strong><br><\/strong><strong><u>SKKT nr 43 przy Szkole Podstawowej w Szczepanowie<\/u><\/strong> (1986-1988)<strong><br><\/strong><strong><u>SKKT nr 45 przy Szkole Podstawowej w Pustkowie \u017burawskim <\/u><\/strong>(1986-1990)<strong><br><\/strong><strong><u>SKKT nr 46 przy Szkole Podstawowej nr 37<\/u><\/strong> (1987-1990)<strong><br><\/strong><strong><u>SKKT nr 6 przy Szkole Podstawowej nr 83<\/u><\/strong> (1992-2002)<strong><br><\/strong><strong><u>SKKT nr 8 przy Szkole Podstawowej nr 81<\/u><\/strong> (1994-2004)<strong><br><\/strong><strong><u>SKKT nr 4 przy Domu Dziecka w Obornikach \u015al\u0105skich<\/u><\/strong> (1996-2005)<\/p>\n<\/div>\n\n\n\n<div class=\"wp-block-column is-layout-flow wp-block-column-is-layout-flow\" style=\"flex-basis:30%\">\n<p><strong>Jan Modzelewski<br>El\u017cbieta Cichos<br>Jadwiga Angelus<br>Gra\u017cyna Sobik<br>Jerzy Stro\u017cek<br>Ryszard Bury<br><\/strong><strong>Bo\u017cena Bro\u015b<br>El\u017cbieta Listwan<br>Marta Ekert-Mazzini<br>Maria Burzy\u0144ska<br><\/strong><\/p>\n<\/div>\n<\/div>\n\n\n<h2 style=\"text-align: justify;\">&nbsp;IV. DZIA\u0141ACZY TRUD WIDZIANO\u2026<\/h2>\n<p style=\"text-align: justify;\"><em>W tym rozdziale opowiemy Wam o ludziach. O konkretnych osobach, kt\u00f3re poprzez swoj\u0105 dzia\u0142alno\u015b\u0107 potrafi\u0142y przekona\u0107 do turystyki t\u0142umy. Ale nie przeczytacie tu ich \u017cyciorys\u00f3w, cho\u0107 pewnie nie by\u0142aby to \u201eobowi\u0105zkowa lektura z czas\u00f3w szkolnych\u201d. Dowiecie si\u0119 natomiast w jaki spos\u00f3b doceniony zosta\u0142 ich trud i zaanga\u017cowanie poprzez w\u0142adze pa\u0144stwowe i w\u0142adze Towarzystwa. Oczywi\u015bcie tu zosta\u0142y wymienione tylko osoby uhonorowane odznaczeniami i wyr\u00f3\u017cnieniami wy\u017cszych stopni. Gdyby\u015bmy chcieli wymieni\u0107 wszystkich dzia\u0142aj\u0105ce w ramach Oddzia\u0142u PTTK Wroc\u0142aw Fabryczna, kt\u00f3rym przyznano odznaki i dyplomy zaj\u0119\u0142o by to obj\u0119to\u015b\u0107 tego wydawnictwa. St\u0105d opinia, \u017ce jako spo\u0142ecze\u0144stwo jeste\u015bmy ma\u0142o aktywni, w nas (opracowuj\u0105cych niniejsze wydawnictwo) budzi gor\u0105cy sprzeciw.<\/em><\/p>\n<p style=\"text-align: justify;\"><em>Inn\u0105 form\u0105 docenienia dzia\u0142aczy jest delegowanie ich (wyb\u00f3r) do w\u0142adz zwierzchnich Towarzystwa.<\/em><\/p>\n<p style=\"text-align: justify;\"><em>Jak si\u0119 przekonasz Drogi Czytelniku w dalszej cz\u0119\u015bci tego rozdzia\u0142u w 50-letniej historii Oddzia\u0142u PTTK Wroc\u0142aw Fabryczna liczba dzia\u0142aczy oraz pe\u0142nione przez nich funkcje mia\u0142y znacz\u0105cy wp\u0142yw na dzia\u0142alno\u015b\u0107 ca\u0142ej organizacji.&nbsp;&nbsp;&nbsp;&nbsp; <\/em><\/p>\n<h3 style=\"text-align: justify;\">ODZNACZENIA I WYR\u00d3\u017bNIENIA<\/h3>\n<p style=\"text-align: right;\"><\/p>\n\n\n<p class=\"has-text-align-center\"><strong>Z\u0142oty Krzy\u017c Zas\u0142ugi<\/strong><\/p>\n\n\n\n<div class=\"wp-block-columns is-layout-flex wp-container-core-columns-is-layout-9d6595d7 wp-block-columns-is-layout-flex\">\n<div class=\"wp-block-column is-layout-flow wp-block-column-is-layout-flow\">\n<p>Bogus\u0142aw Modelski<\/p>\n<\/div>\n\n\n\n<div class=\"wp-block-column is-layout-flow wp-block-column-is-layout-flow\">\n<p class=\"has-text-align-center\">Marek Szot<\/p>\n<\/div>\n\n\n\n<div class=\"wp-block-column is-layout-flow wp-block-column-is-layout-flow\">\n<p class=\"has-text-align-right\">Walerian \u017bukowski<\/p>\n<\/div>\n<\/div>\n\n\n\n<p class=\"has-text-align-center\"><strong>Srebrny Krzy\u017c Zas\u0142ugi<\/strong><\/p>\n\n\n\n<div class=\"wp-block-columns is-layout-flex wp-container-core-columns-is-layout-9d6595d7 wp-block-columns-is-layout-flex\">\n<div class=\"wp-block-column is-layout-flow wp-block-column-is-layout-flow\">\n<p>Marek Szot<br>Janina Zaj\u0105c &#8211; Kli\u0144ska<\/p>\n<\/div>\n\n\n\n<div class=\"wp-block-column is-layout-flow wp-block-column-is-layout-flow\">\n<p class=\"has-text-align-center\">Wojciech Radli\u0144ski<br>Janusz Zakrzewski<\/p>\n<\/div>\n\n\n\n<div class=\"wp-block-column is-layout-flow wp-block-column-is-layout-flow\">\n<p class=\"has-text-align-right\">W\u0142adys\u0142aw Wo\u017aniakiewicz<\/p>\n<\/div>\n<\/div>\n\n\n\n<p class=\"has-text-align-center\"><strong>Br\u0105zowy Krzy\u017c Zas\u0142ugi<\/strong><\/p>\n\n\n\n<div class=\"wp-block-columns is-layout-flex wp-container-core-columns-is-layout-9d6595d7 wp-block-columns-is-layout-flex\">\n<div class=\"wp-block-column is-layout-flow wp-block-column-is-layout-flow\">\n<p class=\"has-text-align-left\">Jerzy Kosowski<br>Andrzej Trybu\u0142a<\/p>\n<\/div>\n\n\n\n<div class=\"wp-block-column is-layout-flow wp-block-column-is-layout-flow\">\n<p class=\"has-text-align-center\">Tadeusz Kozak<\/p>\n<\/div>\n\n\n\n<div class=\"wp-block-column is-layout-flow wp-block-column-is-layout-flow\">\n<p class=\"has-text-align-right\">Henryk Kulczyk<\/p>\n<\/div>\n<\/div>\n\n\n\n<p class=\"has-text-align-center\"><strong>Medal Komisji Edukacji Narodowej<\/strong><\/p>\n\n\n\n<div class=\"wp-block-columns is-layout-flex wp-container-core-columns-is-layout-9d6595d7 wp-block-columns-is-layout-flex\">\n<div class=\"wp-block-column is-layout-flow wp-block-column-is-layout-flow\">\n<p>Wanda Haas<br>Piotr Stani\u00f3w<\/p>\n<\/div>\n\n\n\n<div class=\"wp-block-column is-layout-flow wp-block-column-is-layout-flow\">\n<p class=\"has-text-align-center\">Edward Kaszuba<br>Marek Szot<\/p>\n<\/div>\n\n\n\n<div class=\"wp-block-column is-layout-flow wp-block-column-is-layout-flow\">\n<p class=\"has-text-align-right\">Iwona Kublik<\/p>\n<\/div>\n<\/div>\n\n\n\n<p class=\"has-text-align-center\"><strong>Honorowa Odznaka \u201eZa Zas\u0142ugi dla Turystyki\u201d<\/strong><\/p>\n\n\n\n<div class=\"wp-block-columns is-layout-flex wp-container-core-columns-is-layout-9d6595d7 wp-block-columns-is-layout-flex\">\n<div class=\"wp-block-column is-layout-flow wp-block-column-is-layout-flow\">\n<p>Bogus\u0142aw Apathy<br>Gra\u017cyna Biernat<br>Wanda Haas<br>Tadeusz Kozak<br>Bogus\u0142aw Modelski<br>Piotr Stani\u00f3w<br>Andrzej Trybu\u0142a<br>Janusz Zakrzewski<br>Klub Turystyki G\u00f3rskiej \u201e\u0141azek\u201d<br>Oddzia\u0142 PTTK Wroc\u0142aw Fabryczna<\/p>\n<\/div>\n\n\n\n<div class=\"wp-block-column is-layout-flow wp-block-column-is-layout-flow\">\n<p class=\"has-text-align-center\">Miko\u0142aj Bialik<br>Jerzy B\u0142aszczyk<br>Hubert Gliga<br>Henryk Kulczyk<br>Stefan Olejnik<br>Marek Szot<br>W\u0142adys\u0142aw Wo\u017aniakiewicz<br>Klub Przewodnik\u00f3w Turystycznych<\/p>\n<\/div>\n\n\n\n<div class=\"wp-block-column is-layout-flow wp-block-column-is-layout-flow\">\n<p class=\"has-text-align-right\">Krzysztof Bia\u0142ob\u0142ocki<br>Zdzis\u0142aw Borowiec<br>Jerzy Kosowski<br>Wenancjusz Micho\u0144<br>Ewa Rapacz<br>Leonard Szulc<br>Janina Zaj\u0105c-Kli\u0144ska<br>Ko\u0142o nr 11 \u201e\u015al\u0119\u017canie\u201d<\/p>\n<\/div>\n<\/div>\n\n\n\n<p class=\"has-text-align-center\"><strong>Honorowa Odznaka \u201eZa Zas\u0142ugi dla Ochrony \u015arodowiska i Gospodarki Wodnej\u201d<\/strong><\/p>\n\n\n\n<div class=\"wp-block-columns is-layout-flex wp-container-core-columns-is-layout-9d6595d7 wp-block-columns-is-layout-flex\">\n<div class=\"wp-block-column is-layout-flow wp-block-column-is-layout-flow\">\n<p>Iwona Kublik<br>Andrzej Trybu\u0142a<\/p>\n<\/div>\n\n\n\n<div class=\"wp-block-column is-layout-flow wp-block-column-is-layout-flow\">\n<p class=\"has-text-align-center\">Piotr Stani\u00f3w<\/p>\n<\/div>\n\n\n\n<div class=\"wp-block-column is-layout-flow wp-block-column-is-layout-flow\">\n<p class=\"has-text-align-right\">Marek Szot<\/p>\n<\/div>\n<\/div>\n\n\n\n<p class=\"has-text-align-center\"><strong>Godno\u015b\u0107 \u201eCz\u0142onek Honorowy PTTK\u201d<\/strong><\/p>\n\n\n\n<div class=\"wp-block-columns is-layout-flex wp-container-core-columns-is-layout-9d6595d7 wp-block-columns-is-layout-flex\">\n<div class=\"wp-block-column is-layout-flow wp-block-column-is-layout-flow\">\n<p>W\u0142adys\u0142aw Mianowski<\/p>\n<\/div>\n\n\n\n<div class=\"wp-block-column is-layout-flow wp-block-column-is-layout-flow\"><\/div>\n\n\n\n<div class=\"wp-block-column is-layout-flow wp-block-column-is-layout-flow\"><\/div>\n<\/div>\n\n\n\n<p class=\"has-text-align-center\"><strong>Z\u0142ota Honorowa Odznaka PTTK<\/strong><\/p>\n\n\n\n<div class=\"wp-block-columns is-layout-flex wp-container-core-columns-is-layout-9d6595d7 wp-block-columns-is-layout-flex\">\n<div class=\"wp-block-column is-layout-flow wp-block-column-is-layout-flow\">\n<p>Ryszard Antonowicz<br>Miko\u0142aj Bialik<br>Jerzy B\u0142aszczyk<br>Dagmar Chmielewska<br>Zbigniew Fr\u0105czek<br>Wanda Haas<br>Anna Jagie\u0142\u0142o<br>Wac\u0142aw Jarguli\u0144ski<br>Krzysztof Jesionek<br>Edward Kaszuba<br>Jerzy Kosowski<br>Edward \u0141uczak<br>Wenancjusz Micho\u0144<br>Stanis\u0142aw Nosol<br>Witold Papierniak<br>Ryszard Piktel<br>Tadeusz Prus<br>Ewa Rapacz<br>Piotr Stani\u00f3w<br>El\u017cbieta Szczuraszek<br>J\u00f3zef Szumilas<br>Janina Zaj\u0105c-Kli\u0144ska<br>Antoni Zygnerski<br>Klub Przewodnik\u00f3w Turystycznych<br>Ko\u0142o nr 11 \u201e\u015al\u0119\u017canie\u201d<\/p>\n<\/div>\n\n\n\n<div class=\"wp-block-column is-layout-flow wp-block-column-is-layout-flow\">\n<p class=\"has-text-align-center\">Bogus\u0142aw Apathy<br>Krzysztof Bia\u0142ob\u0142ocki<br>Zdzis\u0142aw Borowiec<br>Zdzis\u0142aw Dryglewski<br>Bernard Gaffke<br>Jerzy Idler<br>Bronis\u0142aw Jaje<br>Tadeusz Jarosz<br>Jan Kaczmarz<br>Urszula Kawi\u0144ska<br>Henryk Kulczyk<br>Jerzy Maciejewski<br>Jolanta Mikulska<br>Robert Nowak<br>Anna Paw\u0142owska<br>W\u0142adys\u0142awa Plaminiak<br>Wojciech Radli\u0144ski<br>Leon Rapacz<br>Waldemar Szafra\u0144ski<br>Marek Szot<br>Bo\u017cena Szumowska<br>Janusz Zakrzewski<br>Walerian \u017bukowski<br>Klub Spo\u0142. Opiekun\u00f3w Zabytk\u00f3w<br>Klub Turystyki G\u00f3rskiej \u201e\u0141azek\u201d<\/p>\n<\/div>\n\n\n\n<div class=\"wp-block-column is-layout-flow wp-block-column-is-layout-flow\">\n<p class=\"has-text-align-right\">Konstanty Ba\u0142uci\u0144ski<br>Gra\u017cyna Biernat<br>Ryszard Chanas<br>Karol Dykiert<br>Hubert Gliga<br>Alfons llski<br>Marianna Jaje<br>Regina Jelonek<br>Zenon Ka\u0142u\u017cny<br>Marian Kosi\u0144ski<br>Bohdan \u0141ojewski<br>W\u0142adys\u0142aw Mianowski<br>Bogus\u0142aw Modelski<br>Jerzy Osiecki<br>Aleksander Pietrusi\u0144ski<br>Witold Prelicz<br>Edmund Rakowski<br>Gabriela Sikora<br>Joanna Szczepankiewicz &#8211; Battek<br>Leonard Szulc<br>Andrzej Trybu\u0142a<br>Mieczys\u0142aw Zandberg<br>Eugeniusz \u017bur<br>Ko\u0142o nr 6 \u201ePolanka\u201d<br>Klub Turystyki Pieszej \u201eTREP\u201d<\/p>\n<\/div>\n<\/div>\n\n\n\n<p class=\"has-text-align-center\"><strong>Srebrna Honorowa Odznaka PTTK<\/strong><\/p>\n\n\n\n<div class=\"wp-block-columns is-layout-flex wp-container-core-columns-is-layout-9d6595d7 wp-block-columns-is-layout-flex\">\n<div class=\"wp-block-column is-layout-flow wp-block-column-is-layout-flow\">\n<p>Ryszard Antonowicz<br>Zbigniew Be\u0142cik<br>Jerzy B\u0142aszczyk<br>Dagmar Chmielewska<br>Jadwiga Dryglewska<br>Janina Dunicz<br>Hubert Gliga<br>Marianna Jaje<br>Stanis\u0142aw Jastrz\u0119bski<br>Zenon Ka\u0142u\u017cny<br>Miros\u0142aw Kierecki<br>Regina Kornafel<br>Alicja Krawczyszyn<br>Zbigniew Kuziemkowski<br>Edward \u0141uczak<br>Bogdan Mali\u0144ski<br>Maria May-Majewska<br>Maria Modelska<br>Stanis\u0142aw Nosol<br>Janusz Opolski<br>Witold Papierniak<br>W\u0142adys\u0142awa Plaminiak<br>Wojciech Radli\u0144ski<br>Bo\u017cena Rymarowicz<br>Piotr Stani\u00f3w<br>El\u017cbieta Szczuraszek<br>J\u00f3zef Szumilas<br>Leszek \u015amia\u0142kowski<br>Andrzej Tur<br>Emil Wilczy\u0144ski<br>Janina Zaj\u0105c<br>Stanis\u0142aw Ziobro<br>Klub Kajakowy Nektos &#8211; V<br>Klub Turystyki G\u00f3rskiej \u201e\u0141azek\u201d<br>Ko\u0142o nr 6 \u201ePolanka\u201d<\/p>\n<\/div>\n\n\n\n<div class=\"wp-block-column is-layout-flow wp-block-column-is-layout-flow\">\n<p class=\"has-text-align-center\">Bogus\u0142aw Apathy<br>Miko\u0142aj Bialik<br>Zdzis\u0142aw Borowiec<br>Janusz Chrzan<br>Zdzis\u0142aw Dryglewski<br>Karol Dykiert<br>Anna Jagie\u0142\u0142o<br>Wac\u0142aw Jarguli\u0144ski<br>Regina Jelonek<br>Edward Kaszuba<br>Adam Klekot<br>Jerzy Kosowski<br>Jerzy Kruk<br>Wojciech Latasiewicz<br>Gabriela \u0141e\u0144ska<br>Stanis\u0142aw Marciniec<br>W\u0142adys\u0142aw Mianowski<br>Bogus\u0142aw Modelski<br>Robert Nowak<br>Jerzy Osiecki<br>Ryszard Piktel<br>Stefan Potocki<br>Ewa Rapacz<br>Gabriela Sikora<br>Waldemar Szafra\u0144ski<br>Marek Szot<br>Bo\u017cena Szumowska<br>Zdzis\u0142aw Tabisz<br>Zdzis\u0142aw Tymoczko<br>Bogus\u0142aw Wilecki<br>Janusz Zakrzewski<br>Antoni Zygnerski<br>Klub Przewodnik\u00f3w Turystycznych<br>Klub Turystyki Pieszej \u201eTrep\u201d<br>Ko\u0142o nr 11 \u201e\u015al\u0119\u017canie\u201d<br><\/p>\n<\/div>\n\n\n\n<div class=\"wp-block-column is-layout-flow wp-block-column-is-layout-flow\">\n<p class=\"has-text-align-right\">Jan Bar\u0107<br>Helena B\u0142aszczyk<br>Stanis\u0142aw Cetnarowicz<br>Danuta Czajkowska<br>Edward Dudek<br>Alicja Grunt &#8211; Mejer<br>Bronis\u0142aw Jaje<br>Tadeusz Jarosz<br>Zygmunt Karkocha<br>Urszula Kawi\u0144ska<br>Stanis\u0142aw Kopacz<br>Zuzanna Kotela<br>Henryk Kulczyk<br>Janusz Listos<br>Jolanta Malik<br>Jerzy Markiewicz<br>Jolanta Mikulska<br>Gra\u017cyna Niedu\u017cak-Mazurek<br>Iwona Olczak<br>Krystyna O\u017c\u00f3g<br>Andrzej Pikulski<br>Tadeusz Prus<br>Boles\u0142aw Ro\u017cek<br>S\u0142awomir Solka<br>Joanna Szczepankiewicz-Battek<br>Leonard Szulc<br>Dorota Szymszon<br>Andrzej Trybu\u0142a<br>Zofia W\u0105growska<br>Ewa Wlaz\u0142o<br>Mieczys\u0142aw Zandberg<br>Eugeniusz \u017bur<br>Klub Turystyki G\u00f3rskiej \u201eGrzdyle\u201d<br>Klub Spo\u0142. Opiekun\u00f3w Zabytk\u00f3w<br>Ko\u0142o nr 13 przy HUTMEN<\/p>\n<\/div>\n<\/div>\n\n\n\n<p class=\"has-text-align-center\"><strong>Br\u0105zowa Honorowa Odznaka PTTK<\/strong><\/p>\n\n\n\n<div class=\"wp-block-columns is-layout-flex wp-container-core-columns-is-layout-9d6595d7 wp-block-columns-is-layout-flex\">\n<div class=\"wp-block-column is-layout-flow wp-block-column-is-layout-flow\">\n<p>Halina Babiarz<br>Iwona Kublik<\/p>\n<\/div>\n\n\n\n<div class=\"wp-block-column is-layout-flow wp-block-column-is-layout-flow\">\n<p class=\"has-text-align-center\">Zenon Babiarz<br>Marek Kublik<\/p>\n<\/div>\n\n\n\n<div class=\"wp-block-column is-layout-flow wp-block-column-is-layout-flow\">\n<p class=\"has-text-align-right\">Helena Czarnecka-Ko\u0142odziej<br>Adam P\u00f3\u0142rolczyk<\/p>\n<\/div>\n<\/div>\n\n\n\n<p class=\"has-text-align-center\"><strong>Odznaka 50 lat w PTTK<\/strong><\/p>\n\n\n\n<div class=\"wp-block-columns is-layout-flex wp-container-core-columns-is-layout-9d6595d7 wp-block-columns-is-layout-flex\">\n<div class=\"wp-block-column is-layout-flow wp-block-column-is-layout-flow\">\n<p>Stanis\u0142aw Dziuba<br>Zuzanna Kotela<br>J\u00f3zef Pomyka\u0142a<br>Waldemar \u017bukowski<\/p>\n<\/div>\n\n\n\n<div class=\"wp-block-column is-layout-flow wp-block-column-is-layout-flow\">\n<p class=\"has-text-align-center\">Wanda Haas<br>W\u0142adys\u0142aw Mianowski<br>Edmund Rakowski<\/p>\n<\/div>\n\n\n\n<div class=\"wp-block-column is-layout-flow wp-block-column-is-layout-flow\">\n<p class=\"has-text-align-right\">Edward Kaszuba<br>Tomasz Nowak<br>Ewa Witek<\/p>\n<\/div>\n<\/div>\n\n\n\n<p class=\"has-text-align-center\"><strong>Godno\u015b\u0107 \u201eCz\u0142onek Honorowy Oddzia\u0142u PTTK Wroc\u0142aw Fabryczna\u201d<\/strong><\/p>\n\n\n\n<div class=\"wp-block-columns is-layout-flex wp-container-core-columns-is-layout-9d6595d7 wp-block-columns-is-layout-flex\">\n<div class=\"wp-block-column is-layout-flow wp-block-column-is-layout-flow\">\n<p>Jerzy B\u0142aszczyk<br>W\u0142adys\u0142aw Mianowski<br>Walerian \u017bukowski<\/p>\n<\/div>\n\n\n\n<div class=\"wp-block-column is-layout-flow wp-block-column-is-layout-flow\">\n<p class=\"has-text-align-center\">Karol Dykiert<br>Marek Szot<\/p>\n<\/div>\n\n\n\n<div class=\"wp-block-column is-layout-flow wp-block-column-is-layout-flow\">\n<p class=\"has-text-align-right\">Urszula Kawi\u0144ska<br>Janina Zaj\u0105c &#8211; Kli\u0144ska<\/p>\n<\/div>\n<\/div>\n\n\n\n<p class=\"has-text-align-center\"><strong>Z\u0142ota Odznaka \u201eZas\u0142u\u017cony dla Oddzia\u0142u Wroc\u0142aw Fabryczna\u201d<\/strong><\/p>\n\n\n\n<div class=\"wp-block-columns is-layout-flex wp-container-core-columns-is-layout-9d6595d7 wp-block-columns-is-layout-flex\">\n<div class=\"wp-block-column is-layout-flow wp-block-column-is-layout-flow\">\n<p>Ryszard Antonowicz<br>Krzysztof Bia\u0142ob\u0142ocki<br>Zdzis\u0142aw Borowiec<br>Arkadiusz Bzdak<br>Dagmar Chmielewska<br>Janusz Chrzan<br>Karol Dykiert<br>Krystyna Goleniowska<br>Wanda Haas<br>Marianna Jaje<br>Urszula Kawi\u0144ska<br>Jerzy Kosowski<br>Iwona Kublik<br>Boles\u0142aw Lang<br>Aldona Matczak<br>Jolanta Mikulska<br>Stanis\u0142aw Nosol<br>Wojciech Radli\u0144ski<br>Piotr Stani\u00f3w<br>Zygmunt \u015awieczy\u0144ski<br>Stanis\u0142aw Wieczorek<br>Aleksander Zarzycki<br>Janusz Zakrzewski<br>Stanis\u0142aw Ziobro<\/p>\n<\/div>\n\n\n\n<div class=\"wp-block-column is-layout-flow wp-block-column-is-layout-flow\">\n<p class=\"has-text-align-center\">Maria Banasiak<br>Gra\u017cyna Biernat<br>Helena B\u0142aszczyk<br>Stanis\u0142aw Cetnarowicz<br>Teresa Chmura<br>Danuta Czajkowska<br>Zbigniew Fastnacht<br>Edmund Go\u015b<br>Zenon Jagie\u0142a<br>Regina Jelonek<br>Janusz Kierzkowski<br>Zuzanna Kotela<br>Marek Kublik<br>Gabriela \u0141e\u0144ska<br>W\u0142adys\u0142aw Mianowski<br>Bogus\u0142aw Modelski<br>Andrzej Pikulski<br>Ewa Rapacz<br>Waldemar Szafra\u0144ski<br>Andrzej Trybu\u0142a<br>Ewa Witek<br>Barbara Zarzycka<br>Mieczys\u0142aw Zandberg<br>Walerian \u017bukowski<\/p>\n<\/div>\n\n\n\n<div class=\"wp-block-column is-layout-flow wp-block-column-is-layout-flow\">\n<p class=\"has-text-align-right\">Jan Bar\u0107<br>Jerzy B\u0142aszczyk<br>Miros\u0142awa Boczarska-Halik<br>Czes\u0142aw Cetwi\u0144ski<br>El\u017cbieta Cicho\u0144ska<br>Zdzis\u0142aw Dryglewski<br>Zbigniew Fr\u0105czek<br>Alicja Grunt-Mejer<br>Bronis\u0142aw Jaje<br>Zenon Ka\u0142u\u017cny<br>Adam Klekot<br>Tadeusz Kozak<br>Henryk Kulczyk<br>Edward \u0141uczak<br>Wenancjusz Micho\u0144<br>Irena Nawrot<br>Tadeusz Prus<br>Maria Smolnicka<br>Marek Szot<br>Zofia W\u0105growska<br>W\u0142adys\u0142aw Wo\u017aniakiewicz<br>Janina Zaj\u0105c-Kli\u0144ska<br>Bronis\u0142aw Zathey<br>Eugeniusz \u017bur<\/p>\n<\/div>\n<\/div>\n\n\n<h3>&nbsp;<\/h3>\n<p style=\"text-align: right;\">\n<\/p><h3>UDZIA\u0141 WE W\u0141ADZACH PTTK WY\u017bSZEGO SZCZEBLA<\/h3>\n<table width=\"0\">\n<tbody>\n<tr>\n<td colspan=\"2\" width=\"665\">\n<p><strong>Zarz\u0105d G\u0142\u00f3wny PTTK &#8211; G\u0142\u00f3wna Komisja Rewizyjna<\/strong><\/p>\n<\/td>\n<\/tr>\n<tr>\n<td width=\"171\">\n<p>W\u0142adys\u0142aw Mianowski<\/p>\n<\/td>\n<td width=\"494\">\n<p>&#8211; cz\u0142onek Komisji (1989-1997 i 2001-2009)<\/p>\n<\/td>\n<\/tr>\n<tr>\n<td colspan=\"2\" width=\"665\">\n<p><strong>Zarz\u0105d G\u0142\u00f3wny PTTK &#8211; Komisja Ochrony Przyrody<\/strong><\/p>\n<\/td>\n<\/tr>\n<tr>\n<td width=\"171\">\n<p>Gra\u017cyna Biernat<\/p>\n<\/td>\n<td width=\"494\">\n<p>&#8211; cz\u0142onek Komisji (2014- nadal)<\/p>\n<\/td>\n<\/tr>\n<tr>\n<td colspan=\"2\" width=\"665\">\n<p><strong>Zarz\u0105d G\u0142\u00f3wny PTTK &#8211; Komisja Fotografii Krajoznawczej<\/strong><\/p>\n<\/td>\n<\/tr>\n<tr>\n<td width=\"171\">\n<p>Bernard Gaffke<\/p>\n<\/td>\n<td width=\"494\">\n<p>&#8211; cz\u0142onek Komisji (2014- nadal)<\/p>\n<\/td>\n<\/tr>\n<tr>\n<td width=\"171\">\n<p>Jerzy Maciejewski<\/p>\n<\/td>\n<td width=\"494\">\n<p>&#8211; przewodnicz\u0105cy Komisji (2014- nadal)<\/p>\n<\/td>\n<\/tr>\n<tr>\n<td width=\"171\">\n<p>Krzysztof Maciejewski<\/p>\n<\/td>\n<td width=\"494\">\n<p>&#8211; cz\u0142onek Komisji (2014- nadal)<\/p>\n<\/td>\n<\/tr>\n<tr>\n<td colspan=\"2\" width=\"665\">\n<p><strong>Zarz\u0105d G\u0142\u00f3wny PTTK &#8211; Komisja Turystyki G\u00f3rskiej<\/strong><\/p>\n<\/td>\n<\/tr>\n<tr>\n<td width=\"171\">\n<p>Adam P\u00f3\u0142rolczyk<\/p>\n<\/td>\n<td width=\"494\">\n<p>&#8211;&nbsp; cz\u0142onek Podkomisji Klub\u00f3w G\u00f3rskich (2010-nadal)<br>&#8211; sekretarz Delegatury Sudeckiej KTG (2010-nadal)<br>&#8211; sekretarz Dolno\u015bl\u0105skiej Komisji Egzaminacyjnej d\/s Przodownik\u00f3w Turystyki G\u00f3rskiej (2010-nadal)<\/p>\n<\/td>\n<\/tr>\n<tr>\n<td width=\"171\">\n<p>Piotr Stani\u00f3w<\/p>\n<\/td>\n<td width=\"494\">\n<p>&#8211; cz\u0142onek Dolno\u015bl\u0105skiej Komisji Egzaminacyjnej ds.&nbsp; Przodownik\u00f3w Turystyki G\u00f3rskiej (2010-nadal)<\/p>\n<\/td>\n<\/tr>\n<tr>\n<td width=\"171\">\n<p>Marek Szot<\/p>\n<\/td>\n<td width=\"494\">\n<p>&#8211; wiceprzewodnicz\u0105cy Komisji (2010-nadal)<br>&#8211; przewodnicz\u0105cy Delegatury Sudeckiej KTG (2006-nadal)<br>&#8211; przewodnicz\u0105cy Dolno\u015bl\u0105skiej Komisji Egzaminacyjnej ds. Przodownik\u00f3w Turystyki G\u00f3rskiej (2010-nadal)<\/p>\n<\/td>\n<\/tr>\n<tr>\n<td colspan=\"2\" width=\"665\">\n<p><strong>Zarz\u0105d Wojew\u00f3dzki PTTK<\/strong><\/p>\n<\/td>\n<\/tr>\n<tr>\n<td width=\"171\">\n<p>Piotr Jab\u0142o\u0144ski<\/p>\n<\/td>\n<td width=\"494\">\n<p>&#8211; cz\u0142onek Zarz\u0105du (1985-1989)<\/p>\n<\/td>\n<\/tr>\n<tr>\n<td width=\"171\">\n<p>Stanis\u0142aw Nosol<\/p>\n<\/td>\n<td width=\"494\">\n<p>&#8211; cz\u0142onek Prezydium Zarz\u0105du (1981-1990)<\/p>\n<\/td>\n<\/tr>\n<tr>\n<td width=\"171\">\n<p>Mieczys\u0142aw Zandberg<\/p>\n<\/td>\n<td width=\"494\">\n<p>&#8211; cz\u0142onek Prezydium Zarz\u0105du (1985-1989); wiceprezes (1989-1990)<\/p>\n<\/td>\n<\/tr>\n<tr>\n<td width=\"171\">\n<p>Marek Szot<\/p>\n<\/td>\n<td width=\"494\">\n<p>&#8211; cz\u0142onek Zarz\u0105du (1985-1990)<\/p>\n<\/td>\n<\/tr>\n<tr>\n<td width=\"171\">\n<p>Piotr Stani\u00f3w<\/p>\n<\/td>\n<td width=\"494\">\n<p>&#8211; cz\u0142onek Zarz\u0105du (1985-1990)<\/p>\n<\/td>\n<\/tr>\n<tr>\n<td colspan=\"2\" width=\"665\">\n<p><strong>Wojew\u00f3dzka Komisja Rewizyjna PTTK<\/strong><\/p>\n<\/td>\n<\/tr>\n<tr>\n<td width=\"171\">\n<p>Krzysztof Bia\u0142ob\u0142ocki<\/p>\n<\/td>\n<td width=\"494\">\n<p>&#8211; cz\u0142onek Komisji (1981-1985)<\/p>\n<\/td>\n<\/tr>\n<tr>\n<td width=\"171\">\n<p>W\u0142adys\u0142aw Mianowski<\/p>\n<\/td>\n<td width=\"494\">\n<p>&#8211; cz\u0142onek Komisji (1989-1991)<\/p>\n<\/td>\n<\/tr>\n<tr>\n<td colspan=\"2\" width=\"665\">\n<p><strong>Wojew\u00f3dzki S\u0105d Kole\u017ce\u0144ski PTTK<\/strong><\/p>\n<\/td>\n<\/tr>\n<tr>\n<td width=\"171\">\n<p>W\u0142adys\u0142aw Mianowski<\/p>\n<\/td>\n<td width=\"494\">\n<p>&#8211; cz\u0142onek S\u0105du (1981-1985)<\/p>\n<\/td>\n<\/tr>\n<tr>\n<td width=\"171\">\n<p>Eugeniusz \u017bur<\/p>\n<\/td>\n<td width=\"494\">\n<p>&#8211; cz\u0142onek S\u0105du (1989-1990)<\/p>\n<\/td>\n<\/tr>\n<tr>\n<td colspan=\"2\" width=\"665\">\n<p><strong>Zarz\u0105d Wojew\u00f3dzki PTTK<\/strong> (na stanowiskach pracowniczych)<\/p>\n<\/td>\n<\/tr>\n<tr>\n<td width=\"171\">\n<p>Jerzy B\u0142aszczyk<\/p>\n<\/td>\n<td width=\"494\">\n<p>&#8211; cz\u0142onek (1999-2001)<\/p>\n<\/td>\n<\/tr>\n<tr>\n<td width=\"171\">\n<p>Miko\u0142aj Bialik<\/p>\n<\/td>\n<td width=\"494\">\n<p>&#8211; skarbnik (2001-2002)<\/p>\n<\/td>\n<\/tr>\n<tr>\n<td width=\"171\">\n<p>Stanis\u0142aw Nosol<\/p>\n<\/td>\n<td width=\"494\">\n<p>&#8211; sekretarz (1984-1990); nast\u0119pnie likwidator ZW PTTK (do 31.03.1991)<\/p>\n<\/td>\n<\/tr>\n<tr>\n<td width=\"171\">\n<p>Janusz Zakrzewski<\/p>\n<\/td>\n<td width=\"494\">\n<p>&#8211; instruktor (1977-1980)<\/p>\n<\/td>\n<\/tr>\n<tr>\n<td width=\"171\">\n<p>Eugeniusz \u017bur<\/p>\n<\/td>\n<td width=\"494\">\n<p>&#8211; instruktor (1980-1988)<\/p>\n<\/td>\n<\/tr>\n<tr>\n<td colspan=\"2\" width=\"665\">\n<p><strong>Zarz\u0105d Wojew\u00f3dzki PTTK &#8211; Komisja Krajoznawcza<\/strong><\/p>\n<\/td>\n<\/tr>\n<tr>\n<td width=\"171\">\n<p>Stanis\u0142aw Nosol<\/p>\n<\/td>\n<td width=\"494\">\n<p>&#8211; wiceprzewodnicz\u0105cy Komisji (1981-1984 i 1985-1989)<\/p>\n<\/td>\n<\/tr>\n<tr>\n<td colspan=\"2\" width=\"665\">\n<p><strong>Zarz\u0105d Wojew\u00f3dzki PTTK &#8211; Komisja K\u00f3\u0142 i Oddzia\u0142\u00f3w Zak\u0142adowych<\/strong><\/p>\n<\/td>\n<\/tr>\n<tr>\n<td width=\"171\">\n<p>Jerzy Idler<\/p>\n<\/td>\n<td width=\"494\">\n<p>&#8211; przewodnicz\u0105cy Komisji (1981-1984)<\/p>\n<\/td>\n<\/tr>\n<tr>\n<td width=\"171\">\n<p>Jerzy Komosa<\/p>\n<\/td>\n<td width=\"494\">\n<p>&#8211; cz\u0142onek Komisji (1981-1985)<\/p>\n<\/td>\n<\/tr>\n<tr>\n<td colspan=\"2\" width=\"665\">\n<p><strong>Zarz\u0105d Wojew\u00f3dzki PTTK &#8211; Komisja Kultury Szlaku<\/strong><\/p>\n<\/td>\n<\/tr>\n<tr>\n<td width=\"171\">\n<p>Jacek Miarczy\u0144ski<\/p>\n<\/td>\n<td width=\"494\">\n<p>&#8211; cz\u0142onek Komisji (1981-1985)<\/p>\n<\/td>\n<\/tr>\n<tr>\n<td width=\"171\">\n<p>Wojciech Radli\u0144ski<\/p>\n<\/td>\n<td width=\"494\">\n<p>&#8211; przewodnicz\u0105cy Komisji<\/p>\n<\/td>\n<\/tr>\n<tr>\n<td colspan=\"2\" width=\"665\">\n<p><strong>Zarz\u0105d Wojew\u00f3dzki PTTK &#8211; Komisja M\u0142odzie\u017cowa<\/strong><\/p>\n<\/td>\n<\/tr>\n<tr>\n<td width=\"171\">\n<p>Piotr Jab\u0142o\u0144ski<\/p>\n<\/td>\n<td width=\"494\">\n<p>&#8211; cz\u0142onek Komisji<\/p>\n<\/td>\n<\/tr>\n<tr>\n<td width=\"171\">\n<p>W\u0142adys\u0142awa Plaminiak<\/p>\n<\/td>\n<td width=\"494\">\n<p>&#8211; cz\u0142onek Komisji (1981-1985)<\/p>\n<\/td>\n<\/tr>\n<tr>\n<td width=\"171\">\n<p>Piotr Stani\u00f3w<\/p>\n<\/td>\n<td width=\"494\">\n<p>&#8211; cz\u0142onek Komisji<\/p>\n<\/td>\n<\/tr>\n<tr>\n<td colspan=\"2\" width=\"665\">\n<p><strong>Zarz\u0105d Wojew\u00f3dzki PTTK &#8211; Komisja Opieki nad Zabytkami<\/strong><\/p>\n<\/td>\n<\/tr>\n<tr>\n<td width=\"171\">\n<p>Alicja Balicka<\/p>\n<\/td>\n<td width=\"494\">\n<p>&#8211; cz\u0142onek Komisji (1985-1990)<\/p>\n<\/td>\n<\/tr>\n<tr>\n<td width=\"171\">\n<p>Bogus\u0142aw Modelski<\/p>\n<\/td>\n<td width=\"494\">\n<p>&#8211; cz\u0142onek Komisji (1985-1990)<\/p>\n<\/td>\n<\/tr>\n<tr>\n<td width=\"171\">\n<p>Janusz Zakrzewski<\/p>\n<\/td>\n<td width=\"494\">\n<p>&#8211; przewodnicz\u0105cy Komisji (1985-1990)<\/p>\n<\/td>\n<\/tr>\n<tr>\n<td width=\"171\">\n<p>Stanis\u0142aw Ziobro<\/p>\n<\/td>\n<td width=\"494\">\n<p>&#8211; cz\u0142onek Komisji (1985-1987)<\/p>\n<\/td>\n<\/tr>\n<tr>\n<td width=\"171\">\n<p>Eugeniusz \u017bur<\/p>\n<\/td>\n<td width=\"494\">\n<p>&#8211; cz\u0142onek Komisji (1985-1990)<\/p>\n<\/td>\n<\/tr>\n<tr>\n<td colspan=\"2\" width=\"665\">\n<p><strong>Zarz\u0105d Wojew\u00f3dzki PTTK &#8211; Komisja Turystyki G\u00f3rskiej<\/strong><\/p>\n<\/td>\n<\/tr>\n<tr>\n<td width=\"171\">\n<p>Piotr Stani\u00f3w<\/p>\n<\/td>\n<td width=\"494\">\n<p>&#8211; cz\u0142onek Komisji<\/p>\n<\/td>\n<\/tr>\n<tr>\n<td width=\"171\">\n<p>Marek Szot<\/p>\n<\/td>\n<td width=\"494\">\n<p>&#8211; przewodnicz\u0105cy Komisji (1981-1990)<\/p>\n<\/td>\n<\/tr>\n<tr>\n<td colspan=\"2\" width=\"665\">\n<p><strong>Dolno\u015bl\u0105ska Federacja Przewodnicka<\/strong><\/p>\n<\/td>\n<\/tr>\n<tr>\n<td width=\"171\">\n<p>Bogus\u0142aw Modelski<\/p>\n<\/td>\n<td width=\"494\">\n<p>&#8211; skarbnik (1989-1999)<\/p>\n<\/td>\n<\/tr>\n<tr>\n<td colspan=\"2\" width=\"665\">\n<p><strong>Porozumienie Oddzia\u0142\u00f3w PTTK Wojew\u00f3dztwa Dolno\u015bl\u0105skiego<\/strong><\/p>\n<\/td>\n<\/tr>\n<tr>\n<td width=\"171\">\n<p>Jerzy B\u0142aszczyk<\/p>\n<\/td>\n<td width=\"494\">\n<p>&#8211; cz\u0142onek (1999-2001)<\/p>\n<\/td>\n<\/tr>\n<tr>\n<td width=\"171\">\n<p>Miko\u0142aj Bialik<\/p>\n<\/td>\n<td width=\"494\">\n<p>&#8211; skarbnik (2001-2002)<\/p>\n<\/td>\n<\/tr>\n<\/tbody>\n<\/table>\n<h3 style=\"text-align: justify;\">TROCH\u0118 CIEKAWOSTEK\u2026<\/h3>\n<p style=\"text-align: justify;\"><em>(W\u0142adze Oddzia\u0142u, tabela z liczb\u0105 cz\u0142onk\u00f3w, to czego jeszcze sobie Pa\u0144stwo za\u017cycz\u0105)<br><\/em><\/p>\n<h4 style=\"text-align: justify;\">Prezesi Oddzia\u0142u<\/h4>\n\n\n<div class=\"wp-block-columns is-layout-flex wp-container-core-columns-is-layout-9d6595d7 wp-block-columns-is-layout-flex\">\n<div class=\"wp-block-column is-layout-flow wp-block-column-is-layout-flow\" style=\"flex-basis:25%\">\n<p>Witold Prelicz<br>W\u0142adys\u0142aw Mianowski<br>Witold Prelicz<br>Wac\u0142aw Jarguli\u0144ski<br>W\u0142adys\u0142aw Mianowski<br>Mieczys\u0142aw Zandberg<br>Andrzej Pikulski<br>Krzysztof Bia\u0142ob\u0142ocki<br>Jerzy B\u0142aszczyk<br>Miko\u0142aj Bialik<br>Bogus\u0142aw Modelski<br>Jerzy B\u0142aszczyk<br>Andrzej Trybu\u0142a<\/p>\n<\/div>\n\n\n\n<div class=\"wp-block-column is-layout-flow wp-block-column-is-layout-flow\" style=\"flex-basis:75%\">\n<p>30.05.1967 &#8211; 23.03.1970<br>23.03.1970 &#8211; 10.04.1972<br>10.04.1972 &#8211; 20.07.1973<br>06.11.1973 &#8211; 19.03.1974<br>10.03.1974 &#8211; 03.02.1981<br>03.02.1981 &#8211; 14.12.1992<br>14.12.1992 &#8211; 18.04.1994<br>18.04.1994 &#8211; 19.04.1997<br>19.04.1997 &#8211; 31.03.2001<br>31.03.2001 &#8211; 03.06.2002<br>03.06.2002 &#8211; 09.04.2005<br>09.04.2005 &#8211; 14.03.2009<br>14.03.2009 &#8211; i nadal<\/p>\n<\/div>\n<\/div>\n\n\n<h4 style=\"text-align: justify;\">Prezesi Oddzia\u0142owej Komisji Rewizyjnej<\/h4>\n\n\n<div class=\"wp-block-columns is-layout-flex wp-container-core-columns-is-layout-9d6595d7 wp-block-columns-is-layout-flex\">\n<div class=\"wp-block-column is-layout-flow wp-block-column-is-layout-flow\" style=\"flex-basis:25%\">\n<p>Kazimierz Traczuk<br>Edward \u0141uczak<br>Jadwiga Klusek<br>Roman Laskowski<br>Krzysztof Bia\u0142ob\u0142ocki<br>Bohdan \u0141ojewski<br>Zbigniew Fr\u0105czek<br>Krzysztof Bia\u0142ob\u0142ocki<br>Mieczys\u0142aw Zandberg<br>Alicja Grunt &#8211; Mejer<br>Halina Babiarz<\/p>\n<\/div>\n\n\n\n<div class=\"wp-block-column is-layout-flow wp-block-column-is-layout-flow\" style=\"flex-basis:75%\">\n<p>30.05.1967 &#8211; 31.03.1968<br>31.03.1968 &#8211; 13.12.1976<br>13.12.1976 &#8211; 03.02.1981<br>03.02.1981 &#8211; 16.03.1985<br>16.03.1985 &#8211; 09.04.1989<br>09.04.1989 &#8211; 23.01.1993<br>24.01.1993 &#8211; 19.04.1997<br>19.04.1997 &#8211; 15.01.1999<br>15.01.1999 &#8211; 31.03.2001<br>31.03.2001 &#8211; 20.04.2013<br>20.04.2013 &#8211; i nadal<\/p>\n<\/div>\n<\/div>\n\n\n<h4 style=\"text-align: justify;\">Prezesi Oddzia\u0142owego S\u0105du Kole\u017ce\u0144skiego<\/h4>\n\n\n<div class=\"wp-block-columns is-layout-flex wp-container-core-columns-is-layout-9d6595d7 wp-block-columns-is-layout-flex\">\n<div class=\"wp-block-column is-layout-flow wp-block-column-is-layout-flow\" style=\"flex-basis:25%\">\n<p>Zbigniew Cackowski<br>Bo\u017cena Komendera<br>Jerzy Idler<br>Urszula Kawi\u0144ska<br>Wanda Haas<br>Zdzis\u0142aw Dryglewski<br>Jolanta Malik<\/p>\n<\/div>\n\n\n\n<div class=\"wp-block-column is-layout-flow wp-block-column-is-layout-flow\" style=\"flex-basis:75%\">\n<p>30.05.1967 &#8211; 15.03.1970<br>15.03.1970 &#8211; 19.03.1974<br>19.03.1974 &#8211; 13.12.1978<br>25.02.1991 &#8211; 14.12.1992<br>14.12.1992 &#8211; 09.04.2005<br>09.04.2005 &#8211; 14.03.2009<br>14.03.2009 &#8211; i nadal<\/p>\n<\/div>\n<\/div>\n\n\n<h4 style=\"text-align: justify;\"><strong style=\"font-size: inherit;\"><u>Pracownicy Oddzia\u0142u<\/u><\/strong> <em style=\"font-size: inherit; font-weight: 400;\">(okres zatrudnienia; stanowisko)<\/em><\/h4>\n\n\n<div class=\"wp-block-columns is-layout-flex wp-container-core-columns-is-layout-9d6595d7 wp-block-columns-is-layout-flex\">\n<div class=\"wp-block-column is-layout-flow wp-block-column-is-layout-flow\" style=\"flex-basis:25%\">\n<p>Walerian \u017bukowski<br>Janusz Zakrzewski<br>Janusz Zakrzewski<br>Janina Zaj\u0105c-Kli\u0144ska<br>Jan Bar\u0107<br>W\u0142adys\u0142awa Koba<br>Maria Banasiak<br>Zbigniew Fastnacht<br>Eugeniusz \u017bur<br>Jerzy Osiecki<br>Urszula Hamera<br>Bogus\u0142aw Modelski<br>Ewa Czachorowska<br>Marek Szot<br>Halina Daniluk<br>Wanda Ku\u015bnierz<br>Helena Wilk<br>Robert J\u0119drasiak<br>Danuta Suligowska<br>Eugeniusz \u017bur<br>Janina Krawczykiewicz<br>Maria Tarnowicz<br>Danuta Zakrzewska<br>Teresa Pi\u00f3ro<br>Kazimierz Karol R\u0119kas<br>Krystyna St\u0119pie\u0144<br>Teresa Gli\u0144ska<br>Jadwiga Kowalczuk<\/p>\n<\/div>\n\n\n\n<div class=\"wp-block-column is-layout-flow wp-block-column-is-layout-flow\" style=\"flex-basis:30%\">\n<p>01.11.1967 &#8211; 30.04.1973<br>01.06.1973 &#8211; 30.09.1977<br>01.10.1980 &#8211; 15.08.1981<br>05.04.1982 &#8211; 30.09.2004<br>01.08.1969 &#8211; 18.01.1987<br>01.02.1984 &#8211; 31.10.1986<br>01.12.1986 &#8211; 31.08.1997<br>14.08.1968 &#8211; 13.11.1968<br>01.02.1969 &#8211; 30.09.1980<br>02.05.1969 &#8211; 14.06.1969<br>15.12.1971 &#8211; 01.10.1974<br>16.03.1981 &#8211; 31.10.2002<br>01.11.1984 &#8211; 19.01.1992<br>02.01.1986 &#8211; 31.12.1991<br>01.02.1986 &#8211; 31.05.1993<br>01.08.1986 &#8211; 31.03.1990<br>01.04.1987 &#8211; 14.04.1990<br>02.11.1987 &#8211; 30.06.1989<br>01.04.1988 &#8211; 17.07.1990<br>01.05.1988 &#8211; 30.11.1998<br>01.10.1977 &#8211; 15.09.1981<br>01.10.1973 &#8211; 31.12.1980<br>01.06.1977 &#8211; 28.02.1991<br>01.06.1985 &#8211; 31.12.1989<br>21.04.1987 &#8211; 31.10.1991<br>22.04.1991 &#8211; 31.05.1997<br>01.04.1992 &#8211; 31.05.2000<br>08.01.1999 &#8211; 31.10.2002<\/p>\n<\/div>\n\n\n\n<div class=\"wp-block-column is-layout-flow wp-block-column-is-layout-flow\" style=\"flex-basis:45%\">\n<p>Kierownik Biura<br>Kierownik Biura<br>Kierownik Biura<br>Kierownik Biura<br>G\u0142\u00f3wny ksi\u0119gowy<br>G\u0142\u00f3wny ksi\u0119gowa<br>G\u0142\u00f3wny ksi\u0119gowa<br>Instruktor turystyki<br>Instruktor turystyki<br>Instruktor turystyki<br>Organizator turystyki<br>Instruktor turystyki<br>Kasjerka &#8211; ksi\u0119gowa<br>Instruktor turystyki<br>Ksi\u0119gowa<br>Ksi\u0119gowa<br>Kasjer walutowy<br>Instruktor turystyki<br>Ksi\u0119gowa<br>Instruktor turystyki<br>Kierownik BORT<br>Instruktor BORT<br>Instruktor BORT<br>Instruktor BORT<br>Instruktor BORT<br>Instruktor BORT<br>Specjalista ds. turystyki<br>Specjalista ds. turystyki<\/p>\n<\/div>\n<\/div>\n\n\n<h4 style=\"text-align: justify;\"><strong style=\"font-size: inherit;\"><u>Oddzia\u0142owe Komisje Turystyczne<\/u><\/strong><\/h4>\n\n\n<div class=\"wp-block-columns is-layout-flex wp-container-core-columns-is-layout-9d6595d7 wp-block-columns-is-layout-flex\">\n<div class=\"wp-block-column is-layout-flow wp-block-column-is-layout-flow\" style=\"flex-basis:40%\">\n<p>Komisja Turystyki Kolarskiej<br>Komisja Turystyki Motorowej<br>Komisja Narciarska<br>Komisja Krajoznawcza<br>Komisja K\u00f3\u0142 i Oddzia\u0142\u00f3w Zak\u0142adowych<br>Komisja Turystyki G\u00f3rskiej<br>Komisja Turystyki Kajakowej<br>Komisja Turystyki Pieszej<br>Komisja Opieki nad Zabytkami<br>Komisja Ochrony Przyrody<\/p>\n<\/div>\n\n\n\n<div class=\"wp-block-column is-layout-flow wp-block-column-is-layout-flow\" style=\"flex-basis:60%\">\n<p>1967 &#8211; 1973; reaktywowana w roku 2015<br>1967 &#8211; 1974<br>1967 &#8211; 1976<br>1967 &#8211; 1979<br>1967 &#8211; 1983<br>1967 &#8211; 1990<br>1968 &#8211; 1973<br>1969 &#8211; <strong>i nadal<\/strong><br>1971 &#8211; <strong>i nadal<\/strong><br>2012 &#8211; <strong>i nadal<\/strong><\/p>\n<\/div>\n<\/div>\n\n\n<table width=\"435\">\n<tbody>\n<tr>\n<td style=\"text-align: center;\" colspan=\"3\" width=\"435\">\n<h4><strong>Liczba ogniw i cz\u0142onk\u00f3w PTTK<\/strong><\/h4>\n<\/td>\n<\/tr>\n<tr>\n<td style=\"text-align: center;\"><strong>Rok<\/strong><\/td>\n<td style=\"text-align: center;\"><strong>Ilo\u015b\u0107 cz\u0142onk\u00f3w<\/strong><\/td>\n<td style=\"text-align: center;\"><strong>Liczba K\u00f3\u0142 i Klub\u00f3w<\/strong><\/td>\n<\/tr>\n<tr>\n<td style=\"text-align: center;\"><strong>1967<\/strong><\/td>\n<td style=\"text-align: center;\">973<\/td>\n<td style=\"text-align: center;\">20<\/td>\n<\/tr>\n<tr>\n<td style=\"text-align: center;\"><strong>1968<\/strong><\/td>\n<td style=\"text-align: center;\">1174<\/td>\n<td style=\"text-align: center;\">40<\/td>\n<\/tr>\n<tr>\n<td style=\"text-align: center;\"><strong>1969<\/strong><\/td>\n<td style=\"text-align: center;\">1588<\/td>\n<td style=\"text-align: center;\">42<\/td>\n<\/tr>\n<tr>\n<td style=\"text-align: center;\"><strong>1970<\/strong><\/td>\n<td style=\"text-align: center;\">1776<\/td>\n<td style=\"text-align: center;\">57<\/td>\n<\/tr>\n<tr>\n<td style=\"text-align: center;\"><strong>1971<\/strong><\/td>\n<td style=\"text-align: center;\">1061<\/td>\n<td style=\"text-align: center;\">36<\/td>\n<\/tr>\n<tr>\n<td style=\"text-align: center;\"><strong>1972<\/strong><\/td>\n<td style=\"text-align: center;\">1117<\/td>\n<td style=\"text-align: center;\">37<\/td>\n<\/tr>\n<tr>\n<td style=\"text-align: center;\"><strong>1973<\/strong><\/td>\n<td style=\"text-align: center;\">1317<\/td>\n<td style=\"text-align: center;\">35<\/td>\n<\/tr>\n<tr>\n<td style=\"text-align: center;\"><strong>1974<\/strong><\/td>\n<td style=\"text-align: center;\">1228<\/td>\n<td style=\"text-align: center;\">32<\/td>\n<\/tr>\n<tr>\n<td style=\"text-align: center;\"><strong>1975<\/strong><\/td>\n<td style=\"text-align: center;\">1423<\/td>\n<td style=\"text-align: center;\">32<\/td>\n<\/tr>\n<tr>\n<td style=\"text-align: center;\"><strong>1976<\/strong><\/td>\n<td style=\"text-align: center;\">1164<\/td>\n<td style=\"text-align: center;\">30<\/td>\n<\/tr>\n<tr>\n<td style=\"text-align: center;\"><strong>1977<\/strong><\/td>\n<td style=\"text-align: center;\">1789<\/td>\n<td style=\"text-align: center;\">36<\/td>\n<\/tr>\n<tr>\n<td style=\"text-align: center;\"><strong>1978<\/strong><\/td>\n<td style=\"text-align: center;\">1525<\/td>\n<td style=\"text-align: center;\">30<\/td>\n<\/tr>\n<tr>\n<td style=\"text-align: center;\"><strong>1979<\/strong><\/td>\n<td style=\"text-align: center;\">1713<\/td>\n<td style=\"text-align: center;\">36<\/td>\n<\/tr>\n<tr>\n<td style=\"text-align: center;\"><strong>1980<\/strong><\/td>\n<td style=\"text-align: center;\">1710<\/td>\n<td style=\"text-align: center;\">30<\/td>\n<\/tr>\n<tr>\n<td style=\"text-align: center;\"><strong>1981<\/strong><\/td>\n<td style=\"text-align: center;\">1757<\/td>\n<td style=\"text-align: center;\">30<\/td>\n<\/tr>\n<tr>\n<td style=\"text-align: center;\"><strong>1982<\/strong><\/td>\n<td style=\"text-align: center;\">2044<\/td>\n<td style=\"text-align: center;\">47<\/td>\n<\/tr>\n<tr>\n<td style=\"text-align: center;\"><strong>1983<\/strong><\/td>\n<td style=\"text-align: center;\">2801<\/td>\n<td style=\"text-align: center;\">54<\/td>\n<\/tr>\n<tr>\n<td style=\"text-align: center;\"><strong>1984<\/strong><\/td>\n<td style=\"text-align: center;\">3561<\/td>\n<td style=\"text-align: center;\">54<\/td>\n<\/tr>\n<tr>\n<td style=\"text-align: center;\"><strong>1985<\/strong><\/td>\n<td style=\"text-align: center;\">4253<\/td>\n<td style=\"text-align: center;\">64<\/td>\n<\/tr>\n<tr>\n<td style=\"text-align: center;\"><strong>1986<\/strong><\/td>\n<td style=\"text-align: center;\">4932<\/td>\n<td style=\"text-align: center;\">59<\/td>\n<\/tr>\n<tr>\n<td style=\"text-align: center;\"><strong>1987<\/strong><\/td>\n<td style=\"text-align: center;\">5821<\/td>\n<td style=\"text-align: center;\">64<\/td>\n<\/tr>\n<tr>\n<td style=\"text-align: center;\"><strong>1988<\/strong><\/td>\n<td style=\"text-align: center;\">5672<\/td>\n<td style=\"text-align: center;\">56<\/td>\n<\/tr>\n<tr>\n<td style=\"text-align: center;\"><strong>1989<\/strong><\/td>\n<td style=\"text-align: center;\">6195<\/td>\n<td style=\"text-align: center;\">50<\/td>\n<\/tr>\n<tr>\n<td style=\"text-align: center;\"><strong>1990<\/strong><\/td>\n<td style=\"text-align: center;\">3978<\/td>\n<td style=\"text-align: center;\">32<\/td>\n<\/tr>\n<tr>\n<td style=\"text-align: center;\"><strong>1991<\/strong><\/td>\n<td style=\"text-align: center;\">1462<\/td>\n<td style=\"text-align: center;\">21<\/td>\n<\/tr>\n<tr>\n<td style=\"text-align: center;\"><strong>1992<\/strong><\/td>\n<td style=\"text-align: center;\">1020<\/td>\n<td style=\"text-align: center;\">21<\/td>\n<\/tr>\n<tr>\n<td style=\"text-align: center;\"><strong>1993<\/strong><\/td>\n<td style=\"text-align: center;\">833<\/td>\n<td style=\"text-align: center;\">17<\/td>\n<\/tr>\n<tr>\n<td style=\"text-align: center;\"><strong>1994<\/strong><\/td>\n<td style=\"text-align: center;\">670<\/td>\n<td style=\"text-align: center;\">16<\/td>\n<\/tr>\n<tr>\n<td style=\"text-align: center;\"><strong>1995<\/strong><\/td>\n<td style=\"text-align: center;\">715<\/td>\n<td style=\"text-align: center;\">18<\/td>\n<\/tr>\n<tr>\n<td style=\"text-align: center;\"><strong>1996<\/strong><\/td>\n<td style=\"text-align: center;\">766<\/td>\n<td style=\"text-align: center;\">20<\/td>\n<\/tr>\n<tr>\n<td style=\"text-align: center;\"><strong>1997<\/strong><\/td>\n<td style=\"text-align: center;\">639<\/td>\n<td style=\"text-align: center;\">17<\/td>\n<\/tr>\n<tr>\n<td style=\"text-align: center;\"><strong>1998<\/strong><\/td>\n<td style=\"text-align: center;\">687<\/td>\n<td style=\"text-align: center;\">17<\/td>\n<\/tr>\n<tr>\n<td style=\"text-align: center;\"><strong>1999<\/strong><\/td>\n<td style=\"text-align: center;\">623<\/td>\n<td style=\"text-align: center;\">17<\/td>\n<\/tr>\n<tr>\n<td style=\"text-align: center;\"><strong>2000<\/strong><\/td>\n<td style=\"text-align: center;\">562<\/td>\n<td style=\"text-align: center;\">16<\/td>\n<\/tr>\n<tr>\n<td style=\"text-align: center;\"><strong>2001<\/strong><\/td>\n<td style=\"text-align: center;\">500<\/td>\n<td style=\"text-align: center;\">17<\/td>\n<\/tr>\n<tr>\n<td style=\"text-align: center;\"><strong>2002<\/strong><\/td>\n<td style=\"text-align: center;\">360<\/td>\n<td style=\"text-align: center;\">17<\/td>\n<\/tr>\n<tr>\n<td style=\"text-align: center;\"><strong>2003<\/strong><\/td>\n<td style=\"text-align: center;\">263<\/td>\n<td style=\"text-align: center;\">16<\/td>\n<\/tr>\n<tr>\n<td style=\"text-align: center;\"><strong>2004<\/strong><\/td>\n<td style=\"text-align: center;\">253<\/td>\n<td style=\"text-align: center;\">12<\/td>\n<\/tr>\n<tr>\n<td style=\"text-align: center;\"><strong>2005<\/strong><\/td>\n<td style=\"text-align: center;\">281<\/td>\n<td style=\"text-align: center;\">12<\/td>\n<\/tr>\n<tr>\n<td style=\"text-align: center;\"><strong>2006<\/strong><\/td>\n<td style=\"text-align: center;\">202<\/td>\n<td style=\"text-align: center;\">10<\/td>\n<\/tr>\n<tr>\n<td style=\"text-align: center;\"><strong>2007<\/strong><\/td>\n<td style=\"text-align: center;\">280<\/td>\n<td style=\"text-align: center;\">14<\/td>\n<\/tr>\n<tr>\n<td style=\"text-align: center;\"><strong>2008<\/strong><\/td>\n<td style=\"text-align: center;\">227<\/td>\n<td style=\"text-align: center;\">10<\/td>\n<\/tr>\n<tr>\n<td style=\"text-align: center;\"><strong>2009<\/strong><\/td>\n<td style=\"text-align: center;\">201<\/td>\n<td style=\"text-align: center;\">9<\/td>\n<\/tr>\n<tr>\n<td style=\"text-align: center;\"><strong>2010<\/strong><\/td>\n<td style=\"text-align: center;\">195<\/td>\n<td style=\"text-align: center;\">8<\/td>\n<\/tr>\n<tr>\n<td style=\"text-align: center;\"><strong>2011<\/strong><\/td>\n<td style=\"text-align: center;\">201<\/td>\n<td style=\"text-align: center;\">8<\/td>\n<\/tr>\n<tr>\n<td style=\"text-align: center;\"><strong>2012<\/strong><\/td>\n<td style=\"text-align: center;\">202<\/td>\n<td style=\"text-align: center;\">8<\/td>\n<\/tr>\n<tr>\n<td style=\"text-align: center;\"><strong>2013<\/strong><\/td>\n<td style=\"text-align: center;\">186<\/td>\n<td style=\"text-align: center;\">8<\/td>\n<\/tr>\n<tr>\n<td style=\"text-align: center;\"><strong>2014<\/strong><\/td>\n<td style=\"text-align: center;\">176<\/td>\n<td style=\"text-align: center;\">8<\/td>\n<\/tr>\n<tr>\n<td style=\"text-align: center;\"><strong>2015<\/strong><\/td>\n<td style=\"text-align: center;\">178<\/td>\n<td style=\"text-align: center;\">8<\/td>\n<\/tr>\n<tr>\n<td style=\"text-align: center;\"><strong>2016<\/strong><\/td>\n<td style=\"text-align: center;\">170<\/td>\n<td style=\"text-align: center;\">8<\/td>\n<\/tr>\n<\/tbody>\n<\/table>\n<h1 style=\"text-align: justify;\">WIADOMO FABRYCZNA<\/h1>\n<p style=\"text-align: justify;\"><em>(na melodi\u0119 \u201eCyga\u0144ska ballada\u201d)<\/em><\/p>\n<p style=\"text-align: left;\">\u017bar leje si\u0119 z nieba, czy zimny deszcz pada,<br \/>szlakami w\u0119druje turyst\u00f3w gromada,<br \/>a z nimi piosenka weso\u0142a, liryczna.<br \/>Od razu wiadomo &#8211; Fabryczna!<\/p>\n<p style=\"text-align: left;\">\u015amiech d\u017awi\u0119czy radosny i s\u0142ycha\u0107 zachwyty;<br \/>to grupa m\u0142odzie\u017cy si\u0119 wspina na szczyty.<br \/>Pytaj\u0105 si\u0119 turnie: sk\u0105d m\u0142odzie\u017c ta \u015bliczna?<br \/>Och g\u00f3ry &#8211; wiadomo Fabryczna!<\/p>\n<p style=\"text-align: left;\">Na polach z\u0142ociste k\u0142aniaj\u0105 si\u0119 k\u0142osy,<br \/>ujrzawszy cyklist\u00f3w, co wst\u0119g\u0105 mkn\u0105 szosy;<br \/>wszak rower to zdrowie, t\u0119\u017cyzna fizyczna.<br \/>Patrz niwo &#8211; wiadomo Fabryczna!<\/p>\n<p style=\"text-align: left;\">Gdy fala na grzbiecie kajaki unosi,<br \/>z ogromnym zachwytem skrzydlata bra\u0107 g\u0142osi,<br \/>\u017ce dusza w \u017ceglarzach jest tak romantyczna.<br \/>Ptasz\u0119ta &#8211; wiadomo Fabryczna!<\/p>\n<p style=\"text-align: left;\">Przewodnik przystaje i dziwy wci\u0105\u017c prawi,<br \/>a przy nim t\u0142um ludzi, co \u015bwiata ciekawi.<br \/>I p\u0142ynie legenda, i wie\u015b\u0107 historyczna.<br \/>Wycieczko &#8211; wiadomo Fabryczna!<\/p>\n<p style=\"text-align: left;\">Cho\u0107 forsy masz tylko niewielkie zapasy,<br \/>lecz wielk\u0105 ch\u0119\u0107 w sercu, by jecha\u0107 na wczasy,<br \/>to w BORT Ci\u0119 obs\u0142uga czeka sympatyczna.<br \/>Kliencie &#8211; wiadomo Fabryczna!<\/p>\n<p style=\"text-align: left;\">Plik pism, og\u0142oszenie, rachunek, faktura<br \/>i problem &#8211; co zrobi\u0107?; wi\u0119c p\u0119dzisz do Biura.<br \/>Stempelek &#8211; kontrola to merytoryczna.<br \/>W porz\u0105dku! Wiadomo Fabryczna<\/p>\n<p style=\"text-align: left;\">By mog\u0142a dzia\u0142alno\u015b\u0107 K\u00f3\u0142 wielu by\u0107 zgrana<br \/>i dobrze si\u0119 dzia\u0142o &#8211; jest W\u0142adza wybrana<br \/>rozwa\u017cna w my\u015bleniu, w dzia\u0142aniu praktyczna.<br \/>Ka\u017cdemu wiadomo &#8211; Fabryczna!<\/p>\n<p style=\"text-align: left;\">Przez \u017cycie cz\u0142owieku w problem\u00f3w brniesz pyle,<br \/>a\u017c wreszcie zm\u0119czony przystajesz na chwil\u0119<br \/>i my\u015blisz: Wspania\u0142a ta bra\u0107 turystyczna!<br \/>Zawo\u0142aj &#8211; wiadomo Fabryczna!<\/p>\n<p><em>18.09.1999<\/em><\/p>\n<p style=\"text-align: justify;\"><strong><em>* Wiadomo Fabryczna <\/em><\/strong><em>&#8211; tekst piosenki zwraca uwag\u0119 na dzia\u0142ania i osi\u0105gni\u0119cia Oddzia\u0142u PTTK Wroc\u0142aw Fabryczna im. Witolda Prelicza (kt\u00f3rego w\u00f3wczas by\u0142em sekretarzem).<\/em><\/p>\n<p style=\"text-align: right;\"><strong><em>Miko\u0142aj Bialik<\/em><\/strong><\/p>","protected":false},"excerpt":{"rendered":"<p>Tytu\u0142em wst\u0119pu Drogi Czytelniku! Gdy min\u0119\u0142o 35 lat od powo\u0142ania pierwszego w Polsce \u201eMi\u0119dzyzak\u0142adowego Oddzia\u0142u PTTK\u201d, otrzyma\u0142e\u015b okoliczno\u015bciowe wydawnictwo \u201eA to by\u0142o tak\u2026\u201d, po to by\u015b m\u00f3g\u0142 przypomnie\u0107 sobie owe lata, lub &#8211; je\u015bli urodzi\u0142e\u015b si\u0119 troch\u0119 p\u00f3\u017aniej &#8211; pozna\u0107 dzieje Oddzia\u0142u PTTK Wroc\u0142aw Fabryczna. Wraz ze \u201estarzeniem si\u0119\u201d Oddzia\u0142u dociera\u0142y do Ciebie kolejne aneksy &hellip; <a href=\"https:\/\/wroclawfabryczna.pttk.pl\/?page_id=8\" class=\"more-link\">Czytaj dalej <span class=\"screen-reader-text\">Historia Oddzia\u0142u<\/span> <span class=\"meta-nav\">&rarr;<\/span><\/a><\/p>\n","protected":false},"author":1,"featured_media":0,"parent":0,"menu_order":8,"comment_status":"closed","ping_status":"closed","template":"page-templates\/full-width.php","meta":{"footnotes":""},"class_list":["post-8","page","type-page","status-publish","hentry"],"_links":{"self":[{"href":"https:\/\/wroclawfabryczna.pttk.pl\/index.php?rest_route=\/wp\/v2\/pages\/8","targetHints":{"allow":["GET"]}}],"collection":[{"href":"https:\/\/wroclawfabryczna.pttk.pl\/index.php?rest_route=\/wp\/v2\/pages"}],"about":[{"href":"https:\/\/wroclawfabryczna.pttk.pl\/index.php?rest_route=\/wp\/v2\/types\/page"}],"author":[{"embeddable":true,"href":"https:\/\/wroclawfabryczna.pttk.pl\/index.php?rest_route=\/wp\/v2\/users\/1"}],"replies":[{"embeddable":true,"href":"https:\/\/wroclawfabryczna.pttk.pl\/index.php?rest_route=%2Fwp%2Fv2%2Fcomments&post=8"}],"version-history":[{"count":74,"href":"https:\/\/wroclawfabryczna.pttk.pl\/index.php?rest_route=\/wp\/v2\/pages\/8\/revisions"}],"predecessor-version":[{"id":907,"href":"https:\/\/wroclawfabryczna.pttk.pl\/index.php?rest_route=\/wp\/v2\/pages\/8\/revisions\/907"}],"wp:attachment":[{"href":"https:\/\/wroclawfabryczna.pttk.pl\/index.php?rest_route=%2Fwp%2Fv2%2Fmedia&parent=8"}],"curies":[{"name":"wp","href":"https:\/\/api.w.org\/{rel}","templated":true}]}}