{"id":529,"date":"2018-12-15T13:18:46","date_gmt":"2018-12-15T12:18:46","guid":{"rendered":"http:\/\/www.wroclawfabryczna.pttk.pl\/www\/?page_id=529"},"modified":"2025-03-07T16:48:53","modified_gmt":"2025-03-07T15:48:53","slug":"oddzialowa-komisja-turystyki-gorskiej","status":"publish","type":"page","link":"https:\/\/wroclawfabryczna.pttk.pl\/?page_id=529","title":{"rendered":"Oddzia\u0142owa Komisja Turystyki G\u00f3rskiej"},"content":{"rendered":"\n<p>Sk\u0142ad&nbsp; <strong>Oddzia\u0142owej&nbsp; Komisji&nbsp; Turystyki&nbsp; G\u00f3rskiej<\/strong>:<\/p>\n\n\n\n<div class=\"wp-block-columns is-layout-flex wp-container-core-columns-is-layout-9d6595d7 wp-block-columns-is-layout-flex\">\n<div class=\"wp-block-column is-layout-flow wp-block-column-is-layout-flow\">\n<ol class=\"wp-block-list\">\n<li><strong>Henryk Kulczyk<\/strong><\/li>\n\n\n\n<li><strong>Tadeusz Kozak<\/strong><\/li>\n\n\n\n<li><strong>Adam P\u00f3\u0142rolczyk<\/strong><\/li>\n\n\n\n<li><strong>Pawe\u0142 Peszko<\/strong><\/li>\n\n\n\n<li><strong>Edward Kaszuba<\/strong><\/li>\n\n\n\n<li><strong>Andrzej Trybu\u0142a<\/strong><\/li>\n\n\n\n<li><strong>Jan Nawroth<\/strong><\/li>\n<\/ol>\n<\/div>\n\n\n\n<div class=\"wp-block-column is-layout-flow wp-block-column-is-layout-flow\">\n<p>&#8211; przewodnicz\u0105cy komisji<br>&#8211; wiceprzewodnicz\u0105cy komisji<br>&#8211; sekretarz komisji<br>&#8211; cz\u0142onek komisji<br>&#8211; cz\u0142onek komisji<br>&#8211; cz\u0142onek komisji<br>&#8211; cz\u0142onek komisji<\/p>\n<\/div>\n<\/div>\n\n\n\n<p>Z po\u015br\u00f3d cz\u0142onk\u00f3w komisji wy\u0142oniono&nbsp; <strong>Terenowy Referat&nbsp; Weryfikacyjny GOT&nbsp;<\/strong>w sk\u0142adzie:<\/p>\n\n\n\n<div class=\"wp-block-columns is-layout-flex wp-container-core-columns-is-layout-9d6595d7 wp-block-columns-is-layout-flex\">\n<div class=\"wp-block-column is-layout-flow wp-block-column-is-layout-flow\">\n<ol class=\"wp-block-list\">\n<li><strong>Henryk Kulczyk<\/strong><\/li>\n\n\n\n<li><strong>Andrzej Trybu\u0142a<\/strong><\/li>\n\n\n\n<li><strong>Tadeusz Kozak<\/strong><\/li>\n\n\n\n<li><strong>Pawe\u0142 Peszko<\/strong><\/li>\n\n\n\n<li><strong>Edward Kaszuba<\/strong><\/li>\n<\/ol>\n<\/div>\n\n\n\n<div class=\"wp-block-column is-layout-flow wp-block-column-is-layout-flow\">\n<p>&#8211; przewodnicz\u0105cy referatu<br>&#8211; wiceprzewodnicz\u0105cy referatu<br>&#8211; sekretarz referatu<br>&#8211; cz\u0142onek referatu<br>&#8211; cz\u0142onek referatu<\/p>\n<\/div>\n<\/div>\n\n\n<p style=\"text-align: justify;\"><strong data-rich-text-format-boundary=\"true\">Referat Weryfikacyjny<\/strong> posiada uprawnienia do weryfikacji<br \/><strong>G\u00f3rskiej Odznaki Turystycznej <\/strong>do\u00a0stopnia \u2013<strong>\u00a0ma\u0142a z\u0142ota oraz\u00a0do\u00a0przedostatniej normy \u201eZa\u00a0wytrwa\u0142o\u015b\u0107\u201d<\/strong>.<\/p>","protected":false},"excerpt":{"rendered":"<p>Sk\u0142ad&nbsp; Oddzia\u0142owej&nbsp; Komisji&nbsp; Turystyki&nbsp; G\u00f3rskiej: &#8211; przewodnicz\u0105cy komisji&#8211; wiceprzewodnicz\u0105cy komisji&#8211; sekretarz komisji&#8211; cz\u0142onek komisji&#8211; cz\u0142onek komisji&#8211; cz\u0142onek komisji&#8211; cz\u0142onek komisji Z po\u015br\u00f3d cz\u0142onk\u00f3w komisji wy\u0142oniono&nbsp; Terenowy Referat&nbsp; Weryfikacyjny GOT&nbsp;w sk\u0142adzie: &#8211; przewodnicz\u0105cy referatu&#8211; wiceprzewodnicz\u0105cy referatu&#8211; sekretarz referatu&#8211; cz\u0142onek referatu&#8211; cz\u0142onek referatu Referat Weryfikacyjny posiada uprawnienia do weryfikacjiG\u00f3rskiej Odznaki Turystycznej do\u00a0stopnia \u2013\u00a0ma\u0142a z\u0142ota oraz\u00a0do\u00a0przedostatniej normy \u201eZa\u00a0wytrwa\u0142o\u015b\u0107\u201d.<\/p>\n","protected":false},"author":1,"featured_media":0,"parent":37,"menu_order":0,"comment_status":"closed","ping_status":"closed","template":"","meta":{"footnotes":""},"class_list":["post-529","page","type-page","status-publish","hentry"],"_links":{"self":[{"href":"https:\/\/wroclawfabryczna.pttk.pl\/index.php?rest_route=\/wp\/v2\/pages\/529","targetHints":{"allow":["GET"]}}],"collection":[{"href":"https:\/\/wroclawfabryczna.pttk.pl\/index.php?rest_route=\/wp\/v2\/pages"}],"about":[{"href":"https:\/\/wroclawfabryczna.pttk.pl\/index.php?rest_route=\/wp\/v2\/types\/page"}],"author":[{"embeddable":true,"href":"https:\/\/wroclawfabryczna.pttk.pl\/index.php?rest_route=\/wp\/v2\/users\/1"}],"replies":[{"embeddable":true,"href":"https:\/\/wroclawfabryczna.pttk.pl\/index.php?rest_route=%2Fwp%2Fv2%2Fcomments&post=529"}],"version-history":[{"count":6,"href":"https:\/\/wroclawfabryczna.pttk.pl\/index.php?rest_route=\/wp\/v2\/pages\/529\/revisions"}],"predecessor-version":[{"id":1087,"href":"https:\/\/wroclawfabryczna.pttk.pl\/index.php?rest_route=\/wp\/v2\/pages\/529\/revisions\/1087"}],"up":[{"embeddable":true,"href":"https:\/\/wroclawfabryczna.pttk.pl\/index.php?rest_route=\/wp\/v2\/pages\/37"}],"wp:attachment":[{"href":"https:\/\/wroclawfabryczna.pttk.pl\/index.php?rest_route=%2Fwp%2Fv2%2Fmedia&parent=529"}],"curies":[{"name":"wp","href":"https:\/\/api.w.org\/{rel}","templated":true}]}}