{"id":476,"date":"2018-02-15T16:05:42","date_gmt":"2018-02-15T15:05:42","guid":{"rendered":"http:\/\/www.wroclawfabryczna.pttk.pl\/www\/?page_id=476"},"modified":"2020-10-12T21:59:17","modified_gmt":"2020-10-12T19:59:17","slug":"odznaka-znam-sleze","status":"publish","type":"page","link":"https:\/\/wroclawfabryczna.pttk.pl\/?page_id=476","title":{"rendered":"Odznaka &#8222;Znam \u015al\u0119\u017c\u0119&#8221;"},"content":{"rendered":"<p><a href=\"http:\/\/www.wroclawfabryczna.pttk.pl\/www\/wp-content\/uploads\/2018\/02\/Znam-\u015al\u0119\u017c\u0119.jpg\" rel=\"lightbox[476]\"><img loading=\"lazy\" decoding=\"async\" class=\"aligncenter wp-image-483 size-large\" src=\"http:\/\/www.wroclawfabryczna.n.pttk.pl\/wordpress\/wp-content\/uploads\/2018\/02\/Znam-\u015al\u0119\u017c\u0119-1024x451.jpg\" alt=\"Znam \u015al\u0119\u017c\u0119\" width=\"474\" height=\"209\" srcset=\"https:\/\/wroclawfabryczna.pttk.pl\/wordpress\/wp-content\/uploads\/2018\/02\/Znam-\u015al\u0119\u017c\u0119-1024x451.jpg 1024w, https:\/\/wroclawfabryczna.pttk.pl\/wordpress\/wp-content\/uploads\/2018\/02\/Znam-\u015al\u0119\u017c\u0119-300x132.jpg 300w, https:\/\/wroclawfabryczna.pttk.pl\/wordpress\/wp-content\/uploads\/2018\/02\/Znam-\u015al\u0119\u017c\u0119.jpg 1985w\" sizes=\"auto, (max-width: 474px) 100vw, 474px\" \/><\/a><\/p>\n<p style=\"text-align: justify;\"><strong>Regulamin Odznaki &#8222;ZNAM \u015aL\u0118\u017b\u0118&#8221;<\/strong><\/p>\n<ol style=\"text-align: justify;\">\n<li>Ko\u0142o PTTK Nr 11 \u201e\u015al\u0119\u017canie\u201d przy PKP PLK S.A. Oddziale Regionalnym we Wroc\u0142awiu, po akceptacji Rady G\u0142\u00f3wnej KRT \u201eKolejarz\u201d i Zarz\u0105du G\u0142\u00f3wnego PTTK wprowadza odznak\u0119 turystyczn\u0105 \u201eZnam \u015al\u0119\u017c\u0119\u201d<\/li>\n<li>Celem odznaki jest zach\u0119cenie do poznania najbardziej na p\u00f3\u0142noc wysuni\u0119tej cz\u0119\u015bci Sudet\u00f3w, Masywu \u015al\u0119\u017cy.<\/li>\n<li>Odznak\u0119 mo\u017ce zdobywa\u0107 ka\u017cdy, po uko\u0144czeniu 8 roku \u017cycia a odznak\u0119 du\u017c\u0105, po uko\u0144czeniu 15 roku \u017cycia.<\/li>\n<li>Ustanawia si\u0119 trzy stopnie odznaki \u201eZnam \u015al\u0119\u017c\u0119\u201d:<br \/>\n&#8211; popularn\u0105<br \/>\n&#8211; ma\u0142\u0105<br \/>\n&#8211; du\u017c\u0105<\/li>\n<li>Odznak\u0119 zdobywa si\u0119 w kolejno\u015bci stopni. Warunkiem ich zdobycia jest przej\u015bcie tras okre\u015blonych w niniejszym regulaminie.<\/li>\n<li>W jednym roku kalendarzowym mo\u017cna zdobywa\u0107 tylko jeden stopie\u0144 odznaki. Czas zdobywania odznaki jest nieokre\u015blony.<\/li>\n<li>Odznak\u0119 zdobywa si\u0119 podczas dowolnego rodzaju wycieczek, np. pieszych, kolarskich, motorowych, innych.<\/li>\n<li>Popularn\u0105 Odznak\u0119 \u201eZnam \u015al\u0119\u017c\u0119\u201d zdobywa si\u0119 po przej\u015bciu tras:\n<ul style=\"text-align: justify;\">\n<li>Sob\u00f3tka \u2013 \u015al\u0119\u017ca, szlakiem czerwonym<\/li>\n<li>\u015al\u0119\u017ca \u2013 Wie\u017cyca \u2013 Sob\u00f3tka, szlakiem \u017c\u00f3\u0142tym<\/li>\n<li>Prze\u0142\u0119cz pod Wie\u017cyc\u0105 &#8211; Rozdro\u017ce Bialskie &#8211; Prze\u0142\u0119cz T\u0105pad\u0142a, szlakiem czarnym<\/li>\n<li>Prze\u0142\u0119cz T\u0105pad\u0142a \u2013 Rozdro\u017ce Sulistrowickie \u2013 Trakt Bolka \u2013 Prze\u0142\u0119cz pod Wie\u017cyc\u0105, szlakiem czarnym<\/li>\n<\/ul>\n<\/li>\n<li>Ma\u0142\u0105 Odznak\u0119 \u201eZnam \u015al\u0119\u017c\u0119\u201d zdobywa si\u0119 po przej\u015bciu tras:\n<ul style=\"text-align: justify;\">\n<li style=\"text-align: left;\">Sob\u00f3tka \u2013 B\u0119dkowice, szlakiem *<strong>czerwony nied\u017awiadek<\/strong>* i zwiedzenie Rezerwatu Archeologicznego<\/li>\n<li style=\"text-align: left;\">B\u0119dkowice \u2013 Strzegomiany \u2013 Wie\u017cyca \u2013 Sob\u00f3tka, szlakiem *<strong>czarny nied\u017awiadek<\/strong>*<\/li>\n<li style=\"text-align: left;\">Sob\u00f3tka Strzebl\u00f3w \u2013 Sob\u00f3tka G\u00f3rka \u2013 \u015al\u0119\u017ca, szlakiem niebieskim<\/li>\n<li style=\"text-align: left;\">\u015al\u0119\u017ca \u2013 Sulistrowice \u2013 Oleszna \u2013 \u0141agiewniki, szlakiem czerwonym<\/li>\n<\/ul>\n<\/li>\n<li>Du\u017c\u0105 Odznak\u0119 \u201eZnam \u015al\u0119\u017c\u0119\u201d zdobywa si\u0119 po przej\u015bciu tras:\n<ul style=\"text-align: justify;\">\n<li style=\"text-align: left;\">Strzelce \u2013 Bia\u0142a \u2013 Prze\u0142\u0119cz T\u0105pad\u0142a, szlakiem zielonym<\/li>\n<li style=\"text-align: left;\">Prze\u0142\u0119cz T\u0105pad\u0142a \u2013 Radunia \u2013 Wzg\u00f3rza Oleszy\u0144skie \u2013 Jordan\u00f3w \u015al\u0105ski, szlakiem niebieskim<\/li>\n<li style=\"text-align: left;\">\u015awidnica \u2013 Wzg\u00f3rza Kie\u0142czy\u0144skie \u2013 Prze\u0142\u0119cz T\u0105pad\u0142a \u2013 \u015al\u0119\u017ca, szlakiem \u017c\u00f3\u0142tym<\/li>\n<li style=\"text-align: left;\">\u015al\u0119\u017ca \u2013 Olbrzymki \u2013 Skalna \u2013 Sob\u00f3tka G\u00f3rka, szlakiem *<strong>czarny nied\u017awiadek<\/strong>*<\/li>\n<\/ul>\n<\/li>\n<li>Odbycie wycieczek nale\u017cy potwierdzi\u0107 w Ksi\u0105\u017ceczce Odznaki \u201eZnam \u015al\u0119\u017c\u0119\u201d.<\/li>\n<li>Wpisane i udokumentowane wycieczki weryfikuje wst\u0119pnie przodownik turystyki g\u00f3rskiej, posiadaj\u0105cy uprawnienia na Sudety. Ostatecznej weryfikacji i przyznania odznak dokonuje Komisja Weryfikacyjna przy Oddziale PTTK Wroc\u0142aw Fabryczna.<\/li>\n<li>Ksi\u0105\u017ceczk\u0119 Odznaki \u201eZnam \u015al\u0119\u017c\u0119\u201d, regulamin oraz odznaki mo\u017cna naby\u0107 odp\u0142atnie w Oddziale PTTK Wroc\u0142aw Fabryczna ul. Ko\u015bciuszki 13\/5, 50-037 Wroc\u0142aw.<\/li>\n<li>Ostateczna interpretacja regulaminu odznaki nale\u017cy do Komisji Weryfikacyjnej.<\/li>\n<li>Niniejszy regulamin obowi\u0105zuje od 1 pa\u017adziernika 2018 r.<\/li>\n<li>Z dniem 01.10.2018 roku trac\u0105 wa\u017cno\u015b\u0107 wszystkie wcze\u015bniej uchwalone regulaminy.<\/li>\n<\/ol>\n<p style=\"text-align: right;\"><strong>Wroc\u0142aw, dnia 01.10.2018 r.<\/strong><\/p>\n<ul style=\"text-align: justify;\">\n<li style=\"text-align: left;\"><a href=\"http:\/\/www.wroclawfabryczna.pttk.pl\/wordpress\/wp-content\/uploads\/2018\/02\/Regulamin-Odznaki-ZNAM-\u015aL\u0118\u017b\u01183.doc\" target=\"_blank\" rel=\"noopener noreferrer\">Regulamin Odznaki Znam \u015al\u0119\u017c\u0119<\/a><\/li>\n<\/ul>\n<p style=\"text-align: justify;\">\n","protected":false},"excerpt":{"rendered":"<p>Regulamin Odznaki &#8222;ZNAM \u015aL\u0118\u017b\u0118&#8221; Ko\u0142o PTTK Nr 11 \u201e\u015al\u0119\u017canie\u201d przy PKP PLK S.A. Oddziale Regionalnym we Wroc\u0142awiu, po akceptacji Rady G\u0142\u00f3wnej KRT \u201eKolejarz\u201d i Zarz\u0105du G\u0142\u00f3wnego PTTK wprowadza odznak\u0119 turystyczn\u0105 \u201eZnam \u015al\u0119\u017c\u0119\u201d Celem odznaki jest zach\u0119cenie do poznania najbardziej na p\u00f3\u0142noc wysuni\u0119tej cz\u0119\u015bci Sudet\u00f3w, Masywu \u015al\u0119\u017cy. Odznak\u0119 mo\u017ce zdobywa\u0107 ka\u017cdy, po uko\u0144czeniu 8 roku \u017cycia &hellip; <a href=\"https:\/\/wroclawfabryczna.pttk.pl\/?page_id=476\" class=\"more-link\">Czytaj dalej <span class=\"screen-reader-text\">Odznaka &#8222;Znam \u015al\u0119\u017c\u0119&#8221;<\/span> <span class=\"meta-nav\">&rarr;<\/span><\/a><\/p>\n","protected":false},"author":1,"featured_media":0,"parent":75,"menu_order":0,"comment_status":"closed","ping_status":"closed","template":"","meta":{"footnotes":""},"class_list":["post-476","page","type-page","status-publish","hentry"],"_links":{"self":[{"href":"https:\/\/wroclawfabryczna.pttk.pl\/index.php?rest_route=\/wp\/v2\/pages\/476","targetHints":{"allow":["GET"]}}],"collection":[{"href":"https:\/\/wroclawfabryczna.pttk.pl\/index.php?rest_route=\/wp\/v2\/pages"}],"about":[{"href":"https:\/\/wroclawfabryczna.pttk.pl\/index.php?rest_route=\/wp\/v2\/types\/page"}],"author":[{"embeddable":true,"href":"https:\/\/wroclawfabryczna.pttk.pl\/index.php?rest_route=\/wp\/v2\/users\/1"}],"replies":[{"embeddable":true,"href":"https:\/\/wroclawfabryczna.pttk.pl\/index.php?rest_route=%2Fwp%2Fv2%2Fcomments&post=476"}],"version-history":[{"count":16,"href":"https:\/\/wroclawfabryczna.pttk.pl\/index.php?rest_route=\/wp\/v2\/pages\/476\/revisions"}],"predecessor-version":[{"id":809,"href":"https:\/\/wroclawfabryczna.pttk.pl\/index.php?rest_route=\/wp\/v2\/pages\/476\/revisions\/809"}],"up":[{"embeddable":true,"href":"https:\/\/wroclawfabryczna.pttk.pl\/index.php?rest_route=\/wp\/v2\/pages\/75"}],"wp:attachment":[{"href":"https:\/\/wroclawfabryczna.pttk.pl\/index.php?rest_route=%2Fwp%2Fv2%2Fmedia&parent=476"}],"curies":[{"name":"wp","href":"https:\/\/api.w.org\/{rel}","templated":true}]}}