{"id":331,"date":"2015-09-20T12:38:27","date_gmt":"2015-09-20T10:38:27","guid":{"rendered":"http:\/\/www.wroclawfabryczna.pttk.pl\/www\/?page_id=331"},"modified":"2025-03-07T16:41:49","modified_gmt":"2025-03-07T15:41:49","slug":"komisja-turystyki-pieszej","status":"publish","type":"page","link":"https:\/\/wroclawfabryczna.pttk.pl\/?page_id=331","title":{"rendered":"Oddzia\u0142owa  Komisja Turystyki Pieszej"},"content":{"rendered":"\n<p>Sk\u0142ad&nbsp; <strong>Oddzia\u0142owej&nbsp; Komisji&nbsp; Turystyki&nbsp; Pieszej<\/strong>:<\/p>\n\n\n\n<div class=\"wp-block-columns is-layout-flex wp-container-core-columns-is-layout-9d6595d7 wp-block-columns-is-layout-flex\">\n<div class=\"wp-block-column is-layout-flow wp-block-column-is-layout-flow\">\n<ol class=\"wp-block-list\">\n<li><strong>Tadeusz Kozak<\/strong><\/li>\n\n\n\n<li><strong>Zenon Babiarz<\/strong><\/li>\n\n\n\n<li><strong>Ryszard Antonowicz<\/strong><\/li>\n\n\n\n<li><strong>Bogus\u0142aw Modelski<\/strong><\/li>\n\n\n\n<li><strong>Jolanta Mikulska<\/strong><\/li>\n<\/ol>\n<\/div>\n\n\n\n<div class=\"wp-block-column is-layout-flow wp-block-column-is-layout-flow\">\n<p>&#8211; przewodnicz\u0105cy komisji<br>&#8211; wiceprzewodnicz\u0105cy komisji<br>&#8211; wiceprzewodnicz\u0105cy komisji<br>&#8211; cz\u0142onek komisji<br>&#8211; sekretarz komisji<\/p>\n<\/div>\n<\/div>\n\n\n\n<p>Z po\u015br\u00f3d cz\u0142onk\u00f3w komisji wy\u0142oniono&nbsp; <strong>Referat&nbsp; Weryfikacyjny&nbsp; Odznaki&nbsp; Turystyki&nbsp; Pieszej&nbsp;&nbsp; <\/strong>w sk\u0142adzie:<\/p>\n\n\n\n<div class=\"wp-block-columns is-layout-flex wp-container-core-columns-is-layout-9d6595d7 wp-block-columns-is-layout-flex\">\n<div class=\"wp-block-column is-layout-flow wp-block-column-is-layout-flow\">\n<ol class=\"wp-block-list\">\n<li><strong>Ryszard Antonowicz<\/strong><\/li>\n\n\n\n<li><strong>Zenon Babiarz<\/strong><\/li>\n\n\n\n<li><strong>Tadeusz Kozak<\/strong><\/li>\n<\/ol>\n<\/div>\n\n\n\n<div class=\"wp-block-column is-layout-flow wp-block-column-is-layout-flow\">\n<p>&#8211; przewodnicz\u0105cy referatu<br>&#8211; wiceprzewodnicz\u0105cy referatu<br>&#8211; sekretarz referatu<\/p>\n<\/div>\n<\/div>\n\n\n\n<p><strong>Referat Weryfikacyjny<\/strong> posiada uprawnienia do weryfikacji<br><strong>Odznaki Turystyki Pieszej <\/strong>do stopnia &#8211; <strong>ma\u0142a z\u0142ota<\/strong>.<\/p>\n","protected":false},"excerpt":{"rendered":"<p>Sk\u0142ad&nbsp; Oddzia\u0142owej&nbsp; Komisji&nbsp; Turystyki&nbsp; Pieszej: &#8211; przewodnicz\u0105cy komisji&#8211; wiceprzewodnicz\u0105cy komisji&#8211; wiceprzewodnicz\u0105cy komisji&#8211; cz\u0142onek komisji&#8211; sekretarz komisji Z po\u015br\u00f3d cz\u0142onk\u00f3w komisji wy\u0142oniono&nbsp; Referat&nbsp; Weryfikacyjny&nbsp; Odznaki&nbsp; Turystyki&nbsp; Pieszej&nbsp;&nbsp; w sk\u0142adzie: &#8211; przewodnicz\u0105cy referatu&#8211; wiceprzewodnicz\u0105cy referatu&#8211; sekretarz referatu Referat Weryfikacyjny posiada uprawnienia do weryfikacjiOdznaki Turystyki Pieszej do stopnia &#8211; ma\u0142a z\u0142ota.<\/p>\n","protected":false},"author":1,"featured_media":0,"parent":37,"menu_order":0,"comment_status":"closed","ping_status":"closed","template":"","meta":{"footnotes":""},"class_list":["post-331","page","type-page","status-publish","hentry"],"_links":{"self":[{"href":"https:\/\/wroclawfabryczna.pttk.pl\/index.php?rest_route=\/wp\/v2\/pages\/331","targetHints":{"allow":["GET"]}}],"collection":[{"href":"https:\/\/wroclawfabryczna.pttk.pl\/index.php?rest_route=\/wp\/v2\/pages"}],"about":[{"href":"https:\/\/wroclawfabryczna.pttk.pl\/index.php?rest_route=\/wp\/v2\/types\/page"}],"author":[{"embeddable":true,"href":"https:\/\/wroclawfabryczna.pttk.pl\/index.php?rest_route=\/wp\/v2\/users\/1"}],"replies":[{"embeddable":true,"href":"https:\/\/wroclawfabryczna.pttk.pl\/index.php?rest_route=%2Fwp%2Fv2%2Fcomments&post=331"}],"version-history":[{"count":7,"href":"https:\/\/wroclawfabryczna.pttk.pl\/index.php?rest_route=\/wp\/v2\/pages\/331\/revisions"}],"predecessor-version":[{"id":1067,"href":"https:\/\/wroclawfabryczna.pttk.pl\/index.php?rest_route=\/wp\/v2\/pages\/331\/revisions\/1067"}],"up":[{"embeddable":true,"href":"https:\/\/wroclawfabryczna.pttk.pl\/index.php?rest_route=\/wp\/v2\/pages\/37"}],"wp:attachment":[{"href":"https:\/\/wroclawfabryczna.pttk.pl\/index.php?rest_route=%2Fwp%2Fv2%2Fmedia&parent=331"}],"curies":[{"name":"wp","href":"https:\/\/api.w.org\/{rel}","templated":true}]}}